{"id":2340,"date":"2023-03-28T11:04:03","date_gmt":"2023-03-28T09:04:03","guid":{"rendered":"https:\/\/portale2.unime.it\/pluralismi\/?page_id=2340"},"modified":"2025-03-18T12:27:25","modified_gmt":"2025-03-18T11:27:25","slug":"edizione-2021","status":"publish","type":"page","link":"https:\/\/portale2.unime.it\/pluralismi\/edizione-2021\/","title":{"rendered":"EDIZIONE 2021"},"content":{"rendered":"\t\t<div data-elementor-type=\"wp-page\" data-elementor-id=\"2340\" class=\"elementor elementor-2340\">\n\t\t\t\t\t\t<section class=\"elementor-section elementor-top-section elementor-element elementor-element-e6e4f6e elementor-section-full_width elementor-section-height-default elementor-section-height-default\" data-id=\"e6e4f6e\" data-element_type=\"section\" data-e-type=\"section\">\n\t\t\t\t\t\t<div class=\"elementor-container elementor-column-gap-default\">\n\t\t\t\t\t<div class=\"elementor-column elementor-col-100 elementor-top-column elementor-element elementor-element-526b825\" data-id=\"526b825\" data-element_type=\"column\" data-e-type=\"column\" data-settings=\"{&quot;background_background&quot;:&quot;classic&quot;}\">\n\t\t\t<div class=\"elementor-widget-wrap elementor-element-populated\">\n\t\t\t\t\t<div class=\"elementor-background-overlay\"><\/div>\n\t\t\t\t\t\t<div class=\"elementor-element elementor-element-9a77777 elementor-invisible elementor-widget elementor-widget-heading\" data-id=\"9a77777\" data-element_type=\"widget\" data-e-type=\"widget\" data-settings=\"{&quot;_animation&quot;:&quot;zoomIn&quot;}\" data-widget_type=\"heading.default\">\n\t\t\t\t<div class=\"elementor-widget-container\">\n\t\t\t\t\t<h2 class=\"elementor-heading-title elementor-size-default\">PLURALISMI<\/h2>\t\t\t\t<\/div>\n\t\t\t\t<\/div>\n\t\t\t\t<div class=\"elementor-element elementor-element-3d0380b elementor-invisible elementor-widget elementor-widget-heading\" data-id=\"3d0380b\" data-element_type=\"widget\" data-e-type=\"widget\" data-settings=\"{&quot;_animation&quot;:&quot;zoomIn&quot;}\" data-widget_type=\"heading.default\">\n\t\t\t\t<div class=\"elementor-widget-container\">\n\t\t\t\t\t<h2 class=\"elementor-heading-title elementor-size-default\">EDIZIONE 2021<\/h2>\t\t\t\t<\/div>\n\t\t\t\t<\/div>\n\t\t\t\t\t<\/div>\n\t\t<\/div>\n\t\t\t\t\t<\/div>\n\t\t<\/section>\n\t\t\t\t<section class=\"elementor-section elementor-top-section elementor-element elementor-element-9bc07df elementor-section-full_width elementor-section-height-default elementor-section-height-default elementor-invisible\" data-id=\"9bc07df\" data-element_type=\"section\" data-e-type=\"section\" data-settings=\"{&quot;background_background&quot;:&quot;classic&quot;,&quot;animation&quot;:&quot;fadeInUp&quot;}\">\n\t\t\t\t\t\t<div class=\"elementor-container elementor-column-gap-default\">\n\t\t\t\t\t<div class=\"elementor-column elementor-col-100 elementor-top-column elementor-element elementor-element-2c0d289\" data-id=\"2c0d289\" data-element_type=\"column\" data-e-type=\"column\">\n\t\t\t<div class=\"elementor-widget-wrap elementor-element-populated\">\n\t\t\t\t\t\t<div class=\"elementor-element elementor-element-4fcd49a elementor-widget-divider--view-line elementor-widget elementor-widget-divider\" data-id=\"4fcd49a\" data-element_type=\"widget\" data-e-type=\"widget\" data-widget_type=\"divider.default\">\n\t\t\t\t<div class=\"elementor-widget-container\">\n\t\t\t\t\t\t\t<div class=\"elementor-divider\">\n\t\t\t<span class=\"elementor-divider-separator\">\n\t\t\t\t\t\t<\/span>\n\t\t<\/div>\n\t\t\t\t\t\t<\/div>\n\t\t\t\t<\/div>\n\t\t\t\t<div class=\"elementor-element elementor-element-03677d4 elementor-widget elementor-widget-spacer\" data-id=\"03677d4\" data-element_type=\"widget\" data-e-type=\"widget\" data-widget_type=\"spacer.default\">\n\t\t\t\t<div class=\"elementor-widget-container\">\n\t\t\t\t\t\t\t<div class=\"elementor-spacer\">\n\t\t\t<div class=\"elementor-spacer-inner\"><\/div>\n\t\t<\/div>\n\t\t\t\t\t\t<\/div>\n\t\t\t\t<\/div>\n\t\t\t\t\t<\/div>\n\t\t<\/div>\n\t\t\t\t\t<\/div>\n\t\t<\/section>\n\t\t\t\t<section class=\"elementor-section elementor-top-section elementor-element elementor-element-ff88e09 elementor-section-boxed elementor-section-height-default elementor-section-height-default\" data-id=\"ff88e09\" data-element_type=\"section\" data-e-type=\"section\">\n\t\t\t\t\t\t<div class=\"elementor-container elementor-column-gap-default\">\n\t\t\t\t\t<div class=\"elementor-column elementor-col-100 elementor-top-column elementor-element elementor-element-a4f9877 elementor-invisible\" data-id=\"a4f9877\" data-element_type=\"column\" data-e-type=\"column\" data-settings=\"{&quot;animation&quot;:&quot;fadeInRight&quot;}\">\n\t\t\t<div class=\"elementor-widget-wrap elementor-element-populated\">\n\t\t\t\t\t\t<div class=\"elementor-element elementor-element-59826c4 elementor-widget elementor-widget-heading\" data-id=\"59826c4\" data-element_type=\"widget\" data-e-type=\"widget\" data-widget_type=\"heading.default\">\n\t\t\t\t<div class=\"elementor-widget-container\">\n\t\t\t\t\t<h3 class=\"elementor-heading-title elementor-size-default\">PRESENTAZIONE<\/h3>\t\t\t\t<\/div>\n\t\t\t\t<\/div>\n\t\t\t\t\t<\/div>\n\t\t<\/div>\n\t\t\t\t\t<\/div>\n\t\t<\/section>\n\t\t\t\t<section class=\"elementor-section elementor-top-section elementor-element elementor-element-7647f4e elementor-section-boxed elementor-section-height-default elementor-section-height-default\" data-id=\"7647f4e\" data-element_type=\"section\" data-e-type=\"section\">\n\t\t\t\t\t\t<div class=\"elementor-container elementor-column-gap-default\">\n\t\t\t\t\t<div class=\"elementor-column elementor-col-50 elementor-top-column elementor-element elementor-element-9a1747b\" data-id=\"9a1747b\" data-element_type=\"column\" data-e-type=\"column\">\n\t\t\t<div class=\"elementor-widget-wrap elementor-element-populated\">\n\t\t\t\t\t\t<div class=\"elementor-element elementor-element-1eec33e elementor-widget elementor-widget-spacer\" data-id=\"1eec33e\" data-element_type=\"widget\" data-e-type=\"widget\" data-widget_type=\"spacer.default\">\n\t\t\t\t<div class=\"elementor-widget-container\">\n\t\t\t\t\t\t\t<div class=\"elementor-spacer\">\n\t\t\t<div class=\"elementor-spacer-inner\"><\/div>\n\t\t<\/div>\n\t\t\t\t\t\t<\/div>\n\t\t\t\t<\/div>\n\t\t\t\t<div class=\"elementor-element elementor-element-787df62 elementor-widget elementor-widget-text-editor\" data-id=\"787df62\" data-element_type=\"widget\" data-e-type=\"widget\" data-widget_type=\"text-editor.default\">\n\t\t\t\t<div class=\"elementor-widget-container\">\n\t\t\t\t\t\t\t\t\t<p>L\u2019iniziativa nasce all\u2019interno della\u00a0<em>mission<\/em>\u00a0del\u00a0<a href=\"https:\/\/www.unime.it\/it\/dipartimenti\/cospecs\">Dipartimento di Scienze Cognitive, Psicologiche, Pedagogiche e Studi Culturali<\/a>\u00a0dell\u2019\u00a0<a href=\"https:\/\/www.unime.it\/it\">Universit\u00e0 degli Studi di \u00a0Messina<\/a>\u00a0che gi\u00e0 dall\u2019anno accademico 2019\/20 offre la possibilit\u00e0 di proporre idee su approfondimenti di carattere scientifico, culturale e sociale su tematiche di interesse e rilevanza attuale. Questa cornice, in linea con la particolare attenzione dell\u2019 Ateneo di Messina alle questioni di genere (oggi tra i pochi a essersi dotato di un Prorettorato dedicato al welfare e alle politiche di genere, ad offrire una materia di studio specifica sul tema, Sociologia politica e questioni di genere), unitamente alla scelta del\u00a0<a href=\"https:\/\/www.unime.it\/it\/ateneo\/organi\/comitato-unico-garanzia\">Comitato Unico di Garanzia<\/a>\u00a0di comporre un pi\u00f9 ampio coinvolgimento dei dipartimenti affidando deleghe specifiche dedicate alle \u201cquestioni di genere\u201d, ha dato vita alla progettazione di un primo ciclo di seminari sul tema dal titolo \u201cPluralismi. Riflessioni su corpi, politiche e rappresentazioni di genere\u201d. Il percorso proposto si caratterizza per la sua cifra marcatamente interdisciplinare e si propone di coniugare e favorire le integrazioni di approcci differenti, provenienti da diverse discipline scientifiche, a partire da quelle relative alle scienze cognitive e ai cultural studies che distinguono il COSPECS e le sue attivit\u00e0 di ricerca. Le prime riflessioni, che si snoderanno a partire dal mese di febbraio, prevedono 10 incontri formativi e sono suddivisi in tre aree tematiche generali che indagano tre dimensioni strettamente interconnesse:\u00a0politica,\u00a0comunicativa\u00a0e\u00a0cognitiva. L\u2019intento del\u00a0primo ciclo di seminari\u00a0\u00e8 dare voce, restituendo peso e valore, alla pluralit\u00e0 e alla complessit\u00e0 della realt\u00e0 dei generi, dei corpi e delle identit\u00e0 plurali.<\/p><p>A fianco del percorso cos\u00ec strutturato, saranno previste altre iniziative e attivit\u00e0 scientifiche (presentazioni di libri, proiezioni, mostre, ecc.). In particolare, \u00e8 prevista la realizzazione di un Contest fotografico in collaborazione con il DAMS.<\/p><p>___________________________<\/p><p>L\u2019evento \u00e8 stato patrocinato da:<\/p><p><a href=\"https:\/\/www.unime.it\/it\/ateneo\/organi\/comitato-unico-garanzia\"><strong>Comitato Unico di Garanzia UNIME<\/strong><\/a><\/p><p><strong><a href=\"https:\/\/www.unime.it\/it\/dottorato\/scienze-cognitive\">Dottorato di Ricerca di Scienze Cognitive UNIME<\/a><\/strong><\/p><p><strong><a href=\"https:\/\/postoccupato.org\/\">Posto Occupato<\/a><\/strong><\/p><p><strong><a href=\"https:\/\/www.ais-sociologia.it\/processi-ed-istituzioni-culturali\/\">AIS\u00a0<span class=\"gdlr-core-title-item-caption gdlr-core-info-font gdlr-core-skin-caption\">Sezione Processi e Istuzioni\u00a0Culturali<\/span><\/a><\/strong><\/p><p><a href=\"https:\/\/www.assistentisocialisicilia.it\/\"><strong>Accreditato per la Formazione\u00a0<\/strong><\/a><strong><a href=\"https:\/\/www.assistentisocialisicilia.it\/\">Ordine professionale degli assistenti Sociali Sicilia<\/a><\/strong><\/p><p>___________________________<\/p><p>Il Ciclo di seminari \u00e8 stato organizzato nel rispetto delle\u00a0<a href=\"http:\/\/portale.unime.it\/convegnoaispolitica2020\/files\/2020\/07\/Linee-guida.pdf\">Linee guida<\/a>\u00a0per promuovere l\u2019equilibrio tra i generi negli eventi scientifici della\u00a0<a href=\"http:\/\/www.cpouniversita.it\/\">Conferenza nazionale degli Organismi di Parit\u00e0 delle Universit\u00e0 italiane<\/a><\/p>\t\t\t\t\t\t\t\t<\/div>\n\t\t\t\t<\/div>\n\t\t\t\t<div class=\"elementor-element elementor-element-86c0ec4 elementor-widget elementor-widget-heading\" data-id=\"86c0ec4\" data-element_type=\"widget\" data-e-type=\"widget\" data-widget_type=\"heading.default\">\n\t\t\t\t<div class=\"elementor-widget-container\">\n\t\t\t\t\t<h3 class=\"elementor-heading-title elementor-size-default\">PROGRAMMA<\/h3>\t\t\t\t<\/div>\n\t\t\t\t<\/div>\n\t\t\t\t\t<\/div>\n\t\t<\/div>\n\t\t\t\t<div class=\"elementor-column elementor-col-50 elementor-top-column elementor-element elementor-element-6644cc6\" data-id=\"6644cc6\" data-element_type=\"column\" data-e-type=\"column\">\n\t\t\t<div class=\"elementor-widget-wrap elementor-element-populated\">\n\t\t\t\t\t\t<div class=\"elementor-element elementor-element-ffe93b4 elementor-widget elementor-widget-image\" data-id=\"ffe93b4\" data-element_type=\"widget\" data-e-type=\"widget\" data-widget_type=\"image.default\">\n\t\t\t\t<div class=\"elementor-widget-container\">\n\t\t\t\t\t\t\t\t\t\t\t\t\t\t\t<img fetchpriority=\"high\" decoding=\"async\" width=\"724\" height=\"1024\" src=\"https:\/\/portale2.unime.it\/pluralismi\/wp-content\/uploads\/sites\/18\/2023\/03\/0.Copertina-1-scaled-1-724x1024.jpg\" class=\"attachment-large size-large wp-image-2452\" alt=\"\" srcset=\"https:\/\/portale2.unime.it\/pluralismi\/wp-content\/uploads\/sites\/18\/2023\/03\/0.Copertina-1-scaled-1-724x1024.jpg 724w, https:\/\/portale2.unime.it\/pluralismi\/wp-content\/uploads\/sites\/18\/2023\/03\/0.Copertina-1-scaled-1-212x300.jpg 212w, https:\/\/portale2.unime.it\/pluralismi\/wp-content\/uploads\/sites\/18\/2023\/03\/0.Copertina-1-scaled-1-768x1086.jpg 768w, https:\/\/portale2.unime.it\/pluralismi\/wp-content\/uploads\/sites\/18\/2023\/03\/0.Copertina-1-scaled-1-1086x1536.jpg 1086w, https:\/\/portale2.unime.it\/pluralismi\/wp-content\/uploads\/sites\/18\/2023\/03\/0.Copertina-1-scaled-1-1448x2048.jpg 1448w, https:\/\/portale2.unime.it\/pluralismi\/wp-content\/uploads\/sites\/18\/2023\/03\/0.Copertina-1-scaled-1-1568x2218.jpg 1568w, https:\/\/portale2.unime.it\/pluralismi\/wp-content\/uploads\/sites\/18\/2023\/03\/0.Copertina-1-scaled-1.jpg 1810w\" sizes=\"(max-width: 724px) 100vw, 724px\" style=\"width:100%;height:141.44%;max-width:1810px\" \/>\t\t\t\t\t\t\t\t\t\t\t\t\t\t\t<\/div>\n\t\t\t\t<\/div>\n\t\t\t\t\t<\/div>\n\t\t<\/div>\n\t\t\t\t\t<\/div>\n\t\t<\/section>\n\t\t\t\t<section class=\"elementor-section elementor-top-section elementor-element elementor-element-b25dd40 elementor-section-boxed elementor-section-height-default elementor-section-height-default\" data-id=\"b25dd40\" data-element_type=\"section\" data-e-type=\"section\">\n\t\t\t\t\t\t<div class=\"elementor-container elementor-column-gap-default\">\n\t\t\t\t\t<div class=\"elementor-column elementor-col-100 elementor-top-column elementor-element elementor-element-647407e\" data-id=\"647407e\" data-element_type=\"column\" data-e-type=\"column\">\n\t\t\t<div class=\"elementor-widget-wrap elementor-element-populated\">\n\t\t\t\t\t\t<section class=\"elementor-section elementor-inner-section elementor-element elementor-element-a71eb1a elementor-section-boxed elementor-section-height-default elementor-section-height-default\" data-id=\"a71eb1a\" data-element_type=\"section\" data-e-type=\"section\">\n\t\t\t\t\t\t\t<div class=\"elementor-background-overlay\"><\/div>\n\t\t\t\t\t\t\t<div class=\"elementor-container elementor-column-gap-default\">\n\t\t\t\t\t<div class=\"elementor-column elementor-col-50 elementor-inner-column elementor-element elementor-element-9b15d2a\" data-id=\"9b15d2a\" data-element_type=\"column\" data-e-type=\"column\">\n\t\t\t<div class=\"elementor-widget-wrap elementor-element-populated\">\n\t\t\t\t\t\t<div class=\"elementor-element elementor-element-fee0ce3 elementor-view-default elementor-widget elementor-widget-icon\" data-id=\"fee0ce3\" data-element_type=\"widget\" data-e-type=\"widget\" data-widget_type=\"icon.default\">\n\t\t\t\t<div class=\"elementor-widget-container\">\n\t\t\t\t\t\t\t<div class=\"elementor-icon-wrapper\">\n\t\t\t<div class=\"elementor-icon\">\n\t\t\t<svg aria-hidden=\"true\" class=\"e-font-icon-svg e-far-calendar-alt\" viewBox=\"0 0 448 512\" xmlns=\"http:\/\/www.w3.org\/2000\/svg\"><path d=\"M148 288h-40c-6.6 0-12-5.4-12-12v-40c0-6.6 5.4-12 12-12h40c6.6 0 12 5.4 12 12v40c0 6.6-5.4 12-12 12zm108-12v-40c0-6.6-5.4-12-12-12h-40c-6.6 0-12 5.4-12 12v40c0 6.6 5.4 12 12 12h40c6.6 0 12-5.4 12-12zm96 0v-40c0-6.6-5.4-12-12-12h-40c-6.6 0-12 5.4-12 12v40c0 6.6 5.4 12 12 12h40c6.6 0 12-5.4 12-12zm-96 96v-40c0-6.6-5.4-12-12-12h-40c-6.6 0-12 5.4-12 12v40c0 6.6 5.4 12 12 12h40c6.6 0 12-5.4 12-12zm-96 0v-40c0-6.6-5.4-12-12-12h-40c-6.6 0-12 5.4-12 12v40c0 6.6 5.4 12 12 12h40c6.6 0 12-5.4 12-12zm192 0v-40c0-6.6-5.4-12-12-12h-40c-6.6 0-12 5.4-12 12v40c0 6.6 5.4 12 12 12h40c6.6 0 12-5.4 12-12zm96-260v352c0 26.5-21.5 48-48 48H48c-26.5 0-48-21.5-48-48V112c0-26.5 21.5-48 48-48h48V12c0-6.6 5.4-12 12-12h40c6.6 0 12 5.4 12 12v52h128V12c0-6.6 5.4-12 12-12h40c6.6 0 12 5.4 12 12v52h48c26.5 0 48 21.5 48 48zm-48 346V160H48v298c0 3.3 2.7 6 6 6h340c3.3 0 6-2.7 6-6z\"><\/path><\/svg>\t\t\t<\/div>\n\t\t<\/div>\n\t\t\t\t\t\t<\/div>\n\t\t\t\t<\/div>\n\t\t\t\t\t<\/div>\n\t\t<\/div>\n\t\t\t\t<div class=\"elementor-column elementor-col-50 elementor-inner-column elementor-element elementor-element-bec5154\" data-id=\"bec5154\" data-element_type=\"column\" data-e-type=\"column\">\n\t\t\t<div class=\"elementor-widget-wrap elementor-element-populated\">\n\t\t\t\t\t\t<div class=\"elementor-element elementor-element-c2912da elementor-widget elementor-widget-heading\" data-id=\"c2912da\" data-element_type=\"widget\" data-e-type=\"widget\" data-widget_type=\"heading.default\">\n\t\t\t\t<div class=\"elementor-widget-container\">\n\t\t\t\t\t<h3 class=\"elementor-heading-title elementor-size-default\">RELAZIONI<\/h3>\t\t\t\t<\/div>\n\t\t\t\t<\/div>\n\t\t\t\t<div class=\"elementor-element elementor-element-afae58c elementor-widget elementor-widget-text-editor\" data-id=\"afae58c\" data-element_type=\"widget\" data-e-type=\"widget\" data-widget_type=\"text-editor.default\">\n\t\t\t\t<div class=\"elementor-widget-container\">\n\t\t\t\t\t\t\t\t\t<table style=\"border-color: #bdbdbd;width: 101.326%;height: 266px\"><tbody><tr><td style=\"width: 11.0381%\" data-celllook=\"69905\"><span style=\"color: #000000;font-size: 8pt\"><strong>26.02.2021\u202f\u00a0<\/strong><\/span><\/td><td style=\"width: 12.8774%\"><span style=\"color: #000000;font-size: 8pt\">15.30- 17.30<\/span><\/td><td style=\"width: 20.0487%\"><span style=\"font-size: 8pt\"><b><span style=\"color: #000000\">Franca Bimbi\u202f<\/span>\u00a0<\/b><\/span><\/td><td style=\"width: 54.4994%\" data-celllook=\"69905\"><span style=\"color: #800000\"><strong><span style=\"font-size: 8pt\">La scena del corpo femminile:\u00a0generativit\u00e0\u00a0e capitale erotico come luogo della nascita del sociale\u00a0<\/span><\/strong><\/span><\/td><\/tr><tr><td style=\"width: 11.0381%\" data-celllook=\"69905\"><span style=\"color: #000000;font-size: 8pt\"><strong>11.03.2021\u202f\u00a0<\/strong><\/span><\/td><td style=\"width: 12.8774%\"><span style=\"color: #000000;font-size: 8pt\">15.30- 17.30<\/span><\/td><td style=\"width: 20.0487%\"><span style=\"font-size: 8pt;color: #000000\"><b>Graziella\u202f Priulla<\/b>\u202f<\/span><\/td><td style=\"width: 54.4994%\" data-celllook=\"69905\"><span style=\"color: #800000\"><strong><span style=\"font-size: 8pt\">Il corpo delle donne e il controllo del potere<\/span><\/strong><\/span><\/td><\/tr><tr><td style=\"width: 11.0381%\" data-celllook=\"69905\"><span style=\"color: #000000;font-size: 8pt\"><strong>24.03.2021\u202f\u00a0<\/strong><\/span><\/td><td style=\"width: 12.8774%\"><span style=\"color: #000000;font-size: 8pt\">15.30- 17.30<\/span><\/td><td style=\"width: 20.0487%\"><span style=\"font-size: 8pt;color: #000000\"><b>Flamina \u202fSacc\u00e0<\/b>\u00a0\u202f<\/span><\/td><td style=\"width: 54.4994%\" data-celllook=\"69905\"><span style=\"color: #800000\"><strong><span style=\"font-size: 8pt\">Stereotipi e pregiudizi nella rappresentazione sociale della violenza di genere in ambito giudiziario e sulla stampa<\/span><\/strong><\/span><\/td><\/tr><tr><td style=\"width: 11.0381%\"><span style=\"color: #000000;font-size: 8pt\"><strong>14.04.2021<\/strong><\/span><\/td><td style=\"width: 12.8774%\"><span style=\"color: #000000;font-size: 8pt\">15.30- 17.30<\/span><\/td><td style=\"width: 20.0487%\"><span style=\"font-size: 8pt;color: #000000\"><b>Donatella\u202f Barazzetti<br \/>Giovanna\u00a0Vingelli<br \/><\/b><\/span><\/td><td style=\"width: 54.4994%\"><span style=\"color: #800000\"><strong><span style=\"font-size: 8pt\">Noi e il nostro corpo. Noi e i nostri corpi<\/span><\/strong><\/span><\/td><\/tr><tr><td style=\"width: 11.0381%\" data-celllook=\"69905\"><span style=\"color: #000000;font-size: 8pt\"><strong>23.04.2021\u202f\u00a0<\/strong><\/span><\/td><td style=\"width: 12.8774%\"><span style=\"color: #000000;font-size: 8pt\">15.30- 17.30<\/span><\/td><td style=\"width: 20.0487%\"><span style=\"font-size: 8pt;color: #000000\"><b>Fabio\u202f Corbisiero<\/b>\u202f<\/span><\/td><td style=\"width: 54.4994%\" data-celllook=\"69905\"><span style=\"color: #800000\"><strong><span style=\"font-size: 8pt\"><span class=\"\">Spazi urbani e geografie di inclusivit\u00e0. Regioni e citt\u00e0 dell\u2019Italia arcobaleno<\/span><\/span><\/strong><\/span><\/td><\/tr><tr><td style=\"width: 11.0381%\"><span style=\"color: #000000;font-size: 8pt\"><strong>06.05.2021\u202f\u00a0<\/strong><\/span><\/td><td style=\"width: 12.8774%\"><span style=\"color: #000000;font-size: 8pt\">15.30- 17.30<\/span><\/td><td style=\"width: 20.0487%\"><span style=\"font-size: 8pt;color: #000000\"><b>Giuseppina Cersosimo<\/b><\/span><\/td><td style=\"width: 54.4994%\"><span style=\"color: #800000\"><strong><span style=\"font-size: 8pt\"><span class=\"\">Corpi e narrazioni:\u00a0 dal timore\u00a0 all\u2019esteriorizzazione\u00a0di s\u00e9<\/span><\/span><\/strong><\/span><\/td><\/tr><tr><td style=\"width: 11.0381%\" data-celllook=\"69905\"><span style=\"color: #000000;font-size: 8pt\"><strong>28.05.2021\u202f\u00a0<\/strong><\/span><\/td><td style=\"width: 12.8774%\"><span style=\"color: #000000;font-size: 8pt\">15.00- 17.00<\/span><\/td><td style=\"width: 20.0487%\"><span style=\"font-size: 8pt;color: #000000\"><b>Anne\u202f Maass<\/b>\u202f<\/span><\/td><td style=\"width: 54.4994%\" data-celllook=\"69905\"><span style=\"color: #800000\"><strong><span style=\"font-size: 8pt\">Diversi punti di partenza:\u00a0come gli\u00a0stereotipi di genere influenzano la vita di donne e uomini\u00a0<\/span><\/strong><\/span><\/td><\/tr><tr><td style=\"width: 11.0381%\" data-celllook=\"69905\"><span style=\"color: #000000;font-size: 8pt\"><strong>11.06.2021\u202f\u00a0<\/strong><\/span><\/td><td style=\"width: 12.8774%\"><span style=\"color: #000000;font-size: 8pt\">15.30- 17.30<\/span><\/td><td style=\"width: 20.0487%\"><span style=\"font-size: 8pt;color: #000000\"><b>Elisa\u202f Giomi<\/b>\u202f<\/span><\/td><td style=\"width: 54.4994%\" data-celllook=\"69905\"><span style=\"color: #800000\"><strong><span style=\"font-size: 8pt\">Estetiche e politiche della rappresentazione\u00a0della violenza di genere nei media. Contesto nazionale e internazionale a confronto.\u00a0<\/span><\/strong><\/span><\/td><\/tr><tr><td style=\"width: 11.0381%\" data-celllook=\"69905\"><span style=\"color: #000000;font-size: 8pt\"><strong>25.06.2021\u202f\u00a0<\/strong><\/span><\/td><td style=\"width: 12.8774%\"><span style=\"color: #000000;font-size: 8pt\">15.30- 17.30<\/span><\/td><td style=\"width: 20.0487%\"><span style=\"font-size: 8pt;color: #000000\"><b>Silvia\u202f Galdi<\/b>\u202f<\/span><\/td><td style=\"width: 54.4994%\" data-celllook=\"69905\"><span style=\"color: #800000\"><strong><span style=\"font-size: 8pt\">Oggettivazione sessuale: quando la percezione delle donne passa da \u201ccategoria sociale\u201d ad \u201coggetto\u201d\u00a0<\/span><\/strong><\/span><\/td><\/tr><tr><td style=\"width: 11.0381%\" data-celllook=\"69905\"><span style=\"color: #000000;font-size: 8pt\"><strong>02.07.2021\u202f\u00a0<\/strong><\/span><\/td><td style=\"width: 12.8774%\"><span style=\"color: #000000;font-size: 8pt\">10.30- 12.30<\/span><\/td><td style=\"width: 20.0487%\"><span style=\"font-size: 8pt;color: #000000\"><b>Raffaella\u202f Rumiati<\/b>\u202f<\/span><\/td><td style=\"width: 54.4994%\" data-celllook=\"69905\"><span style=\"color: #800000\"><strong><span style=\"font-size: 8pt\">Nella testa delle donne\u00a0<\/span><\/strong><\/span><\/td><\/tr><tr><td style=\"width: 11.0381%\" data-celllook=\"69905\"><span style=\"color: #000000;font-size: 8pt\"><strong>08.07.2021\u202f<\/strong><\/span><\/td><td style=\"width: 12.8774%\"><span style=\"color: #000000;font-size: 8pt\">15.30- 17.30<\/span><\/td><td style=\"width: 20.0487%\"><span style=\"font-size: 8pt;color: #000000\"><b>Telmo\u202f Pievani<\/b>\u202f<\/span><\/td><td style=\"width: 54.4994%\" data-celllook=\"69905\"><span style=\"color: #800000\"><strong><span style=\"font-size: 8pt\">La quasi estinzione del cromosoma Y e altre storie tra natura e cultura\u00a0\u00a0\u00a0\u00a0\u00a0\u00a0\u00a0\u00a0\u00a0<\/span><\/strong><\/span><\/td><\/tr><\/tbody><\/table>\t\t\t\t\t\t\t\t<\/div>\n\t\t\t\t<\/div>\n\t\t\t\t\t<\/div>\n\t\t<\/div>\n\t\t\t\t\t<\/div>\n\t\t<\/section>\n\t\t\t\t\t<\/div>\n\t\t<\/div>\n\t\t\t\t\t<\/div>\n\t\t<\/section>\n\t\t\t\t<section class=\"elementor-section elementor-top-section elementor-element elementor-element-b42f537 elementor-section-boxed elementor-section-height-default elementor-section-height-default\" data-id=\"b42f537\" data-element_type=\"section\" data-e-type=\"section\">\n\t\t\t\t\t\t<div class=\"elementor-container elementor-column-gap-default\">\n\t\t\t\t\t<div class=\"elementor-column elementor-col-100 elementor-top-column elementor-element elementor-element-bf73e1a\" data-id=\"bf73e1a\" data-element_type=\"column\" data-e-type=\"column\">\n\t\t\t<div class=\"elementor-widget-wrap elementor-element-populated\">\n\t\t\t\t\t\t<section class=\"elementor-section elementor-inner-section elementor-element elementor-element-add2b74 elementor-section-boxed elementor-section-height-default elementor-section-height-default\" data-id=\"add2b74\" data-element_type=\"section\" data-e-type=\"section\">\n\t\t\t\t\t\t\t<div class=\"elementor-background-overlay\"><\/div>\n\t\t\t\t\t\t\t<div class=\"elementor-container elementor-column-gap-default\">\n\t\t\t\t\t<div class=\"elementor-column elementor-col-50 elementor-inner-column elementor-element elementor-element-f95895d\" data-id=\"f95895d\" data-element_type=\"column\" data-e-type=\"column\">\n\t\t\t<div class=\"elementor-widget-wrap elementor-element-populated\">\n\t\t\t\t\t\t<div class=\"elementor-element elementor-element-65e7e86 elementor-view-default elementor-widget elementor-widget-icon\" data-id=\"65e7e86\" data-element_type=\"widget\" data-e-type=\"widget\" data-widget_type=\"icon.default\">\n\t\t\t\t<div class=\"elementor-widget-container\">\n\t\t\t\t\t\t\t<div class=\"elementor-icon-wrapper\">\n\t\t\t<div class=\"elementor-icon\">\n\t\t\t<svg aria-hidden=\"true\" class=\"e-font-icon-svg e-far-comments\" viewBox=\"0 0 576 512\" xmlns=\"http:\/\/www.w3.org\/2000\/svg\"><path d=\"M532 386.2c27.5-27.1 44-61.1 44-98.2 0-80-76.5-146.1-176.2-157.9C368.3 72.5 294.3 32 208 32 93.1 32 0 103.6 0 192c0 37 16.5 71 44 98.2-15.3 30.7-37.3 54.5-37.7 54.9-6.3 6.7-8.1 16.5-4.4 25 3.6 8.5 12 14 21.2 14 53.5 0 96.7-20.2 125.2-38.8 9.2 2.1 18.7 3.7 28.4 4.9C208.1 407.6 281.8 448 368 448c20.8 0 40.8-2.4 59.8-6.8C456.3 459.7 499.4 480 553 480c9.2 0 17.5-5.5 21.2-14 3.6-8.5 1.9-18.3-4.4-25-.4-.3-22.5-24.1-37.8-54.8zm-392.8-92.3L122.1 305c-14.1 9.1-28.5 16.3-43.1 21.4 2.7-4.7 5.4-9.7 8-14.8l15.5-31.1L77.7 256C64.2 242.6 48 220.7 48 192c0-60.7 73.3-112 160-112s160 51.3 160 112-73.3 112-160 112c-16.5 0-33-1.9-49-5.6l-19.8-4.5zM498.3 352l-24.7 24.4 15.5 31.1c2.6 5.1 5.3 10.1 8 14.8-14.6-5.1-29-12.3-43.1-21.4l-17.1-11.1-19.9 4.6c-16 3.7-32.5 5.6-49 5.6-54 0-102.2-20.1-131.3-49.7C338 339.5 416 272.9 416 192c0-3.4-.4-6.7-.7-10C479.7 196.5 528 238.8 528 288c0 28.7-16.2 50.6-29.7 64z\"><\/path><\/svg>\t\t\t<\/div>\n\t\t<\/div>\n\t\t\t\t\t\t<\/div>\n\t\t\t\t<\/div>\n\t\t\t\t\t<\/div>\n\t\t<\/div>\n\t\t\t\t<div class=\"elementor-column elementor-col-50 elementor-inner-column elementor-element elementor-element-fae518c\" data-id=\"fae518c\" data-element_type=\"column\" data-e-type=\"column\">\n\t\t\t<div class=\"elementor-widget-wrap elementor-element-populated\">\n\t\t\t\t\t\t<div class=\"elementor-element elementor-element-742b53d elementor-widget elementor-widget-heading\" data-id=\"742b53d\" data-element_type=\"widget\" data-e-type=\"widget\" data-widget_type=\"heading.default\">\n\t\t\t\t<div class=\"elementor-widget-container\">\n\t\t\t\t\t<h3 class=\"elementor-heading-title elementor-size-default\">DIALOGHI<\/h3>\t\t\t\t<\/div>\n\t\t\t\t<\/div>\n\t\t\t\t<div class=\"elementor-element elementor-element-62e0b9d elementor-widget elementor-widget-text-editor\" data-id=\"62e0b9d\" data-element_type=\"widget\" data-e-type=\"widget\" data-widget_type=\"text-editor.default\">\n\t\t\t\t<div class=\"elementor-widget-container\">\n\t\t\t\t\t\t\t\t\t<table style=\"border-color: #bdbdbd;width: 101.326%;height: 266px\"><tbody><tr><td style=\"width: 12.1113%\"><span style=\"color: #000000;font-size: 8pt\"><strong>28.04.2021<\/strong><\/span><\/td><td style=\"width: 12.6023%\"><span style=\"color: #000000;font-size: 8pt\">15.30 \u2013 17.30<\/span><\/td><td style=\"width: 26.1866%\"><span style=\"color: #000000;font-size: 8pt\"><b>Maria Bel\u00e9n Hern\u00e1ndez Gonzalez<\/b><\/span><\/td><td style=\"width: 47.2995%\"><span style=\"font-size: 8pt;color: #800000\"><strong><span class=\"\">D<\/span><span class=\"\">onna, giornalismo e transmedialit\u00e0<\/span><\/strong><\/span><\/td><\/tr><tr><td style=\"width: 12.1113%\"><span style=\"color: #000000;font-size: 8pt\"><strong>21.05.2021<\/strong><\/span><\/td><td style=\"width: 12.6023%\"><span style=\"color: #000000;font-size: 8pt\">15.30 \u2013 17.30<\/span><\/td><td style=\"width: 26.1866%\"><span style=\"color: #000000;font-size: 8pt\"><b><span class=\"ILfuVd NA6bn UiGGAb\"><span class=\"hgKElc\">Edoardo Lombardi Vallauri<\/span><\/span><\/b><\/span><\/td><td style=\"width: 47.2995%\"><span style=\"font-size: 8pt;color: #800000\"><strong>Ancora bigotti. Gli italiani e la morale sessuale<\/strong><\/span><\/td><\/tr><tr><td style=\"width: 12.1113%\"><span style=\"font-size: 8pt;color: #000000\"><strong>17.06.2021<\/strong><\/span><\/td><td style=\"width: 12.6023%\"><span style=\"font-size: 8pt;color: #000000\">15.30 \u2013 17.30<\/span><\/td><td style=\"width: 26.1866%\"><span style=\"font-size: 8pt\"><strong><span style=\"color: #000000\">Simonetta Grilli<\/span><br \/><span style=\"color: #000000\">M. Carolina Vesce<\/span><br \/><span style=\"color: #000000\">Daniela Crocetti<\/span><br \/><\/strong><\/span><\/td><td style=\"width: 47.2995%\"><span style=\"font-size: 8pt;color: #800000\"><strong>Per una riflessione sui sistemi normativi di genere e sessualit\u00e0:<br \/>il contributo dell\u2019antropologia<\/strong><\/span><\/td><\/tr><tr><td style=\"width: 12.1113%\"><span style=\"font-size: 8pt;color: #000000\"><strong>30.06.2021<\/strong><\/span><\/td><td style=\"width: 12.6023%\"><span style=\"font-size: 8pt;color: #000000\">15.30 \u2013 17.30<\/span><\/td><td style=\"width: 26.1866%\"><span style=\"font-size: 8pt\"><strong><span style=\"color: #000000\">Maria Giuseppina Pacilli<\/span><br \/><\/strong><\/span><\/td><td style=\"width: 47.2995%\"><span style=\"font-size: 8pt;color: #800000\"><strong>Uomini duri. Il lato oscuro della mascolinit\u00e0<\/strong><\/span><\/td><\/tr><\/tbody><\/table>\t\t\t\t\t\t\t\t<\/div>\n\t\t\t\t<\/div>\n\t\t\t\t\t<\/div>\n\t\t<\/div>\n\t\t\t\t\t<\/div>\n\t\t<\/section>\n\t\t\t\t\t<\/div>\n\t\t<\/div>\n\t\t\t\t\t<\/div>\n\t\t<\/section>\n\t\t\t\t<section class=\"elementor-section elementor-top-section elementor-element elementor-element-82f1e6b elementor-section-boxed elementor-section-height-default elementor-section-height-default\" data-id=\"82f1e6b\" data-element_type=\"section\" data-e-type=\"section\">\n\t\t\t\t\t\t<div class=\"elementor-container elementor-column-gap-default\">\n\t\t\t\t\t<div class=\"elementor-column elementor-col-100 elementor-top-column elementor-element elementor-element-6561702\" data-id=\"6561702\" data-element_type=\"column\" data-e-type=\"column\">\n\t\t\t<div class=\"elementor-widget-wrap elementor-element-populated\">\n\t\t\t\t\t\t<div class=\"elementor-element elementor-element-d08059a elementor-widget elementor-widget-heading\" data-id=\"d08059a\" data-element_type=\"widget\" data-e-type=\"widget\" data-widget_type=\"heading.default\">\n\t\t\t\t<div class=\"elementor-widget-container\">\n\t\t\t\t\t<h2 class=\"elementor-heading-title elementor-size-default\">LOCANDINE DEGLI INCONTRI<\/h2>\t\t\t\t<\/div>\n\t\t\t\t<\/div>\n\t\t\t\t<div class=\"elementor-element elementor-element-5bd257e elementor-widget elementor-widget-heading\" data-id=\"5bd257e\" data-element_type=\"widget\" data-e-type=\"widget\" data-widget_type=\"heading.default\">\n\t\t\t\t<div class=\"elementor-widget-container\">\n\t\t\t\t\t<h3 class=\"elementor-heading-title elementor-size-default\">GALLERY<\/h3>\t\t\t\t<\/div>\n\t\t\t\t<\/div>\n\t\t\t\t\t<\/div>\n\t\t<\/div>\n\t\t\t\t\t<\/div>\n\t\t<\/section>\n\t\t\t\t<section class=\"elementor-section elementor-top-section elementor-element elementor-element-cdf2672 elementor-section-boxed elementor-section-height-default elementor-section-height-default\" data-id=\"cdf2672\" data-element_type=\"section\" data-e-type=\"section\">\n\t\t\t\t\t\t<div class=\"elementor-container elementor-column-gap-default\">\n\t\t\t\t\t<div class=\"elementor-column elementor-col-100 elementor-top-column elementor-element elementor-element-3221e0d\" data-id=\"3221e0d\" data-element_type=\"column\" data-e-type=\"column\">\n\t\t\t<div class=\"elementor-widget-wrap elementor-element-populated\">\n\t\t\t\t\t\t<div class=\"elementor-element elementor-element-bdf9b52 elementor-widget elementor-widget-ucaddon_uc_tiles_grid_image\" data-id=\"bdf9b52\" data-element_type=\"widget\" data-e-type=\"widget\" data-widget_type=\"ucaddon_uc_tiles_grid_image.default\">\n\t\t\t\t<div class=\"elementor-widget-container\">\n\t\t\t\t\t<!-- start Tile Gallery -->\n\t\t<link id='unitegallery-css' href='https:\/\/portale2.unime.it\/pluralismi\/wp-content\/plugins\/unlimited-elements-for-elementor-premium\/assets_libraries\/unitegallery\/css\/unite-gallery.css' type='text\/css' rel='stylesheet' >\n\n\n\t\t\t<div id=\"uc_uc_tiles_grid_image_elementor_bdf9b52\" style=\"display:none;\" class=\"uc-items-wrapper\" data-custom-sethtml=\"true\" >\n\n\n<img decoding=\"async\" alt=\"0.Copertina-1-scaled-1\"\n   src=\"https:\/\/portale2.unime.it\/pluralismi\/wp-content\/uploads\/sites\/18\/2021\/04\/0.Copertina-1-scaled-1.jpg\"\n    data-image=\"https:\/\/portale2.unime.it\/pluralismi\/wp-content\/uploads\/sites\/18\/2021\/04\/0.Copertina-1-scaled-1.jpg\"\n    data-title=\"0.Copertina-1-scaled-1\">\n\n<img decoding=\"async\" alt=\"Incontro del 26.02\"\n   src=\"https:\/\/portale2.unime.it\/pluralismi\/wp-content\/uploads\/sites\/18\/2021\/02\/1.Bimbi_-2-scaled-1.jpg\"\n    data-image=\"https:\/\/portale2.unime.it\/pluralismi\/wp-content\/uploads\/sites\/18\/2021\/02\/1.Bimbi_-2-scaled-1.jpg\"\n    data-title=\"Incontro del 26.02\"\n    data-description=\"Incontro del 26.02.2021\">\n\n<img decoding=\"async\" alt=\"Incontro del 11.03\"\n   src=\"https:\/\/portale2.unime.it\/pluralismi\/wp-content\/uploads\/sites\/18\/2021\/02\/2.Priulla-2-scaled-1.jpg\"\n    data-image=\"https:\/\/portale2.unime.it\/pluralismi\/wp-content\/uploads\/sites\/18\/2021\/02\/2.Priulla-2-scaled-1.jpg\"\n    data-title=\"Incontro del 11.03\">\n\n<img decoding=\"async\" alt=\"Incontro del 24.03\"\n   src=\"https:\/\/portale2.unime.it\/pluralismi\/wp-content\/uploads\/sites\/18\/2021\/03\/3.Sacca\u0300-scaled-1.jpg\"\n    data-image=\"https:\/\/portale2.unime.it\/pluralismi\/wp-content\/uploads\/sites\/18\/2021\/03\/3.Sacca\u0300-scaled-1.jpg\"\n    data-title=\"Incontro del 24.03\">\n\n<img decoding=\"async\" alt=\"14.04\"\n   src=\"https:\/\/portale2.unime.it\/pluralismi\/wp-content\/uploads\/sites\/18\/2021\/03\/4.Barazzetti-scaled-1.jpg\"\n    data-image=\"https:\/\/portale2.unime.it\/pluralismi\/wp-content\/uploads\/sites\/18\/2021\/03\/4.Barazzetti-scaled-1.jpg\"\n    data-title=\"14.04\">\n\n<img decoding=\"async\" alt=\"23.04\"\n   src=\"https:\/\/portale2.unime.it\/pluralismi\/wp-content\/uploads\/sites\/18\/2021\/02\/5.Corbisiero-2-scaled-1.jpg\"\n    data-image=\"https:\/\/portale2.unime.it\/pluralismi\/wp-content\/uploads\/sites\/18\/2021\/02\/5.Corbisiero-2-scaled-1.jpg\"\n    data-title=\"23.04\">\n\n<img decoding=\"async\" alt=\"06.05\"\n   src=\"https:\/\/portale2.unime.it\/pluralismi\/wp-content\/uploads\/sites\/18\/2021\/05\/6.Cersosimo-scaled-1.jpg\"\n    data-image=\"https:\/\/portale2.unime.it\/pluralismi\/wp-content\/uploads\/sites\/18\/2021\/05\/6.Cersosimo-scaled-1.jpg\"\n    data-title=\"06.05\">\n\n<img decoding=\"async\" alt=\"28.05\"\n   src=\"https:\/\/portale2.unime.it\/pluralismi\/wp-content\/uploads\/sites\/18\/2021\/02\/7.Mass_-scaled-1.jpg\"\n    data-image=\"https:\/\/portale2.unime.it\/pluralismi\/wp-content\/uploads\/sites\/18\/2021\/02\/7.Mass_-scaled-1.jpg\"\n    data-title=\"28.05\">\n\n<img decoding=\"async\" alt=\"11.06\"\n   src=\"https:\/\/portale2.unime.it\/pluralismi\/wp-content\/uploads\/sites\/18\/2021\/06\/8.Giomi_-scaled-1.jpg\"\n    data-image=\"https:\/\/portale2.unime.it\/pluralismi\/wp-content\/uploads\/sites\/18\/2021\/06\/8.Giomi_-scaled-1.jpg\"\n    data-title=\"11.06\">\n\n<img decoding=\"async\" alt=\"02.07\"\n   src=\"https:\/\/portale2.unime.it\/pluralismi\/wp-content\/uploads\/sites\/18\/2021\/02\/9.Galdi_-1-scaled-1.jpg\"\n    data-image=\"https:\/\/portale2.unime.it\/pluralismi\/wp-content\/uploads\/sites\/18\/2021\/02\/9.Galdi_-1-scaled-1.jpg\"\n    data-title=\"02.07\">\n\n<img decoding=\"async\" alt=\"02.07\"\n   src=\"https:\/\/portale2.unime.it\/pluralismi\/wp-content\/uploads\/sites\/18\/2021\/05\/10.Rumuniati-scaled-1.jpg\"\n    data-image=\"https:\/\/portale2.unime.it\/pluralismi\/wp-content\/uploads\/sites\/18\/2021\/05\/10.Rumuniati-scaled-1.jpg\"\n    data-title=\"02.07\">\n\n<img decoding=\"async\" alt=\"08.07\"\n   src=\"https:\/\/portale2.unime.it\/pluralismi\/wp-content\/uploads\/sites\/18\/2021\/05\/6.Pievani-scaled-1.jpg\"\n    data-image=\"https:\/\/portale2.unime.it\/pluralismi\/wp-content\/uploads\/sites\/18\/2021\/05\/6.Pievani-scaled-1.jpg\"\n    data-title=\"08.07\">\n\n<img decoding=\"async\" alt=\"28.04\"\n   src=\"https:\/\/portale2.unime.it\/pluralismi\/wp-content\/uploads\/sites\/18\/2021\/04\/11.Hernandez-scaled-1.jpg\"\n    data-image=\"https:\/\/portale2.unime.it\/pluralismi\/wp-content\/uploads\/sites\/18\/2021\/04\/11.Hernandez-scaled-1.jpg\"\n    data-title=\"28.04\">\n\n<img decoding=\"async\" alt=\"12.Dialoghi\"\n   src=\"https:\/\/portale2.unime.it\/pluralismi\/wp-content\/uploads\/sites\/18\/2021\/04\/12.Dialoghi.Vallauri-scaled-1.jpg\"\n    data-image=\"https:\/\/portale2.unime.it\/pluralismi\/wp-content\/uploads\/sites\/18\/2021\/04\/12.Dialoghi.Vallauri-scaled-1.jpg\"\n    data-title=\"12.Dialoghi\">\n\n<img decoding=\"async\" alt=\"17.06\"\n   src=\"https:\/\/portale2.unime.it\/pluralismi\/wp-content\/uploads\/sites\/18\/2021\/04\/13.Dialoghi-scaled-1.jpg\"\n    data-image=\"https:\/\/portale2.unime.it\/pluralismi\/wp-content\/uploads\/sites\/18\/2021\/04\/13.Dialoghi-scaled-1.jpg\"\n    data-title=\"17.06\"\n    data-description=\"Autore dell&#039;opera Vincenzo Costantino\">\n\n<img decoding=\"async\" alt=\"30.06\"\n   src=\"https:\/\/portale2.unime.it\/pluralismi\/wp-content\/uploads\/sites\/18\/2021\/04\/14.Dialoghi.Pacilli-scaled-1.jpg\"\n    data-image=\"https:\/\/portale2.unime.it\/pluralismi\/wp-content\/uploads\/sites\/18\/2021\/04\/14.Dialoghi.Pacilli-scaled-1.jpg\"\n    data-title=\"30.06\">\n\n  \n<\/div>\n\t\t\t<!-- end Tile Gallery -->\t\t\t\t<\/div>\n\t\t\t\t<\/div>\n\t\t\t\t\t<\/div>\n\t\t<\/div>\n\t\t\t\t\t<\/div>\n\t\t<\/section>\n\t\t\t\t<section class=\"elementor-section elementor-top-section elementor-element elementor-element-8477fe5 elementor-section-boxed elementor-section-height-default elementor-section-height-default\" data-id=\"8477fe5\" data-element_type=\"section\" data-e-type=\"section\">\n\t\t\t\t\t\t<div class=\"elementor-container elementor-column-gap-default\">\n\t\t\t\t\t<div class=\"elementor-column elementor-col-100 elementor-top-column elementor-element elementor-element-86a48be\" data-id=\"86a48be\" data-element_type=\"column\" data-e-type=\"column\">\n\t\t\t<div class=\"elementor-widget-wrap elementor-element-populated\">\n\t\t\t\t\t\t<div class=\"elementor-element elementor-element-087bec2 elementor-widget elementor-widget-spacer\" data-id=\"087bec2\" data-element_type=\"widget\" data-e-type=\"widget\" data-widget_type=\"spacer.default\">\n\t\t\t\t<div class=\"elementor-widget-container\">\n\t\t\t\t\t\t\t<div class=\"elementor-spacer\">\n\t\t\t<div class=\"elementor-spacer-inner\"><\/div>\n\t\t<\/div>\n\t\t\t\t\t\t<\/div>\n\t\t\t\t<\/div>\n\t\t\t\t\t<\/div>\n\t\t<\/div>\n\t\t\t\t\t<\/div>\n\t\t<\/section>\n\t\t\t\t<section class=\"elementor-section elementor-top-section elementor-element elementor-element-6df6a158 elementor-section-boxed elementor-section-height-default elementor-section-height-default\" data-id=\"6df6a158\" data-element_type=\"section\" data-e-type=\"section\" data-settings=\"{&quot;background_background&quot;:&quot;classic&quot;}\">\n\t\t\t\t\t\t\t<div class=\"elementor-background-overlay\"><\/div>\n\t\t\t\t\t\t\t<div class=\"elementor-container elementor-column-gap-default\">\n\t\t\t\t\t<div class=\"elementor-column elementor-col-100 elementor-top-column elementor-element elementor-element-2ffa08ec\" data-id=\"2ffa08ec\" data-element_type=\"column\" data-e-type=\"column\">\n\t\t\t<div class=\"elementor-widget-wrap elementor-element-populated\">\n\t\t\t\t\t\t<div class=\"elementor-element elementor-element-4ab952db elementor-invisible elementor-widget elementor-widget-heading\" data-id=\"4ab952db\" data-element_type=\"widget\" data-e-type=\"widget\" data-settings=\"{&quot;_animation&quot;:&quot;fadeInDown&quot;}\" data-widget_type=\"heading.default\">\n\t\t\t\t<div class=\"elementor-widget-container\">\n\t\t\t\t\t<h2 class=\"elementor-heading-title elementor-size-default\"><br><br>   RELATRICI E RELATORI<br><br><br><\/h2>\t\t\t\t<\/div>\n\t\t\t\t<\/div>\n\t\t\t\t\t<\/div>\n\t\t<\/div>\n\t\t\t\t\t<\/div>\n\t\t<\/section>\n\t\t\t\t<section class=\"elementor-section elementor-top-section elementor-element elementor-element-6d69a949 elementor-section-boxed elementor-section-height-default elementor-section-height-default\" data-id=\"6d69a949\" data-element_type=\"section\" data-e-type=\"section\">\n\t\t\t\t\t\t<div class=\"elementor-container elementor-column-gap-default\">\n\t\t\t\t\t<div class=\"elementor-column elementor-col-100 elementor-top-column elementor-element elementor-element-1b44bb85\" data-id=\"1b44bb85\" data-element_type=\"column\" data-e-type=\"column\">\n\t\t\t<div class=\"elementor-widget-wrap elementor-element-populated\">\n\t\t\t\t\t\t<section class=\"elementor-section elementor-inner-section elementor-element elementor-element-53c88a4 elementor-section-boxed elementor-section-height-default elementor-section-height-default\" data-id=\"53c88a4\" data-element_type=\"section\" data-e-type=\"section\">\n\t\t\t\t\t\t\t<div class=\"elementor-background-overlay\"><\/div>\n\t\t\t\t\t\t\t<div class=\"elementor-container elementor-column-gap-default\">\n\t\t\t\t\t<div class=\"elementor-column elementor-col-50 elementor-inner-column elementor-element elementor-element-a4bf7bd\" data-id=\"a4bf7bd\" data-element_type=\"column\" data-e-type=\"column\">\n\t\t\t<div class=\"elementor-widget-wrap elementor-element-populated\">\n\t\t\t\t\t\t<div class=\"elementor-element elementor-element-45215a53 elementor-widget elementor-widget-image\" data-id=\"45215a53\" data-element_type=\"widget\" data-e-type=\"widget\" data-widget_type=\"image.default\">\n\t\t\t\t<div class=\"elementor-widget-container\">\n\t\t\t\t\t\t\t\t\t\t\t\t\t\t\t<img decoding=\"async\" width=\"354\" height=\"354\" src=\"https:\/\/portale2.unime.it\/pluralismi\/wp-content\/uploads\/sites\/18\/2021\/02\/barazzetti.jpg\" class=\"attachment-large size-large wp-image-1636\" alt=\"\" srcset=\"https:\/\/portale2.unime.it\/pluralismi\/wp-content\/uploads\/sites\/18\/2021\/02\/barazzetti.jpg 354w, https:\/\/portale2.unime.it\/pluralismi\/wp-content\/uploads\/sites\/18\/2021\/02\/barazzetti-300x300.jpg 300w, https:\/\/portale2.unime.it\/pluralismi\/wp-content\/uploads\/sites\/18\/2021\/02\/barazzetti-150x150.jpg 150w, https:\/\/portale2.unime.it\/pluralismi\/wp-content\/uploads\/sites\/18\/2021\/02\/elementor\/thumbs\/barazzetti-q44ugpinvxautb7trp2q6t1gg93pwniso3t4d56rio.jpg 200w\" sizes=\"(max-width: 354px) 100vw, 354px\" style=\"width:100%;height:100%;max-width:354px\" \/>\t\t\t\t\t\t\t\t\t\t\t\t\t\t\t<\/div>\n\t\t\t\t<\/div>\n\t\t\t\t\t<\/div>\n\t\t<\/div>\n\t\t\t\t<div class=\"elementor-column elementor-col-50 elementor-inner-column elementor-element elementor-element-1b9913e6\" data-id=\"1b9913e6\" data-element_type=\"column\" data-e-type=\"column\">\n\t\t\t<div class=\"elementor-widget-wrap elementor-element-populated\">\n\t\t\t\t\t\t<div class=\"elementor-element elementor-element-3e488bc2 elementor-widget elementor-widget-text-editor\" data-id=\"3e488bc2\" data-element_type=\"widget\" data-e-type=\"widget\" data-widget_type=\"text-editor.default\">\n\t\t\t\t<div class=\"elementor-widget-container\">\n\t\t\t\t\t\t\t\t\t<p><span style=\"font-family: 'Open Sans', Helvetica, Arial, sans-serif;color: #7a0a0a;font-size: 12pt\"><strong>Donatella Barazzetti <\/strong><\/span><span style=\"color: #000000;font-size: 12pt\"><span style=\"font-family: 'Open Sans', Helvetica, Arial, sans-serif\">\u00e8 Sociologa, gi\u00e0 Professoressa associata di Sociologia generale presso l\u2019Universit\u00e0 della Calabria dove ha insegnato Politiche per le Pari Opportunit\u00e0 e Studi sulla costruzione sociale del genere. Le sue ricerche riguardano la costruzione sociale delle differenze di genere con particolare riferimento ai mutamenti dei ruoli sessuali, alla trasmissione generazionale, alle rappresentazioni soprattutto tra le giovani generazioni; i processi di costruzione dei Women\u2019s Studies in Italia e in Europa, e le implicazioni del rapporto tra Women\u2019s studies, tramissione generazionale e didattica. Tra le sue pubblicazioni su questi temi: \u201cA confronto con il \u2018genere\u2019\u201d, in Carmen Leccardi (a cura di), Tra i generi. Rileggendo le differenze di genere, di generazione, di orientamento sessuale, Guerini, Milano, 2002; \u201cDonne sull\u2019orlo del lavoro di cura\u201d, in Elisabetta Ruspini (a cura di). Donne e uomini che cambiano, Guerini, Milano, 2005 (con Giovanna Vingelli); C\u2019\u00e8 posto per me? Lavoro e cura nella societ\u00e0 del non lavoro, Guerini, Milano, 2007.s<\/span><\/span><\/p>\t\t\t\t\t\t\t\t<\/div>\n\t\t\t\t<\/div>\n\t\t\t\t\t<\/div>\n\t\t<\/div>\n\t\t\t\t\t<\/div>\n\t\t<\/section>\n\t\t\t\t\t<\/div>\n\t\t<\/div>\n\t\t\t\t\t<\/div>\n\t\t<\/section>\n\t\t\t\t<section class=\"elementor-section elementor-top-section elementor-element elementor-element-31f21ef6 elementor-section-boxed elementor-section-height-default elementor-section-height-default\" data-id=\"31f21ef6\" data-element_type=\"section\" data-e-type=\"section\">\n\t\t\t\t\t\t<div class=\"elementor-container elementor-column-gap-default\">\n\t\t\t\t\t<div class=\"elementor-column elementor-col-100 elementor-top-column elementor-element elementor-element-335ae475\" data-id=\"335ae475\" data-element_type=\"column\" data-e-type=\"column\">\n\t\t\t<div class=\"elementor-widget-wrap elementor-element-populated\">\n\t\t\t\t\t\t<section class=\"elementor-section elementor-inner-section elementor-element elementor-element-52e3ae63 elementor-section-boxed elementor-section-height-default elementor-section-height-default\" data-id=\"52e3ae63\" data-element_type=\"section\" data-e-type=\"section\">\n\t\t\t\t\t\t\t<div class=\"elementor-background-overlay\"><\/div>\n\t\t\t\t\t\t\t<div class=\"elementor-container elementor-column-gap-default\">\n\t\t\t\t\t<div class=\"elementor-column elementor-col-50 elementor-inner-column elementor-element elementor-element-6efdad0b\" data-id=\"6efdad0b\" data-element_type=\"column\" data-e-type=\"column\">\n\t\t\t<div class=\"elementor-widget-wrap elementor-element-populated\">\n\t\t\t\t\t\t<div class=\"elementor-element elementor-element-fc3c7ee elementor-widget elementor-widget-image\" data-id=\"fc3c7ee\" data-element_type=\"widget\" data-e-type=\"widget\" data-widget_type=\"image.default\">\n\t\t\t\t<div class=\"elementor-widget-container\">\n\t\t\t\t\t\t\t\t\t\t\t\t\t\t\t<img decoding=\"async\" width=\"354\" height=\"354\" src=\"https:\/\/portale2.unime.it\/pluralismi\/wp-content\/uploads\/sites\/18\/2021\/02\/bimbi-1.jpg\" class=\"attachment-large size-large wp-image-1627\" alt=\"\" srcset=\"https:\/\/portale2.unime.it\/pluralismi\/wp-content\/uploads\/sites\/18\/2021\/02\/bimbi-1.jpg 354w, https:\/\/portale2.unime.it\/pluralismi\/wp-content\/uploads\/sites\/18\/2021\/02\/bimbi-1-300x300.jpg 300w, https:\/\/portale2.unime.it\/pluralismi\/wp-content\/uploads\/sites\/18\/2021\/02\/bimbi-1-150x150.jpg 150w, https:\/\/portale2.unime.it\/pluralismi\/wp-content\/uploads\/sites\/18\/2021\/02\/elementor\/thumbs\/bimbi-1-q44ugnmzi98a63ak2o9h1tij9hczh9bbzui5el9jv4.jpg 200w\" sizes=\"(max-width: 354px) 100vw, 354px\" style=\"width:100%;height:100%;max-width:354px\" \/>\t\t\t\t\t\t\t\t\t\t\t\t\t\t\t<\/div>\n\t\t\t\t<\/div>\n\t\t\t\t\t<\/div>\n\t\t<\/div>\n\t\t\t\t<div class=\"elementor-column elementor-col-50 elementor-inner-column elementor-element elementor-element-fe45d54\" data-id=\"fe45d54\" data-element_type=\"column\" data-e-type=\"column\">\n\t\t\t<div class=\"elementor-widget-wrap elementor-element-populated\">\n\t\t\t\t\t\t<div class=\"elementor-element elementor-element-9b12c50 elementor-widget elementor-widget-text-editor\" data-id=\"9b12c50\" data-element_type=\"widget\" data-e-type=\"widget\" data-widget_type=\"text-editor.default\">\n\t\t\t\t<div class=\"elementor-widget-container\">\n\t\t\t\t\t\t\t\t\t<p><span style=\"font-family: 'Open Sans', Helvetica, Arial, sans-serif;color: #7a0a0a;font-size: 12pt\"><strong>Franca Bimbi <\/strong><\/span><span style=\"color: #000000;font-size: 12pt\"><span style=\"font-family: 'Open Sans', Helvetica, Arial, sans-serif\">\u00a0\u00e8 Sociologa, gi\u00e0 Professoressa Ordinaria di Sociologia presso l\u2019Universit\u00e0 di Padova. \u00c8 specialista di Sociologia della famiglia e Studi di genere. \u00c8 stata coordinatrice del Dottorato in Scienze sociali e dei Gruppi di ricerca \u201cGenere, cittadinanza e migrazioni\u201d, \u201cCibo, Culture, Societ\u00e0\u201d, \u201cViolenza di Genere\u201d. Tra il 1994 e il 2006, come assessora al Comune di Venezia, durante le sindacature di Massimo Cacciari, ha diretto il Centro Donna, il Centro Antiviolenza e l\u2019Osservatorio Lgbt. \u00c8 stata eletta alla Camera dei Deputati nella XIV e XV Legislatura. \u00c8 stata presidente della Commissione politiche dell\u2019Unione europea della Camera.<\/span><\/span><\/p>\t\t\t\t\t\t\t\t<\/div>\n\t\t\t\t<\/div>\n\t\t\t\t\t<\/div>\n\t\t<\/div>\n\t\t\t\t\t<\/div>\n\t\t<\/section>\n\t\t\t\t\t<\/div>\n\t\t<\/div>\n\t\t\t\t\t<\/div>\n\t\t<\/section>\n\t\t\t\t<section class=\"elementor-section elementor-top-section elementor-element elementor-element-49241c98 elementor-section-boxed elementor-section-height-default elementor-section-height-default\" data-id=\"49241c98\" data-element_type=\"section\" data-e-type=\"section\">\n\t\t\t\t\t\t<div class=\"elementor-container elementor-column-gap-default\">\n\t\t\t\t\t<div class=\"elementor-column elementor-col-100 elementor-top-column elementor-element elementor-element-26de8b66\" data-id=\"26de8b66\" data-element_type=\"column\" data-e-type=\"column\">\n\t\t\t<div class=\"elementor-widget-wrap elementor-element-populated\">\n\t\t\t\t\t\t<section class=\"elementor-section elementor-inner-section elementor-element elementor-element-529121cd elementor-section-boxed elementor-section-height-default elementor-section-height-default\" data-id=\"529121cd\" data-element_type=\"section\" data-e-type=\"section\">\n\t\t\t\t\t\t\t<div class=\"elementor-background-overlay\"><\/div>\n\t\t\t\t\t\t\t<div class=\"elementor-container elementor-column-gap-default\">\n\t\t\t\t\t<div class=\"elementor-column elementor-col-50 elementor-inner-column elementor-element elementor-element-22b7ee9\" data-id=\"22b7ee9\" data-element_type=\"column\" data-e-type=\"column\">\n\t\t\t<div class=\"elementor-widget-wrap elementor-element-populated\">\n\t\t\t\t\t\t<div class=\"elementor-element elementor-element-6787d65 elementor-widget elementor-widget-image\" data-id=\"6787d65\" data-element_type=\"widget\" data-e-type=\"widget\" data-widget_type=\"image.default\">\n\t\t\t\t<div class=\"elementor-widget-container\">\n\t\t\t\t\t\t\t\t\t\t\t\t\t\t\t<img loading=\"lazy\" decoding=\"async\" width=\"598\" height=\"652\" src=\"https:\/\/portale2.unime.it\/pluralismi\/wp-content\/uploads\/sites\/18\/2021\/03\/Schermata-2021-03-30-alle-11.29.49.png\" class=\"attachment-large size-large wp-image-1811\" alt=\"\" srcset=\"https:\/\/portale2.unime.it\/pluralismi\/wp-content\/uploads\/sites\/18\/2021\/03\/Schermata-2021-03-30-alle-11.29.49.png 598w, https:\/\/portale2.unime.it\/pluralismi\/wp-content\/uploads\/sites\/18\/2021\/03\/Schermata-2021-03-30-alle-11.29.49-275x300.png 275w\" sizes=\"(max-width: 598px) 100vw, 598px\" style=\"width:100%;height:109.03%;max-width:598px\" \/>\t\t\t\t\t\t\t\t\t\t\t\t\t\t\t<\/div>\n\t\t\t\t<\/div>\n\t\t\t\t\t<\/div>\n\t\t<\/div>\n\t\t\t\t<div class=\"elementor-column elementor-col-50 elementor-inner-column elementor-element elementor-element-51c2a96b\" data-id=\"51c2a96b\" data-element_type=\"column\" data-e-type=\"column\">\n\t\t\t<div class=\"elementor-widget-wrap elementor-element-populated\">\n\t\t\t\t\t\t<div class=\"elementor-element elementor-element-6cf640a8 elementor-widget elementor-widget-text-editor\" data-id=\"6cf640a8\" data-element_type=\"widget\" data-e-type=\"widget\" data-widget_type=\"text-editor.default\">\n\t\t\t\t<div class=\"elementor-widget-container\">\n\t\t\t\t\t\t\t\t\t<p><span style=\"font-family: 'Open Sans', Helvetica, Arial, sans-serif;color: #7a0a0a;font-size: 12pt\"><strong>Giuseppina Cersosimo <\/strong><\/span><span style=\"color: #000000;font-size: 12pt\"><span style=\"font-family: 'Open Sans', Helvetica, Arial, sans-serif\">\u00a0\u00e8 professoressa Ordinaria di Sociologia Generale presso il Dipartimento di Studi Politici e Sociali, Universit\u00e0 degli Studi di Salerno. Dal 2012 \u2013 al gennaio 2019 \u00e8 stata segretaria dell\u2019OGEPO \u2013 Osservatorio interdipartimentale per la diffusione degli Studi di Genere e la cultura delle Pari Opportunit\u00e0. Tra i suoi principali interessi di ricerca: la teoria sociologica, con particolare attenzione all\u2019Interazionismo Simbolico; la ricerca qualitativa; la sociologia della salute e della medicina; genere e identit\u00e0. Tra le sue pubblicazioni: In the Time of COVID-19: Love and Transformations in the Family Italian Sociological Review (2020). Women and Health Promotion: Implications for Obesity Prevention in the Family and Beyond, Italian Journal of Sociology of Education (2020); Narrated Communication, Research Methods Foundations, Sage, London (2020); Le donne nella sociologia di William I. Thomas. Testi Scelti. Napoli Liguori (2019); Double-Edged Intimate Relationships. When Violence has a Complicity between Victim and Executioner BUT. Series VII Social Sciences. Law. (2019); Society and violentization: some general remarks, Sociologia.Vol. 3. (2018).<\/span><\/span><\/p>\t\t\t\t\t\t\t\t<\/div>\n\t\t\t\t<\/div>\n\t\t\t\t\t<\/div>\n\t\t<\/div>\n\t\t\t\t\t<\/div>\n\t\t<\/section>\n\t\t\t\t\t<\/div>\n\t\t<\/div>\n\t\t\t\t\t<\/div>\n\t\t<\/section>\n\t\t\t\t<section class=\"elementor-section elementor-top-section elementor-element elementor-element-60e24b6 elementor-section-boxed elementor-section-height-default elementor-section-height-default\" data-id=\"60e24b6\" data-element_type=\"section\" data-e-type=\"section\">\n\t\t\t\t\t\t<div class=\"elementor-container elementor-column-gap-default\">\n\t\t\t\t\t<div class=\"elementor-column elementor-col-100 elementor-top-column elementor-element elementor-element-1cda083\" data-id=\"1cda083\" data-element_type=\"column\" data-e-type=\"column\">\n\t\t\t<div class=\"elementor-widget-wrap elementor-element-populated\">\n\t\t\t\t\t\t<section class=\"elementor-section elementor-inner-section elementor-element elementor-element-6a56311c elementor-section-boxed elementor-section-height-default elementor-section-height-default\" data-id=\"6a56311c\" data-element_type=\"section\" data-e-type=\"section\">\n\t\t\t\t\t\t\t<div class=\"elementor-background-overlay\"><\/div>\n\t\t\t\t\t\t\t<div class=\"elementor-container elementor-column-gap-default\">\n\t\t\t\t\t<div class=\"elementor-column elementor-col-50 elementor-inner-column elementor-element elementor-element-777f5c6c\" data-id=\"777f5c6c\" data-element_type=\"column\" data-e-type=\"column\">\n\t\t\t<div class=\"elementor-widget-wrap elementor-element-populated\">\n\t\t\t\t\t\t<div class=\"elementor-element elementor-element-3fecd863 elementor-widget elementor-widget-image\" data-id=\"3fecd863\" data-element_type=\"widget\" data-e-type=\"widget\" data-widget_type=\"image.default\">\n\t\t\t\t<div class=\"elementor-widget-container\">\n\t\t\t\t\t\t\t\t\t\t\t\t\t\t\t<img loading=\"lazy\" decoding=\"async\" width=\"354\" height=\"354\" src=\"https:\/\/portale2.unime.it\/pluralismi\/wp-content\/uploads\/sites\/18\/2021\/02\/corbisiero.jpg\" class=\"attachment-large size-large wp-image-1628\" alt=\"\" srcset=\"https:\/\/portale2.unime.it\/pluralismi\/wp-content\/uploads\/sites\/18\/2021\/02\/corbisiero.jpg 354w, https:\/\/portale2.unime.it\/pluralismi\/wp-content\/uploads\/sites\/18\/2021\/02\/corbisiero-300x300.jpg 300w, https:\/\/portale2.unime.it\/pluralismi\/wp-content\/uploads\/sites\/18\/2021\/02\/corbisiero-150x150.jpg 150w, https:\/\/portale2.unime.it\/pluralismi\/wp-content\/uploads\/sites\/18\/2021\/02\/elementor\/thumbs\/corbisiero-q44ugnmzi98a63ak2o9h1tij9hczh9bbzui5el9jv4.jpg 200w\" sizes=\"(max-width: 354px) 100vw, 354px\" style=\"width:100%;height:100%;max-width:354px\" \/>\t\t\t\t\t\t\t\t\t\t\t\t\t\t\t<\/div>\n\t\t\t\t<\/div>\n\t\t\t\t\t<\/div>\n\t\t<\/div>\n\t\t\t\t<div class=\"elementor-column elementor-col-50 elementor-inner-column elementor-element elementor-element-1e8656aa\" data-id=\"1e8656aa\" data-element_type=\"column\" data-e-type=\"column\">\n\t\t\t<div class=\"elementor-widget-wrap elementor-element-populated\">\n\t\t\t\t\t\t<div class=\"elementor-element elementor-element-3c5b8a44 elementor-widget elementor-widget-text-editor\" data-id=\"3c5b8a44\" data-element_type=\"widget\" data-e-type=\"widget\" data-widget_type=\"text-editor.default\">\n\t\t\t\t<div class=\"elementor-widget-container\">\n\t\t\t\t\t\t\t\t\t<p><span style=\"font-family: 'Open Sans', Helvetica, Arial, sans-serif;color: #7a0a0a;font-size: 12pt\"><strong>Fabio Corbisiero <\/strong><\/span><span style=\"color: #000000;font-size: 12pt\"><span style=\"font-family: 'Open Sans', Helvetica, Arial, sans-serif\"><strong>\u00a0<\/strong>\u00e8 professore Associato di Sociologia dell\u2019ambiente e del territorio presso il Dipartimento di Scienze Sociali dell\u2019Universit\u00e0 degli Studi di Napoli Federico II, dove \u00e8 Coordinatore dell\u2019Osservatorio LGBT e di OUT (Osservatorio Universitario sul Turismo). Tra i suoi interessi di ricerca: genere, identit\u00e0 sessuale, comunit\u00e0 LGBT, turismo, citt\u00e0. \u00c8 componente del Consiglio scientifico di AIS Studi di Genere dal 2013. Dal 2016 dirige \u201cFuori Luogo. Rivista di Sociologia del territorio, turismo, tecnologia\u201d.<\/span><\/span><\/p>\t\t\t\t\t\t\t\t<\/div>\n\t\t\t\t<\/div>\n\t\t\t\t\t<\/div>\n\t\t<\/div>\n\t\t\t\t\t<\/div>\n\t\t<\/section>\n\t\t\t\t\t<\/div>\n\t\t<\/div>\n\t\t\t\t\t<\/div>\n\t\t<\/section>\n\t\t\t\t<section class=\"elementor-section elementor-top-section elementor-element elementor-element-4dc950cf elementor-section-boxed elementor-section-height-default elementor-section-height-default\" data-id=\"4dc950cf\" data-element_type=\"section\" data-e-type=\"section\">\n\t\t\t\t\t\t<div class=\"elementor-container elementor-column-gap-default\">\n\t\t\t\t\t<div class=\"elementor-column elementor-col-100 elementor-top-column elementor-element elementor-element-175fa463\" data-id=\"175fa463\" data-element_type=\"column\" data-e-type=\"column\">\n\t\t\t<div class=\"elementor-widget-wrap elementor-element-populated\">\n\t\t\t\t\t\t<section class=\"elementor-section elementor-inner-section elementor-element elementor-element-4be74d69 elementor-section-boxed elementor-section-height-default elementor-section-height-default\" data-id=\"4be74d69\" data-element_type=\"section\" data-e-type=\"section\">\n\t\t\t\t\t\t\t<div class=\"elementor-background-overlay\"><\/div>\n\t\t\t\t\t\t\t<div class=\"elementor-container elementor-column-gap-default\">\n\t\t\t\t\t<div class=\"elementor-column elementor-col-50 elementor-inner-column elementor-element elementor-element-5b78dc0c\" data-id=\"5b78dc0c\" data-element_type=\"column\" data-e-type=\"column\">\n\t\t\t<div class=\"elementor-widget-wrap elementor-element-populated\">\n\t\t\t\t\t\t<div class=\"elementor-element elementor-element-77ad02d4 elementor-widget elementor-widget-image\" data-id=\"77ad02d4\" data-element_type=\"widget\" data-e-type=\"widget\" data-widget_type=\"image.default\">\n\t\t\t\t<div class=\"elementor-widget-container\">\n\t\t\t\t\t\t\t\t\t\t\t\t\t\t\t<img loading=\"lazy\" decoding=\"async\" width=\"354\" height=\"354\" src=\"https:\/\/portale2.unime.it\/pluralismi\/wp-content\/uploads\/sites\/18\/2021\/02\/galdi.jpg\" class=\"attachment-large size-large wp-image-1630\" alt=\"\" srcset=\"https:\/\/portale2.unime.it\/pluralismi\/wp-content\/uploads\/sites\/18\/2021\/02\/galdi.jpg 354w, https:\/\/portale2.unime.it\/pluralismi\/wp-content\/uploads\/sites\/18\/2021\/02\/galdi-300x300.jpg 300w, https:\/\/portale2.unime.it\/pluralismi\/wp-content\/uploads\/sites\/18\/2021\/02\/galdi-150x150.jpg 150w, https:\/\/portale2.unime.it\/pluralismi\/wp-content\/uploads\/sites\/18\/2021\/02\/elementor\/thumbs\/galdi-q44ugoktp39khp96x6o3mb9zuv8coyf2bz5mvv85ow.jpg 200w\" sizes=\"(max-width: 354px) 100vw, 354px\" style=\"width:100%;height:100%;max-width:354px\" \/>\t\t\t\t\t\t\t\t\t\t\t\t\t\t\t<\/div>\n\t\t\t\t<\/div>\n\t\t\t\t\t<\/div>\n\t\t<\/div>\n\t\t\t\t<div class=\"elementor-column elementor-col-50 elementor-inner-column elementor-element elementor-element-38ba6591\" data-id=\"38ba6591\" data-element_type=\"column\" data-e-type=\"column\">\n\t\t\t<div class=\"elementor-widget-wrap elementor-element-populated\">\n\t\t\t\t\t\t<div class=\"elementor-element elementor-element-5d8480bb elementor-widget elementor-widget-text-editor\" data-id=\"5d8480bb\" data-element_type=\"widget\" data-e-type=\"widget\" data-widget_type=\"text-editor.default\">\n\t\t\t\t<div class=\"elementor-widget-container\">\n\t\t\t\t\t\t\t\t\t<p><span style=\"font-family: 'Open Sans', Helvetica, Arial, sans-serif;color: #7a0a0a;font-size: 12pt\"><strong>Silvia Galdi <\/strong><\/span><span style=\"color: #000000;font-size: 12pt\"><span style=\"font-family: 'Open Sans', Helvetica, Arial, sans-serif\">\u00a0\u00e8 professoressa Associata di Psicologia sociale presso Universit\u00e0 degli studi della Campania Luigi Vanvitelli. Svolge attivit\u00e0 ricerca nelle aree degli atteggiamenti e della cognizione sociale. Si occupa di stereotipi di genere, a livello implicito ed esplicito, nei bambini, e le componenti implicite dei processi di identificazione con l\u2019ingroup e di autostereotipizzazione nei membri dei gruppi di minoranza. Fa parte inoltre di un gruppo di ricerca che si occupa di molestie sessuali..\u00a0<\/span><\/span><\/p>\t\t\t\t\t\t\t\t<\/div>\n\t\t\t\t<\/div>\n\t\t\t\t\t<\/div>\n\t\t<\/div>\n\t\t\t\t\t<\/div>\n\t\t<\/section>\n\t\t\t\t\t<\/div>\n\t\t<\/div>\n\t\t\t\t\t<\/div>\n\t\t<\/section>\n\t\t\t\t<section class=\"elementor-section elementor-top-section elementor-element elementor-element-3a1f7a0c elementor-section-boxed elementor-section-height-default elementor-section-height-default\" data-id=\"3a1f7a0c\" data-element_type=\"section\" data-e-type=\"section\">\n\t\t\t\t\t\t<div class=\"elementor-container elementor-column-gap-default\">\n\t\t\t\t\t<div class=\"elementor-column elementor-col-100 elementor-top-column elementor-element elementor-element-6e937ed5\" data-id=\"6e937ed5\" data-element_type=\"column\" data-e-type=\"column\">\n\t\t\t<div class=\"elementor-widget-wrap elementor-element-populated\">\n\t\t\t\t\t\t<section class=\"elementor-section elementor-inner-section elementor-element elementor-element-4c5956ba elementor-section-boxed elementor-section-height-default elementor-section-height-default\" data-id=\"4c5956ba\" data-element_type=\"section\" data-e-type=\"section\">\n\t\t\t\t\t\t\t<div class=\"elementor-background-overlay\"><\/div>\n\t\t\t\t\t\t\t<div class=\"elementor-container elementor-column-gap-default\">\n\t\t\t\t\t<div class=\"elementor-column elementor-col-50 elementor-inner-column elementor-element elementor-element-6ded81b7\" data-id=\"6ded81b7\" data-element_type=\"column\" data-e-type=\"column\">\n\t\t\t<div class=\"elementor-widget-wrap elementor-element-populated\">\n\t\t\t\t\t\t<div class=\"elementor-element elementor-element-571ab541 elementor-widget elementor-widget-image\" data-id=\"571ab541\" data-element_type=\"widget\" data-e-type=\"widget\" data-widget_type=\"image.default\">\n\t\t\t\t<div class=\"elementor-widget-container\">\n\t\t\t\t\t\t\t\t\t\t\t\t\t\t\t<img loading=\"lazy\" decoding=\"async\" width=\"500\" height=\"355\" src=\"https:\/\/portale2.unime.it\/pluralismi\/wp-content\/uploads\/sites\/18\/2021\/02\/giomi_.jpg\" class=\"attachment-large size-large wp-image-1686\" alt=\"\" srcset=\"https:\/\/portale2.unime.it\/pluralismi\/wp-content\/uploads\/sites\/18\/2021\/02\/giomi_.jpg 500w, https:\/\/portale2.unime.it\/pluralismi\/wp-content\/uploads\/sites\/18\/2021\/02\/giomi_-300x213.jpg 300w\" sizes=\"(max-width: 500px) 100vw, 500px\" style=\"width:100%;height:71%;max-width:500px\" \/>\t\t\t\t\t\t\t\t\t\t\t\t\t\t\t<\/div>\n\t\t\t\t<\/div>\n\t\t\t\t\t<\/div>\n\t\t<\/div>\n\t\t\t\t<div class=\"elementor-column elementor-col-50 elementor-inner-column elementor-element elementor-element-3bb3dc8d\" data-id=\"3bb3dc8d\" data-element_type=\"column\" data-e-type=\"column\">\n\t\t\t<div class=\"elementor-widget-wrap elementor-element-populated\">\n\t\t\t\t\t\t<div class=\"elementor-element elementor-element-5e2a350c elementor-widget elementor-widget-text-editor\" data-id=\"5e2a350c\" data-element_type=\"widget\" data-e-type=\"widget\" data-widget_type=\"text-editor.default\">\n\t\t\t\t<div class=\"elementor-widget-container\">\n\t\t\t\t\t\t\t\t\t<p><span style=\"font-family: 'Open Sans', Helvetica, Arial, sans-serif;color: #7a0a0a;font-size: 12pt\"><strong>Elisa Giomi <\/strong><\/span><span style=\"color: #000000;font-size: 12pt\"><span style=\"font-family: 'Open Sans', Helvetica, Arial, sans-serif\">\u00a0\u00e8 professoressa Associata di Sociologia dei processi culturali e comunicativi presso l\u2019Universit\u00e0 di Roma Tre, Dipartimento di Filosofia, Comunicazione e Spettacolo. Dal 2020\u00a0 \u00e8 Commissaria all\u2019Autorit\u00e0 per le garanzie nelle comunicazioni (Agcom) e collaboratrice della Commissione parlamentare di inchiesta sul femminicidio, nonch\u00e9 su ogni forma di violenza di genere. Nello stesso anno \u00e8 stata eletta nel board della Sezione \u201cStudi di Genere\u201d dell\u2019AIS-Associazione Italiana di Sociologia. \u00c8 autrice di 50 pubblicazioniper le principali case editrici italiane (Il Mulino, Carocci, FrancoAngeli) e internazionali (Bloomsbury, Lexington Books, Intellect Books) e per riviste peer-reviewed italiane e straniere (tra cui European Journal of Cultural Studies, IRS-International Review of Sociology, Sociologica-Italian Journal of Sociology on Line, Studi Culturali, Problemi dell\u2019Informazione, AG.AboutGender-International Journal of Gender Studies on Line). Sul tema \u201cgender e media\u201d ha coordinato progetti europei e internazionali, ha co-coordinato il gruppo di ricerca incaricato dalla Rai sul Monitoraggio della figura femminile nella programmazione Rai, ha svolto attivit\u00e0 di ricerca nell\u2019ambito di network europei come il Women\u2019s studies network di Ecrea (European communication and association research). Nel comitato editoriale della rivista AG. AboutGender, rivista internazionale di studi di genere, Giomi svolge attivit\u00e0 di formazione sulla corretta narrazione della violenza di genere per operatori della comunicazione e delle industrie culturali (Ordine dei Giornalisti, Federazione Nazionale della Stampa), e su prevenzione e contrasto della violenza di genere per numerosi enti pubblici e privati.<\/span><\/span><\/p>\t\t\t\t\t\t\t\t<\/div>\n\t\t\t\t<\/div>\n\t\t\t\t\t<\/div>\n\t\t<\/div>\n\t\t\t\t\t<\/div>\n\t\t<\/section>\n\t\t\t\t\t<\/div>\n\t\t<\/div>\n\t\t\t\t\t<\/div>\n\t\t<\/section>\n\t\t\t\t<section class=\"elementor-section elementor-top-section elementor-element elementor-element-1679221 elementor-section-boxed elementor-section-height-default elementor-section-height-default\" data-id=\"1679221\" data-element_type=\"section\" data-e-type=\"section\">\n\t\t\t\t\t\t<div class=\"elementor-container elementor-column-gap-default\">\n\t\t\t\t\t<div class=\"elementor-column elementor-col-100 elementor-top-column elementor-element elementor-element-728d932\" data-id=\"728d932\" data-element_type=\"column\" data-e-type=\"column\">\n\t\t\t<div class=\"elementor-widget-wrap elementor-element-populated\">\n\t\t\t\t\t\t<section class=\"elementor-section elementor-inner-section elementor-element elementor-element-0a5344d elementor-section-boxed elementor-section-height-default elementor-section-height-default\" data-id=\"0a5344d\" data-element_type=\"section\" data-e-type=\"section\">\n\t\t\t\t\t\t\t<div class=\"elementor-background-overlay\"><\/div>\n\t\t\t\t\t\t\t<div class=\"elementor-container elementor-column-gap-default\">\n\t\t\t\t\t<div class=\"elementor-column elementor-col-50 elementor-inner-column elementor-element elementor-element-270610b\" data-id=\"270610b\" data-element_type=\"column\" data-e-type=\"column\">\n\t\t\t<div class=\"elementor-widget-wrap elementor-element-populated\">\n\t\t\t\t\t\t<div class=\"elementor-element elementor-element-27148c1 elementor-widget elementor-widget-image\" data-id=\"27148c1\" data-element_type=\"widget\" data-e-type=\"widget\" data-widget_type=\"image.default\">\n\t\t\t\t<div class=\"elementor-widget-container\">\n\t\t\t\t\t\t\t\t\t\t\t\t\t\t\t<img loading=\"lazy\" decoding=\"async\" width=\"512\" height=\"512\" src=\"https:\/\/portale2.unime.it\/pluralismi\/wp-content\/uploads\/sites\/18\/2023\/03\/default-user-image.png\" class=\"attachment-large size-large wp-image-2404\" alt=\"\" srcset=\"https:\/\/portale2.unime.it\/pluralismi\/wp-content\/uploads\/sites\/18\/2023\/03\/default-user-image.png 512w, https:\/\/portale2.unime.it\/pluralismi\/wp-content\/uploads\/sites\/18\/2023\/03\/default-user-image-300x300.png 300w, https:\/\/portale2.unime.it\/pluralismi\/wp-content\/uploads\/sites\/18\/2023\/03\/default-user-image-150x150.png 150w\" sizes=\"(max-width: 512px) 100vw, 512px\" style=\"width:100%;height:100%;max-width:512px\" \/>\t\t\t\t\t\t\t\t\t\t\t\t\t\t\t<\/div>\n\t\t\t\t<\/div>\n\t\t\t\t\t<\/div>\n\t\t<\/div>\n\t\t\t\t<div class=\"elementor-column elementor-col-50 elementor-inner-column elementor-element elementor-element-1c06923\" data-id=\"1c06923\" data-element_type=\"column\" data-e-type=\"column\">\n\t\t\t<div class=\"elementor-widget-wrap elementor-element-populated\">\n\t\t\t\t\t\t<div class=\"elementor-element elementor-element-bffdf90 elementor-widget elementor-widget-text-editor\" data-id=\"bffdf90\" data-element_type=\"widget\" data-e-type=\"widget\" data-widget_type=\"text-editor.default\">\n\t\t\t\t<div class=\"elementor-widget-container\">\n\t\t\t\t\t\t\t\t\t<p><span style=\"font-family: 'Open Sans', Helvetica, Arial, sans-serif;color: #7a0a0a;font-size: 12pt\"><strong>Simonetta Grilli\u00a0 <\/strong><\/span><span style=\"color: #000000;font-size: 12pt\"><span style=\"font-family: 'Open Sans', Helvetica, Arial, sans-serif\">\u00e8 professoressa associata di Antropologia sociale e Antropologia della Famiglia presso il Dipartimento di Scienze Sociali, Politiche e Cognitive dell\u2019Universit\u00e0 degli Studi Siena. Ha condotto ricerche sul campo in Italia e nella Somalia meridionale sui temi della famiglia, della parentela e dell\u2019emigrazione. I suoi interessi pi\u00f9 recenti riguardano il corpo, l\u2019identit\u00e0 di genere e le nuove forme di famiglia nella societ\u00e0 contemporanea. Tra le sue pubblicazioni pi\u00f9 recenti Antropologia delle famiglie contemporanee (Carocci 2019);\u00a0<em>Per-formare corpi. Esperienze e rappresentazioni\u00a0<\/em>(Unicopli, 2013)\u00a0<em>Scelte di famiglia. Tendenze della parentela nella societ\u00e0 contemporanea\u00a0<\/em>(ETS, 2010 con Francesco Zanotelli).<\/span><\/span><\/p>\t\t\t\t\t\t\t\t<\/div>\n\t\t\t\t<\/div>\n\t\t\t\t\t<\/div>\n\t\t<\/div>\n\t\t\t\t\t<\/div>\n\t\t<\/section>\n\t\t\t\t\t<\/div>\n\t\t<\/div>\n\t\t\t\t\t<\/div>\n\t\t<\/section>\n\t\t\t\t<section class=\"elementor-section elementor-top-section elementor-element elementor-element-22ce676d elementor-section-boxed elementor-section-height-default elementor-section-height-default\" data-id=\"22ce676d\" data-element_type=\"section\" data-e-type=\"section\">\n\t\t\t\t\t\t<div class=\"elementor-container elementor-column-gap-default\">\n\t\t\t\t\t<div class=\"elementor-column elementor-col-100 elementor-top-column elementor-element elementor-element-72f4c296\" data-id=\"72f4c296\" data-element_type=\"column\" data-e-type=\"column\">\n\t\t\t<div class=\"elementor-widget-wrap elementor-element-populated\">\n\t\t\t\t\t\t<section class=\"elementor-section elementor-inner-section elementor-element elementor-element-fcb7d1d elementor-section-boxed elementor-section-height-default elementor-section-height-default\" data-id=\"fcb7d1d\" data-element_type=\"section\" data-e-type=\"section\">\n\t\t\t\t\t\t\t<div class=\"elementor-background-overlay\"><\/div>\n\t\t\t\t\t\t\t<div class=\"elementor-container elementor-column-gap-default\">\n\t\t\t\t\t<div class=\"elementor-column elementor-col-50 elementor-inner-column elementor-element elementor-element-64ad7359\" data-id=\"64ad7359\" data-element_type=\"column\" data-e-type=\"column\">\n\t\t\t<div class=\"elementor-widget-wrap elementor-element-populated\">\n\t\t\t\t\t\t<div class=\"elementor-element elementor-element-6b426163 elementor-widget elementor-widget-image\" data-id=\"6b426163\" data-element_type=\"widget\" data-e-type=\"widget\" data-widget_type=\"image.default\">\n\t\t\t\t<div class=\"elementor-widget-container\">\n\t\t\t\t\t\t\t\t\t\t\t\t\t\t\t<img loading=\"lazy\" decoding=\"async\" width=\"370\" height=\"368\" src=\"https:\/\/portale2.unime.it\/pluralismi\/wp-content\/uploads\/sites\/18\/2021\/03\/Schermata-2021-03-31-alle-12.47.43.png\" class=\"attachment-large size-large wp-image-1850\" alt=\"\" srcset=\"https:\/\/portale2.unime.it\/pluralismi\/wp-content\/uploads\/sites\/18\/2021\/03\/Schermata-2021-03-31-alle-12.47.43.png 370w, https:\/\/portale2.unime.it\/pluralismi\/wp-content\/uploads\/sites\/18\/2021\/03\/Schermata-2021-03-31-alle-12.47.43-300x298.png 300w, https:\/\/portale2.unime.it\/pluralismi\/wp-content\/uploads\/sites\/18\/2021\/03\/Schermata-2021-03-31-alle-12.47.43-150x150.png 150w, https:\/\/portale2.unime.it\/pluralismi\/wp-content\/uploads\/sites\/18\/2021\/03\/elementor\/thumbs\/Schermata-2021-03-31-alle-12.47.43-q44uhmf0j4jw3nw1flao42ql8qlke25egmn45ttzgw.png 200w\" sizes=\"(max-width: 370px) 100vw, 370px\" style=\"width:100%;height:99.46%;max-width:370px\" \/>\t\t\t\t\t\t\t\t\t\t\t\t\t\t\t<\/div>\n\t\t\t\t<\/div>\n\t\t\t\t\t<\/div>\n\t\t<\/div>\n\t\t\t\t<div class=\"elementor-column elementor-col-50 elementor-inner-column elementor-element elementor-element-4748a564\" data-id=\"4748a564\" data-element_type=\"column\" data-e-type=\"column\">\n\t\t\t<div class=\"elementor-widget-wrap elementor-element-populated\">\n\t\t\t\t\t\t<div class=\"elementor-element elementor-element-34091a40 elementor-widget elementor-widget-text-editor\" data-id=\"34091a40\" data-element_type=\"widget\" data-e-type=\"widget\" data-widget_type=\"text-editor.default\">\n\t\t\t\t<div class=\"elementor-widget-container\">\n\t\t\t\t\t\t\t\t\t<p><span style=\"font-family: 'Open Sans', Helvetica, Arial, sans-serif;color: #7a0a0a;font-size: 12pt\"><strong>Maria Bel\u00e9n Hern\u00e1ndez Gonzalez <\/strong><\/span><span style=\"color: #000000;font-size: 12pt\"><span style=\"font-family: 'Open Sans', Helvetica, Arial, sans-serif\">\u00e8 professoressa Ordinaria di Filologia italiana e Direttrice del Dipartimento di Filologia francese, romanza, italiana e araba all\u2019Universit\u00e0 di Murcia (Spagna), dove insegna corsi presso il GEF e il master MUTE. Coordina il Teaching Innovation Group sulla lingua e cultura italiana, francese e araba (GID 23). I suoi principali temi di ricerca sono la saggistica italiana contemporanea, gli studi di genere e la traduzione di testi letterari. Ha pubblicato numerosi lavori sulla traduzione di dialettalismi, termini politicamente corretti e tab\u00f9, nonch\u00e9 sul multilinguismo e l\u2019interculturalit\u00e0.Tra le sue pubblicazioni: Qu\u00e9 traducir y el porqu\u00e9 de lo no traducido (2006); La traducci\u00f3n, lengua franca de la cultura (2004); Political Correctness and Racist and Sexist Language: A Spanish Perspective (2008); Los traductores de s\u00ed mismos en la representaci\u00f3n de las identidades culturales (2007). Ha co-curato i libri su donne e scrittura: La mela proibita. Saggi e pensieri di scrittrici del Novecento (2015), Mujeres de letras: pioneras en el arte, el ensayismo y la educaci\u00f3n (2016), Ausencias presentes. Autoras cr\u00edticas de la literatura italiana (2017), Mujeres con luz (2017), Mujer y transmedialidad y Palabras con rostro. Mujer y ensayo period\u00edstico (2020).<\/span><\/span><\/p>\t\t\t\t\t\t\t\t<\/div>\n\t\t\t\t<\/div>\n\t\t\t\t\t<\/div>\n\t\t<\/div>\n\t\t\t\t\t<\/div>\n\t\t<\/section>\n\t\t\t\t\t<\/div>\n\t\t<\/div>\n\t\t\t\t\t<\/div>\n\t\t<\/section>\n\t\t\t\t<section class=\"elementor-section elementor-top-section elementor-element elementor-element-11c11644 elementor-section-boxed elementor-section-height-default elementor-section-height-default\" data-id=\"11c11644\" data-element_type=\"section\" data-e-type=\"section\">\n\t\t\t\t\t\t<div class=\"elementor-container elementor-column-gap-default\">\n\t\t\t\t\t<div class=\"elementor-column elementor-col-100 elementor-top-column elementor-element elementor-element-4b4bfd46\" data-id=\"4b4bfd46\" data-element_type=\"column\" data-e-type=\"column\">\n\t\t\t<div class=\"elementor-widget-wrap elementor-element-populated\">\n\t\t\t\t\t\t<section class=\"elementor-section elementor-inner-section elementor-element elementor-element-74942c9a elementor-section-boxed elementor-section-height-default elementor-section-height-default\" data-id=\"74942c9a\" data-element_type=\"section\" data-e-type=\"section\">\n\t\t\t\t\t\t\t<div class=\"elementor-background-overlay\"><\/div>\n\t\t\t\t\t\t\t<div class=\"elementor-container elementor-column-gap-default\">\n\t\t\t\t\t<div class=\"elementor-column elementor-col-50 elementor-inner-column elementor-element elementor-element-6587b681\" data-id=\"6587b681\" data-element_type=\"column\" data-e-type=\"column\">\n\t\t\t<div class=\"elementor-widget-wrap elementor-element-populated\">\n\t\t\t\t\t\t<div class=\"elementor-element elementor-element-7f757f73 elementor-widget elementor-widget-image\" data-id=\"7f757f73\" data-element_type=\"widget\" data-e-type=\"widget\" data-widget_type=\"image.default\">\n\t\t\t\t<div class=\"elementor-widget-container\">\n\t\t\t\t\t\t\t\t\t\t\t\t\t\t\t<img loading=\"lazy\" decoding=\"async\" width=\"720\" height=\"720\" src=\"https:\/\/portale2.unime.it\/pluralismi\/wp-content\/uploads\/sites\/18\/2021\/03\/PHOTO-2021-03-31-11-53-56.jpg\" class=\"attachment-large size-large wp-image-1846\" alt=\"\" srcset=\"https:\/\/portale2.unime.it\/pluralismi\/wp-content\/uploads\/sites\/18\/2021\/03\/PHOTO-2021-03-31-11-53-56.jpg 720w, https:\/\/portale2.unime.it\/pluralismi\/wp-content\/uploads\/sites\/18\/2021\/03\/PHOTO-2021-03-31-11-53-56-300x300.jpg 300w, https:\/\/portale2.unime.it\/pluralismi\/wp-content\/uploads\/sites\/18\/2021\/03\/PHOTO-2021-03-31-11-53-56-150x150.jpg 150w, https:\/\/portale2.unime.it\/pluralismi\/wp-content\/uploads\/sites\/18\/2021\/03\/elementor\/thumbs\/PHOTO-2021-03-31-11-53-56-q44uhlh6cails1xel2w1jkz4ncq76d1o4hzmojvdn4.jpg 200w\" sizes=\"(max-width: 720px) 100vw, 720px\" style=\"width:100%;height:100%;max-width:720px\" \/>\t\t\t\t\t\t\t\t\t\t\t\t\t\t\t<\/div>\n\t\t\t\t<\/div>\n\t\t\t\t\t<\/div>\n\t\t<\/div>\n\t\t\t\t<div class=\"elementor-column elementor-col-50 elementor-inner-column elementor-element elementor-element-759be9fb\" data-id=\"759be9fb\" data-element_type=\"column\" data-e-type=\"column\">\n\t\t\t<div class=\"elementor-widget-wrap elementor-element-populated\">\n\t\t\t\t\t\t<div class=\"elementor-element elementor-element-28f6a34b elementor-widget elementor-widget-text-editor\" data-id=\"28f6a34b\" data-element_type=\"widget\" data-e-type=\"widget\" data-widget_type=\"text-editor.default\">\n\t\t\t\t<div class=\"elementor-widget-container\">\n\t\t\t\t\t\t\t\t\t<p><span style=\"font-family: 'Open Sans', Helvetica, Arial, sans-serif;color: #7a0a0a;font-size: 12pt\"><strong>Edoardo Lombardi Vallauri<\/strong><\/span><span style=\"color: #000000;font-size: 12pt\"><span style=\"font-family: 'Open Sans', Helvetica, Arial, sans-serif\">\u00a0\u00e8 professore Ordinario di Linguistica Generale all\u2019universit\u00e0 Roma Tre. Si \u00e8 occupato soprattutto di linguistica generale, linguistica giapponese, linguistica italiana, comunicazione persuasiva, linguaggio e cervello. Fra i suoi lavori scientifici, La sintassi dell\u2019informazione (Bulzoni), Grammatica funzionale delle avverbiali italiane (Carocci), La struttura informativa dell\u2019enunciato (La Nuova Italia), La struttura informativa. Forma e funzione negli enunciati linguistici (Carocci). Non sono rivolti ai soli addetti ai lavori Parlare l\u2019italiano (Il Mulino), La linguistica in pratica (Il Mulino), Capire la mente cattolica (Le Lettere), Semplificare. Micro-filosofie del quotidiano (Eri-Rai &amp; AUP), Parole di giornata (con Giorgio Moretti, Il Mulino), Onomatopea e fonosimbolismo (con Luca Nobile, Carocci), La lingua disonesta (Il Mulino), Ancora bigotti (Einaudi). Collabora con Il Mulino e con Micromega. \u00c8 stato ideatore e conduttore della trasmissione Castelli in Aria (Rai Radio Tre). \u00c8 ideatore e direttore del sito web rightpronunciation.com per la pronuncia dei nomi propri internazionali, del sito oppp.it (Osservatorio Permanente sulla Pubblicit\u00e0 e la Propaganda), e Principal Investigator del progetto IMPAQTS: Implicit Manipulation in Politics \u2013 Quantitatively Assessing the Tendentiousness of Speeches \u2013 PRIN 2017, n. 2017STJCE9 (https:\/\/impaqts.it\/).<\/span><\/span><\/p>\t\t\t\t\t\t\t\t<\/div>\n\t\t\t\t<\/div>\n\t\t\t\t\t<\/div>\n\t\t<\/div>\n\t\t\t\t\t<\/div>\n\t\t<\/section>\n\t\t\t\t\t<\/div>\n\t\t<\/div>\n\t\t\t\t\t<\/div>\n\t\t<\/section>\n\t\t\t\t<section class=\"elementor-section elementor-top-section elementor-element elementor-element-2293481f elementor-section-boxed elementor-section-height-default elementor-section-height-default\" data-id=\"2293481f\" data-element_type=\"section\" data-e-type=\"section\">\n\t\t\t\t\t\t<div class=\"elementor-container elementor-column-gap-default\">\n\t\t\t\t\t<div class=\"elementor-column elementor-col-100 elementor-top-column elementor-element elementor-element-6e43e7ad\" data-id=\"6e43e7ad\" data-element_type=\"column\" data-e-type=\"column\">\n\t\t\t<div class=\"elementor-widget-wrap elementor-element-populated\">\n\t\t\t\t\t\t<section class=\"elementor-section elementor-inner-section elementor-element elementor-element-71b72b3a elementor-section-boxed elementor-section-height-default elementor-section-height-default\" data-id=\"71b72b3a\" data-element_type=\"section\" data-e-type=\"section\">\n\t\t\t\t\t\t\t<div class=\"elementor-background-overlay\"><\/div>\n\t\t\t\t\t\t\t<div class=\"elementor-container elementor-column-gap-default\">\n\t\t\t\t\t<div class=\"elementor-column elementor-col-50 elementor-inner-column elementor-element elementor-element-16cdfea7\" data-id=\"16cdfea7\" data-element_type=\"column\" data-e-type=\"column\">\n\t\t\t<div class=\"elementor-widget-wrap elementor-element-populated\">\n\t\t\t\t\t\t<div class=\"elementor-element elementor-element-73f27ba3 elementor-widget elementor-widget-image\" data-id=\"73f27ba3\" data-element_type=\"widget\" data-e-type=\"widget\" data-widget_type=\"image.default\">\n\t\t\t\t<div class=\"elementor-widget-container\">\n\t\t\t\t\t\t\t\t\t\t\t\t\t\t\t<img loading=\"lazy\" decoding=\"async\" width=\"354\" height=\"354\" src=\"https:\/\/portale2.unime.it\/pluralismi\/wp-content\/uploads\/sites\/18\/2021\/02\/mass-1.jpg\" class=\"attachment-large size-large wp-image-1633\" alt=\"\" srcset=\"https:\/\/portale2.unime.it\/pluralismi\/wp-content\/uploads\/sites\/18\/2021\/02\/mass-1.jpg 354w, https:\/\/portale2.unime.it\/pluralismi\/wp-content\/uploads\/sites\/18\/2021\/02\/mass-1-300x300.jpg 300w, https:\/\/portale2.unime.it\/pluralismi\/wp-content\/uploads\/sites\/18\/2021\/02\/mass-1-150x150.jpg 150w, https:\/\/portale2.unime.it\/pluralismi\/wp-content\/uploads\/sites\/18\/2021\/02\/elementor\/thumbs\/mass-1-q44ugoktp39khp96x6o3mb9zuv8coyf2bz5mvv85ow.jpg 200w\" sizes=\"(max-width: 354px) 100vw, 354px\" style=\"width:100%;height:100%;max-width:354px\" \/>\t\t\t\t\t\t\t\t\t\t\t\t\t\t\t<\/div>\n\t\t\t\t<\/div>\n\t\t\t\t\t<\/div>\n\t\t<\/div>\n\t\t\t\t<div class=\"elementor-column elementor-col-50 elementor-inner-column elementor-element elementor-element-68000971\" data-id=\"68000971\" data-element_type=\"column\" data-e-type=\"column\">\n\t\t\t<div class=\"elementor-widget-wrap elementor-element-populated\">\n\t\t\t\t\t\t<div class=\"elementor-element elementor-element-55ce6255 elementor-widget elementor-widget-text-editor\" data-id=\"55ce6255\" data-element_type=\"widget\" data-e-type=\"widget\" data-widget_type=\"text-editor.default\">\n\t\t\t\t<div class=\"elementor-widget-container\">\n\t\t\t\t\t\t\t\t\t<p><span style=\"font-family: 'Open Sans', Helvetica, Arial, sans-serif;color: #7a0a0a;font-size: 12pt\"><strong>Annee Maas <\/strong><\/span><span style=\"color: #000000;font-size: 12pt\"><span style=\"font-family: 'Open Sans', Helvetica, Arial, sans-serif\">\u00e8 professoressa Ordinaria di Psicologia Sociale presso l\u2019Universit\u00e0 di Padova. \u00c8 stata visiting scholar in diverse universit\u00e0 estere tra cui Arizona State University, UC Davis e la New School a NY in USA, le Universit\u00e0 di Mannheim e di Heidelberg in Germania, e la Griffith University in Australia. Tra i suoi interessi di ricerca: intersezione tra linguaggio e cognizione sociale. Da una prospettiva sociale e psicologica, si occupa di indagare come i differenti aspetti del linguaggio (tra cui caratterizzazione di genere, direzione della scrittura o pronuncia) influenzano il modo con cui pensiamo agli individui e ai gruppi. \u00c8 inoltre interessata agli effetti della reificazione nei media delle immagini delle donne e degli effetti degli stereotipi di genere sulle performance.<\/span><\/span><\/p>\t\t\t\t\t\t\t\t<\/div>\n\t\t\t\t<\/div>\n\t\t\t\t\t<\/div>\n\t\t<\/div>\n\t\t\t\t\t<\/div>\n\t\t<\/section>\n\t\t\t\t\t<\/div>\n\t\t<\/div>\n\t\t\t\t\t<\/div>\n\t\t<\/section>\n\t\t\t\t<section class=\"elementor-section elementor-top-section elementor-element elementor-element-5e4f33ff elementor-section-boxed elementor-section-height-default elementor-section-height-default\" data-id=\"5e4f33ff\" data-element_type=\"section\" data-e-type=\"section\">\n\t\t\t\t\t\t<div class=\"elementor-container elementor-column-gap-default\">\n\t\t\t\t\t<div class=\"elementor-column elementor-col-100 elementor-top-column elementor-element elementor-element-12186320\" data-id=\"12186320\" data-element_type=\"column\" data-e-type=\"column\">\n\t\t\t<div class=\"elementor-widget-wrap elementor-element-populated\">\n\t\t\t\t\t\t<section class=\"elementor-section elementor-inner-section elementor-element elementor-element-3b323532 elementor-section-boxed elementor-section-height-default elementor-section-height-default\" data-id=\"3b323532\" data-element_type=\"section\" data-e-type=\"section\">\n\t\t\t\t\t\t\t<div class=\"elementor-background-overlay\"><\/div>\n\t\t\t\t\t\t\t<div class=\"elementor-container elementor-column-gap-default\">\n\t\t\t\t\t<div class=\"elementor-column elementor-col-50 elementor-inner-column elementor-element elementor-element-69aba5e5\" data-id=\"69aba5e5\" data-element_type=\"column\" data-e-type=\"column\">\n\t\t\t<div class=\"elementor-widget-wrap elementor-element-populated\">\n\t\t\t\t\t\t<div class=\"elementor-element elementor-element-3c5786e3 elementor-widget elementor-widget-image\" data-id=\"3c5786e3\" data-element_type=\"widget\" data-e-type=\"widget\" data-widget_type=\"image.default\">\n\t\t\t\t<div class=\"elementor-widget-container\">\n\t\t\t\t\t\t\t\t\t\t\t\t\t\t\t<img loading=\"lazy\" decoding=\"async\" width=\"300\" height=\"308\" src=\"https:\/\/portale2.unime.it\/pluralismi\/wp-content\/uploads\/sites\/18\/2021\/04\/foto-Pacilli-bio.png\" class=\"attachment-large size-large wp-image-1897\" alt=\"\" srcset=\"https:\/\/portale2.unime.it\/pluralismi\/wp-content\/uploads\/sites\/18\/2021\/04\/foto-Pacilli-bio.png 300w, https:\/\/portale2.unime.it\/pluralismi\/wp-content\/uploads\/sites\/18\/2021\/04\/foto-Pacilli-bio-292x300.png 292w\" sizes=\"(max-width: 300px) 100vw, 300px\" style=\"width:100%;height:102.67%;max-width:300px\" \/>\t\t\t\t\t\t\t\t\t\t\t\t\t\t\t<\/div>\n\t\t\t\t<\/div>\n\t\t\t\t\t<\/div>\n\t\t<\/div>\n\t\t\t\t<div class=\"elementor-column elementor-col-50 elementor-inner-column elementor-element elementor-element-3caf3043\" data-id=\"3caf3043\" data-element_type=\"column\" data-e-type=\"column\">\n\t\t\t<div class=\"elementor-widget-wrap elementor-element-populated\">\n\t\t\t\t\t\t<div class=\"elementor-element elementor-element-6191bc78 elementor-widget elementor-widget-text-editor\" data-id=\"6191bc78\" data-element_type=\"widget\" data-e-type=\"widget\" data-widget_type=\"text-editor.default\">\n\t\t\t\t<div class=\"elementor-widget-container\">\n\t\t\t\t\t\t\t\t\t<p><span style=\"font-family: 'Open Sans', Helvetica, Arial, sans-serif;color: #7a0a0a;font-size: 12pt\"><strong>Maria Giuseppina Pacilli <\/strong><\/span><span style=\"color: #000000;font-size: 12pt\"><span style=\"font-family: 'Open Sans', Helvetica, Arial, sans-serif\">\u00e8 professoressa Associata di Psicologia sociale e Psicologia dei media digitali presso l\u2019Universit\u00e0 di Perugia dove \u00e8 Coordinatrice del corso di Laurea triennale in Servizio sociale e corso di laurea magistrale in Politiche e servizi sociali. \u00c8 co-coordinatrice del gruppo di ricerca Intersezioni di genere del Dipartimento di Scienze politiche e componente del comitato esecutivo della sezione di Psicologia Sociale dell\u2019Associazione Italiana di Psicologia-AIP. \u00c8 co-editor-in-chief della rivista Psicologia sociale de Il Mulino e della rivista online In-Mind Italia che promuove la diffusione del sapere scientifico psicologico. Fra i suoi volumi, sempre per Il Mulino, Quando le persone diventano cose. Corpo e genere come uniche dimensioni di umanit\u00e0.<\/span><\/span><\/p>\t\t\t\t\t\t\t\t<\/div>\n\t\t\t\t<\/div>\n\t\t\t\t\t<\/div>\n\t\t<\/div>\n\t\t\t\t\t<\/div>\n\t\t<\/section>\n\t\t\t\t\t<\/div>\n\t\t<\/div>\n\t\t\t\t\t<\/div>\n\t\t<\/section>\n\t\t\t\t<section class=\"elementor-section elementor-top-section elementor-element elementor-element-43129aae elementor-section-boxed elementor-section-height-default elementor-section-height-default\" data-id=\"43129aae\" data-element_type=\"section\" data-e-type=\"section\">\n\t\t\t\t\t\t<div class=\"elementor-container elementor-column-gap-default\">\n\t\t\t\t\t<div class=\"elementor-column elementor-col-100 elementor-top-column elementor-element elementor-element-51b0720e\" data-id=\"51b0720e\" data-element_type=\"column\" data-e-type=\"column\">\n\t\t\t<div class=\"elementor-widget-wrap elementor-element-populated\">\n\t\t\t\t\t\t<section class=\"elementor-section elementor-inner-section elementor-element elementor-element-3c0aebe8 elementor-section-boxed elementor-section-height-default elementor-section-height-default\" data-id=\"3c0aebe8\" data-element_type=\"section\" data-e-type=\"section\">\n\t\t\t\t\t\t\t<div class=\"elementor-background-overlay\"><\/div>\n\t\t\t\t\t\t\t<div class=\"elementor-container elementor-column-gap-default\">\n\t\t\t\t\t<div class=\"elementor-column elementor-col-50 elementor-inner-column elementor-element elementor-element-4c383f05\" data-id=\"4c383f05\" data-element_type=\"column\" data-e-type=\"column\">\n\t\t\t<div class=\"elementor-widget-wrap elementor-element-populated\">\n\t\t\t\t\t\t<div class=\"elementor-element elementor-element-71ae935e elementor-widget elementor-widget-image\" data-id=\"71ae935e\" data-element_type=\"widget\" data-e-type=\"widget\" data-widget_type=\"image.default\">\n\t\t\t\t<div class=\"elementor-widget-container\">\n\t\t\t\t\t\t\t\t\t\t\t\t\t\t\t<img loading=\"lazy\" decoding=\"async\" width=\"354\" height=\"354\" src=\"https:\/\/portale2.unime.it\/pluralismi\/wp-content\/uploads\/sites\/18\/2021\/02\/pievani.jpg\" class=\"attachment-large size-large wp-image-1637\" alt=\"\" srcset=\"https:\/\/portale2.unime.it\/pluralismi\/wp-content\/uploads\/sites\/18\/2021\/02\/pievani.jpg 354w, https:\/\/portale2.unime.it\/pluralismi\/wp-content\/uploads\/sites\/18\/2021\/02\/pievani-300x300.jpg 300w, https:\/\/portale2.unime.it\/pluralismi\/wp-content\/uploads\/sites\/18\/2021\/02\/pievani-150x150.jpg 150w, https:\/\/portale2.unime.it\/pluralismi\/wp-content\/uploads\/sites\/18\/2021\/02\/elementor\/thumbs\/pievani-q44ugpinvxautb7trp2q6t1gg93pwniso3t4d56rio.jpg 200w\" sizes=\"(max-width: 354px) 100vw, 354px\" style=\"width:100%;height:100%;max-width:354px\" \/>\t\t\t\t\t\t\t\t\t\t\t\t\t\t\t<\/div>\n\t\t\t\t<\/div>\n\t\t\t\t\t<\/div>\n\t\t<\/div>\n\t\t\t\t<div class=\"elementor-column elementor-col-50 elementor-inner-column elementor-element elementor-element-3e68451e\" data-id=\"3e68451e\" data-element_type=\"column\" data-e-type=\"column\">\n\t\t\t<div class=\"elementor-widget-wrap elementor-element-populated\">\n\t\t\t\t\t\t<div class=\"elementor-element elementor-element-5dc1255a elementor-widget elementor-widget-text-editor\" data-id=\"5dc1255a\" data-element_type=\"widget\" data-e-type=\"widget\" data-widget_type=\"text-editor.default\">\n\t\t\t\t<div class=\"elementor-widget-container\">\n\t\t\t\t\t\t\t\t\t<p><span style=\"font-family: 'Open Sans', Helvetica, Arial, sans-serif;color: #7a0a0a;font-size: 12pt\"><strong>Telmo Pievani<\/strong><\/span><span style=\"color: #000000;font-size: 12pt\"><span style=\"font-family: 'Open Sans', Helvetica, Arial, sans-serif\"><strong>\u00a0<\/strong>\u00e8 professore Ordinario di Filosofia della scienza, ricopre la prima cattedra italiana di Filosofia delle scienze biologiche presso il Dipartimento di Biologia dell\u2019Universit\u00e0 di Padova. Presso lo stesso Dipartimento \u00e8 anche titolare degli insegnamenti di Bioetica e di Divulgazione naturalistica. Dal 2016 \u00e8 Delegato del Rettore per la Comunicazione Istituzionale dell\u2019Universit\u00e0 degli studi di Padova. Dal 2017 \u00e8 Presidente della Societ\u00e0 Italiana di Biologia Evoluzionistica. Fa parte del Comitato Etico e del Comitato Scientifico della Fondazione Umberto Veronesi. Membro del Direttivo dell\u2019Istituto Italiano di Antropologia. \u00c8 direttore di Pikaia, il portale italiano dell\u2019evoluzione, collabora con Il Corriere della Sera e con le riviste Le Scienze, Micromega e L\u2019Indice dei Libri. Tra le sue pubblicazioni: Finitudine. Un romanzo filosofico su fragilit\u00e0 e libert\u00e0 (2020); Imperfezione (2019); Homo Sapiens e altre catastrofi (2018);\u00a0 La vita inaspettata (2011). Collabora con \u201cIl Corriere della Sera\u201d, \u201cLe Scienze\u201d e \u201cMicromega\u201d.<\/span><\/span><\/p>\t\t\t\t\t\t\t\t<\/div>\n\t\t\t\t<\/div>\n\t\t\t\t\t<\/div>\n\t\t<\/div>\n\t\t\t\t\t<\/div>\n\t\t<\/section>\n\t\t\t\t\t<\/div>\n\t\t<\/div>\n\t\t\t\t\t<\/div>\n\t\t<\/section>\n\t\t\t\t<section class=\"elementor-section elementor-top-section elementor-element elementor-element-785be236 elementor-section-boxed elementor-section-height-default elementor-section-height-default\" data-id=\"785be236\" data-element_type=\"section\" data-e-type=\"section\">\n\t\t\t\t\t\t<div class=\"elementor-container elementor-column-gap-default\">\n\t\t\t\t\t<div class=\"elementor-column elementor-col-100 elementor-top-column elementor-element elementor-element-472e7466\" data-id=\"472e7466\" data-element_type=\"column\" data-e-type=\"column\">\n\t\t\t<div class=\"elementor-widget-wrap elementor-element-populated\">\n\t\t\t\t\t\t<section class=\"elementor-section elementor-inner-section elementor-element elementor-element-507b87c8 elementor-section-boxed elementor-section-height-default elementor-section-height-default\" data-id=\"507b87c8\" data-element_type=\"section\" data-e-type=\"section\">\n\t\t\t\t\t\t\t<div class=\"elementor-background-overlay\"><\/div>\n\t\t\t\t\t\t\t<div class=\"elementor-container elementor-column-gap-default\">\n\t\t\t\t\t<div class=\"elementor-column elementor-col-50 elementor-inner-column elementor-element elementor-element-6547c310\" data-id=\"6547c310\" data-element_type=\"column\" data-e-type=\"column\">\n\t\t\t<div class=\"elementor-widget-wrap elementor-element-populated\">\n\t\t\t\t\t\t<div class=\"elementor-element elementor-element-38272b7d elementor-widget elementor-widget-image\" data-id=\"38272b7d\" data-element_type=\"widget\" data-e-type=\"widget\" data-widget_type=\"image.default\">\n\t\t\t\t<div class=\"elementor-widget-container\">\n\t\t\t\t\t\t\t\t\t\t\t\t\t\t\t<img loading=\"lazy\" decoding=\"async\" width=\"354\" height=\"354\" src=\"https:\/\/portale2.unime.it\/pluralismi\/wp-content\/uploads\/sites\/18\/2021\/02\/1.priulla.jpg\" class=\"attachment-large size-large wp-image-1629\" alt=\"\" srcset=\"https:\/\/portale2.unime.it\/pluralismi\/wp-content\/uploads\/sites\/18\/2021\/02\/1.priulla.jpg 354w, https:\/\/portale2.unime.it\/pluralismi\/wp-content\/uploads\/sites\/18\/2021\/02\/1.priulla-300x300.jpg 300w, https:\/\/portale2.unime.it\/pluralismi\/wp-content\/uploads\/sites\/18\/2021\/02\/1.priulla-150x150.jpg 150w, https:\/\/portale2.unime.it\/pluralismi\/wp-content\/uploads\/sites\/18\/2021\/02\/elementor\/thumbs\/1.priulla-q44ugnmzi98a63ak2o9h1tij9hczh9bbzui5el9jv4.jpg 200w\" sizes=\"(max-width: 354px) 100vw, 354px\" style=\"width:100%;height:100%;max-width:354px\" \/>\t\t\t\t\t\t\t\t\t\t\t\t\t\t\t<\/div>\n\t\t\t\t<\/div>\n\t\t\t\t\t<\/div>\n\t\t<\/div>\n\t\t\t\t<div class=\"elementor-column elementor-col-50 elementor-inner-column elementor-element elementor-element-68eeafce\" data-id=\"68eeafce\" data-element_type=\"column\" data-e-type=\"column\">\n\t\t\t<div class=\"elementor-widget-wrap elementor-element-populated\">\n\t\t\t\t\t\t<div class=\"elementor-element elementor-element-66238e32 elementor-widget elementor-widget-text-editor\" data-id=\"66238e32\" data-element_type=\"widget\" data-e-type=\"widget\" data-widget_type=\"text-editor.default\">\n\t\t\t\t<div class=\"elementor-widget-container\">\n\t\t\t\t\t\t\t\t\t<p><span style=\"font-family: 'Open Sans', Helvetica, Arial, sans-serif;color: #7a0a0a;font-size: 12pt\"><strong>Graziella Priulla <\/strong><\/span><span style=\"color: #000000;font-size: 12pt\"><span style=\"font-family: 'Open Sans', Helvetica, Arial, sans-serif\">\u00e8 Sociologa, saggista e scrittrice, gi\u00e0 Professoressa ordinaria di Sociologia dei processi culturali e comunicativi all\u2019Universit\u00e0 di Catania nel Dipartimento di Scienze Politiche e Sociali. I suoi studi riguardano i mezzi di informazione, la sociologia dei consumi culturali, i linguaggi comunicativi della pubblicit\u00e0 e della politica, esperta di linguaggio e di stereotipi di genere e di violenza.<br \/>Tra le sue pubblicazioni sul tema studi di genere: Violate. Sessismo e cultura dello stupro. Villaggio Maori (2019); Parole Tossiche. Cronaca di ordinario sessismo ( 2014); C\u2019\u00e8 differenza. Identit\u00e0 di genere e linguaggi: storie, corpi, immagini e parole (2015); I caratteri elementari della comunicazione. Laterza. (2009); L\u2019Italia dell\u2019ignoranza (2011).<\/span><\/span><\/p>\t\t\t\t\t\t\t\t<\/div>\n\t\t\t\t<\/div>\n\t\t\t\t\t<\/div>\n\t\t<\/div>\n\t\t\t\t\t<\/div>\n\t\t<\/section>\n\t\t\t\t\t<\/div>\n\t\t<\/div>\n\t\t\t\t\t<\/div>\n\t\t<\/section>\n\t\t\t\t<section class=\"elementor-section elementor-top-section elementor-element elementor-element-7e883c6d elementor-section-boxed elementor-section-height-default elementor-section-height-default\" data-id=\"7e883c6d\" data-element_type=\"section\" data-e-type=\"section\">\n\t\t\t\t\t\t<div class=\"elementor-container elementor-column-gap-default\">\n\t\t\t\t\t<div class=\"elementor-column elementor-col-100 elementor-top-column elementor-element elementor-element-1d98e214\" data-id=\"1d98e214\" data-element_type=\"column\" data-e-type=\"column\">\n\t\t\t<div class=\"elementor-widget-wrap elementor-element-populated\">\n\t\t\t\t\t\t<section class=\"elementor-section elementor-inner-section elementor-element elementor-element-40865b7e elementor-section-boxed elementor-section-height-default elementor-section-height-default\" data-id=\"40865b7e\" data-element_type=\"section\" data-e-type=\"section\">\n\t\t\t\t\t\t\t<div class=\"elementor-background-overlay\"><\/div>\n\t\t\t\t\t\t\t<div class=\"elementor-container elementor-column-gap-default\">\n\t\t\t\t\t<div class=\"elementor-column elementor-col-50 elementor-inner-column elementor-element elementor-element-499e3fd9\" data-id=\"499e3fd9\" data-element_type=\"column\" data-e-type=\"column\">\n\t\t\t<div class=\"elementor-widget-wrap elementor-element-populated\">\n\t\t\t\t\t\t<div class=\"elementor-element elementor-element-4b063354 elementor-widget elementor-widget-image\" data-id=\"4b063354\" data-element_type=\"widget\" data-e-type=\"widget\" data-widget_type=\"image.default\">\n\t\t\t\t<div class=\"elementor-widget-container\">\n\t\t\t\t\t\t\t\t\t\t\t\t\t\t\t<img loading=\"lazy\" decoding=\"async\" width=\"354\" height=\"354\" src=\"https:\/\/portale2.unime.it\/pluralismi\/wp-content\/uploads\/sites\/18\/2021\/02\/rumiati.jpg\" class=\"attachment-large size-large wp-image-1634\" alt=\"\" srcset=\"https:\/\/portale2.unime.it\/pluralismi\/wp-content\/uploads\/sites\/18\/2021\/02\/rumiati.jpg 354w, https:\/\/portale2.unime.it\/pluralismi\/wp-content\/uploads\/sites\/18\/2021\/02\/rumiati-300x300.jpg 300w, https:\/\/portale2.unime.it\/pluralismi\/wp-content\/uploads\/sites\/18\/2021\/02\/rumiati-150x150.jpg 150w, https:\/\/portale2.unime.it\/pluralismi\/wp-content\/uploads\/sites\/18\/2021\/02\/elementor\/thumbs\/rumiati-q44ugoktp39khp96x6o3mb9zuv8coyf2bz5mvv85ow.jpg 200w\" sizes=\"(max-width: 354px) 100vw, 354px\" style=\"width:100%;height:100%;max-width:354px\" \/>\t\t\t\t\t\t\t\t\t\t\t\t\t\t\t<\/div>\n\t\t\t\t<\/div>\n\t\t\t\t\t<\/div>\n\t\t<\/div>\n\t\t\t\t<div class=\"elementor-column elementor-col-50 elementor-inner-column elementor-element elementor-element-36640d12\" data-id=\"36640d12\" data-element_type=\"column\" data-e-type=\"column\">\n\t\t\t<div class=\"elementor-widget-wrap elementor-element-populated\">\n\t\t\t\t\t\t<div class=\"elementor-element elementor-element-6a1c91ee elementor-widget elementor-widget-text-editor\" data-id=\"6a1c91ee\" data-element_type=\"widget\" data-e-type=\"widget\" data-widget_type=\"text-editor.default\">\n\t\t\t\t<div class=\"elementor-widget-container\">\n\t\t\t\t\t\t\t\t\t<p><span style=\"font-family: 'Open Sans', Helvetica, Arial, sans-serif;color: #7a0a0a;font-size: 12pt\"><strong>Raffaella Rumiati <\/strong><\/span><span style=\"color: #000000;font-size: 12pt\"><span style=\"font-family: 'Open Sans', Helvetica, Arial, sans-serif\">\u00a0\u00e8 professoressa Ordinaria di Neuroscienze Cognitive e coordinatrice del Ph.D. in Neuroscienze Cognitive della SISSA di Trieste. \u00c8 autrice di un centinaio di pubblicazioni specialistiche sulle riviste scientifiche internazionali e capitoli di libri. Oltre alla ricerca scientifica svolge un\u2019intensa attivit\u00e0 di divulgazione, collaborando con alcune testate giornalistiche e riviste. Nel 2003 ha ricevuto il \u201cBessel Prize\u201d (von Humboldt-Stiftung) e nel 2006 il Women in Cognitive Science Mentorship Award per il suo sostegno alla carriera di giovani ricercatrici. Nel 2013 il Comune di Piacenza le ha conferito il \u201cPremio Pulcheria\u201d. Dopo essersi interessata per molti anni all\u2019interazione tra sistema motorio, linguaggio e cognizione, negli ultimi anni gli interessi di Raffaella Rumiati sono volti principalmente allo studio delle operazioni mentali e dei correlati cerebrali associati alla percezione, categorizzazione e scelta del cibo. \u00c8 inoltre impegnata in un programma di ricerca cha ha al suo centro lo studio di costrutti sociali come gli stereotipi e il pregiudizio. Tra le sue pubblicazioni: Donne e uomini. Si nasce o si diventa? (2010).<\/span><\/span><\/p>\t\t\t\t\t\t\t\t<\/div>\n\t\t\t\t<\/div>\n\t\t\t\t\t<\/div>\n\t\t<\/div>\n\t\t\t\t\t<\/div>\n\t\t<\/section>\n\t\t\t\t\t<\/div>\n\t\t<\/div>\n\t\t\t\t\t<\/div>\n\t\t<\/section>\n\t\t\t\t<section class=\"elementor-section elementor-top-section elementor-element elementor-element-13337bd2 elementor-section-boxed elementor-section-height-default elementor-section-height-default\" data-id=\"13337bd2\" data-element_type=\"section\" data-e-type=\"section\">\n\t\t\t\t\t\t<div class=\"elementor-container elementor-column-gap-default\">\n\t\t\t\t\t<div class=\"elementor-column elementor-col-100 elementor-top-column elementor-element elementor-element-1f93c7b1\" data-id=\"1f93c7b1\" data-element_type=\"column\" data-e-type=\"column\">\n\t\t\t<div class=\"elementor-widget-wrap elementor-element-populated\">\n\t\t\t\t\t\t<section class=\"elementor-section elementor-inner-section elementor-element elementor-element-346cf256 elementor-section-boxed elementor-section-height-default elementor-section-height-default\" data-id=\"346cf256\" data-element_type=\"section\" data-e-type=\"section\">\n\t\t\t\t\t\t\t<div class=\"elementor-background-overlay\"><\/div>\n\t\t\t\t\t\t\t<div class=\"elementor-container elementor-column-gap-default\">\n\t\t\t\t\t<div class=\"elementor-column elementor-col-50 elementor-inner-column elementor-element elementor-element-2208d40a\" data-id=\"2208d40a\" data-element_type=\"column\" data-e-type=\"column\">\n\t\t\t<div class=\"elementor-widget-wrap elementor-element-populated\">\n\t\t\t\t\t\t<div class=\"elementor-element elementor-element-60e36733 elementor-widget elementor-widget-image\" data-id=\"60e36733\" data-element_type=\"widget\" data-e-type=\"widget\" data-widget_type=\"image.default\">\n\t\t\t\t<div class=\"elementor-widget-container\">\n\t\t\t\t\t\t\t\t\t\t\t\t\t\t\t<img loading=\"lazy\" decoding=\"async\" width=\"354\" height=\"354\" src=\"https:\/\/portale2.unime.it\/pluralismi\/wp-content\/uploads\/sites\/18\/2021\/02\/sacca.jpg\" class=\"attachment-large size-large wp-image-1635\" alt=\"\" srcset=\"https:\/\/portale2.unime.it\/pluralismi\/wp-content\/uploads\/sites\/18\/2021\/02\/sacca.jpg 354w, https:\/\/portale2.unime.it\/pluralismi\/wp-content\/uploads\/sites\/18\/2021\/02\/sacca-300x300.jpg 300w, https:\/\/portale2.unime.it\/pluralismi\/wp-content\/uploads\/sites\/18\/2021\/02\/sacca-150x150.jpg 150w, https:\/\/portale2.unime.it\/pluralismi\/wp-content\/uploads\/sites\/18\/2021\/02\/elementor\/thumbs\/sacca-q44ugoktp39khp96x6o3mb9zuv8coyf2bz5mvv85ow.jpg 200w\" sizes=\"(max-width: 354px) 100vw, 354px\" style=\"width:100%;height:100%;max-width:354px\" \/>\t\t\t\t\t\t\t\t\t\t\t\t\t\t\t<\/div>\n\t\t\t\t<\/div>\n\t\t\t\t\t<\/div>\n\t\t<\/div>\n\t\t\t\t<div class=\"elementor-column elementor-col-50 elementor-inner-column elementor-element elementor-element-5ef0eb6b\" data-id=\"5ef0eb6b\" data-element_type=\"column\" data-e-type=\"column\">\n\t\t\t<div class=\"elementor-widget-wrap elementor-element-populated\">\n\t\t\t\t\t\t<div class=\"elementor-element elementor-element-6fad9d77 elementor-widget elementor-widget-text-editor\" data-id=\"6fad9d77\" data-element_type=\"widget\" data-e-type=\"widget\" data-widget_type=\"text-editor.default\">\n\t\t\t\t<div class=\"elementor-widget-container\">\n\t\t\t\t\t\t\t\t\t<p><span style=\"font-family: 'Open Sans', Helvetica, Arial, sans-serif;color: #7a0a0a;font-size: 12pt\"><strong>Flaminia Sacc\u00e0\u00a0 <\/strong><\/span><span style=\"color: #000000;font-size: 12pt\"><span style=\"font-family: 'Open Sans', Helvetica, Arial, sans-serif\">\u00e8 professoressa Ordinaria di Sociologia dei Fenomeni Politici all\u2019Universit\u00e0 degli Studi della Tuscia di Viterbo. E\u2019 presidente del Corso di Laurea in Scienze Politiche e delle Relazioni Internazionali (SPRI), dell\u2019International Sociological Association (ISA) Research Committee Sociotechnics \u2013 Sociological Practices RC26. \u00c8 stata delegata del Governo italiano all\u2019Helsinki Group on Gender and Innovation della Commissione Europea (2013\/2015), Consigliera dell\u2019Associazione Italiana Donne e Scienza (2003-2008); presidente di Filas (Finanziaria della Regione Lazio per l\u2019Innovazione, la Ricerca e lo Sviluppo) (2007-2012). \u00c8 la responsabile scientifica del progetto Step-Stereotipo e Pregiudizio sostenuto dal Dipartimento Pari Opportunit\u00e0 della Presidenza del Consiglio dei Ministri. Tra le sue pubblicazioni pi\u00f9 recenti sul tema del genere: Women and Politics in Populist Times. A Case Study: the 2018 Electoral Campaign. In: (a cura di): N. Velikaya (Executive Editor), A.A. Golasaeeva, A.N. Moiseeva, Russian Revolutions and Women\u2019s Issue. Ideological Heritage, Political Transformations and New Social Practices, Mosca:Kluch-S, 2018 (con L. Massidda); Gender Discourse in a Populist Election Campaign, in F. Sacc\u00e0 (Ed.), Democracy, Power and Territories, Franco Angeli, Roma, 2018 (con L. Massidda); La rappresentazione sociale della violenza contro le donne, Sociologia, Gangemi, Roma, 1\/2021; (a cura di), Stereotipo e pregiudizio. La rappresentazione giuridica e mediatica della violenza di genere, Franco Angeli, Milano, 2021.<\/span><\/span><\/p>\t\t\t\t\t\t\t\t<\/div>\n\t\t\t\t<\/div>\n\t\t\t\t\t<\/div>\n\t\t<\/div>\n\t\t\t\t\t<\/div>\n\t\t<\/section>\n\t\t\t\t\t<\/div>\n\t\t<\/div>\n\t\t\t\t\t<\/div>\n\t\t<\/section>\n\t\t\t\t<section class=\"elementor-section elementor-top-section elementor-element elementor-element-e1989b1 elementor-section-boxed elementor-section-height-default elementor-section-height-default\" data-id=\"e1989b1\" data-element_type=\"section\" data-e-type=\"section\">\n\t\t\t\t\t\t<div class=\"elementor-container elementor-column-gap-default\">\n\t\t\t\t\t<div class=\"elementor-column elementor-col-100 elementor-top-column elementor-element elementor-element-d4f31b9\" data-id=\"d4f31b9\" data-element_type=\"column\" data-e-type=\"column\">\n\t\t\t<div class=\"elementor-widget-wrap elementor-element-populated\">\n\t\t\t\t\t\t<section class=\"elementor-section elementor-inner-section elementor-element elementor-element-4e10c7f elementor-section-boxed elementor-section-height-default elementor-section-height-default\" data-id=\"4e10c7f\" data-element_type=\"section\" data-e-type=\"section\">\n\t\t\t\t\t\t\t<div class=\"elementor-background-overlay\"><\/div>\n\t\t\t\t\t\t\t<div class=\"elementor-container elementor-column-gap-default\">\n\t\t\t\t\t<div class=\"elementor-column elementor-col-50 elementor-inner-column elementor-element elementor-element-25c816f\" data-id=\"25c816f\" data-element_type=\"column\" data-e-type=\"column\">\n\t\t\t<div class=\"elementor-widget-wrap elementor-element-populated\">\n\t\t\t\t\t\t<div class=\"elementor-element elementor-element-4c0a3d7 elementor-widget elementor-widget-image\" data-id=\"4c0a3d7\" data-element_type=\"widget\" data-e-type=\"widget\" data-widget_type=\"image.default\">\n\t\t\t\t<div class=\"elementor-widget-container\">\n\t\t\t\t\t\t\t\t\t\t\t\t\t\t\t<img loading=\"lazy\" decoding=\"async\" width=\"512\" height=\"512\" src=\"https:\/\/portale2.unime.it\/pluralismi\/wp-content\/uploads\/sites\/18\/2023\/03\/default-user-image.png\" class=\"attachment-large size-large wp-image-2404\" alt=\"\" srcset=\"https:\/\/portale2.unime.it\/pluralismi\/wp-content\/uploads\/sites\/18\/2023\/03\/default-user-image.png 512w, https:\/\/portale2.unime.it\/pluralismi\/wp-content\/uploads\/sites\/18\/2023\/03\/default-user-image-300x300.png 300w, https:\/\/portale2.unime.it\/pluralismi\/wp-content\/uploads\/sites\/18\/2023\/03\/default-user-image-150x150.png 150w\" sizes=\"(max-width: 512px) 100vw, 512px\" style=\"width:100%;height:100%;max-width:512px\" \/>\t\t\t\t\t\t\t\t\t\t\t\t\t\t\t<\/div>\n\t\t\t\t<\/div>\n\t\t\t\t\t<\/div>\n\t\t<\/div>\n\t\t\t\t<div class=\"elementor-column elementor-col-50 elementor-inner-column elementor-element elementor-element-ad39fd3\" data-id=\"ad39fd3\" data-element_type=\"column\" data-e-type=\"column\">\n\t\t\t<div class=\"elementor-widget-wrap elementor-element-populated\">\n\t\t\t\t\t\t<div class=\"elementor-element elementor-element-d415e05 elementor-widget elementor-widget-text-editor\" data-id=\"d415e05\" data-element_type=\"widget\" data-e-type=\"widget\" data-widget_type=\"text-editor.default\">\n\t\t\t\t<div class=\"elementor-widget-container\">\n\t\t\t\t\t\t\t\t\t<p><span style=\"font-family: 'Open Sans', Helvetica, Arial, sans-serif;color: #7a0a0a;font-size: 12pt\"><strong>Carolina Vesce \u00a0<\/strong><\/span><span style=\"color: #000000;font-size: 12pt\"><span style=\"font-family: 'Open Sans', Helvetica, Arial, sans-serif\">\u00e8 dottoressa di ricerca in Antropologia e studi storico-linguistici presso l\u2019Universit\u00e0 di Messina. Ha condotto ricerche sul campo in Italia, Samoa e Nuova Zelanda. Interessata ai processi di costruzione delle esperienze di genere non etero-normative si \u00e8 occupata di transgender studies e queer indigenous studies. Pi\u00f9 di recente ha condotto una ricerca post-dottorale sulle politiche e le pratiche di presa in carico di soggettivit\u00e0 transgender richiedenti e titolari di protezione internazionale a Bologna. \u00c8 autrice del volume <em>Altri traniti. Corpi, pratiche, rappresentazioni di femminielli e transessuali<\/em> (Mimesis 2017).<\/span><\/span><\/p>\t\t\t\t\t\t\t\t<\/div>\n\t\t\t\t<\/div>\n\t\t\t\t\t<\/div>\n\t\t<\/div>\n\t\t\t\t\t<\/div>\n\t\t<\/section>\n\t\t\t\t\t<\/div>\n\t\t<\/div>\n\t\t\t\t\t<\/div>\n\t\t<\/section>\n\t\t\t\t<section class=\"elementor-section elementor-top-section elementor-element elementor-element-e6541b3 elementor-section-boxed elementor-section-height-default elementor-section-height-default\" data-id=\"e6541b3\" data-element_type=\"section\" data-e-type=\"section\">\n\t\t\t\t\t\t<div class=\"elementor-container elementor-column-gap-default\">\n\t\t\t\t\t<div class=\"elementor-column elementor-col-100 elementor-top-column elementor-element elementor-element-f69dfb6\" data-id=\"f69dfb6\" data-element_type=\"column\" data-e-type=\"column\">\n\t\t\t<div class=\"elementor-widget-wrap elementor-element-populated\">\n\t\t\t\t\t\t<section class=\"elementor-section elementor-inner-section elementor-element elementor-element-679fa7c elementor-section-boxed elementor-section-height-default elementor-section-height-default\" data-id=\"679fa7c\" data-element_type=\"section\" data-e-type=\"section\">\n\t\t\t\t\t\t\t<div class=\"elementor-background-overlay\"><\/div>\n\t\t\t\t\t\t\t<div class=\"elementor-container elementor-column-gap-default\">\n\t\t\t\t\t<div class=\"elementor-column elementor-col-50 elementor-inner-column elementor-element elementor-element-afc483d\" data-id=\"afc483d\" data-element_type=\"column\" data-e-type=\"column\">\n\t\t\t<div class=\"elementor-widget-wrap elementor-element-populated\">\n\t\t\t\t\t\t<div class=\"elementor-element elementor-element-6aa32a5 elementor-widget elementor-widget-image\" data-id=\"6aa32a5\" data-element_type=\"widget\" data-e-type=\"widget\" data-widget_type=\"image.default\">\n\t\t\t\t<div class=\"elementor-widget-container\">\n\t\t\t\t\t\t\t\t\t\t\t\t\t\t\t<img loading=\"lazy\" decoding=\"async\" width=\"512\" height=\"512\" src=\"https:\/\/portale2.unime.it\/pluralismi\/wp-content\/uploads\/sites\/18\/2023\/03\/default-user-image.png\" class=\"attachment-large size-large wp-image-2404\" alt=\"\" srcset=\"https:\/\/portale2.unime.it\/pluralismi\/wp-content\/uploads\/sites\/18\/2023\/03\/default-user-image.png 512w, https:\/\/portale2.unime.it\/pluralismi\/wp-content\/uploads\/sites\/18\/2023\/03\/default-user-image-300x300.png 300w, https:\/\/portale2.unime.it\/pluralismi\/wp-content\/uploads\/sites\/18\/2023\/03\/default-user-image-150x150.png 150w\" sizes=\"(max-width: 512px) 100vw, 512px\" style=\"width:100%;height:100%;max-width:512px\" \/>\t\t\t\t\t\t\t\t\t\t\t\t\t\t\t<\/div>\n\t\t\t\t<\/div>\n\t\t\t\t\t<\/div>\n\t\t<\/div>\n\t\t\t\t<div class=\"elementor-column elementor-col-50 elementor-inner-column elementor-element elementor-element-d0bd9cb\" data-id=\"d0bd9cb\" data-element_type=\"column\" data-e-type=\"column\">\n\t\t\t<div class=\"elementor-widget-wrap elementor-element-populated\">\n\t\t\t\t\t\t<div class=\"elementor-element elementor-element-469b773 elementor-widget elementor-widget-text-editor\" data-id=\"469b773\" data-element_type=\"widget\" data-e-type=\"widget\" data-widget_type=\"text-editor.default\">\n\t\t\t\t<div class=\"elementor-widget-container\">\n\t\t\t\t\t\t\t\t\t<p><span style=\"font-family: 'Open Sans', Helvetica, Arial, sans-serif;color: #7a0a0a;font-size: 12pt\"><strong>Daniela Crocetti &nbsp;<\/strong><\/span><span style=\"color: #000000;font-size: 12pt\"><span style=\"font-family: 'Open Sans', Helvetica, Arial, sans-serif\">\u00e8 da diversi anni l\u2019esperienza e la rivendicazione dei diritti da parte delle persone con variazione dei caratteri sessuali (VSC), collaborando sia con attivisti intersex che con associazioni di pazienti. Nel 2019 ha concluso un progetto di ricerca realizzato grazie alla borsa di studio Marie Sklodowska-Curie, intitolato <em>Intersex, Variations of Sex Characteristics and dsd Citizenship and Democracy<\/em> presso l\u2019Universit\u00e0 di Huddersfield, nel Regno Unito, che ha esaminato i diritti di cittadinanza e i diritti umani delle persone con VSC in Italia, Regno Unito e Svizzera. Con un team interdisciplinare ha co-editato il numero speciale della rivista Culture, Health and sexuality intitolato Intersex: cultural and social perspectives per Culture, Health and Sexuality<\/span><\/span><\/p>\t\t\t\t\t\t\t\t<\/div>\n\t\t\t\t<\/div>\n\t\t\t\t\t<\/div>\n\t\t<\/div>\n\t\t\t\t\t<\/div>\n\t\t<\/section>\n\t\t\t\t\t<\/div>\n\t\t<\/div>\n\t\t\t\t\t<\/div>\n\t\t<\/section>\n\t\t\t\t<section class=\"elementor-section elementor-top-section elementor-element elementor-element-aa4d840 elementor-section-boxed elementor-section-height-default elementor-section-height-default\" data-id=\"aa4d840\" data-element_type=\"section\" data-e-type=\"section\">\n\t\t\t\t\t\t<div class=\"elementor-container elementor-column-gap-default\">\n\t\t\t\t\t<div class=\"elementor-column elementor-col-100 elementor-top-column elementor-element elementor-element-66c3dd1\" data-id=\"66c3dd1\" data-element_type=\"column\" data-e-type=\"column\">\n\t\t\t<div class=\"elementor-widget-wrap elementor-element-populated\">\n\t\t\t\t\t\t<section class=\"elementor-section elementor-inner-section elementor-element elementor-element-a78236d elementor-section-boxed elementor-section-height-default elementor-section-height-default\" data-id=\"a78236d\" data-element_type=\"section\" data-e-type=\"section\">\n\t\t\t\t\t\t\t<div class=\"elementor-background-overlay\"><\/div>\n\t\t\t\t\t\t\t<div class=\"elementor-container elementor-column-gap-default\">\n\t\t\t\t\t<div class=\"elementor-column elementor-col-50 elementor-inner-column elementor-element elementor-element-ed19205\" data-id=\"ed19205\" data-element_type=\"column\" data-e-type=\"column\">\n\t\t\t<div class=\"elementor-widget-wrap elementor-element-populated\">\n\t\t\t\t\t\t<div class=\"elementor-element elementor-element-fa50cb6 elementor-widget elementor-widget-image\" data-id=\"fa50cb6\" data-element_type=\"widget\" data-e-type=\"widget\" data-widget_type=\"image.default\">\n\t\t\t\t<div class=\"elementor-widget-container\">\n\t\t\t\t\t\t\t\t\t\t\t\t\t\t\t<img loading=\"lazy\" decoding=\"async\" width=\"354\" height=\"354\" src=\"https:\/\/portale2.unime.it\/pluralismi\/wp-content\/uploads\/sites\/18\/2021\/02\/vingelli.jpg\" class=\"attachment-large size-large wp-image-1638\" alt=\"\" srcset=\"https:\/\/portale2.unime.it\/pluralismi\/wp-content\/uploads\/sites\/18\/2021\/02\/vingelli.jpg 354w, https:\/\/portale2.unime.it\/pluralismi\/wp-content\/uploads\/sites\/18\/2021\/02\/vingelli-300x300.jpg 300w, https:\/\/portale2.unime.it\/pluralismi\/wp-content\/uploads\/sites\/18\/2021\/02\/vingelli-150x150.jpg 150w, https:\/\/portale2.unime.it\/pluralismi\/wp-content\/uploads\/sites\/18\/2021\/02\/elementor\/thumbs\/vingelli-q44ugpinvxautb7trp2q6t1gg93pwniso3t4d56rio.jpg 200w\" sizes=\"(max-width: 354px) 100vw, 354px\" style=\"width:100%;height:100%;max-width:354px\" \/>\t\t\t\t\t\t\t\t\t\t\t\t\t\t\t<\/div>\n\t\t\t\t<\/div>\n\t\t\t\t\t<\/div>\n\t\t<\/div>\n\t\t\t\t<div class=\"elementor-column elementor-col-50 elementor-inner-column elementor-element elementor-element-5ce7829\" data-id=\"5ce7829\" data-element_type=\"column\" data-e-type=\"column\">\n\t\t\t<div class=\"elementor-widget-wrap elementor-element-populated\">\n\t\t\t\t\t\t<div class=\"elementor-element elementor-element-cbf39ed elementor-widget elementor-widget-text-editor\" data-id=\"cbf39ed\" data-element_type=\"widget\" data-e-type=\"widget\" data-widget_type=\"text-editor.default\">\n\t\t\t\t<div class=\"elementor-widget-container\">\n\t\t\t\t\t\t\t\t\t<p><span style=\"font-family: 'Open Sans', Helvetica, Arial, sans-serif;color: #7a0a0a;font-size: 12pt\"><strong>Giovanna Vingelli\u00a0 <\/strong><\/span><span style=\"color: #000000;font-size: 12pt\"><span style=\"font-family: 'Open Sans', Helvetica, Arial, sans-serif\">\u00e8 ricercatrice di Sociologia generale all\u2019Universit\u00e0 della Calabria, dove insegna \u201cGenere e sviluppo\u201d nel Corso di Laurea magistrale in Scienze sociali per lo sviluppo e la cooperazione. Dal 2011 \u00e8 Direttora del Centro Interdipartimentale di Women\u2019s Studies \u201cMilly Villa\u201d dell\u2019Universit\u00e0 della Calabria, e dal 2020 \u00e8 delegata del Rettore alle Pari opportunit\u00e0. Si \u00e8 occupata di politiche di genere, bilanci di genere e innovazione istituzionale, violenza contro le donne. Negli ultimi anni, la sua attivit\u00e0 di ricerca si \u00e8 concentrata sui movimenti femministi italiani e transnazionali, con particolare attenzione ai fenomeni di backlash, populismo e antifemminismo.<\/span><\/span><\/p>\t\t\t\t\t\t\t\t<\/div>\n\t\t\t\t<\/div>\n\t\t\t\t\t<\/div>\n\t\t<\/div>\n\t\t\t\t\t<\/div>\n\t\t<\/section>\n\t\t\t\t\t<\/div>\n\t\t<\/div>\n\t\t\t\t\t<\/div>\n\t\t<\/section>\n\t\t\t\t<section class=\"elementor-section elementor-top-section elementor-element elementor-element-12df719 elementor-section-boxed elementor-section-height-default elementor-section-height-default\" data-id=\"12df719\" data-element_type=\"section\" data-e-type=\"section\" data-settings=\"{&quot;background_background&quot;:&quot;classic&quot;}\">\n\t\t\t\t\t\t\t<div class=\"elementor-background-overlay\"><\/div>\n\t\t\t\t\t\t\t<div class=\"elementor-container elementor-column-gap-default\">\n\t\t\t\t\t<div class=\"elementor-column elementor-col-100 elementor-top-column elementor-element elementor-element-5935f97\" data-id=\"5935f97\" data-element_type=\"column\" data-e-type=\"column\">\n\t\t\t<div class=\"elementor-widget-wrap elementor-element-populated\">\n\t\t\t\t\t\t<div class=\"elementor-element elementor-element-4ec56c0 elementor-invisible elementor-widget elementor-widget-heading\" data-id=\"4ec56c0\" data-element_type=\"widget\" data-e-type=\"widget\" data-settings=\"{&quot;_animation&quot;:&quot;fadeInDown&quot;}\" data-widget_type=\"heading.default\">\n\t\t\t\t<div class=\"elementor-widget-container\">\n\t\t\t\t\t<h2 class=\"elementor-heading-title elementor-size-default\"><br><br>   AUTRICI ED AUTORI DELLE OPERE IN LOCANDINA<br><br><br><\/h2>\t\t\t\t<\/div>\n\t\t\t\t<\/div>\n\t\t\t\t\t<\/div>\n\t\t<\/div>\n\t\t\t\t\t<\/div>\n\t\t<\/section>\n\t\t\t\t<section class=\"elementor-section elementor-top-section elementor-element elementor-element-2f7346f elementor-section-boxed elementor-section-height-default elementor-section-height-default\" data-id=\"2f7346f\" data-element_type=\"section\" data-e-type=\"section\">\n\t\t\t\t\t\t<div class=\"elementor-container elementor-column-gap-default\">\n\t\t\t\t\t<div class=\"elementor-column elementor-col-100 elementor-top-column elementor-element elementor-element-4f6fe8e\" data-id=\"4f6fe8e\" data-element_type=\"column\" data-e-type=\"column\">\n\t\t\t<div class=\"elementor-widget-wrap elementor-element-populated\">\n\t\t\t\t\t\t<div class=\"elementor-element elementor-element-ecbc443 elementor-widget elementor-widget-heading\" data-id=\"ecbc443\" data-element_type=\"widget\" data-e-type=\"widget\" data-widget_type=\"heading.default\">\n\t\t\t\t<div class=\"elementor-widget-container\">\n\t\t\t\t\t<h2 class=\"elementor-heading-title elementor-size-default\">Siamo grate alle autrici e agli autori per aver collaborato al progetto.\n\nAttraverso le loro opere abbiamo realizzato le locandine degli incontri.\n\nVi presentiamo gli artisti e le opere in locandina attraverso le loro parole.<\/h2>\t\t\t\t<\/div>\n\t\t\t\t<\/div>\n\t\t\t\t\t<\/div>\n\t\t<\/div>\n\t\t\t\t\t<\/div>\n\t\t<\/section>\n\t\t\t\t<section class=\"elementor-section elementor-top-section elementor-element elementor-element-f814ce3 elementor-section-boxed elementor-section-height-default elementor-section-height-default\" data-id=\"f814ce3\" data-element_type=\"section\" data-e-type=\"section\">\n\t\t\t\t\t\t<div class=\"elementor-container elementor-column-gap-default\">\n\t\t\t\t\t<div class=\"elementor-column elementor-col-100 elementor-top-column elementor-element elementor-element-6c34814\" data-id=\"6c34814\" data-element_type=\"column\" data-e-type=\"column\">\n\t\t\t<div class=\"elementor-widget-wrap elementor-element-populated\">\n\t\t\t\t\t\t<section class=\"elementor-section elementor-inner-section elementor-element elementor-element-e36828e elementor-section-boxed elementor-section-height-default elementor-section-height-default\" data-id=\"e36828e\" data-element_type=\"section\" data-e-type=\"section\">\n\t\t\t\t\t\t\t<div class=\"elementor-background-overlay\"><\/div>\n\t\t\t\t\t\t\t<div class=\"elementor-container elementor-column-gap-default\">\n\t\t\t\t\t<div class=\"elementor-column elementor-col-50 elementor-inner-column elementor-element elementor-element-5a1953a\" data-id=\"5a1953a\" data-element_type=\"column\" data-e-type=\"column\">\n\t\t\t<div class=\"elementor-widget-wrap elementor-element-populated\">\n\t\t\t\t\t\t<div class=\"elementor-element elementor-element-31b2a71 elementor-widget elementor-widget-image\" data-id=\"31b2a71\" data-element_type=\"widget\" data-e-type=\"widget\" data-widget_type=\"image.default\">\n\t\t\t\t<div class=\"elementor-widget-container\">\n\t\t\t\t\t\t\t\t\t\t\t\t\t\t\t<img loading=\"lazy\" decoding=\"async\" width=\"354\" height=\"354\" src=\"https:\/\/portale2.unime.it\/pluralismi\/wp-content\/uploads\/sites\/18\/2021\/02\/dodo.jpg\" class=\"attachment-large size-large wp-image-1592\" alt=\"\" srcset=\"https:\/\/portale2.unime.it\/pluralismi\/wp-content\/uploads\/sites\/18\/2021\/02\/dodo.jpg 354w, https:\/\/portale2.unime.it\/pluralismi\/wp-content\/uploads\/sites\/18\/2021\/02\/dodo-300x300.jpg 300w, https:\/\/portale2.unime.it\/pluralismi\/wp-content\/uploads\/sites\/18\/2021\/02\/dodo-150x150.jpg 150w\" sizes=\"(max-width: 354px) 100vw, 354px\" style=\"width:100%;height:100%;max-width:354px\" \/>\t\t\t\t\t\t\t\t\t\t\t\t\t\t\t<\/div>\n\t\t\t\t<\/div>\n\t\t\t\t<div class=\"elementor-element elementor-element-b9717ec elementor-widget elementor-widget-text-editor\" data-id=\"b9717ec\" data-element_type=\"widget\" data-e-type=\"widget\" data-widget_type=\"text-editor.default\">\n\t\t\t\t<div class=\"elementor-widget-container\">\n\t\t\t\t\t\t\t\t\t<p><a href=\"http:\/\/www.dodoveneziano.com\">www.dodoveneziano.com<\/a><\/p>\t\t\t\t\t\t\t\t<\/div>\n\t\t\t\t<\/div>\n\t\t\t\t\t<\/div>\n\t\t<\/div>\n\t\t\t\t<div class=\"elementor-column elementor-col-50 elementor-inner-column elementor-element elementor-element-499c304\" data-id=\"499c304\" data-element_type=\"column\" data-e-type=\"column\">\n\t\t\t<div class=\"elementor-widget-wrap elementor-element-populated\">\n\t\t\t\t\t\t<div class=\"elementor-element elementor-element-21fe88b elementor-widget elementor-widget-text-editor\" data-id=\"21fe88b\" data-element_type=\"widget\" data-e-type=\"widget\" data-widget_type=\"text-editor.default\">\n\t\t\t\t<div class=\"elementor-widget-container\">\n\t\t\t\t\t\t\t\t\t<p><span style=\"font-size: 12pt\"><strong>In Copertina e locandina 5 foto di\u00a0 <span style=\"font-family: 'Open Sans', Helvetica, Arial, sans-serif;color: #7a0a0a\">Dodo Veneziano<\/span><\/strong><\/span><\/p><p>Sono nato a Palermo nel 1970, ho coltivato la passione per la fotografia gi\u00e0 in tenera et\u00e0, a 12 anni ho iniziato ad utilizzare la fotografia come mezzo espressivo e personale. Dopo aver sperimentato e demolito tutti i formati amatoriali di pellicola degli anni Ottanta ho scoperto un po\u2019 per caso la luce fioca e rossa della mia grande passione; la camera oscura. Ho trascorso gran parte della mia adolescenza in una camera oscura, sperimentando e manipolando da autodidatta tutto ci\u00f2 che la fotografia argentica potesse offrire, da allora non ho mai pi\u00f9 smesso di farlo, ed ho scoperto che da una camera oscura si pu\u00f2 anche uscire.<\/p>\t\t\t\t\t\t\t\t<\/div>\n\t\t\t\t<\/div>\n\t\t\t\t<div class=\"elementor-element elementor-element-bc9d6b5 elementor-widget-divider--view-line elementor-widget elementor-widget-divider\" data-id=\"bc9d6b5\" data-element_type=\"widget\" data-e-type=\"widget\" data-widget_type=\"divider.default\">\n\t\t\t\t<div class=\"elementor-widget-container\">\n\t\t\t\t\t\t\t<div class=\"elementor-divider\">\n\t\t\t<span class=\"elementor-divider-separator\">\n\t\t\t\t\t\t<\/span>\n\t\t<\/div>\n\t\t\t\t\t\t<\/div>\n\t\t\t\t<\/div>\n\t\t\t\t<div class=\"elementor-element elementor-element-bdbb401 elementor-widget elementor-widget-text-editor\" data-id=\"bdbb401\" data-element_type=\"widget\" data-e-type=\"widget\" data-widget_type=\"text-editor.default\">\n\t\t\t\t<div class=\"elementor-widget-container\">\n\t\t\t\t\t\t\t\t\t<p><span style=\"color: #7a0a0a\"><em>La foto fa parte del Progetto\u00a0<strong>I\u2019m not me<\/strong>. Da qualche anno avevo l\u2019idea di raccontare qualcuno o qualcosa attraverso la negazione dell\u2019ipocrisia, un racconto diretto scarno e senza fronzoli che potesse ridurre all\u2019osso il messaggio o addirittura la moltitudine di sensazioni che un messaggio porta con se, cercavo, cercavo senza accorgermi che avevo gi\u00e0 tutto sotto gli occhi, stava gi\u00e0 accadendo, la storia, le storie si stavano gi\u00e0 raccontando senza che io ci facessi caso.<\/em><\/span><\/p>\t\t\t\t\t\t\t\t<\/div>\n\t\t\t\t<\/div>\n\t\t\t\t\t<\/div>\n\t\t<\/div>\n\t\t\t\t\t<\/div>\n\t\t<\/section>\n\t\t\t\t\t<\/div>\n\t\t<\/div>\n\t\t\t\t\t<\/div>\n\t\t<\/section>\n\t\t\t\t<section class=\"elementor-section elementor-top-section elementor-element elementor-element-b6270de elementor-section-boxed elementor-section-height-default elementor-section-height-default\" data-id=\"b6270de\" data-element_type=\"section\" data-e-type=\"section\">\n\t\t\t\t\t\t<div class=\"elementor-container elementor-column-gap-default\">\n\t\t\t\t\t<div class=\"elementor-column elementor-col-100 elementor-top-column elementor-element elementor-element-8e46f04\" data-id=\"8e46f04\" data-element_type=\"column\" data-e-type=\"column\">\n\t\t\t<div class=\"elementor-widget-wrap elementor-element-populated\">\n\t\t\t\t\t\t<section class=\"elementor-section elementor-inner-section elementor-element elementor-element-d06253d elementor-section-boxed elementor-section-height-default elementor-section-height-default\" data-id=\"d06253d\" data-element_type=\"section\" data-e-type=\"section\">\n\t\t\t\t\t\t\t<div class=\"elementor-background-overlay\"><\/div>\n\t\t\t\t\t\t\t<div class=\"elementor-container elementor-column-gap-default\">\n\t\t\t\t\t<div class=\"elementor-column elementor-col-50 elementor-inner-column elementor-element elementor-element-0713a4b\" data-id=\"0713a4b\" data-element_type=\"column\" data-e-type=\"column\">\n\t\t\t<div class=\"elementor-widget-wrap elementor-element-populated\">\n\t\t\t\t\t\t<div class=\"elementor-element elementor-element-1c7f1b9 elementor-widget elementor-widget-image\" data-id=\"1c7f1b9\" data-element_type=\"widget\" data-e-type=\"widget\" data-widget_type=\"image.default\">\n\t\t\t\t<div class=\"elementor-widget-container\">\n\t\t\t\t\t\t\t\t\t\t\t\t\t\t\t<img loading=\"lazy\" decoding=\"async\" width=\"354\" height=\"354\" src=\"https:\/\/portale2.unime.it\/pluralismi\/wp-content\/uploads\/sites\/18\/2021\/02\/galletta-3.jpg\" class=\"attachment-large size-large wp-image-1598\" alt=\"\" srcset=\"https:\/\/portale2.unime.it\/pluralismi\/wp-content\/uploads\/sites\/18\/2021\/02\/galletta-3.jpg 354w, https:\/\/portale2.unime.it\/pluralismi\/wp-content\/uploads\/sites\/18\/2021\/02\/galletta-3-300x300.jpg 300w, https:\/\/portale2.unime.it\/pluralismi\/wp-content\/uploads\/sites\/18\/2021\/02\/galletta-3-150x150.jpg 150w\" sizes=\"(max-width: 354px) 100vw, 354px\" style=\"width:100%;height:100%;max-width:354px\" \/>\t\t\t\t\t\t\t\t\t\t\t\t\t\t\t<\/div>\n\t\t\t\t<\/div>\n\t\t\t\t<div class=\"elementor-element elementor-element-e8e29be elementor-widget elementor-widget-text-editor\" data-id=\"e8e29be\" data-element_type=\"widget\" data-e-type=\"widget\" data-widget_type=\"text-editor.default\">\n\t\t\t\t<div class=\"elementor-widget-container\">\n\t\t\t\t\t\t\t\t\t<p><a href=\"http:\/\/www.paologalletta.com\">www.paologalletta.com<\/a><\/p>\t\t\t\t\t\t\t\t<\/div>\n\t\t\t\t<\/div>\n\t\t\t\t\t<\/div>\n\t\t<\/div>\n\t\t\t\t<div class=\"elementor-column elementor-col-50 elementor-inner-column elementor-element elementor-element-ee80463\" data-id=\"ee80463\" data-element_type=\"column\" data-e-type=\"column\">\n\t\t\t<div class=\"elementor-widget-wrap elementor-element-populated\">\n\t\t\t\t\t\t<div class=\"elementor-element elementor-element-9534b52 elementor-widget elementor-widget-text-editor\" data-id=\"9534b52\" data-element_type=\"widget\" data-e-type=\"widget\" data-widget_type=\"text-editor.default\">\n\t\t\t\t<div class=\"elementor-widget-container\">\n\t\t\t\t\t\t\t\t\t<p><span style=\"font-size: 12pt\"><strong>Locandina 1 foto di <span style=\"font-family: 'Open Sans', Helvetica, Arial, sans-serif;color: #7a0a0a\">Paolo Galletta\u00a0<\/span><\/strong><\/span><\/p><p><span class=\"color_11\">Paolo Galletta, fotografo professionista, nasce a Messina nel 1977.\u00a0<\/span><span class=\"color_11\">Si occupa di cinema come fotografo, realizzando set fotografici e foto di scena.\u00a0<\/span><span class=\"color_11\">Ha collaborato con alcune agenzie fotogiornalistiche, occupandosi di reportage sociali e ritratti.\u00a0<\/span><span class=\"color_11\">Segue da anni, con le sue foto, concerti e rassegne jazz collaborando con i pi\u00f9 grandi artisti internazionali,\u00a0<\/span><span class=\"color_11\">lavora per la rivista Jazzit e per alcune etichette discografiche di musica Jazz.\u00a0<\/span><span class=\"color_11\">e sue foto vengono pubblicate su moltissime riviste nazionali e internazionali.<\/span><\/p>\t\t\t\t\t\t\t\t<\/div>\n\t\t\t\t<\/div>\n\t\t\t\t<div class=\"elementor-element elementor-element-0fe3f4e elementor-widget-divider--view-line elementor-widget elementor-widget-divider\" data-id=\"0fe3f4e\" data-element_type=\"widget\" data-e-type=\"widget\" data-widget_type=\"divider.default\">\n\t\t\t\t<div class=\"elementor-widget-container\">\n\t\t\t\t\t\t\t<div class=\"elementor-divider\">\n\t\t\t<span class=\"elementor-divider-separator\">\n\t\t\t\t\t\t<\/span>\n\t\t<\/div>\n\t\t\t\t\t\t<\/div>\n\t\t\t\t<\/div>\n\t\t\t\t<div class=\"elementor-element elementor-element-b5c9ca5 elementor-widget elementor-widget-text-editor\" data-id=\"b5c9ca5\" data-element_type=\"widget\" data-e-type=\"widget\" data-widget_type=\"text-editor.default\">\n\t\t\t\t<div class=\"elementor-widget-container\">\n\t\t\t\t\t\t\t\t\t<p><span style=\"color: #7a0a0a\"><em>La foto (senza titolo) fa parte di una serie su uno studio delle forme del corpo di alcune artiste di danza contemporanea in relazione al luogo, il luogo \u00e8 Casa Faranda.<\/em><\/span><\/p>\t\t\t\t\t\t\t\t<\/div>\n\t\t\t\t<\/div>\n\t\t\t\t\t<\/div>\n\t\t<\/div>\n\t\t\t\t\t<\/div>\n\t\t<\/section>\n\t\t\t\t\t<\/div>\n\t\t<\/div>\n\t\t\t\t\t<\/div>\n\t\t<\/section>\n\t\t\t\t<section class=\"elementor-section elementor-top-section elementor-element elementor-element-02a90f9 elementor-section-boxed elementor-section-height-default elementor-section-height-default\" data-id=\"02a90f9\" data-element_type=\"section\" data-e-type=\"section\">\n\t\t\t\t\t\t<div class=\"elementor-container elementor-column-gap-default\">\n\t\t\t\t\t<div class=\"elementor-column elementor-col-100 elementor-top-column elementor-element elementor-element-6762bb5\" data-id=\"6762bb5\" data-element_type=\"column\" data-e-type=\"column\">\n\t\t\t<div class=\"elementor-widget-wrap elementor-element-populated\">\n\t\t\t\t\t\t<section class=\"elementor-section elementor-inner-section elementor-element elementor-element-97a68be elementor-section-boxed elementor-section-height-default elementor-section-height-default\" data-id=\"97a68be\" data-element_type=\"section\" data-e-type=\"section\">\n\t\t\t\t\t\t\t<div class=\"elementor-background-overlay\"><\/div>\n\t\t\t\t\t\t\t<div class=\"elementor-container elementor-column-gap-default\">\n\t\t\t\t\t<div class=\"elementor-column elementor-col-50 elementor-inner-column elementor-element elementor-element-3a385d9\" data-id=\"3a385d9\" data-element_type=\"column\" data-e-type=\"column\">\n\t\t\t<div class=\"elementor-widget-wrap elementor-element-populated\">\n\t\t\t\t\t\t<div class=\"elementor-element elementor-element-6ab4ff8 elementor-widget elementor-widget-image\" data-id=\"6ab4ff8\" data-element_type=\"widget\" data-e-type=\"widget\" data-widget_type=\"image.default\">\n\t\t\t\t<div class=\"elementor-widget-container\">\n\t\t\t\t\t\t\t\t\t\t\t\t\t\t\t<img loading=\"lazy\" decoding=\"async\" width=\"280\" height=\"280\" src=\"https:\/\/portale2.unime.it\/pluralismi\/wp-content\/uploads\/sites\/18\/2021\/02\/f92154ef13a9fdfc5f95c1e33fe0e0f3.jpg\" class=\"attachment-large size-large wp-image-1599\" alt=\"\" srcset=\"https:\/\/portale2.unime.it\/pluralismi\/wp-content\/uploads\/sites\/18\/2021\/02\/f92154ef13a9fdfc5f95c1e33fe0e0f3.jpg 280w, https:\/\/portale2.unime.it\/pluralismi\/wp-content\/uploads\/sites\/18\/2021\/02\/f92154ef13a9fdfc5f95c1e33fe0e0f3-150x150.jpg 150w\" sizes=\"(max-width: 280px) 100vw, 280px\" style=\"width:100%;height:100%;max-width:280px\" \/>\t\t\t\t\t\t\t\t\t\t\t\t\t\t\t<\/div>\n\t\t\t\t<\/div>\n\t\t\t\t<div class=\"elementor-element elementor-element-4d992e3 elementor-widget elementor-widget-text-editor\" data-id=\"4d992e3\" data-element_type=\"widget\" data-e-type=\"widget\" data-widget_type=\"text-editor.default\">\n\t\t\t\t<div class=\"elementor-widget-container\">\n\t\t\t\t\t\t\t\t\t<p><span style=\"font-size: 7pt\"><a href=\"http:\/\/www.francescopaolocatalano.com\">www.francescopaolocatalano.com<\/a><\/span><\/p>\t\t\t\t\t\t\t\t<\/div>\n\t\t\t\t<\/div>\n\t\t\t\t\t<\/div>\n\t\t<\/div>\n\t\t\t\t<div class=\"elementor-column elementor-col-50 elementor-inner-column elementor-element elementor-element-428430c\" data-id=\"428430c\" data-element_type=\"column\" data-e-type=\"column\">\n\t\t\t<div class=\"elementor-widget-wrap elementor-element-populated\">\n\t\t\t\t\t\t<div class=\"elementor-element elementor-element-ed078cd elementor-widget elementor-widget-text-editor\" data-id=\"ed078cd\" data-element_type=\"widget\" data-e-type=\"widget\" data-widget_type=\"text-editor.default\">\n\t\t\t\t<div class=\"elementor-widget-container\">\n\t\t\t\t\t\t\t\t\t<p><span style=\"font-size: 12pt\"><strong>Locandina 2 foto di <span style=\"font-family: 'Open Sans', Helvetica, Arial, sans-serif;color: #7a0a0a\">Francesco Paolo Catalano\u00a0<\/span><\/strong><\/span><\/p><p>Negli anni 80 disegnavo donne, abiti e sullo sfondo il cielo. Adesso mi piace recarmi nelle case delle persone e creare set fotografici ispirandomi alle mie visioni da bambino.<br \/>Francesco Paolo Catalano, sono di Palermo e vivo ancora qui.<br \/>Mi avvicino alla fotografia da un\u2019indagine sul travestitismo culturale in ambito psicologico e da pi\u00f9 di 15 anni indago sulla costruzione dell\u2019identit\u00e0 sociale mediante uno studio dei costumi e stereotipi italiani contemporanei. Un bisogno e un focus costante espresso mediante l\u2019utilizzo dell\u2019autoritrattistica e della ritrattistica contestualizzata, unendo un raccontare quasi illustrativo all\u2019invenzione scenica, tra teatro e cinemaNel 2010 firmo la prima campagna fotografica del Pride Sicilia e inaugura \u201cAlterity\u201d, personale fotografica dedicata al transgenderismo. Aterity diventa una serie a lungo termine che caratterizza parte del mio immaginario.<\/p>\t\t\t\t\t\t\t\t<\/div>\n\t\t\t\t<\/div>\n\t\t\t\t<div class=\"elementor-element elementor-element-4148346 elementor-widget-divider--view-line elementor-widget elementor-widget-divider\" data-id=\"4148346\" data-element_type=\"widget\" data-e-type=\"widget\" data-widget_type=\"divider.default\">\n\t\t\t\t<div class=\"elementor-widget-container\">\n\t\t\t\t\t\t\t<div class=\"elementor-divider\">\n\t\t\t<span class=\"elementor-divider-separator\">\n\t\t\t\t\t\t<\/span>\n\t\t<\/div>\n\t\t\t\t\t\t<\/div>\n\t\t\t\t<\/div>\n\t\t\t\t<div class=\"elementor-element elementor-element-1c8de56 elementor-widget elementor-widget-text-editor\" data-id=\"1c8de56\" data-element_type=\"widget\" data-e-type=\"widget\" data-widget_type=\"text-editor.default\">\n\t\t\t\t<div class=\"elementor-widget-container\">\n\t\t\t\t\t\t\t\t\t<p><span style=\"color: #7a0a0a\"><em>L\u2019 Opera <strong>Rose Identity\u00a0<\/strong>\u00e8 una contemplazione dinamica dell\u2019incontro tra passato e futuro, tra l\u2019alter e l\u2019ego per fluire in un arrivo mai risolutivo e armonico tra persona e spazio. Chi sono io? Chi sei tu? Chi sono io per te? e Cosa siamo noi qui, ora? Domande senza risposta se non la condivisione dell\u2019immaginazione e rappresentazione dentro un paradigma soggetto osservato \u2013 soggetto osservante. Un giardino di rose come viaggio verso l\u2019identit\u00e0 ispirato da disegni infantili e processi di proiezione e idealizzazione.\u00a0\u00a0<\/em><\/span><\/p>\t\t\t\t\t\t\t\t<\/div>\n\t\t\t\t<\/div>\n\t\t\t\t\t<\/div>\n\t\t<\/div>\n\t\t\t\t\t<\/div>\n\t\t<\/section>\n\t\t\t\t\t<\/div>\n\t\t<\/div>\n\t\t\t\t\t<\/div>\n\t\t<\/section>\n\t\t\t\t<section class=\"elementor-section elementor-top-section elementor-element elementor-element-8f10fe2 elementor-section-boxed elementor-section-height-default elementor-section-height-default\" data-id=\"8f10fe2\" data-element_type=\"section\" data-e-type=\"section\">\n\t\t\t\t\t\t<div class=\"elementor-container elementor-column-gap-default\">\n\t\t\t\t\t<div class=\"elementor-column elementor-col-100 elementor-top-column elementor-element elementor-element-4d88023\" data-id=\"4d88023\" data-element_type=\"column\" data-e-type=\"column\">\n\t\t\t<div class=\"elementor-widget-wrap elementor-element-populated\">\n\t\t\t\t\t\t<section class=\"elementor-section elementor-inner-section elementor-element elementor-element-f4cd846 elementor-section-boxed elementor-section-height-default elementor-section-height-default\" data-id=\"f4cd846\" data-element_type=\"section\" data-e-type=\"section\">\n\t\t\t\t\t\t\t<div class=\"elementor-background-overlay\"><\/div>\n\t\t\t\t\t\t\t<div class=\"elementor-container elementor-column-gap-default\">\n\t\t\t\t\t<div class=\"elementor-column elementor-col-50 elementor-inner-column elementor-element elementor-element-64d831b\" data-id=\"64d831b\" data-element_type=\"column\" data-e-type=\"column\">\n\t\t\t<div class=\"elementor-widget-wrap elementor-element-populated\">\n\t\t\t\t\t\t<div class=\"elementor-element elementor-element-cb9cb8b elementor-widget elementor-widget-image\" data-id=\"cb9cb8b\" data-element_type=\"widget\" data-e-type=\"widget\" data-widget_type=\"image.default\">\n\t\t\t\t<div class=\"elementor-widget-container\">\n\t\t\t\t\t\t\t\t\t\t\t\t\t\t\t<img loading=\"lazy\" decoding=\"async\" width=\"824\" height=\"799\" src=\"https:\/\/portale2.unime.it\/pluralismi\/wp-content\/uploads\/sites\/18\/2021\/02\/UNADJUSTEDNONRAW_thumb_2.jpg\" class=\"attachment-large size-large wp-image-1741\" alt=\"\" srcset=\"https:\/\/portale2.unime.it\/pluralismi\/wp-content\/uploads\/sites\/18\/2021\/02\/UNADJUSTEDNONRAW_thumb_2.jpg 824w, https:\/\/portale2.unime.it\/pluralismi\/wp-content\/uploads\/sites\/18\/2021\/02\/UNADJUSTEDNONRAW_thumb_2-300x291.jpg 300w, https:\/\/portale2.unime.it\/pluralismi\/wp-content\/uploads\/sites\/18\/2021\/02\/UNADJUSTEDNONRAW_thumb_2-768x745.jpg 768w\" sizes=\"(max-width: 824px) 100vw, 824px\" style=\"width:100%;height:96.97%;max-width:824px\" \/>\t\t\t\t\t\t\t\t\t\t\t\t\t\t\t<\/div>\n\t\t\t\t<\/div>\n\t\t\t\t\t<\/div>\n\t\t<\/div>\n\t\t\t\t<div class=\"elementor-column elementor-col-50 elementor-inner-column elementor-element elementor-element-b5aca90\" data-id=\"b5aca90\" data-element_type=\"column\" data-e-type=\"column\">\n\t\t\t<div class=\"elementor-widget-wrap elementor-element-populated\">\n\t\t\t\t\t\t<div class=\"elementor-element elementor-element-cee0ab0 elementor-widget elementor-widget-text-editor\" data-id=\"cee0ab0\" data-element_type=\"widget\" data-e-type=\"widget\" data-widget_type=\"text-editor.default\">\n\t\t\t\t<div class=\"elementor-widget-container\">\n\t\t\t\t\t\t\t\t\t<p><span style=\"font-size: 12pt\"><strong>Locandina 3 foto di <span style=\"font-family: 'Open Sans', Helvetica, Arial, sans-serif;color: #7a0a0a\">Rita Malta<\/span><\/strong><\/span><\/p><p>Nata a Messina, ha svolto gli studi e proseguito la sua formazione tra l\u2019Italia e la Spagna. Dottoressa di ricerca in Scienze Politiche, durante la sua carriera universitaria ha insegnato discipline storiche e sociologiche presso l\u2019Universit\u00e0 degli Studi di Messina e presso l\u2019Universit\u00e0 per Stranieri \u201cDante Alighieri\u201d di Reggio Calabria. Ha condotto l\u2019attivit\u00e0 di docenza nell\u2019ambito di numerosi progetti nazionali e in co-tutela con l\u2019estero, portando avanti la sua passione per la ricerca in ambiti differenti. Nell\u2019ambito del progetto \u201cLe Scalinate dell\u2019Arte \u2013 incubatore multimediale degli artisti del \u2018900\u201d, ha curato la ricerca concernente la sezione dell\u2019Illustrazione, Disegno, Grafica, Fumetto e parte dei volumi prodotti inerenti le arti performative e raffigurative. Da sempre appassionata di linguaggio fotografico, in seguito ad un stage fotografico in Gran Canaria e ad un master in fotografia al Politecnico di Bari, ha preso parte a numerose mostre e rassegne individuali e collettive. Fa parte del collettivo fotografico \u201cMaCu\u2019 \u2013 Made in Sicily\u201d. Reportage e street photography sono le modalit\u00e0 narrative che predilige. Per lei la fotografia \u00e8 un\u2019intuizione auto avverante.<\/p>\t\t\t\t\t\t\t\t<\/div>\n\t\t\t\t<\/div>\n\t\t\t\t<div class=\"elementor-element elementor-element-b388619 elementor-widget-divider--view-line elementor-widget elementor-widget-divider\" data-id=\"b388619\" data-element_type=\"widget\" data-e-type=\"widget\" data-widget_type=\"divider.default\">\n\t\t\t\t<div class=\"elementor-widget-container\">\n\t\t\t\t\t\t\t<div class=\"elementor-divider\">\n\t\t\t<span class=\"elementor-divider-separator\">\n\t\t\t\t\t\t<\/span>\n\t\t<\/div>\n\t\t\t\t\t\t<\/div>\n\t\t\t\t<\/div>\n\t\t\t\t<div class=\"elementor-element elementor-element-ba6c418 elementor-widget elementor-widget-text-editor\" data-id=\"ba6c418\" data-element_type=\"widget\" data-e-type=\"widget\" data-widget_type=\"text-editor.default\">\n\t\t\t\t<div class=\"elementor-widget-container\">\n\t\t\t\t\t\t\t\t\t<p><span style=\"color: #7a0a0a\"><em>La foto (2019) fa parte del progetto \u201c<strong>Page of a vintage book<\/strong>\u201d. \u201cChiaroscuri della memoria e orizzonte di un altrove nella traiettoria dello sguardo. Un\u2019immagine di metamorfosi dell\u2019esistenza, in cammino perpetuo. Una dimensione conosciuta e al contempo evocativa, dove ad essere trasfigurato \u00e8 il sentire in costante evoluzione\u201d.<\/em><\/span><\/p>\t\t\t\t\t\t\t\t<\/div>\n\t\t\t\t<\/div>\n\t\t\t\t\t<\/div>\n\t\t<\/div>\n\t\t\t\t\t<\/div>\n\t\t<\/section>\n\t\t\t\t\t<\/div>\n\t\t<\/div>\n\t\t\t\t\t<\/div>\n\t\t<\/section>\n\t\t\t\t<section class=\"elementor-section elementor-top-section elementor-element elementor-element-4a21756 elementor-section-boxed elementor-section-height-default elementor-section-height-default\" data-id=\"4a21756\" data-element_type=\"section\" data-e-type=\"section\">\n\t\t\t\t\t\t<div class=\"elementor-container elementor-column-gap-default\">\n\t\t\t\t\t<div class=\"elementor-column elementor-col-100 elementor-top-column elementor-element elementor-element-b71d77a\" data-id=\"b71d77a\" data-element_type=\"column\" data-e-type=\"column\">\n\t\t\t<div class=\"elementor-widget-wrap elementor-element-populated\">\n\t\t\t\t\t\t<section class=\"elementor-section elementor-inner-section elementor-element elementor-element-885f40e elementor-section-boxed elementor-section-height-default elementor-section-height-default\" data-id=\"885f40e\" data-element_type=\"section\" data-e-type=\"section\">\n\t\t\t\t\t\t\t<div class=\"elementor-background-overlay\"><\/div>\n\t\t\t\t\t\t\t<div class=\"elementor-container elementor-column-gap-default\">\n\t\t\t\t\t<div class=\"elementor-column elementor-col-50 elementor-inner-column elementor-element elementor-element-cfd215e\" data-id=\"cfd215e\" data-element_type=\"column\" data-e-type=\"column\">\n\t\t\t<div class=\"elementor-widget-wrap elementor-element-populated\">\n\t\t\t\t\t\t<div class=\"elementor-element elementor-element-6f1c4a5 elementor-widget elementor-widget-image\" data-id=\"6f1c4a5\" data-element_type=\"widget\" data-e-type=\"widget\" data-widget_type=\"image.default\">\n\t\t\t\t<div class=\"elementor-widget-container\">\n\t\t\t\t\t\t\t\t\t\t\t\t\t\t\t<img loading=\"lazy\" decoding=\"async\" width=\"400\" height=\"400\" src=\"https:\/\/portale2.unime.it\/pluralismi\/wp-content\/uploads\/sites\/18\/2021\/02\/image.jpg\" class=\"attachment-large size-large wp-image-1601\" alt=\"\" srcset=\"https:\/\/portale2.unime.it\/pluralismi\/wp-content\/uploads\/sites\/18\/2021\/02\/image.jpg 400w, https:\/\/portale2.unime.it\/pluralismi\/wp-content\/uploads\/sites\/18\/2021\/02\/image-300x300.jpg 300w, https:\/\/portale2.unime.it\/pluralismi\/wp-content\/uploads\/sites\/18\/2021\/02\/image-150x150.jpg 150w\" sizes=\"(max-width: 400px) 100vw, 400px\" style=\"width:100%;height:100%;max-width:400px\" \/>\t\t\t\t\t\t\t\t\t\t\t\t\t\t\t<\/div>\n\t\t\t\t<\/div>\n\t\t\t\t<div class=\"elementor-element elementor-element-bcfdb43 elementor-widget elementor-widget-text-editor\" data-id=\"bcfdb43\" data-element_type=\"widget\" data-e-type=\"widget\" data-widget_type=\"text-editor.default\">\n\t\t\t\t<div class=\"elementor-widget-container\">\n\t\t\t\t\t\t\t\t\t<p><a href=\"http:\/\/www.francescofaraci.com\">www.francescofaraci.com<\/a><\/p>\t\t\t\t\t\t\t\t<\/div>\n\t\t\t\t<\/div>\n\t\t\t\t\t<\/div>\n\t\t<\/div>\n\t\t\t\t<div class=\"elementor-column elementor-col-50 elementor-inner-column elementor-element elementor-element-309f0bc\" data-id=\"309f0bc\" data-element_type=\"column\" data-e-type=\"column\">\n\t\t\t<div class=\"elementor-widget-wrap elementor-element-populated\">\n\t\t\t\t\t\t<div class=\"elementor-element elementor-element-6bb48fc elementor-widget elementor-widget-text-editor\" data-id=\"6bb48fc\" data-element_type=\"widget\" data-e-type=\"widget\" data-widget_type=\"text-editor.default\">\n\t\t\t\t<div class=\"elementor-widget-container\">\n\t\t\t\t\t\t\t\t\t<p><span style=\"font-size: 12pt\"><strong>Locandina 4 foto di <span style=\"font-family: 'Open Sans', Helvetica, Arial, sans-serif;color: #7a0a0a\">Francesco Faraci<\/span><\/strong><\/span><\/p><p>Francesco Faraci nasce a Palermo nel 1983. Dopo gli studi umanistici (Antropologia, Sociologia), nel 2013 trova nella fotografia il suo mezzo d\u2019espressione e si forma attraverso le immagini dei grandi fotografi di scuola francese e americana (WilliamKlein, Henri Cartier-Bresson, Robert Doisneau, Robert Capa) cercando di rinnovare un linguaggio che altrimenti suonerebbe desueto. Si occupa di fotografia documentaria e reportage sociale. Al centro del suo lavoro c\u2019\u00e8 la sua terra, la Sicilia, della quale ama descriverne gli incroci culturali e i paradossi esistenziali (nascita e morte, gioia e violenza, la solitudine che si nasconde fra le pieghe della modernit\u00e0) con un occhio particolare alle minoranze e ai minori che nascono, crescono e spesso si formano nelle zone disagiate e abbandonate della citt\u00e0, nelle periferie marginali. Per tali ragioni percorre in lungo e in largo le strade della sua terra e dei Paesi Mediterranei, raccontandone le storie attraverso progetti di lunga, media e breve durata.<br \/>Diversi suoi reportage sono stati pubblicati su riviste nazionali ed estere (Il Venerd\u00ec di Repubblica, La Repubblica, Il Manifesto, Time Magazine, Globe and Mail, The Guardian, VICE, Erodoto108) e ha preso parte a conferenze e seminari sulla realt\u00e0 delle periferie della sua citt\u00e0. E\u2019 anche videomaker e scrittore di romanzi, di racconti e di saggi che ruotano intorno alle sue radici e alla sua terra d\u2019origine.<\/p>\t\t\t\t\t\t\t\t<\/div>\n\t\t\t\t<\/div>\n\t\t\t\t\t<\/div>\n\t\t<\/div>\n\t\t\t\t\t<\/div>\n\t\t<\/section>\n\t\t\t\t\t<\/div>\n\t\t<\/div>\n\t\t\t\t\t<\/div>\n\t\t<\/section>\n\t\t\t\t<section class=\"elementor-section elementor-top-section elementor-element elementor-element-b28bf67 elementor-section-boxed elementor-section-height-default elementor-section-height-default\" data-id=\"b28bf67\" data-element_type=\"section\" data-e-type=\"section\">\n\t\t\t\t\t\t<div class=\"elementor-container elementor-column-gap-default\">\n\t\t\t\t\t<div class=\"elementor-column elementor-col-100 elementor-top-column elementor-element elementor-element-0ad26b9\" data-id=\"0ad26b9\" data-element_type=\"column\" data-e-type=\"column\">\n\t\t\t<div class=\"elementor-widget-wrap elementor-element-populated\">\n\t\t\t\t\t\t<section class=\"elementor-section elementor-inner-section elementor-element elementor-element-f8aeae8 elementor-section-boxed elementor-section-height-default elementor-section-height-default\" data-id=\"f8aeae8\" data-element_type=\"section\" data-e-type=\"section\">\n\t\t\t\t\t\t\t<div class=\"elementor-background-overlay\"><\/div>\n\t\t\t\t\t\t\t<div class=\"elementor-container elementor-column-gap-default\">\n\t\t\t\t\t<div class=\"elementor-column elementor-col-50 elementor-inner-column elementor-element elementor-element-cdc37e7\" data-id=\"cdc37e7\" data-element_type=\"column\" data-e-type=\"column\">\n\t\t\t<div class=\"elementor-widget-wrap elementor-element-populated\">\n\t\t\t\t\t\t<div class=\"elementor-element elementor-element-1cea965 elementor-widget elementor-widget-image\" data-id=\"1cea965\" data-element_type=\"widget\" data-e-type=\"widget\" data-widget_type=\"image.default\">\n\t\t\t\t<div class=\"elementor-widget-container\">\n\t\t\t\t\t\t\t\t\t\t\t\t\t\t\t<img loading=\"lazy\" decoding=\"async\" width=\"1024\" height=\"983\" src=\"https:\/\/portale2.unime.it\/pluralismi\/wp-content\/uploads\/sites\/18\/2021\/02\/Schermata-2021-02-15-alle-19.11.08-1024x983.png\" class=\"attachment-large size-large wp-image-1646\" alt=\"\" srcset=\"https:\/\/portale2.unime.it\/pluralismi\/wp-content\/uploads\/sites\/18\/2021\/02\/Schermata-2021-02-15-alle-19.11.08-1024x983.png 1024w, https:\/\/portale2.unime.it\/pluralismi\/wp-content\/uploads\/sites\/18\/2021\/02\/Schermata-2021-02-15-alle-19.11.08-300x288.png 300w, https:\/\/portale2.unime.it\/pluralismi\/wp-content\/uploads\/sites\/18\/2021\/02\/Schermata-2021-02-15-alle-19.11.08-768x737.png 768w, https:\/\/portale2.unime.it\/pluralismi\/wp-content\/uploads\/sites\/18\/2021\/02\/Schermata-2021-02-15-alle-19.11.08.png 1048w\" sizes=\"(max-width: 1024px) 100vw, 1024px\" style=\"width:100%;height:95.99%;max-width:1048px\" \/>\t\t\t\t\t\t\t\t\t\t\t\t\t\t\t<\/div>\n\t\t\t\t<\/div>\n\t\t\t\t<div class=\"elementor-element elementor-element-3b2263d elementor-widget elementor-widget-text-editor\" data-id=\"3b2263d\" data-element_type=\"widget\" data-e-type=\"widget\" data-widget_type=\"text-editor.default\">\n\t\t\t\t<div class=\"elementor-widget-container\">\n\t\t\t\t\t\t\t\t\t<p><a href=\"http:\/\/www.giuseppesantagata.com\"><span style=\"font-size: 8pt\">www.giuseppesantagata.com<\/span><\/a><\/p>\t\t\t\t\t\t\t\t<\/div>\n\t\t\t\t<\/div>\n\t\t\t\t\t<\/div>\n\t\t<\/div>\n\t\t\t\t<div class=\"elementor-column elementor-col-50 elementor-inner-column elementor-element elementor-element-39c9ce3\" data-id=\"39c9ce3\" data-element_type=\"column\" data-e-type=\"column\">\n\t\t\t<div class=\"elementor-widget-wrap elementor-element-populated\">\n\t\t\t\t\t\t<div class=\"elementor-element elementor-element-43d8ba8 elementor-widget elementor-widget-text-editor\" data-id=\"43d8ba8\" data-element_type=\"widget\" data-e-type=\"widget\" data-widget_type=\"text-editor.default\">\n\t\t\t\t<div class=\"elementor-widget-container\">\n\t\t\t\t\t\t\t\t\t<p><span style=\"font-size: 12pt\"><strong>Locandina 5 foto di <span style=\"font-family: 'Open Sans', Helvetica, Arial, sans-serif;color: #7a0a0a\">Giuseppe Sant&#8217;Agata\u00a0<\/span><\/strong><\/span><\/p><p>Giuseppe Santagata ha conseguito una laurea in giurisprudenza e un master in diritto ed economia della previdenza, prima di lasciare l\u2019ambito giuridico e provare a fare della passione per la fotografia una professione. Si \u00e8 trasferito in Spagna per studiare fotografia artistica, presso la Scuola d\u2019Arte e di Design Antonio Failde di Ourense e ha continuato gli studi con un Master in fotografia artistica e concettuale, presso la scuola EFTI di Madrid. Da allora, Giuseppe ha lavorato e vissuto, grazie alle numerose borse di studio ricevute, in diversi paesi del mondo (Stati Uniti, Corea del Sud, Polonia, Russia, Taiwan, Giappone, Islanda e Spagna). Il suo lavoro \u00e8 stato esposto in mostre personali e collettive in prestigiosi musei internazionali e gallerie private, tra i quali il National Center for Contemporary Arts in Russia, il Baltic Gallery of Contemporary Art in Polonia, il C\u00edrculo de Bellas Artes in Spagna, la Gallery M, Jongro-gu in Corea del Sud, il Center of Fine Art Photography negli Stati Uniti e il Pier-2 Art Center a Taiwan.<\/p>\t\t\t\t\t\t\t\t<\/div>\n\t\t\t\t<\/div>\n\t\t\t\t<div class=\"elementor-element elementor-element-e7c7c93 elementor-widget-divider--view-line elementor-widget elementor-widget-divider\" data-id=\"e7c7c93\" data-element_type=\"widget\" data-e-type=\"widget\" data-widget_type=\"divider.default\">\n\t\t\t\t<div class=\"elementor-widget-container\">\n\t\t\t\t\t\t\t<div class=\"elementor-divider\">\n\t\t\t<span class=\"elementor-divider-separator\">\n\t\t\t\t\t\t<\/span>\n\t\t<\/div>\n\t\t\t\t\t\t<\/div>\n\t\t\t\t<\/div>\n\t\t\t\t<div class=\"elementor-element elementor-element-4315edc elementor-widget elementor-widget-text-editor\" data-id=\"4315edc\" data-element_type=\"widget\" data-e-type=\"widget\" data-widget_type=\"text-editor.default\">\n\t\t\t\t<div class=\"elementor-widget-container\">\n\t\t\t\t\t\t\t\t\t<p><span style=\"color: #7a0a0a\"><em>Questa foto fa parte di una serie intitolata \u201c<strong>Uncertainty Principle<\/strong>\u201d, che prende il nome dal principio di Heisenberg. Tale principio, affermando che non tutte le propriet\u00e0 di una particella quantistica possono essere misurate con precisione illimitata, teorizza l\u2019impossibilit\u00e0 di giungere ad una conoscenza completa, oggettiva ed imparziale di un fenomeno, prospettando un nuovo modo di porci di fronte alla realt\u00e0.<br \/>Nella serie Uncertainty Principle rivolgo la mia attenzione verso il linguaggio comunicativo dei cartelloni pubblicitari. Se osserviamo le pubblicit\u00e0 che rivestono le nostre citt\u00e0, assistiamo alla presentazione di un mondo di certezza e bellezza; un mondo ideale, ovattato e sognante, dove sembra non esservi spazio per i dubbi e le fragilit\u00e0 della nostra esistenza.<br \/>Attraverso la fotografia indago questi supposti oggetti immutabili. Li sviscero e li reinterpreto tramite la mia visione, il tempo e la luce dell\u2019atto fotografico. Costruisco, cos\u00ec, una nuova relazione tra le immagini (attraverso l\u2019associazione estetica, concettuale ed emozionale delle stesse) e propongo una nuova chiave di lettura, che va perdendo il significato originario, finendo per traslatare ci\u00f2 che sembrava ideale, nel territorio della conflittualit\u00e0 e della vulnerabilit\u00e0.<\/em><\/span><\/p>\t\t\t\t\t\t\t\t<\/div>\n\t\t\t\t<\/div>\n\t\t\t\t\t<\/div>\n\t\t<\/div>\n\t\t\t\t\t<\/div>\n\t\t<\/section>\n\t\t\t\t\t<\/div>\n\t\t<\/div>\n\t\t\t\t\t<\/div>\n\t\t<\/section>\n\t\t\t\t<section class=\"elementor-section elementor-top-section elementor-element elementor-element-f09567c elementor-section-boxed elementor-section-height-default elementor-section-height-default\" data-id=\"f09567c\" data-element_type=\"section\" data-e-type=\"section\">\n\t\t\t\t\t\t<div class=\"elementor-container elementor-column-gap-default\">\n\t\t\t\t\t<div class=\"elementor-column elementor-col-100 elementor-top-column elementor-element elementor-element-bf468f6\" data-id=\"bf468f6\" data-element_type=\"column\" data-e-type=\"column\">\n\t\t\t<div class=\"elementor-widget-wrap elementor-element-populated\">\n\t\t\t\t\t\t<section class=\"elementor-section elementor-inner-section elementor-element elementor-element-02c1589 elementor-section-boxed elementor-section-height-default elementor-section-height-default\" data-id=\"02c1589\" data-element_type=\"section\" data-e-type=\"section\">\n\t\t\t\t\t\t\t<div class=\"elementor-background-overlay\"><\/div>\n\t\t\t\t\t\t\t<div class=\"elementor-container elementor-column-gap-default\">\n\t\t\t\t\t<div class=\"elementor-column elementor-col-50 elementor-inner-column elementor-element elementor-element-719cbb9\" data-id=\"719cbb9\" data-element_type=\"column\" data-e-type=\"column\">\n\t\t\t<div class=\"elementor-widget-wrap elementor-element-populated\">\n\t\t\t\t\t\t<div class=\"elementor-element elementor-element-30fb8f7 elementor-widget elementor-widget-image\" data-id=\"30fb8f7\" data-element_type=\"widget\" data-e-type=\"widget\" data-widget_type=\"image.default\">\n\t\t\t\t<div class=\"elementor-widget-container\">\n\t\t\t\t\t\t\t\t\t\t\t\t\t\t\t<img loading=\"lazy\" decoding=\"async\" width=\"354\" height=\"354\" src=\"https:\/\/portale2.unime.it\/pluralismi\/wp-content\/uploads\/sites\/18\/2021\/02\/orlando-2.jpg\" class=\"attachment-large size-large wp-image-1609\" alt=\"\" srcset=\"https:\/\/portale2.unime.it\/pluralismi\/wp-content\/uploads\/sites\/18\/2021\/02\/orlando-2.jpg 354w, https:\/\/portale2.unime.it\/pluralismi\/wp-content\/uploads\/sites\/18\/2021\/02\/orlando-2-300x300.jpg 300w, https:\/\/portale2.unime.it\/pluralismi\/wp-content\/uploads\/sites\/18\/2021\/02\/orlando-2-150x150.jpg 150w\" sizes=\"(max-width: 354px) 100vw, 354px\" style=\"width:100%;height:100%;max-width:354px\" \/>\t\t\t\t\t\t\t\t\t\t\t\t\t\t\t<\/div>\n\t\t\t\t<\/div>\n\t\t\t\t<div class=\"elementor-element elementor-element-6088401 elementor-widget elementor-widget-text-editor\" data-id=\"6088401\" data-element_type=\"widget\" data-e-type=\"widget\" data-widget_type=\"text-editor.default\">\n\t\t\t\t<div class=\"elementor-widget-container\">\n\t\t\t\t\t\t\t\t\t<p><a href=\"http:\/\/www.instagram.com\/eleonora.orlando.photography\/?hl=it\">instagram<\/a><\/p>\t\t\t\t\t\t\t\t<\/div>\n\t\t\t\t<\/div>\n\t\t\t\t\t<\/div>\n\t\t<\/div>\n\t\t\t\t<div class=\"elementor-column elementor-col-50 elementor-inner-column elementor-element elementor-element-29b706f\" data-id=\"29b706f\" data-element_type=\"column\" data-e-type=\"column\">\n\t\t\t<div class=\"elementor-widget-wrap elementor-element-populated\">\n\t\t\t\t\t\t<div class=\"elementor-element elementor-element-49df980 elementor-widget elementor-widget-text-editor\" data-id=\"49df980\" data-element_type=\"widget\" data-e-type=\"widget\" data-widget_type=\"text-editor.default\">\n\t\t\t\t<div class=\"elementor-widget-container\">\n\t\t\t\t\t\t\t\t\t<p><span style=\"font-size: 12pt\"><strong>Locandina 7 foto di <span style=\"font-family: 'Open Sans', Helvetica, Arial, sans-serif;color: #7a0a0a\">Elena Orlando\u00a0<\/span><\/strong><\/span><\/p><p>Palermo, 1973. Rientrata da pochi anni a Palermo dopo aver vissuto quattordici anni tra la Francia e il Canada, ha sempre lavorato come fotografa.<\/p><p><em>\u201cLa macchina fotografica \u00e9 stata la mia compagna di vita; l\u2019ho inizialmente usata come uno scudo per difendermi, nascondermi e schermarmi dal mondo e in seguito come un\u2019opportunit\u00e0, un mezzo che mi permette di avvicinarmici e comprenderlo\u201d<\/em>.<\/p><p>I suoi lavori sono stati esposti al Centro Internazionale di Fotografia della citt\u00e0 di Palermo diretto da Letizia Battaglia ( esposizioni collettive nel 2017 e nel 2019).Ha partecipato con i suoi scatti sui migranti in Francia alla Triennale di fotografia di Venezia.Attualmente fa parte della mostra itinerante \u201cUngettable childhood\u201d.La sua prima personale \u00e9 stata presentata nell\u2019 ambito della manifestazione culturale \u201cMagione Art District \u201c a Palermo nel 2018.E\u2019 stata la fotografa ufficiale del Palermo Ballet Summer Intensive, nuova iniziativa culturale americana svoltasi a Palermo nel 2018 e 2019.Nel 2018 pubblica un suo folio edito dalla casa editrice 89 BOOKS.Dal 2020 collabora con i suoi scatti alle iniziative della rete Jasmine e illustra con le sue foto il volume \u201cThe world is mine\u201d, stampato attualmente in cinque lingue.Nel luglio 2020 inaugura una personale dal titolo \u201cVirginia 1908\u201d svoltasi allo Stand Florio di Palermo.<\/p>\t\t\t\t\t\t\t\t<\/div>\n\t\t\t\t<\/div>\n\t\t\t\t<div class=\"elementor-element elementor-element-e376f30 elementor-widget-divider--view-line elementor-widget elementor-widget-divider\" data-id=\"e376f30\" data-element_type=\"widget\" data-e-type=\"widget\" data-widget_type=\"divider.default\">\n\t\t\t\t<div class=\"elementor-widget-container\">\n\t\t\t\t\t\t\t<div class=\"elementor-divider\">\n\t\t\t<span class=\"elementor-divider-separator\">\n\t\t\t\t\t\t<\/span>\n\t\t<\/div>\n\t\t\t\t\t\t<\/div>\n\t\t\t\t<\/div>\n\t\t\t\t<div class=\"elementor-element elementor-element-0a079d4 elementor-widget elementor-widget-text-editor\" data-id=\"0a079d4\" data-element_type=\"widget\" data-e-type=\"widget\" data-widget_type=\"text-editor.default\">\n\t\t\t\t<div class=\"elementor-widget-container\">\n\t\t\t\t\t\t\t\t\t<p><span style=\"color: #7a0a0a\"><em><strong>La vie de cot\u00e9<\/strong>. Questo scatto che risale a qualche anno fa quando abitavo a Parigi, preso dal finestrino di un autobus che mi stava riportando a casa, mi riporta a una frase di un romanzo di Michel Houellebecq: \u201cC\u2019est avec facilit\u00e9 qu\u2019on renonce \u00e0 la vie, qu\u2019on met soi m\u00eame sa vie de cot\u00e9\u201d.Eleonora Orlando, Parigi 2017.<\/em><\/span><\/p>\t\t\t\t\t\t\t\t<\/div>\n\t\t\t\t<\/div>\n\t\t\t\t\t<\/div>\n\t\t<\/div>\n\t\t\t\t\t<\/div>\n\t\t<\/section>\n\t\t\t\t\t<\/div>\n\t\t<\/div>\n\t\t\t\t\t<\/div>\n\t\t<\/section>\n\t\t\t\t<section class=\"elementor-section elementor-top-section elementor-element elementor-element-8c99faf elementor-section-boxed elementor-section-height-default elementor-section-height-default\" data-id=\"8c99faf\" data-element_type=\"section\" data-e-type=\"section\">\n\t\t\t\t\t\t<div class=\"elementor-container elementor-column-gap-default\">\n\t\t\t\t\t<div class=\"elementor-column elementor-col-100 elementor-top-column elementor-element elementor-element-e9728ae\" data-id=\"e9728ae\" data-element_type=\"column\" data-e-type=\"column\">\n\t\t\t<div class=\"elementor-widget-wrap elementor-element-populated\">\n\t\t\t\t\t\t<section class=\"elementor-section elementor-inner-section elementor-element elementor-element-f9cdf13 elementor-section-boxed elementor-section-height-default elementor-section-height-default\" data-id=\"f9cdf13\" data-element_type=\"section\" data-e-type=\"section\">\n\t\t\t\t\t\t\t<div class=\"elementor-background-overlay\"><\/div>\n\t\t\t\t\t\t\t<div class=\"elementor-container elementor-column-gap-default\">\n\t\t\t\t\t<div class=\"elementor-column elementor-col-50 elementor-inner-column elementor-element elementor-element-e45319e\" data-id=\"e45319e\" data-element_type=\"column\" data-e-type=\"column\">\n\t\t\t<div class=\"elementor-widget-wrap elementor-element-populated\">\n\t\t\t\t\t\t<div class=\"elementor-element elementor-element-b182555 elementor-widget elementor-widget-image\" data-id=\"b182555\" data-element_type=\"widget\" data-e-type=\"widget\" data-widget_type=\"image.default\">\n\t\t\t\t<div class=\"elementor-widget-container\">\n\t\t\t\t\t\t\t\t\t\t\t\t\t\t\t<img loading=\"lazy\" decoding=\"async\" width=\"498\" height=\"490\" src=\"https:\/\/portale2.unime.it\/pluralismi\/wp-content\/uploads\/sites\/18\/2021\/02\/Schermata-2021-02-15-alle-13.03.26.png\" class=\"attachment-large size-large wp-image-1603\" alt=\"\" srcset=\"https:\/\/portale2.unime.it\/pluralismi\/wp-content\/uploads\/sites\/18\/2021\/02\/Schermata-2021-02-15-alle-13.03.26.png 498w, https:\/\/portale2.unime.it\/pluralismi\/wp-content\/uploads\/sites\/18\/2021\/02\/Schermata-2021-02-15-alle-13.03.26-300x295.png 300w\" sizes=\"(max-width: 498px) 100vw, 498px\" style=\"width:100%;height:98.39%;max-width:498px\" \/>\t\t\t\t\t\t\t\t\t\t\t\t\t\t\t<\/div>\n\t\t\t\t<\/div>\n\t\t\t\t\t<\/div>\n\t\t<\/div>\n\t\t\t\t<div class=\"elementor-column elementor-col-50 elementor-inner-column elementor-element elementor-element-f0f1cc9\" data-id=\"f0f1cc9\" data-element_type=\"column\" data-e-type=\"column\">\n\t\t\t<div class=\"elementor-widget-wrap elementor-element-populated\">\n\t\t\t\t\t\t<div class=\"elementor-element elementor-element-a3ea9cb elementor-widget elementor-widget-text-editor\" data-id=\"a3ea9cb\" data-element_type=\"widget\" data-e-type=\"widget\" data-widget_type=\"text-editor.default\">\n\t\t\t\t<div class=\"elementor-widget-container\">\n\t\t\t\t\t\t\t\t\t<p><span style=\"font-size: 12pt\"><strong>Locandina 8 foto di <span style=\"font-family: 'Open Sans', Helvetica, Arial, sans-serif;color: #7a0a0a\">Gloria di Bella<\/span><\/strong><\/span><\/p><p>Gloria nasce e si forma a Messina. Si diploma all\u2019Istituto d\u2019Arte Ernesto Basile e prosegue i suoi studi fino al conseguimento della laurea magistrale in Discipline delle Arti, della Musica e dello Spettacolo.<br \/>Il suo interesse per le arti visive la porta a sperimentare con l\u2019illustrazione e la fotografia. L\u2019amore per le forme e la composizione sono una costante della sua ricerca stilistica. Attualmente vive a Torino dove lavora e prosegue i suoi studi.<\/p>\t\t\t\t\t\t\t\t<\/div>\n\t\t\t\t<\/div>\n\t\t\t\t<div class=\"elementor-element elementor-element-d898631 elementor-widget-divider--view-line elementor-widget elementor-widget-divider\" data-id=\"d898631\" data-element_type=\"widget\" data-e-type=\"widget\" data-widget_type=\"divider.default\">\n\t\t\t\t<div class=\"elementor-widget-container\">\n\t\t\t\t\t\t\t<div class=\"elementor-divider\">\n\t\t\t<span class=\"elementor-divider-separator\">\n\t\t\t\t\t\t<\/span>\n\t\t<\/div>\n\t\t\t\t\t\t<\/div>\n\t\t\t\t<\/div>\n\t\t\t\t<div class=\"elementor-element elementor-element-b556db9 elementor-widget elementor-widget-text-editor\" data-id=\"b556db9\" data-element_type=\"widget\" data-e-type=\"widget\" data-widget_type=\"text-editor.default\">\n\t\t\t\t<div class=\"elementor-widget-container\">\n\t\t\t\t\t\t\t\t\t<p><span style=\"color: #7a0a0a\"><em>L\u2019opera dal titolo <strong>duevoltenessuno\u00a0<\/strong>\u00e8 il negativo digitale di un doppio ritratto in bianco e nero a lunga esposizione realizzato nel 2013.<br \/>L\u2019immagine vuole liberarsi da qualsiasi tipo d\u2019identificazione possibile.<br \/>Le figure hanno i volti coperti dal movimento delle loro chiome le quali, attraverso una forte carica emotiva, regalano alla staticit\u00e0 del ritratto un punto d\u2019attrazione dinamica. La loro potenza comunicativa priva di forme precise, rende possibile che si guardino senza avere occhi, che si parlino stando in silenzio. Sono due volte nessuno e perci\u00f2 possono essere tutto.<\/em><\/span><\/p>\t\t\t\t\t\t\t\t<\/div>\n\t\t\t\t<\/div>\n\t\t\t\t\t<\/div>\n\t\t<\/div>\n\t\t\t\t\t<\/div>\n\t\t<\/section>\n\t\t\t\t\t<\/div>\n\t\t<\/div>\n\t\t\t\t\t<\/div>\n\t\t<\/section>\n\t\t\t\t<section class=\"elementor-section elementor-top-section elementor-element elementor-element-6078e04 elementor-section-boxed elementor-section-height-default elementor-section-height-default\" data-id=\"6078e04\" data-element_type=\"section\" data-e-type=\"section\">\n\t\t\t\t\t\t<div class=\"elementor-container elementor-column-gap-default\">\n\t\t\t\t\t<div class=\"elementor-column elementor-col-100 elementor-top-column elementor-element elementor-element-9d7ff0e\" data-id=\"9d7ff0e\" data-element_type=\"column\" data-e-type=\"column\">\n\t\t\t<div class=\"elementor-widget-wrap elementor-element-populated\">\n\t\t\t\t\t\t<section class=\"elementor-section elementor-inner-section elementor-element elementor-element-4279577 elementor-section-boxed elementor-section-height-default elementor-section-height-default\" data-id=\"4279577\" data-element_type=\"section\" data-e-type=\"section\">\n\t\t\t\t\t\t\t<div class=\"elementor-background-overlay\"><\/div>\n\t\t\t\t\t\t\t<div class=\"elementor-container elementor-column-gap-default\">\n\t\t\t\t\t<div class=\"elementor-column elementor-col-50 elementor-inner-column elementor-element elementor-element-d394e01\" data-id=\"d394e01\" data-element_type=\"column\" data-e-type=\"column\">\n\t\t\t<div class=\"elementor-widget-wrap elementor-element-populated\">\n\t\t\t\t\t\t<div class=\"elementor-element elementor-element-4e9cdbb elementor-widget elementor-widget-image\" data-id=\"4e9cdbb\" data-element_type=\"widget\" data-e-type=\"widget\" data-widget_type=\"image.default\">\n\t\t\t\t<div class=\"elementor-widget-container\">\n\t\t\t\t\t\t\t\t\t\t\t\t\t\t\t<img loading=\"lazy\" decoding=\"async\" width=\"1024\" height=\"857\" src=\"https:\/\/portale2.unime.it\/pluralismi\/wp-content\/uploads\/sites\/18\/2021\/02\/cuce-1024x857.jpg\" class=\"attachment-large size-large wp-image-1744\" alt=\"\" srcset=\"https:\/\/portale2.unime.it\/pluralismi\/wp-content\/uploads\/sites\/18\/2021\/02\/cuce-1024x857.jpg 1024w, https:\/\/portale2.unime.it\/pluralismi\/wp-content\/uploads\/sites\/18\/2021\/02\/cuce-300x251.jpg 300w, https:\/\/portale2.unime.it\/pluralismi\/wp-content\/uploads\/sites\/18\/2021\/02\/cuce-768x642.jpg 768w, https:\/\/portale2.unime.it\/pluralismi\/wp-content\/uploads\/sites\/18\/2021\/02\/cuce-1536x1285.jpg 1536w, https:\/\/portale2.unime.it\/pluralismi\/wp-content\/uploads\/sites\/18\/2021\/02\/cuce-1568x1312.jpg 1568w, https:\/\/portale2.unime.it\/pluralismi\/wp-content\/uploads\/sites\/18\/2021\/02\/cuce.jpg 1908w\" sizes=\"(max-width: 1024px) 100vw, 1024px\" style=\"width:100%;height:83.65%;max-width:1908px\" \/>\t\t\t\t\t\t\t\t\t\t\t\t\t\t\t<\/div>\n\t\t\t\t<\/div>\n\t\t\t\t<div class=\"elementor-element elementor-element-b1b4ee5 elementor-widget elementor-widget-text-editor\" data-id=\"b1b4ee5\" data-element_type=\"widget\" data-e-type=\"widget\" data-widget_type=\"text-editor.default\">\n\t\t\t\t<div class=\"elementor-widget-container\">\n\t\t\t\t\t\t\t\t\t<p><a href=\"https:\/\/www.instagram.com\/sara_cuce\/\">instagram<\/a><\/p>\t\t\t\t\t\t\t\t<\/div>\n\t\t\t\t<\/div>\n\t\t\t\t\t<\/div>\n\t\t<\/div>\n\t\t\t\t<div class=\"elementor-column elementor-col-50 elementor-inner-column elementor-element elementor-element-763a3f1\" data-id=\"763a3f1\" data-element_type=\"column\" data-e-type=\"column\">\n\t\t\t<div class=\"elementor-widget-wrap elementor-element-populated\">\n\t\t\t\t\t\t<div class=\"elementor-element elementor-element-5d403f3 elementor-widget elementor-widget-text-editor\" data-id=\"5d403f3\" data-element_type=\"widget\" data-e-type=\"widget\" data-widget_type=\"text-editor.default\">\n\t\t\t\t<div class=\"elementor-widget-container\">\n\t\t\t\t\t\t\t\t\t<p><span style=\"font-size: 12pt\"><strong>Locandina 9 foto di <span style=\"font-family: 'Open Sans', Helvetica, Arial, sans-serif;color: #7a0a0a\">Sara Cuc\u00e8\u00a0<\/span><\/strong><\/span><\/p><p>Sara Cuc\u00e8 \u00e8 una fotografa siciliana che vive e lavora a Londra da 8 anni. Spinta da un forte senso dell\u2019avventura e da una profonda passione per la fotografia, si trasferisce a Londra nel 2012 ed intraprende un percorso di studi che culminer\u00e0 in una laurea con lode in Fotografia alla London Metropolitan University nel 2017.\u00a0Nel corso di questi anni si dedica a diversi progetti fotografici che si focalizzano su tematiche molto personali, che sfociano spesso in un racconto fotografico intimo, nel diario fotografico visuale. Il filo conduttore del suo lavoro si ritrova in riflessioni sull\u2019essere, sull\u2019identit\u00e0 personale e collettiva, sulla rappresentazione, sul mondo che ci circonda, sulla natura e il valore effimero del tempo.<br \/>Con il progetto \u2018This body in no one\u2019s home\u2019, in cui l\u2019artista riflette sul concetto di identit\u00e0, sul dialogo tra corpo materiale e spirituale, sui confini fisici, mentali e morali, l\u2019artista viene selezionata in diverse competizioni internazionali di rilievo, tra cui LensCulture Magnum Photography Award, Magnum Print Swap Shop, Royal Photographic Society IPE 160, Photography on a Postcard 2017 e Photograd Open 2018.<br \/>Durante l\u2019ultimo anno di universit\u00e0, lavora su un progetto coerente ed unitario, intitolato \u2018Too much information\u2019 che tratta le tematiche del bombardamento mediatico, le conseguenze della troppa informazione, la natura dell\u2019informazione e della trasmissione delle informazioni nella realt\u00e0 contemporanea. Con questo progetto, che espone alla London Metropolitan University, diventa la prima studentessa italiana a vincere il Metro Imaging Mentorship Awards. Negli anni successivi alla laurea, i suoi lavori vengono selezionati ed inclusi in diverse mostre collettive itineranti in tutto il Regno Unito.<\/p>\t\t\t\t\t\t\t\t<\/div>\n\t\t\t\t<\/div>\n\t\t\t\t<div class=\"elementor-element elementor-element-d64509f elementor-widget-divider--view-line elementor-widget elementor-widget-divider\" data-id=\"d64509f\" data-element_type=\"widget\" data-e-type=\"widget\" data-widget_type=\"divider.default\">\n\t\t\t\t<div class=\"elementor-widget-container\">\n\t\t\t\t\t\t\t<div class=\"elementor-divider\">\n\t\t\t<span class=\"elementor-divider-separator\">\n\t\t\t\t\t\t<\/span>\n\t\t<\/div>\n\t\t\t\t\t\t<\/div>\n\t\t\t\t<\/div>\n\t\t\t\t<div class=\"elementor-element elementor-element-5879dda elementor-widget elementor-widget-text-editor\" data-id=\"5879dda\" data-element_type=\"widget\" data-e-type=\"widget\" data-widget_type=\"text-editor.default\">\n\t\t\t\t<div class=\"elementor-widget-container\">\n\t\t\t\t\t\t\t\t\t<p><span style=\"color: #7a0a0a\"><em>Nel 2018 realizza la sua prima mostra personale a Londra, intitolata \u2018Memory of the eyes\u2019, progetto da cui \u00e8 tratta l\u2019opera <i>\u2018<strong>Mannequin<\/strong>\u2019, the geometry of solitude\u2019.<br \/><\/i>Sara ha una profonda passione per la fotografia analogica, per il valore artigianale della fotografia, che puoi \u2018lavorare con mano\u2019 in camera oscura, un posto in cui sente di poter sciogliere la matassa dei suoi pensieri su carta fotografica, che dona valore all\u2019atto fotografico poich\u00e9 gli concede il tempo.<\/em><\/span><\/p><p>\u00a0<\/p><p>I progetti pi\u00f9 recenti, tra cui\u00a0<i>\u2018Memory of the eyes\u2019<\/i>\u00a0e\u00a0<i>\u2018Non voglio vedere\u2019<\/i>, parlano di memorie, di passato e presente, di tempo tiranno, dei segni del tempo e delle assenze, della mancanza. Si parla di viaggi e di ritorni, tra cui un ritorno a se stessi, alla natura, alla genuinit\u00e0 delle cose semplici, che sono anche quelle pi\u00f9 vere.\u00a0\u201c<\/p>\t\t\t\t\t\t\t\t<\/div>\n\t\t\t\t<\/div>\n\t\t\t\t\t<\/div>\n\t\t<\/div>\n\t\t\t\t\t<\/div>\n\t\t<\/section>\n\t\t\t\t\t<\/div>\n\t\t<\/div>\n\t\t\t\t\t<\/div>\n\t\t<\/section>\n\t\t\t\t<section class=\"elementor-section elementor-top-section elementor-element elementor-element-5bdbd0f elementor-section-boxed elementor-section-height-default elementor-section-height-default\" data-id=\"5bdbd0f\" data-element_type=\"section\" data-e-type=\"section\">\n\t\t\t\t\t\t<div class=\"elementor-container elementor-column-gap-default\">\n\t\t\t\t\t<div class=\"elementor-column elementor-col-100 elementor-top-column elementor-element elementor-element-b936daa\" data-id=\"b936daa\" data-element_type=\"column\" data-e-type=\"column\">\n\t\t\t<div class=\"elementor-widget-wrap elementor-element-populated\">\n\t\t\t\t\t\t<section class=\"elementor-section elementor-inner-section elementor-element elementor-element-301fbda elementor-section-boxed elementor-section-height-default elementor-section-height-default\" data-id=\"301fbda\" data-element_type=\"section\" data-e-type=\"section\">\n\t\t\t\t\t\t\t<div class=\"elementor-background-overlay\"><\/div>\n\t\t\t\t\t\t\t<div class=\"elementor-container elementor-column-gap-default\">\n\t\t\t\t\t<div class=\"elementor-column elementor-col-50 elementor-inner-column elementor-element elementor-element-c3f8c09\" data-id=\"c3f8c09\" data-element_type=\"column\" data-e-type=\"column\">\n\t\t\t<div class=\"elementor-widget-wrap elementor-element-populated\">\n\t\t\t\t\t\t<div class=\"elementor-element elementor-element-373bc58 elementor-widget elementor-widget-image\" data-id=\"373bc58\" data-element_type=\"widget\" data-e-type=\"widget\" data-widget_type=\"image.default\">\n\t\t\t\t<div class=\"elementor-widget-container\">\n\t\t\t\t\t\t\t\t\t\t\t\t\t\t\t<img loading=\"lazy\" decoding=\"async\" width=\"354\" height=\"354\" src=\"https:\/\/portale2.unime.it\/pluralismi\/wp-content\/uploads\/sites\/18\/2021\/02\/serio.jpg\" class=\"attachment-large size-large wp-image-1659\" alt=\"\" srcset=\"https:\/\/portale2.unime.it\/pluralismi\/wp-content\/uploads\/sites\/18\/2021\/02\/serio.jpg 354w, https:\/\/portale2.unime.it\/pluralismi\/wp-content\/uploads\/sites\/18\/2021\/02\/serio-300x300.jpg 300w, https:\/\/portale2.unime.it\/pluralismi\/wp-content\/uploads\/sites\/18\/2021\/02\/serio-150x150.jpg 150w\" sizes=\"(max-width: 354px) 100vw, 354px\" style=\"width:100%;height:100%;max-width:354px\" \/>\t\t\t\t\t\t\t\t\t\t\t\t\t\t\t<\/div>\n\t\t\t\t<\/div>\n\t\t\t\t\t<\/div>\n\t\t<\/div>\n\t\t\t\t<div class=\"elementor-column elementor-col-50 elementor-inner-column elementor-element elementor-element-fb29b1d\" data-id=\"fb29b1d\" data-element_type=\"column\" data-e-type=\"column\">\n\t\t\t<div class=\"elementor-widget-wrap elementor-element-populated\">\n\t\t\t\t\t\t<div class=\"elementor-element elementor-element-ee1c566 elementor-widget elementor-widget-text-editor\" data-id=\"ee1c566\" data-element_type=\"widget\" data-e-type=\"widget\" data-widget_type=\"text-editor.default\">\n\t\t\t\t<div class=\"elementor-widget-container\">\n\t\t\t\t\t\t\t\t\t<p><span style=\"font-size: 12pt\"><strong>Locandina 10 foto di <span style=\"font-family: 'Open Sans', Helvetica, Arial, sans-serif;color: #7a0a0a\">Gaetano Serio\u00a0<\/span><\/strong><\/span><\/p><p>Avvocato di professione. Fotografo per necessit\u00e0. Dal 2012 la fotografia \u00e8 il mio modo per vincere l\u2019indifferenza. Ho iniziato fotografando quello che mi stava pi\u00f9 vicino: la strada, le persone, quello che accade.<br \/>E continuo a farlo, con grande emozione. Vincitore nel 2019 del concorso fotografico \u201cViaggio Racconto Memoria\u201d organizzato in occasione della mostra di Ferdinando Scianna alla Galleria d\u2019Arte Moderna di Palermo, nella sezione \u201cMemoria\u201d, le mie fotografie, insieme alla foto vincitrice, sono state esposte nel 2020 alla GAM di Palermo.<\/p>\t\t\t\t\t\t\t\t<\/div>\n\t\t\t\t<\/div>\n\t\t\t\t<div class=\"elementor-element elementor-element-765496c elementor-widget-divider--view-line elementor-widget elementor-widget-divider\" data-id=\"765496c\" data-element_type=\"widget\" data-e-type=\"widget\" data-widget_type=\"divider.default\">\n\t\t\t\t<div class=\"elementor-widget-container\">\n\t\t\t\t\t\t\t<div class=\"elementor-divider\">\n\t\t\t<span class=\"elementor-divider-separator\">\n\t\t\t\t\t\t<\/span>\n\t\t<\/div>\n\t\t\t\t\t\t<\/div>\n\t\t\t\t<\/div>\n\t\t\t\t<div class=\"elementor-element elementor-element-23c0337 elementor-widget elementor-widget-text-editor\" data-id=\"23c0337\" data-element_type=\"widget\" data-e-type=\"widget\" data-widget_type=\"text-editor.default\">\n\t\t\t\t<div class=\"elementor-widget-container\">\n\t\t\t\t\t\t\t\t\t<p><span style=\"color: #7a0a0a\"><em>Un corpo, chiuso in un fotografia, vandalizzato, mortificato dall\u2019accumulazione seriale di un senzatetto. Eppure quella bellezza (r)esiste (anche al tempo: dopo tanti anni quella vetrina \u00cb ancora l\u00cf, come l\u2019ho fotografata nel 2016). E\u2019 l\u2019immagine della resistenza della donna e del suo corpo, che si fanno bellezza.\u00a0<\/em><\/span><\/p>\t\t\t\t\t\t\t\t<\/div>\n\t\t\t\t<\/div>\n\t\t\t\t\t<\/div>\n\t\t<\/div>\n\t\t\t\t\t<\/div>\n\t\t<\/section>\n\t\t\t\t\t<\/div>\n\t\t<\/div>\n\t\t\t\t\t<\/div>\n\t\t<\/section>\n\t\t\t\t<section class=\"elementor-section elementor-top-section elementor-element elementor-element-503ea20 elementor-section-boxed elementor-section-height-default elementor-section-height-default\" data-id=\"503ea20\" data-element_type=\"section\" data-e-type=\"section\">\n\t\t\t\t\t\t<div class=\"elementor-container elementor-column-gap-default\">\n\t\t\t\t\t<div class=\"elementor-column elementor-col-100 elementor-top-column elementor-element elementor-element-ac92e2b\" data-id=\"ac92e2b\" data-element_type=\"column\" data-e-type=\"column\">\n\t\t\t<div class=\"elementor-widget-wrap elementor-element-populated\">\n\t\t\t\t\t\t<section class=\"elementor-section elementor-inner-section elementor-element elementor-element-81436ef elementor-section-boxed elementor-section-height-default elementor-section-height-default\" data-id=\"81436ef\" data-element_type=\"section\" data-e-type=\"section\">\n\t\t\t\t\t\t\t<div class=\"elementor-background-overlay\"><\/div>\n\t\t\t\t\t\t\t<div class=\"elementor-container elementor-column-gap-default\">\n\t\t\t\t\t<div class=\"elementor-column elementor-col-50 elementor-inner-column elementor-element elementor-element-599f8ce\" data-id=\"599f8ce\" data-element_type=\"column\" data-e-type=\"column\">\n\t\t\t<div class=\"elementor-widget-wrap elementor-element-populated\">\n\t\t\t\t\t\t<div class=\"elementor-element elementor-element-62d0e37 elementor-widget elementor-widget-image\" data-id=\"62d0e37\" data-element_type=\"widget\" data-e-type=\"widget\" data-widget_type=\"image.default\">\n\t\t\t\t<div class=\"elementor-widget-container\">\n\t\t\t\t\t\t\t\t\t\t\t\t\t\t\t<img loading=\"lazy\" decoding=\"async\" width=\"354\" height=\"354\" src=\"https:\/\/portale2.unime.it\/pluralismi\/wp-content\/uploads\/sites\/18\/2021\/02\/sutera-1.jpg\" class=\"attachment-large size-large wp-image-1701\" alt=\"\" srcset=\"https:\/\/portale2.unime.it\/pluralismi\/wp-content\/uploads\/sites\/18\/2021\/02\/sutera-1.jpg 354w, https:\/\/portale2.unime.it\/pluralismi\/wp-content\/uploads\/sites\/18\/2021\/02\/sutera-1-300x300.jpg 300w, https:\/\/portale2.unime.it\/pluralismi\/wp-content\/uploads\/sites\/18\/2021\/02\/sutera-1-150x150.jpg 150w\" sizes=\"(max-width: 354px) 100vw, 354px\" style=\"width:100%;height:100%;max-width:354px\" \/>\t\t\t\t\t\t\t\t\t\t\t\t\t\t\t<\/div>\n\t\t\t\t<\/div>\n\t\t\t\t<div class=\"elementor-element elementor-element-d6021dd elementor-widget elementor-widget-text-editor\" data-id=\"d6021dd\" data-element_type=\"widget\" data-e-type=\"widget\" data-widget_type=\"text-editor.default\">\n\t\t\t\t<div class=\"elementor-widget-container\">\n\t\t\t\t\t\t\t\t\t<p><a href=\"http:\/\/www.carlasuterasardo.com\">www.carlasuterasardo.com<\/a><\/p>\t\t\t\t\t\t\t\t<\/div>\n\t\t\t\t<\/div>\n\t\t\t\t\t<\/div>\n\t\t<\/div>\n\t\t\t\t<div class=\"elementor-column elementor-col-50 elementor-inner-column elementor-element elementor-element-2978d93\" data-id=\"2978d93\" data-element_type=\"column\" data-e-type=\"column\">\n\t\t\t<div class=\"elementor-widget-wrap elementor-element-populated\">\n\t\t\t\t\t\t<div class=\"elementor-element elementor-element-0615a7f elementor-widget elementor-widget-text-editor\" data-id=\"0615a7f\" data-element_type=\"widget\" data-e-type=\"widget\" data-widget_type=\"text-editor.default\">\n\t\t\t\t<div class=\"elementor-widget-container\">\n\t\t\t\t\t\t\t\t\t<p><span style=\"font-size: 12pt\"><strong>Locandina 11 foto di <span style=\"font-family: 'Open Sans', Helvetica, Arial, sans-serif;color: #7a0a0a\">Carla Sutera Sardo\u00a0<\/span><\/strong><\/span><\/p><p class=\"font_9\">Mi chiamo Carla Sutera Sardo e sono nata in Sicilia nel 1983. Inizio a fotografarea vent\u2019anni e dopo la laurea in giurisprudenza decido di dedicare la mia vita a questa meravigliosa arte. Il mio approccio alla fotografia \u00e8 da autodidatta e la mia ricerca si concentra sulla donna e sulla comunicazione tra corpi e paesaggi.<\/p><p class=\"font_9\">MOSTRE:<br \/>2017 Sony World Photography Awards \u2013 \u201cSomerset House\u201d Londra; 2017 Paratissima 13 -\u201cCaserma La Marmora\u201d Torino; 2017 \u201cArt on a Postcard\u201d Londra 2017 \u201cGALLERIA ADG\u201d Firenze; 2018 Mostra personale \u201cFable and the othersstories\u201d Palermo; 2018 \u201cVisions\u201d Zhengzhou Cina; 2019 \u201cImage Nation Paris\u201d Parigi.<br \/>PUBBLICAZIONI:<br \/>\u201cL\u2019oeil de la Photographie\u201d 2017; \u201cVogue Italia Photovogue\u201d; \u201cLYUN\u2019FASHION\u201d 2019; \u201cIconic Artist Magazine\u201d 2020; \u201cRivista Haute Punch\u201d 2020; \u201cA BOOK OF BEAUTY\u201d 2020\u2033; \u201cBring me magazine\u201d 2020.<br \/>PREMI:<br \/>Vincitrice \u201cADG GALLERY\u201d Firenze 2018; finalista ai \u201cSONY WORLD PHOTOGRAPHY AWARDS\u201d Londra 2017; Vincitrice borsa di studio \u201cWORKSHOP EXPERIENCE\u201d Madrid 2019; finalista al \u201cSIPAPHOTOGRAPHY AWARDS\u201d 2019 Siena; Vincetrice al PRIX DE LA PHOTOGRAPHIE PX3 \u201cSTATE OF THE WORLD PARIGI 2020.<\/p>\t\t\t\t\t\t\t\t<\/div>\n\t\t\t\t<\/div>\n\t\t\t\t<div class=\"elementor-element elementor-element-8ef4634 elementor-widget-divider--view-line elementor-widget elementor-widget-divider\" data-id=\"8ef4634\" data-element_type=\"widget\" data-e-type=\"widget\" data-widget_type=\"divider.default\">\n\t\t\t\t<div class=\"elementor-widget-container\">\n\t\t\t\t\t\t\t<div class=\"elementor-divider\">\n\t\t\t<span class=\"elementor-divider-separator\">\n\t\t\t\t\t\t<\/span>\n\t\t<\/div>\n\t\t\t\t\t\t<\/div>\n\t\t\t\t<\/div>\n\t\t\t\t<div class=\"elementor-element elementor-element-d37fe2b elementor-widget elementor-widget-text-editor\" data-id=\"d37fe2b\" data-element_type=\"widget\" data-e-type=\"widget\" data-widget_type=\"text-editor.default\">\n\t\t\t\t<div class=\"elementor-widget-container\">\n\t\t\t\t\t\t\t\t\t<p><span style=\"color: #7a0a0a\"><em><strong>Camouflage<\/strong>\u00a0fa parte di un progetto su cui ho lavorato diversi anni fa: punta sul concetto di identit\u00e0 che si perde e confonde a volte con il contesto (come nel caso dei camouflage) altre con quella altrui, non riuscendo a definire i confini della propria individualit\u00e0 e peculiarit\u00e0 distintiva rispetto all\u2019alterit\u00e0.<\/em><\/span><\/p>\t\t\t\t\t\t\t\t<\/div>\n\t\t\t\t<\/div>\n\t\t\t\t\t<\/div>\n\t\t<\/div>\n\t\t\t\t\t<\/div>\n\t\t<\/section>\n\t\t\t\t\t<\/div>\n\t\t<\/div>\n\t\t\t\t\t<\/div>\n\t\t<\/section>\n\t\t\t\t<section class=\"elementor-section elementor-top-section elementor-element elementor-element-7114458 elementor-section-boxed elementor-section-height-default elementor-section-height-default\" data-id=\"7114458\" data-element_type=\"section\" data-e-type=\"section\">\n\t\t\t\t\t\t<div class=\"elementor-container elementor-column-gap-default\">\n\t\t\t\t\t<div class=\"elementor-column elementor-col-100 elementor-top-column elementor-element elementor-element-81f1126\" data-id=\"81f1126\" data-element_type=\"column\" data-e-type=\"column\">\n\t\t\t<div class=\"elementor-widget-wrap elementor-element-populated\">\n\t\t\t\t\t\t<section class=\"elementor-section elementor-inner-section elementor-element elementor-element-cfb4f27 elementor-section-boxed elementor-section-height-default elementor-section-height-default\" data-id=\"cfb4f27\" data-element_type=\"section\" data-e-type=\"section\">\n\t\t\t\t\t\t\t<div class=\"elementor-background-overlay\"><\/div>\n\t\t\t\t\t\t\t<div class=\"elementor-container elementor-column-gap-default\">\n\t\t\t\t\t<div class=\"elementor-column elementor-col-50 elementor-inner-column elementor-element elementor-element-9ea8b7a\" data-id=\"9ea8b7a\" data-element_type=\"column\" data-e-type=\"column\">\n\t\t\t<div class=\"elementor-widget-wrap elementor-element-populated\">\n\t\t\t\t\t\t<div class=\"elementor-element elementor-element-f87d0b5 elementor-widget elementor-widget-image\" data-id=\"f87d0b5\" data-element_type=\"widget\" data-e-type=\"widget\" data-widget_type=\"image.default\">\n\t\t\t\t<div class=\"elementor-widget-container\">\n\t\t\t\t\t\t\t\t\t\t\t\t\t\t\t<img loading=\"lazy\" decoding=\"async\" width=\"522\" height=\"478\" src=\"https:\/\/portale2.unime.it\/pluralismi\/wp-content\/uploads\/sites\/18\/2021\/04\/Schermata-2021-04-21-alle-17.16.55.png\" class=\"attachment-large size-large wp-image-1899\" alt=\"\" srcset=\"https:\/\/portale2.unime.it\/pluralismi\/wp-content\/uploads\/sites\/18\/2021\/04\/Schermata-2021-04-21-alle-17.16.55.png 522w, https:\/\/portale2.unime.it\/pluralismi\/wp-content\/uploads\/sites\/18\/2021\/04\/Schermata-2021-04-21-alle-17.16.55-300x275.png 300w\" sizes=\"(max-width: 522px) 100vw, 522px\" style=\"width:100%;height:91.57%;max-width:522px\" \/>\t\t\t\t\t\t\t\t\t\t\t\t\t\t\t<\/div>\n\t\t\t\t<\/div>\n\t\t\t\t\t<\/div>\n\t\t<\/div>\n\t\t\t\t<div class=\"elementor-column elementor-col-50 elementor-inner-column elementor-element elementor-element-bb5b11b\" data-id=\"bb5b11b\" data-element_type=\"column\" data-e-type=\"column\">\n\t\t\t<div class=\"elementor-widget-wrap elementor-element-populated\">\n\t\t\t\t\t\t<div class=\"elementor-element elementor-element-6c73345 elementor-widget elementor-widget-text-editor\" data-id=\"6c73345\" data-element_type=\"widget\" data-e-type=\"widget\" data-widget_type=\"text-editor.default\">\n\t\t\t\t<div class=\"elementor-widget-container\">\n\t\t\t\t\t\t\t\t\t<p><span style=\"font-size: 12pt\"><strong>Locandina Dialoghi 3 foto di <span style=\"font-family: 'Open Sans', Helvetica, Arial, sans-serif;color: #7a0a0a\">Vincenzo Costantino\u00a0<\/span><\/strong><\/span><\/p><p class=\"font_9\">Documentarista e fotografo professionista, nasce nella provincia di Messina. Comincia i sui studi presso l\u2019universita\u0300 di Messina nella Facolta\u0300 di scienze della comunicazione, ma 2 anni dopo interrompera\u0300 per poi diplomarsi nella scuola nazionale di Cinema Italiana \u2013 Centro Sperimentale di cinematografia come regista di documentari. Durante gli studi presso il centro sperimentale perfeziona la sua tecnica di sviluppo e stampa della pellicola fotografica. La magia della camera oscura e ancor di piu\u0300 quella della pellicola, che cattura il tempo documentandolo e impressionandolo in una fotografia, diventa il suo mezzo di espressione. Tanto forte e\u0300 la passione per la fotografia analogica, che lo porta a usare la pellicola fotografica sperimentando nel suo primo documentario Lace me tightly, 2018. Ispirandosi al film La jete\u0301e,1962 del maestro francese Chris Marker. Vincenzo crea un documentario di sole foto che raccontano la vita di Dario un giovane che attraverso il corsetto ha scoperto se stesso e fatto emergere la sua vera identita\u0300. Dal 2018 vive e svolge la sua professione di fotografo e documentarista in Inghilterra, prossima la pubblicazione in UK ed Italia del suo nuovo progetto #MenInLockdown, uno sguardo sul panorama Queer inglese durante il primo lockdown del 2020 di Londra.<\/p>\t\t\t\t\t\t\t\t<\/div>\n\t\t\t\t<\/div>\n\t\t\t\t\t<\/div>\n\t\t<\/div>\n\t\t\t\t\t<\/div>\n\t\t<\/section>\n\t\t\t\t\t<\/div>\n\t\t<\/div>\n\t\t\t\t\t<\/div>\n\t\t<\/section>\n\t\t\t\t<section class=\"elementor-section elementor-top-section elementor-element elementor-element-95c93a4 elementor-section-boxed elementor-section-height-default elementor-section-height-default\" data-id=\"95c93a4\" data-element_type=\"section\" data-e-type=\"section\">\n\t\t\t\t\t\t<div class=\"elementor-container elementor-column-gap-default\">\n\t\t\t\t\t<div class=\"elementor-column elementor-col-100 elementor-top-column elementor-element elementor-element-87ff9fe\" data-id=\"87ff9fe\" data-element_type=\"column\" data-e-type=\"column\">\n\t\t\t<div class=\"elementor-widget-wrap elementor-element-populated\">\n\t\t\t\t\t\t<section class=\"elementor-section elementor-inner-section elementor-element elementor-element-5ca9b89 elementor-section-boxed elementor-section-height-default elementor-section-height-default\" data-id=\"5ca9b89\" data-element_type=\"section\" data-e-type=\"section\">\n\t\t\t\t\t\t\t<div class=\"elementor-background-overlay\"><\/div>\n\t\t\t\t\t\t\t<div class=\"elementor-container elementor-column-gap-default\">\n\t\t\t\t\t<div class=\"elementor-column elementor-col-50 elementor-inner-column elementor-element elementor-element-7893834\" data-id=\"7893834\" data-element_type=\"column\" data-e-type=\"column\">\n\t\t\t<div class=\"elementor-widget-wrap elementor-element-populated\">\n\t\t\t\t\t\t<div class=\"elementor-element elementor-element-0b77f25 elementor-widget elementor-widget-image\" data-id=\"0b77f25\" data-element_type=\"widget\" data-e-type=\"widget\" data-widget_type=\"image.default\">\n\t\t\t\t<div class=\"elementor-widget-container\">\n\t\t\t\t\t\t\t\t\t\t\t\t\t\t\t<img loading=\"lazy\" decoding=\"async\" width=\"810\" height=\"718\" src=\"https:\/\/portale2.unime.it\/pluralismi\/wp-content\/uploads\/sites\/18\/2021\/04\/Schermata-2021-04-01-alle-12.30.29.png\" class=\"attachment-large size-large wp-image-1853\" alt=\"\" srcset=\"https:\/\/portale2.unime.it\/pluralismi\/wp-content\/uploads\/sites\/18\/2021\/04\/Schermata-2021-04-01-alle-12.30.29.png 810w, https:\/\/portale2.unime.it\/pluralismi\/wp-content\/uploads\/sites\/18\/2021\/04\/Schermata-2021-04-01-alle-12.30.29-300x266.png 300w, https:\/\/portale2.unime.it\/pluralismi\/wp-content\/uploads\/sites\/18\/2021\/04\/Schermata-2021-04-01-alle-12.30.29-768x681.png 768w\" sizes=\"(max-width: 810px) 100vw, 810px\" style=\"width:100%;height:88.64%;max-width:810px\" \/>\t\t\t\t\t\t\t\t\t\t\t\t\t\t\t<\/div>\n\t\t\t\t<\/div>\n\t\t\t\t<div class=\"elementor-element elementor-element-a774ab8 elementor-widget elementor-widget-text-editor\" data-id=\"a774ab8\" data-element_type=\"widget\" data-e-type=\"widget\" data-widget_type=\"text-editor.default\">\n\t\t\t\t<div class=\"elementor-widget-container\">\n\t\t\t\t\t\t\t\t\t<p><a href=\"https:\/\/www.marcopavone.it\/\">www.marcopavone.it<\/a><\/p>\t\t\t\t\t\t\t\t<\/div>\n\t\t\t\t<\/div>\n\t\t\t\t\t<\/div>\n\t\t<\/div>\n\t\t\t\t<div class=\"elementor-column elementor-col-50 elementor-inner-column elementor-element elementor-element-1f689ed\" data-id=\"1f689ed\" data-element_type=\"column\" data-e-type=\"column\">\n\t\t\t<div class=\"elementor-widget-wrap elementor-element-populated\">\n\t\t\t\t\t\t<div class=\"elementor-element elementor-element-98e31b1 elementor-widget elementor-widget-text-editor\" data-id=\"98e31b1\" data-element_type=\"widget\" data-e-type=\"widget\" data-widget_type=\"text-editor.default\">\n\t\t\t\t<div class=\"elementor-widget-container\">\n\t\t\t\t\t\t\t\t\t<p><span style=\"font-size: 12pt\"><strong>Locandina Dialoghi 1,2,4\u00a0 foto di <span style=\"font-family: 'Open Sans', Helvetica, Arial, sans-serif;color: #7a0a0a\">Marco Pavone &#8211; <\/span><span style=\"font-family: 'Open Sans', Helvetica, Arial, sans-serif\">digital artist<\/span><\/strong><\/span><\/p><p class=\"font_9\">Nato a Messina nel 1981, in Sicilia, Italia. Ha lavorato per oltre dieci anni come web graphic designer senza mai abbandonare la sua passione per la fotografia e l\u2019arte digitale. Soprattutto negli ultimi anni, grazie anche a viaggi e conversazioni con le persone, ha sviluppato questa passione in modo pi\u00f9 concreto con la creazione di opere digitali di tendenza contemporanea \/ surrealista attraverso l\u2019accostamento di varie tipologie di texture. Nella scelta dei temi, dei simboli e dei colori si ispira principalmente alla sua terra e alle problematiche che caratterizzano la contemporaneit\u00e0. Il suo lavoro ha trovato pareri unanimi dalla critica e dal pubblico. Marco Pavone ha partecipato a diverse mostre e collettive d\u2019arte. Nel marzo 2019 Paolo Levi, importante critico d\u2019arte italiano, scriveva sul lavoro dell\u2019artista: \u201cL\u2019artista Marco Pavone ricorre alla tecnologia digitale per trasporre sul supporto la propria filosofia di vita: arte come espressione dei suoi pensieri, riflessioni, interrogativi esistenziali da comunicare e condividere. Accosta pi\u00f9 texture per realizzare arte surreale reinterpretata in chiave moderna ma senza dimenticare il passato che viene inserito per chiudere il cerchio di un\u2019espressione artistica senza tempo e quindi per questo attuale e affascinante\u201d.<\/p>\t\t\t\t\t\t\t\t<\/div>\n\t\t\t\t<\/div>\n\t\t\t\t\t<\/div>\n\t\t<\/div>\n\t\t\t\t\t<\/div>\n\t\t<\/section>\n\t\t\t\t\t<\/div>\n\t\t<\/div>\n\t\t\t\t\t<\/div>\n\t\t<\/section>\n\t\t\t\t<section class=\"elementor-section elementor-top-section elementor-element elementor-element-7cac8e2 elementor-section-boxed elementor-section-height-default elementor-section-height-default\" data-id=\"7cac8e2\" data-element_type=\"section\" data-e-type=\"section\">\n\t\t\t\t\t\t<div class=\"elementor-container elementor-column-gap-default\">\n\t\t\t\t\t<div class=\"elementor-column elementor-col-100 elementor-top-column elementor-element elementor-element-9b4554b\" data-id=\"9b4554b\" data-element_type=\"column\" data-e-type=\"column\">\n\t\t\t<div class=\"elementor-widget-wrap elementor-element-populated\">\n\t\t\t\t\t\t<div class=\"elementor-element elementor-element-5d6ed76 elementor-widget elementor-widget-spacer\" data-id=\"5d6ed76\" data-element_type=\"widget\" data-e-type=\"widget\" data-widget_type=\"spacer.default\">\n\t\t\t\t<div class=\"elementor-widget-container\">\n\t\t\t\t\t\t\t<div class=\"elementor-spacer\">\n\t\t\t<div class=\"elementor-spacer-inner\"><\/div>\n\t\t<\/div>\n\t\t\t\t\t\t<\/div>\n\t\t\t\t<\/div>\n\t\t\t\t\t<\/div>\n\t\t<\/div>\n\t\t\t\t\t<\/div>\n\t\t<\/section>\n\t\t\t\t<\/div>\n\t\t","protected":false},"excerpt":{"rendered":"<p>PLURALISMI EDIZIONE 2021 PRESENTAZIONE L\u2019iniziativa nasce all\u2019interno della\u00a0mission\u00a0del\u00a0Dipartimento di Scienze Cognitive, Psicologiche, Pedagogiche e Studi Culturali\u00a0dell\u2019\u00a0Universit\u00e0 degli Studi di \u00a0Messina\u00a0che gi\u00e0 dall\u2019anno accademico 2019\/20 offre la possibilit\u00e0 di proporre idee su approfondimenti di carattere scientifico, culturale e sociale su tematiche di interesse e rilevanza attuale. Questa cornice, in linea con la particolare attenzione dell\u2019 Ateneo&hellip; <a class=\"more-link\" href=\"https:\/\/portale2.unime.it\/pluralismi\/edizione-2021\/\">Continua a leggere <span class=\"screen-reader-text\">EDIZIONE 2021<\/span><\/a><\/p>\n","protected":false},"author":1,"featured_media":0,"parent":0,"menu_order":0,"comment_status":"closed","ping_status":"closed","template":"elementor_header_footer","meta":{"footnotes":""},"class_list":["post-2340","page","type-page","status-publish","hentry","entry"],"yoast_head":"<!-- This site is optimized with the Yoast SEO plugin v27.4 - https:\/\/yoast.com\/product\/yoast-seo-wordpress\/ -->\n<title>EDIZIONE 2021 - Pluralismi<\/title>\n<meta name=\"robots\" content=\"index, follow, max-snippet:-1, max-image-preview:large, max-video-preview:-1\" \/>\n<link rel=\"canonical\" href=\"https:\/\/portale2.unime.it\/pluralismi\/edizione-2021\/\" \/>\n<meta property=\"og:locale\" content=\"it_IT\" \/>\n<meta property=\"og:type\" content=\"article\" \/>\n<meta property=\"og:title\" content=\"EDIZIONE 2021 - Pluralismi\" \/>\n<meta property=\"og:description\" content=\"PLURALISMI EDIZIONE 2021 PRESENTAZIONE L\u2019iniziativa nasce all\u2019interno della\u00a0mission\u00a0del\u00a0Dipartimento di Scienze Cognitive, Psicologiche, Pedagogiche e Studi Culturali\u00a0dell\u2019\u00a0Universit\u00e0 degli Studi di \u00a0Messina\u00a0che gi\u00e0 dall\u2019anno accademico 2019\/20 offre la possibilit\u00e0 di proporre idee su approfondimenti di carattere scientifico, culturale e sociale su tematiche di interesse e rilevanza attuale. Questa cornice, in linea con la particolare attenzione dell\u2019 Ateneo&hellip; Continua a leggere EDIZIONE 2021\" \/>\n<meta property=\"og:url\" content=\"https:\/\/portale2.unime.it\/pluralismi\/edizione-2021\/\" \/>\n<meta property=\"og:site_name\" content=\"Pluralismi\" \/>\n<meta property=\"article:modified_time\" content=\"2025-03-18T11:27:25+00:00\" \/>\n<meta property=\"og:image\" content=\"https:\/\/portale2.unime.it\/pluralismi\/wp-content\/uploads\/sites\/18\/2023\/03\/0.Copertina-1-scaled-1.jpg\" \/>\n\t<meta property=\"og:image:width\" content=\"1810\" \/>\n\t<meta property=\"og:image:height\" content=\"2560\" \/>\n\t<meta property=\"og:image:type\" content=\"image\/jpeg\" \/>\n<meta name=\"twitter:card\" content=\"summary_large_image\" \/>\n<meta name=\"twitter:label1\" content=\"Tempo di lettura stimato\" \/>\n\t<meta name=\"twitter:data1\" content=\"42 minuti\" \/>\n<script type=\"application\/ld+json\" class=\"yoast-schema-graph\">{\"@context\":\"https:\\\/\\\/schema.org\",\"@graph\":[{\"@type\":\"WebPage\",\"@id\":\"https:\\\/\\\/portale2.unime.it\\\/pluralismi\\\/edizione-2021\\\/\",\"url\":\"https:\\\/\\\/portale2.unime.it\\\/pluralismi\\\/edizione-2021\\\/\",\"name\":\"EDIZIONE 2021 - Pluralismi\",\"isPartOf\":{\"@id\":\"https:\\\/\\\/pluralismi.unime.it\\\/#website\"},\"primaryImageOfPage\":{\"@id\":\"https:\\\/\\\/portale2.unime.it\\\/pluralismi\\\/edizione-2021\\\/#primaryimage\"},\"image\":{\"@id\":\"https:\\\/\\\/portale2.unime.it\\\/pluralismi\\\/edizione-2021\\\/#primaryimage\"},\"thumbnailUrl\":\"https:\\\/\\\/portale2.unime.it\\\/pluralismi\\\/wp-content\\\/uploads\\\/sites\\\/18\\\/2023\\\/03\\\/0.Copertina-1-scaled-1-724x1024.jpg\",\"datePublished\":\"2023-03-28T09:04:03+00:00\",\"dateModified\":\"2025-03-18T11:27:25+00:00\",\"breadcrumb\":{\"@id\":\"https:\\\/\\\/portale2.unime.it\\\/pluralismi\\\/edizione-2021\\\/#breadcrumb\"},\"inLanguage\":\"it-IT\",\"potentialAction\":[{\"@type\":\"ReadAction\",\"target\":[\"https:\\\/\\\/portale2.unime.it\\\/pluralismi\\\/edizione-2021\\\/\"]}]},{\"@type\":\"ImageObject\",\"inLanguage\":\"it-IT\",\"@id\":\"https:\\\/\\\/portale2.unime.it\\\/pluralismi\\\/edizione-2021\\\/#primaryimage\",\"url\":\"https:\\\/\\\/portale2.unime.it\\\/pluralismi\\\/wp-content\\\/uploads\\\/sites\\\/18\\\/2023\\\/03\\\/0.Copertina-1-scaled-1.jpg\",\"contentUrl\":\"https:\\\/\\\/portale2.unime.it\\\/pluralismi\\\/wp-content\\\/uploads\\\/sites\\\/18\\\/2023\\\/03\\\/0.Copertina-1-scaled-1.jpg\",\"width\":1810,\"height\":2560},{\"@type\":\"BreadcrumbList\",\"@id\":\"https:\\\/\\\/portale2.unime.it\\\/pluralismi\\\/edizione-2021\\\/#breadcrumb\",\"itemListElement\":[{\"@type\":\"ListItem\",\"position\":1,\"name\":\"Home\",\"item\":\"https:\\\/\\\/portale2.unime.it\\\/pluralismi\\\/\"},{\"@type\":\"ListItem\",\"position\":2,\"name\":\"EDIZIONE 2021\"}]},{\"@type\":\"WebSite\",\"@id\":\"https:\\\/\\\/pluralismi.unime.it\\\/#website\",\"url\":\"https:\\\/\\\/pluralismi.unime.it\\\/\",\"name\":\"Pluralismi\",\"description\":\"\",\"publisher\":{\"@id\":\"https:\\\/\\\/pluralismi.unime.it\\\/#organization\"},\"potentialAction\":[{\"@type\":\"SearchAction\",\"target\":{\"@type\":\"EntryPoint\",\"urlTemplate\":\"https:\\\/\\\/pluralismi.unime.it\\\/?s={search_term_string}\"},\"query-input\":{\"@type\":\"PropertyValueSpecification\",\"valueRequired\":true,\"valueName\":\"search_term_string\"}}],\"inLanguage\":\"it-IT\"},{\"@type\":\"Organization\",\"@id\":\"https:\\\/\\\/pluralismi.unime.it\\\/#organization\",\"name\":\"Pluralismi\",\"url\":\"https:\\\/\\\/pluralismi.unime.it\\\/\",\"logo\":{\"@type\":\"ImageObject\",\"inLanguage\":\"it-IT\",\"@id\":\"https:\\\/\\\/pluralismi.unime.it\\\/#\\\/schema\\\/logo\\\/image\\\/\",\"url\":\"https:\\\/\\\/portale2.unime.it\\\/pluralismi\\\/wp-content\\\/uploads\\\/sites\\\/18\\\/2023\\\/04\\\/logo-pluralismi.png\",\"contentUrl\":\"https:\\\/\\\/portale2.unime.it\\\/pluralismi\\\/wp-content\\\/uploads\\\/sites\\\/18\\\/2023\\\/04\\\/logo-pluralismi.png\",\"width\":386,\"height\":124,\"caption\":\"Pluralismi\"},\"image\":{\"@id\":\"https:\\\/\\\/pluralismi.unime.it\\\/#\\\/schema\\\/logo\\\/image\\\/\"}}]}<\/script>\n<!-- \/ Yoast SEO plugin. -->","yoast_head_json":{"title":"EDIZIONE 2021 - Pluralismi","robots":{"index":"index","follow":"follow","max-snippet":"max-snippet:-1","max-image-preview":"max-image-preview:large","max-video-preview":"max-video-preview:-1"},"canonical":"https:\/\/portale2.unime.it\/pluralismi\/edizione-2021\/","og_locale":"it_IT","og_type":"article","og_title":"EDIZIONE 2021 - Pluralismi","og_description":"PLURALISMI EDIZIONE 2021 PRESENTAZIONE L\u2019iniziativa nasce all\u2019interno della\u00a0mission\u00a0del\u00a0Dipartimento di Scienze Cognitive, Psicologiche, Pedagogiche e Studi Culturali\u00a0dell\u2019\u00a0Universit\u00e0 degli Studi di \u00a0Messina\u00a0che gi\u00e0 dall\u2019anno accademico 2019\/20 offre la possibilit\u00e0 di proporre idee su approfondimenti di carattere scientifico, culturale e sociale su tematiche di interesse e rilevanza attuale. Questa cornice, in linea con la particolare attenzione dell\u2019 Ateneo&hellip; Continua a leggere EDIZIONE 2021","og_url":"https:\/\/portale2.unime.it\/pluralismi\/edizione-2021\/","og_site_name":"Pluralismi","article_modified_time":"2025-03-18T11:27:25+00:00","og_image":[{"width":1810,"height":2560,"url":"https:\/\/portale2.unime.it\/pluralismi\/wp-content\/uploads\/sites\/18\/2023\/03\/0.Copertina-1-scaled-1.jpg","type":"image\/jpeg"}],"twitter_card":"summary_large_image","twitter_misc":{"Tempo di lettura stimato":"42 minuti"},"schema":{"@context":"https:\/\/schema.org","@graph":[{"@type":"WebPage","@id":"https:\/\/portale2.unime.it\/pluralismi\/edizione-2021\/","url":"https:\/\/portale2.unime.it\/pluralismi\/edizione-2021\/","name":"EDIZIONE 2021 - Pluralismi","isPartOf":{"@id":"https:\/\/pluralismi.unime.it\/#website"},"primaryImageOfPage":{"@id":"https:\/\/portale2.unime.it\/pluralismi\/edizione-2021\/#primaryimage"},"image":{"@id":"https:\/\/portale2.unime.it\/pluralismi\/edizione-2021\/#primaryimage"},"thumbnailUrl":"https:\/\/portale2.unime.it\/pluralismi\/wp-content\/uploads\/sites\/18\/2023\/03\/0.Copertina-1-scaled-1-724x1024.jpg","datePublished":"2023-03-28T09:04:03+00:00","dateModified":"2025-03-18T11:27:25+00:00","breadcrumb":{"@id":"https:\/\/portale2.unime.it\/pluralismi\/edizione-2021\/#breadcrumb"},"inLanguage":"it-IT","potentialAction":[{"@type":"ReadAction","target":["https:\/\/portale2.unime.it\/pluralismi\/edizione-2021\/"]}]},{"@type":"ImageObject","inLanguage":"it-IT","@id":"https:\/\/portale2.unime.it\/pluralismi\/edizione-2021\/#primaryimage","url":"https:\/\/portale2.unime.it\/pluralismi\/wp-content\/uploads\/sites\/18\/2023\/03\/0.Copertina-1-scaled-1.jpg","contentUrl":"https:\/\/portale2.unime.it\/pluralismi\/wp-content\/uploads\/sites\/18\/2023\/03\/0.Copertina-1-scaled-1.jpg","width":1810,"height":2560},{"@type":"BreadcrumbList","@id":"https:\/\/portale2.unime.it\/pluralismi\/edizione-2021\/#breadcrumb","itemListElement":[{"@type":"ListItem","position":1,"name":"Home","item":"https:\/\/portale2.unime.it\/pluralismi\/"},{"@type":"ListItem","position":2,"name":"EDIZIONE 2021"}]},{"@type":"WebSite","@id":"https:\/\/pluralismi.unime.it\/#website","url":"https:\/\/pluralismi.unime.it\/","name":"Pluralismi","description":"","publisher":{"@id":"https:\/\/pluralismi.unime.it\/#organization"},"potentialAction":[{"@type":"SearchAction","target":{"@type":"EntryPoint","urlTemplate":"https:\/\/pluralismi.unime.it\/?s={search_term_string}"},"query-input":{"@type":"PropertyValueSpecification","valueRequired":true,"valueName":"search_term_string"}}],"inLanguage":"it-IT"},{"@type":"Organization","@id":"https:\/\/pluralismi.unime.it\/#organization","name":"Pluralismi","url":"https:\/\/pluralismi.unime.it\/","logo":{"@type":"ImageObject","inLanguage":"it-IT","@id":"https:\/\/pluralismi.unime.it\/#\/schema\/logo\/image\/","url":"https:\/\/portale2.unime.it\/pluralismi\/wp-content\/uploads\/sites\/18\/2023\/04\/logo-pluralismi.png","contentUrl":"https:\/\/portale2.unime.it\/pluralismi\/wp-content\/uploads\/sites\/18\/2023\/04\/logo-pluralismi.png","width":386,"height":124,"caption":"Pluralismi"},"image":{"@id":"https:\/\/pluralismi.unime.it\/#\/schema\/logo\/image\/"}}]}},"_links":{"self":[{"href":"https:\/\/portale2.unime.it\/pluralismi\/wp-json\/wp\/v2\/pages\/2340","targetHints":{"allow":["GET"]}}],"collection":[{"href":"https:\/\/portale2.unime.it\/pluralismi\/wp-json\/wp\/v2\/pages"}],"about":[{"href":"https:\/\/portale2.unime.it\/pluralismi\/wp-json\/wp\/v2\/types\/page"}],"author":[{"embeddable":true,"href":"https:\/\/portale2.unime.it\/pluralismi\/wp-json\/wp\/v2\/users\/1"}],"replies":[{"embeddable":true,"href":"https:\/\/portale2.unime.it\/pluralismi\/wp-json\/wp\/v2\/comments?post=2340"}],"version-history":[{"count":55,"href":"https:\/\/portale2.unime.it\/pluralismi\/wp-json\/wp\/v2\/pages\/2340\/revisions"}],"predecessor-version":[{"id":3461,"href":"https:\/\/portale2.unime.it\/pluralismi\/wp-json\/wp\/v2\/pages\/2340\/revisions\/3461"}],"wp:attachment":[{"href":"https:\/\/portale2.unime.it\/pluralismi\/wp-json\/wp\/v2\/media?parent=2340"}],"curies":[{"name":"wp","href":"https:\/\/api.w.org\/{rel}","templated":true}]}}