{"id":2362,"date":"2023-03-28T11:38:36","date_gmt":"2023-03-28T09:38:36","guid":{"rendered":"https:\/\/portale2.unime.it\/pluralismi\/?page_id=2362"},"modified":"2023-03-30T19:20:10","modified_gmt":"2023-03-30T17:20:10","slug":"edizione-2022","status":"publish","type":"page","link":"https:\/\/portale2.unime.it\/pluralismi\/edizione-2022\/","title":{"rendered":"EDIZIONE 2022"},"content":{"rendered":"\t\t<div data-elementor-type=\"wp-page\" data-elementor-id=\"2362\" class=\"elementor elementor-2362\">\n\t\t\t\t\t\t<section class=\"elementor-section elementor-top-section elementor-element elementor-element-e6e4f6e elementor-section-full_width elementor-section-height-default elementor-section-height-default\" data-id=\"e6e4f6e\" data-element_type=\"section\" data-e-type=\"section\">\n\t\t\t\t\t\t<div class=\"elementor-container elementor-column-gap-default\">\n\t\t\t\t\t<div class=\"elementor-column elementor-col-100 elementor-top-column elementor-element elementor-element-526b825\" data-id=\"526b825\" data-element_type=\"column\" data-e-type=\"column\" data-settings=\"{&quot;background_background&quot;:&quot;classic&quot;}\">\n\t\t\t<div class=\"elementor-widget-wrap elementor-element-populated\">\n\t\t\t\t\t<div class=\"elementor-background-overlay\"><\/div>\n\t\t\t\t\t\t<div class=\"elementor-element elementor-element-9a77777 elementor-invisible elementor-widget elementor-widget-heading\" data-id=\"9a77777\" data-element_type=\"widget\" data-e-type=\"widget\" data-settings=\"{&quot;_animation&quot;:&quot;zoomIn&quot;}\" data-widget_type=\"heading.default\">\n\t\t\t\t<div class=\"elementor-widget-container\">\n\t\t\t\t\t<h2 class=\"elementor-heading-title elementor-size-default\">PLURALISMI<\/h2>\t\t\t\t<\/div>\n\t\t\t\t<\/div>\n\t\t\t\t<div class=\"elementor-element elementor-element-3d0380b elementor-invisible elementor-widget elementor-widget-heading\" data-id=\"3d0380b\" data-element_type=\"widget\" data-e-type=\"widget\" data-settings=\"{&quot;_animation&quot;:&quot;zoomIn&quot;}\" data-widget_type=\"heading.default\">\n\t\t\t\t<div class=\"elementor-widget-container\">\n\t\t\t\t\t<h2 class=\"elementor-heading-title elementor-size-default\">EDIZIONE 2022<\/h2>\t\t\t\t<\/div>\n\t\t\t\t<\/div>\n\t\t\t\t\t<\/div>\n\t\t<\/div>\n\t\t\t\t\t<\/div>\n\t\t<\/section>\n\t\t\t\t<section class=\"elementor-section elementor-top-section elementor-element elementor-element-9bc07df elementor-section-full_width elementor-section-height-default elementor-section-height-default elementor-invisible\" data-id=\"9bc07df\" data-element_type=\"section\" data-e-type=\"section\" data-settings=\"{&quot;background_background&quot;:&quot;classic&quot;,&quot;animation&quot;:&quot;fadeInUp&quot;}\">\n\t\t\t\t\t\t<div class=\"elementor-container elementor-column-gap-default\">\n\t\t\t\t\t<div class=\"elementor-column elementor-col-100 elementor-top-column elementor-element elementor-element-2c0d289\" data-id=\"2c0d289\" data-element_type=\"column\" data-e-type=\"column\">\n\t\t\t<div class=\"elementor-widget-wrap elementor-element-populated\">\n\t\t\t\t\t\t<div class=\"elementor-element elementor-element-4fcd49a elementor-widget-divider--view-line elementor-widget elementor-widget-divider\" data-id=\"4fcd49a\" data-element_type=\"widget\" data-e-type=\"widget\" data-widget_type=\"divider.default\">\n\t\t\t\t<div class=\"elementor-widget-container\">\n\t\t\t\t\t\t\t<div class=\"elementor-divider\">\n\t\t\t<span class=\"elementor-divider-separator\">\n\t\t\t\t\t\t<\/span>\n\t\t<\/div>\n\t\t\t\t\t\t<\/div>\n\t\t\t\t<\/div>\n\t\t\t\t<div class=\"elementor-element elementor-element-03677d4 elementor-widget elementor-widget-spacer\" data-id=\"03677d4\" data-element_type=\"widget\" data-e-type=\"widget\" data-widget_type=\"spacer.default\">\n\t\t\t\t<div class=\"elementor-widget-container\">\n\t\t\t\t\t\t\t<div class=\"elementor-spacer\">\n\t\t\t<div class=\"elementor-spacer-inner\"><\/div>\n\t\t<\/div>\n\t\t\t\t\t\t<\/div>\n\t\t\t\t<\/div>\n\t\t\t\t\t<\/div>\n\t\t<\/div>\n\t\t\t\t\t<\/div>\n\t\t<\/section>\n\t\t\t\t<section class=\"elementor-section elementor-top-section elementor-element elementor-element-ff88e09 elementor-section-boxed elementor-section-height-default elementor-section-height-default\" data-id=\"ff88e09\" data-element_type=\"section\" data-e-type=\"section\">\n\t\t\t\t\t\t<div class=\"elementor-container elementor-column-gap-default\">\n\t\t\t\t\t<div class=\"elementor-column elementor-col-100 elementor-top-column elementor-element elementor-element-a4f9877 elementor-invisible\" data-id=\"a4f9877\" data-element_type=\"column\" data-e-type=\"column\" data-settings=\"{&quot;animation&quot;:&quot;fadeInRight&quot;}\">\n\t\t\t<div class=\"elementor-widget-wrap elementor-element-populated\">\n\t\t\t\t\t\t<div class=\"elementor-element elementor-element-59826c4 elementor-widget elementor-widget-heading\" data-id=\"59826c4\" data-element_type=\"widget\" data-e-type=\"widget\" data-widget_type=\"heading.default\">\n\t\t\t\t<div class=\"elementor-widget-container\">\n\t\t\t\t\t<h3 class=\"elementor-heading-title elementor-size-default\">PRESENTAZIONE<\/h3>\t\t\t\t<\/div>\n\t\t\t\t<\/div>\n\t\t\t\t\t<\/div>\n\t\t<\/div>\n\t\t\t\t\t<\/div>\n\t\t<\/section>\n\t\t\t\t<section class=\"elementor-section elementor-top-section elementor-element elementor-element-7647f4e elementor-section-boxed elementor-section-height-default elementor-section-height-default\" data-id=\"7647f4e\" data-element_type=\"section\" data-e-type=\"section\">\n\t\t\t\t\t\t<div class=\"elementor-container elementor-column-gap-default\">\n\t\t\t\t\t<div class=\"elementor-column elementor-col-50 elementor-top-column elementor-element elementor-element-9a1747b\" data-id=\"9a1747b\" data-element_type=\"column\" data-e-type=\"column\">\n\t\t\t<div class=\"elementor-widget-wrap elementor-element-populated\">\n\t\t\t\t\t\t<div class=\"elementor-element elementor-element-1eec33e elementor-widget elementor-widget-spacer\" data-id=\"1eec33e\" data-element_type=\"widget\" data-e-type=\"widget\" data-widget_type=\"spacer.default\">\n\t\t\t\t<div class=\"elementor-widget-container\">\n\t\t\t\t\t\t\t<div class=\"elementor-spacer\">\n\t\t\t<div class=\"elementor-spacer-inner\"><\/div>\n\t\t<\/div>\n\t\t\t\t\t\t<\/div>\n\t\t\t\t<\/div>\n\t\t\t\t<div class=\"elementor-element elementor-element-eab87c2 elementor-widget elementor-widget-image\" data-id=\"eab87c2\" data-element_type=\"widget\" data-e-type=\"widget\" data-widget_type=\"image.default\">\n\t\t\t\t<div class=\"elementor-widget-container\">\n\t\t\t\t\t\t\t\t\t\t\t\t\t\t\t<img fetchpriority=\"high\" decoding=\"async\" width=\"724\" height=\"1024\" src=\"https:\/\/portale2.unime.it\/pluralismi\/wp-content\/uploads\/sites\/18\/2023\/03\/Programma-Pluralismi-II-ed-1-724x1024.jpg\" class=\"attachment-large size-large wp-image-2444\" alt=\"\" srcset=\"https:\/\/portale2.unime.it\/pluralismi\/wp-content\/uploads\/sites\/18\/2023\/03\/Programma-Pluralismi-II-ed-1-724x1024.jpg 724w, https:\/\/portale2.unime.it\/pluralismi\/wp-content\/uploads\/sites\/18\/2023\/03\/Programma-Pluralismi-II-ed-1-212x300.jpg 212w, https:\/\/portale2.unime.it\/pluralismi\/wp-content\/uploads\/sites\/18\/2023\/03\/Programma-Pluralismi-II-ed-1-768x1086.jpg 768w, https:\/\/portale2.unime.it\/pluralismi\/wp-content\/uploads\/sites\/18\/2023\/03\/Programma-Pluralismi-II-ed-1-1086x1536.jpg 1086w, https:\/\/portale2.unime.it\/pluralismi\/wp-content\/uploads\/sites\/18\/2023\/03\/Programma-Pluralismi-II-ed-1-1448x2048.jpg 1448w, https:\/\/portale2.unime.it\/pluralismi\/wp-content\/uploads\/sites\/18\/2023\/03\/Programma-Pluralismi-II-ed-1-1568x2217.jpg 1568w, https:\/\/portale2.unime.it\/pluralismi\/wp-content\/uploads\/sites\/18\/2023\/03\/Programma-Pluralismi-II-ed-1-scaled.jpg 1810w\" sizes=\"(max-width: 724px) 100vw, 724px\" style=\"width:100%;height:141.44%;max-width:1810px\" \/>\t\t\t\t\t\t\t\t\t\t\t\t\t\t\t<\/div>\n\t\t\t\t<\/div>\n\t\t\t\t\t<\/div>\n\t\t<\/div>\n\t\t\t\t<div class=\"elementor-column elementor-col-50 elementor-top-column elementor-element elementor-element-b332f83\" data-id=\"b332f83\" data-element_type=\"column\" data-e-type=\"column\">\n\t\t\t<div class=\"elementor-widget-wrap elementor-element-populated\">\n\t\t\t\t\t\t<div class=\"elementor-element elementor-element-787df62 elementor-widget elementor-widget-text-editor\" data-id=\"787df62\" data-element_type=\"widget\" data-e-type=\"widget\" data-widget_type=\"text-editor.default\">\n\t\t\t\t<div class=\"elementor-widget-container\">\n\t\t\t\t\t\t\t\t\t<p><span style=\"font-size: 12pt\">L\u2019iniziativa nasce all\u2019interno della <em>mission<\/em> del <a href=\"https:\/\/www.unime.it\/it\/dipartimenti\/cospecs\">Dipartimento di Scienze Cognitive, Psicologiche, Pedagogiche e Studi Culturali<\/a> dell\u2019 <a href=\"https:\/\/www.unime.it\/it\">Universit\u00e0 degli Studi di \u00a0Messina<\/a> che gi\u00e0 dall\u2019anno accademico 2019\/20 offre la possibilit\u00e0 di proporre idee su approfondimenti di carattere scientifico, culturale e sociale su tematiche di interesse e rilevanza attuale. Questa cornice, in linea con la particolare attenzione dell\u2019 Ateneo di Messina alle questioni di genere, unitamente alla scelta del <a href=\"https:\/\/www.unime.it\/it\/ateneo\/organi\/comitato-unico-garanzia\">Comitato Unico di Garanzia<\/a> di comporre un pi\u00f9 ampio coinvolgimento dei dipartimenti affidando deleghe specifiche dedicate alle \u201cquestioni di genere\u201d, ha dato vita alla progettazione di un primo ciclo di seminari sul tema dal titolo \u201cPluralismi. Riflessioni su corpi, politiche e rappresentazioni di genere\u201d nell\u2019anno 2020-21<a href=\"http:\/\/pluralismi.unime.it\/\">.<\/a>\u00a0<\/span><span style=\"font-size: 12pt;color: var( --e-global-color-text );background-color: var(--global--color-background)\">Il percorso proposto si caratterizza per la sua cifra marcatamente interdisciplinare e si propone di coniugare e favorire le integrazioni di approcci differenti, provenienti da diverse discipline scientifiche, a partire da quelle relative alle scienze cognitive e ai cultural studies che distinguono il COSPECS e le sue attivit\u00e0 di ricerca.\u00a0<\/span><span style=\"font-size: 12pt;color: var( --e-global-color-text );background-color: var(--global--color-background)\">Le prime riflessioni, sono suddivise in tre aree tematiche generali che indagano tre dimensioni strettamente interconnesse: politica, comunicativa e cognitiva.\u00a0<\/span><\/p><p><span style=\"font-size: 12pt\">A fianco del percorso cos\u00ec strutturato, saranno previste altre iniziative e attivit\u00e0 scientifiche (presentazioni di libri, proiezioni, mostre, ecc.).<\/span><\/p><p><span style=\"font-size: 12pt\">La partecipazione agli incontri \u00e8 aperta a tutte tutti gli interessati (previa iscrizione).<\/span><\/p><p><span style=\"font-size: 12pt\">I seminari si svolgeranno on-line sulla piattaforma Microsoft Teams dell\u2019Universit\u00e0 degli Studi di Messina, e avranno la durata di circa 2 ore.<\/span><\/p><p><span style=\"color: var(--global--color-primary);font-family: var(--global--font-secondary);font-size: 12pt;background-color: var(--global--color-background)\">___________________________<\/span><\/p><p><span style=\"font-size: 12pt\">In collaborazione con:<\/span><\/p><p><span style=\"font-size: 12pt\">Gruppo di Ricerca IDG-Intersezioni di genere (Dipartimento di Scienze Politiche \u2013 Universit\u00e0 di Perugia).<\/span><\/p><p><span style=\"font-size: 12pt\">Dottorato di Ricerca in Scienze Cognitive dell\u2019Universit\u00e0 di Messina.<\/span><\/p><p><span style=\"font-size: 12pt\">Patrocinato da:<\/span><\/p><p><span style=\"font-size: 12pt\"><a href=\"https:\/\/www.unime.it\/it\/ateneo\/organi\/comitato-unico-garanzia\">Comitato Unico di Garanzia UNIME<\/a><\/span><\/p><p><span style=\"font-size: 12pt\"><a href=\"https:\/\/postoccupato.org\/\">Posto Occupato<\/a><\/span><\/p><p><span style=\"font-size: 12pt\"><a href=\"https:\/\/www.assistentisocialisicilia.it\/\">Accreditato per la Formazione <\/a><a href=\"https:\/\/www.assistentisocialisicilia.it\/\">Ordine professionale degli assistenti Sociali Sicilia <\/a><\/span><\/p><p><span style=\"font-size: 12pt\">___________________________<\/span><\/p><p><span style=\"font-size: 12pt\">Il Ciclo di seminari \u00e8 stato organizzato nel rispetto delle <a href=\"http:\/\/portale.unime.it\/convegnoaispolitica2020\/files\/2020\/07\/Linee-guida.pdf\">Linee guida<\/a> per promuovere l\u2019equilibrio tra i generi negli eventi scientifici della <a href=\"http:\/\/www.cpouniversita.it\/\">Conferenza nazionale degli Organismi di Parit\u00e0 delle Universit\u00e0 italiane.<\/a><\/span><\/p>\t\t\t\t\t\t\t\t<\/div>\n\t\t\t\t<\/div>\n\t\t\t\t\t<\/div>\n\t\t<\/div>\n\t\t\t\t\t<\/div>\n\t\t<\/section>\n\t\t\t\t<section class=\"elementor-section elementor-top-section elementor-element elementor-element-bb1a879 elementor-section-boxed elementor-section-height-default elementor-section-height-default\" data-id=\"bb1a879\" data-element_type=\"section\" data-e-type=\"section\">\n\t\t\t\t\t\t<div class=\"elementor-container elementor-column-gap-default\">\n\t\t\t\t\t<div class=\"elementor-column elementor-col-100 elementor-top-column elementor-element elementor-element-bfb45b4\" data-id=\"bfb45b4\" data-element_type=\"column\" data-e-type=\"column\">\n\t\t\t<div class=\"elementor-widget-wrap elementor-element-populated\">\n\t\t\t\t\t\t<section class=\"elementor-section elementor-inner-section elementor-element elementor-element-7818faf elementor-section-boxed elementor-section-height-default elementor-section-height-default\" data-id=\"7818faf\" data-element_type=\"section\" data-e-type=\"section\">\n\t\t\t\t\t\t\t<div class=\"elementor-background-overlay\"><\/div>\n\t\t\t\t\t\t\t<div class=\"elementor-container elementor-column-gap-default\">\n\t\t\t\t\t<div class=\"elementor-column elementor-col-50 elementor-inner-column elementor-element elementor-element-9be300b\" data-id=\"9be300b\" data-element_type=\"column\" data-e-type=\"column\">\n\t\t\t<div class=\"elementor-widget-wrap elementor-element-populated\">\n\t\t\t\t\t\t<div class=\"elementor-element elementor-element-329d6ba elementor-view-default elementor-widget elementor-widget-icon\" data-id=\"329d6ba\" data-element_type=\"widget\" data-e-type=\"widget\" data-widget_type=\"icon.default\">\n\t\t\t\t<div class=\"elementor-widget-container\">\n\t\t\t\t\t\t\t<div class=\"elementor-icon-wrapper\">\n\t\t\t<div class=\"elementor-icon\">\n\t\t\t<svg aria-hidden=\"true\" class=\"e-font-icon-svg e-far-calendar-alt\" viewBox=\"0 0 448 512\" xmlns=\"http:\/\/www.w3.org\/2000\/svg\"><path d=\"M148 288h-40c-6.6 0-12-5.4-12-12v-40c0-6.6 5.4-12 12-12h40c6.6 0 12 5.4 12 12v40c0 6.6-5.4 12-12 12zm108-12v-40c0-6.6-5.4-12-12-12h-40c-6.6 0-12 5.4-12 12v40c0 6.6 5.4 12 12 12h40c6.6 0 12-5.4 12-12zm96 0v-40c0-6.6-5.4-12-12-12h-40c-6.6 0-12 5.4-12 12v40c0 6.6 5.4 12 12 12h40c6.6 0 12-5.4 12-12zm-96 96v-40c0-6.6-5.4-12-12-12h-40c-6.6 0-12 5.4-12 12v40c0 6.6 5.4 12 12 12h40c6.6 0 12-5.4 12-12zm-96 0v-40c0-6.6-5.4-12-12-12h-40c-6.6 0-12 5.4-12 12v40c0 6.6 5.4 12 12 12h40c6.6 0 12-5.4 12-12zm192 0v-40c0-6.6-5.4-12-12-12h-40c-6.6 0-12 5.4-12 12v40c0 6.6 5.4 12 12 12h40c6.6 0 12-5.4 12-12zm96-260v352c0 26.5-21.5 48-48 48H48c-26.5 0-48-21.5-48-48V112c0-26.5 21.5-48 48-48h48V12c0-6.6 5.4-12 12-12h40c6.6 0 12 5.4 12 12v52h128V12c0-6.6 5.4-12 12-12h40c6.6 0 12 5.4 12 12v52h48c26.5 0 48 21.5 48 48zm-48 346V160H48v298c0 3.3 2.7 6 6 6h340c3.3 0 6-2.7 6-6z\"><\/path><\/svg>\t\t\t<\/div>\n\t\t<\/div>\n\t\t\t\t\t\t<\/div>\n\t\t\t\t<\/div>\n\t\t\t\t\t<\/div>\n\t\t<\/div>\n\t\t\t\t<div class=\"elementor-column elementor-col-50 elementor-inner-column elementor-element elementor-element-82235a5\" data-id=\"82235a5\" data-element_type=\"column\" data-e-type=\"column\">\n\t\t\t<div class=\"elementor-widget-wrap elementor-element-populated\">\n\t\t\t\t\t\t<div class=\"elementor-element elementor-element-86c0ec4 elementor-widget elementor-widget-heading\" data-id=\"86c0ec4\" data-element_type=\"widget\" data-e-type=\"widget\" data-widget_type=\"heading.default\">\n\t\t\t\t<div class=\"elementor-widget-container\">\n\t\t\t\t\t<h3 class=\"elementor-heading-title elementor-size-default\">PROGRAMMA<\/h3>\t\t\t\t<\/div>\n\t\t\t\t<\/div>\n\t\t\t\t<div class=\"elementor-element elementor-element-4afae5f elementor-widget elementor-widget-heading\" data-id=\"4afae5f\" data-element_type=\"widget\" data-e-type=\"widget\" data-widget_type=\"heading.default\">\n\t\t\t\t<div class=\"elementor-widget-container\">\n\t\t\t\t\t<h3 class=\"elementor-heading-title elementor-size-default\">RELAZIONI<\/h3>\t\t\t\t<\/div>\n\t\t\t\t<\/div>\n\t\t\t\t<div class=\"elementor-element elementor-element-35b899f elementor-widget elementor-widget-text-editor\" data-id=\"35b899f\" data-element_type=\"widget\" data-e-type=\"widget\" data-widget_type=\"text-editor.default\">\n\t\t\t\t<div class=\"elementor-widget-container\">\n\t\t\t\t\t\t\t\t\t<table style=\"border-color: #bdbdbd;width: 101.326%;height: 266px\"><tbody><tr style=\"height: 75px\"><td style=\"width: 11.6086%;height: 75px\" data-celllook=\"69905\"><span style=\"font-size: 8pt\"><strong><span style=\"color: #000000\">25.03.2022<\/span><br \/><\/strong><\/span><\/td><td style=\"width: 15.2571%;height: 75px\"><span style=\"font-size: 8pt;color: #000000\">15.00- 17.30<\/span><\/td><td style=\"width: 21.3016%;height: 75px\"><span style=\"font-size: 8pt;color: #800000\"><b>Milly Buonanno<\/b><\/span><br \/><span style=\"font-size: 8pt;color: #800000\"><b>Franca Faccioli<\/b><\/span><\/td><td style=\"width: 84.3673%;height: 75px\" data-celllook=\"69905\"><span style=\"font-size: 8pt;color: #800000\"><strong>Seduttrici, sante, donne al potere: le biografie femminili nella fiction italiana<br \/>Le parole per dirlo: la comunicazione del Governo sulla violenza contro le donne<\/strong><\/span><\/td><\/tr><tr style=\"height: 57px\"><td style=\"width: 11.6086%;height: 57px\" data-celllook=\"69905\"><span style=\"font-size: 8pt;color: #000000\"><strong>01.04.2022<\/strong><\/span><\/td><td style=\"width: 15.2571%;height: 57px\"><span style=\"font-size: 8pt;color: #000000\">15.30- 17.30<\/span><\/td><td style=\"width: 21.3016%;height: 57px\"><span style=\"font-size: 8pt;color: #800000\"><b>Lea Melandri<\/b><\/span><\/td><td style=\"width: 84.3673%;height: 57px\" data-celllook=\"69905\"><span style=\"font-size: 8pt;color: #800000\"><strong>Le sfide e l\u2019attualit\u00e0 politica del femminismo degli anni Settanta<\/strong><\/span><\/td><\/tr><tr style=\"height: 67px\"><td style=\"width: 11.6086%;height: 67px\" data-celllook=\"69905\"><span style=\"font-size: 8pt;color: #000000\"><strong>06.05.2022<\/strong><\/span><\/td><td style=\"width: 15.2571%;height: 67px\"><span style=\"font-size: 8pt;color: #000000\">15.30- 17.30<\/span><\/td><td style=\"width: 21.3016%;height: 67px\"><span style=\"font-size: 8pt\"><span style=\"color: #800000\"><b>Stefano Ciccone<\/b><\/span>\u202f<\/span><\/td><td style=\"width: 84.3673%;height: 67px\" data-celllook=\"69905\"><span style=\"font-size: 8pt;color: #800000\"><strong>Nuovi immaginari per nominare l\u2019esperienza maschile oltre la frustrazione e il rancore<\/strong><\/span><\/td><\/tr><tr style=\"height: 67px\"><td style=\"width: 11.6086%;height: 67px\"><span style=\"font-size: 8pt;color: #000000\"><strong>20.05.2022<\/strong><\/span><\/td><td style=\"width: 15.2571%;height: 67px\"><span style=\"font-size: 8pt;color: #000000\">15.30- 17.30<\/span><\/td><td style=\"width: 21.3016%;height: 67px\"><span style=\"font-size: 8pt\"><b><span style=\"color: #800000\">Fabrizia Giuliani<\/span><br \/><\/b><\/span><\/td><td style=\"width: 84.3673%;height: 67px\"><span style=\"font-size: 8pt;color: #800000\"><strong>Le parole per \u2013 non \u2013 dirlo: il racconto della violenza nell\u2019ambito giudiziario<\/strong><\/span><\/td><\/tr><\/tbody><\/table>\t\t\t\t\t\t\t\t<\/div>\n\t\t\t\t<\/div>\n\t\t\t\t\t<\/div>\n\t\t<\/div>\n\t\t\t\t\t<\/div>\n\t\t<\/section>\n\t\t\t\t\t<\/div>\n\t\t<\/div>\n\t\t\t\t\t<\/div>\n\t\t<\/section>\n\t\t\t\t<section class=\"elementor-section elementor-top-section elementor-element elementor-element-8deed2f elementor-section-boxed elementor-section-height-default elementor-section-height-default\" data-id=\"8deed2f\" data-element_type=\"section\" data-e-type=\"section\">\n\t\t\t\t\t\t<div class=\"elementor-container elementor-column-gap-default\">\n\t\t\t\t\t<div class=\"elementor-column elementor-col-100 elementor-top-column elementor-element elementor-element-1597766\" data-id=\"1597766\" data-element_type=\"column\" data-e-type=\"column\">\n\t\t\t<div class=\"elementor-widget-wrap elementor-element-populated\">\n\t\t\t\t\t\t<section class=\"elementor-section elementor-inner-section elementor-element elementor-element-93ddc41 elementor-section-boxed elementor-section-height-default elementor-section-height-default\" data-id=\"93ddc41\" data-element_type=\"section\" data-e-type=\"section\">\n\t\t\t\t\t\t\t<div class=\"elementor-background-overlay\"><\/div>\n\t\t\t\t\t\t\t<div class=\"elementor-container elementor-column-gap-default\">\n\t\t\t\t\t<div class=\"elementor-column elementor-col-50 elementor-inner-column elementor-element elementor-element-07f32b0\" data-id=\"07f32b0\" data-element_type=\"column\" data-e-type=\"column\">\n\t\t\t<div class=\"elementor-widget-wrap elementor-element-populated\">\n\t\t\t\t\t\t<div class=\"elementor-element elementor-element-9104360 elementor-view-default elementor-widget elementor-widget-icon\" data-id=\"9104360\" data-element_type=\"widget\" data-e-type=\"widget\" data-widget_type=\"icon.default\">\n\t\t\t\t<div class=\"elementor-widget-container\">\n\t\t\t\t\t\t\t<div class=\"elementor-icon-wrapper\">\n\t\t\t<div class=\"elementor-icon\">\n\t\t\t<svg aria-hidden=\"true\" class=\"e-font-icon-svg e-far-comments\" viewBox=\"0 0 576 512\" xmlns=\"http:\/\/www.w3.org\/2000\/svg\"><path d=\"M532 386.2c27.5-27.1 44-61.1 44-98.2 0-80-76.5-146.1-176.2-157.9C368.3 72.5 294.3 32 208 32 93.1 32 0 103.6 0 192c0 37 16.5 71 44 98.2-15.3 30.7-37.3 54.5-37.7 54.9-6.3 6.7-8.1 16.5-4.4 25 3.6 8.5 12 14 21.2 14 53.5 0 96.7-20.2 125.2-38.8 9.2 2.1 18.7 3.7 28.4 4.9C208.1 407.6 281.8 448 368 448c20.8 0 40.8-2.4 59.8-6.8C456.3 459.7 499.4 480 553 480c9.2 0 17.5-5.5 21.2-14 3.6-8.5 1.9-18.3-4.4-25-.4-.3-22.5-24.1-37.8-54.8zm-392.8-92.3L122.1 305c-14.1 9.1-28.5 16.3-43.1 21.4 2.7-4.7 5.4-9.7 8-14.8l15.5-31.1L77.7 256C64.2 242.6 48 220.7 48 192c0-60.7 73.3-112 160-112s160 51.3 160 112-73.3 112-160 112c-16.5 0-33-1.9-49-5.6l-19.8-4.5zM498.3 352l-24.7 24.4 15.5 31.1c2.6 5.1 5.3 10.1 8 14.8-14.6-5.1-29-12.3-43.1-21.4l-17.1-11.1-19.9 4.6c-16 3.7-32.5 5.6-49 5.6-54 0-102.2-20.1-131.3-49.7C338 339.5 416 272.9 416 192c0-3.4-.4-6.7-.7-10C479.7 196.5 528 238.8 528 288c0 28.7-16.2 50.6-29.7 64z\"><\/path><\/svg>\t\t\t<\/div>\n\t\t<\/div>\n\t\t\t\t\t\t<\/div>\n\t\t\t\t<\/div>\n\t\t\t\t\t<\/div>\n\t\t<\/div>\n\t\t\t\t<div class=\"elementor-column elementor-col-50 elementor-inner-column elementor-element elementor-element-b94bcc5\" data-id=\"b94bcc5\" data-element_type=\"column\" data-e-type=\"column\">\n\t\t\t<div class=\"elementor-widget-wrap elementor-element-populated\">\n\t\t\t\t\t\t<div class=\"elementor-element elementor-element-d27fc9f elementor-widget elementor-widget-heading\" data-id=\"d27fc9f\" data-element_type=\"widget\" data-e-type=\"widget\" data-widget_type=\"heading.default\">\n\t\t\t\t<div class=\"elementor-widget-container\">\n\t\t\t\t\t<h3 class=\"elementor-heading-title elementor-size-default\">DIALOGHI<\/h3>\t\t\t\t<\/div>\n\t\t\t\t<\/div>\n\t\t\t\t<div class=\"elementor-element elementor-element-95c235f elementor-widget elementor-widget-text-editor\" data-id=\"95c235f\" data-element_type=\"widget\" data-e-type=\"widget\" data-widget_type=\"text-editor.default\">\n\t\t\t\t<div class=\"elementor-widget-container\">\n\t\t\t\t\t\t\t\t\t<table style=\"border-color: #bdbdbd;width: 101.326%;height: 115px\"><tbody><tr style=\"height: 75px\"><td style=\"width: 11.6086%;height: 58px\" data-celllook=\"69905\"><span style=\"font-size: 8pt;color: #333333\"><strong>28.04.2022<\/strong><\/span><\/td><td style=\"width: 15.2571%;height: 58px\"><span style=\"font-size: 8pt;color: #333333\">15.00- 17.30<\/span><\/td><td style=\"width: 21.3016%;height: 58px\"><p><span style=\"color: #800000\"><span style=\"font-size: 8pt\"><b>Luigi Gui <br \/><\/b><\/span><span style=\"font-size: 8pt\"><b>Roberta De Rosa<\/b><\/span><\/span><\/p><\/td><td style=\"width: 84.3673%;height: 58px\" data-celllook=\"69905\"><span style=\"font-size: 8pt;color: #800000\"><strong>Cura, relazione, professione: questioni di genere nel servizio sociale.\u00a0Il contributo italiano al dibattito internazionale<\/strong><\/span><\/td><\/tr><tr style=\"height: 57px\"><td style=\"width: 11.6086%;height: 57px\" data-celllook=\"69905\"><span style=\"font-size: 8pt;color: #000000\"><strong>26.05.2022<\/strong><\/span><\/td><td style=\"width: 15.2571%;height: 57px\"><span style=\"font-size: 8pt;color: #000000\">15.30- 17.30<\/span><\/td><td style=\"width: 21.3016%;height: 57px\"><p><span style=\"font-size: 8pt;color: #800000\"><b>Vera Gheno<\/b><\/span><\/p><\/td><td style=\"width: 84.3673%;height: 57px\" data-celllook=\"69905\"><span style=\"color: #800000;font-size: 8pt\"><strong>Femminili singolari. Il femminismo \u00e8 nelle parole<\/strong><\/span><\/td><\/tr><\/tbody><\/table>\t\t\t\t\t\t\t\t<\/div>\n\t\t\t\t<\/div>\n\t\t\t\t\t<\/div>\n\t\t<\/div>\n\t\t\t\t\t<\/div>\n\t\t<\/section>\n\t\t\t\t\t<\/div>\n\t\t<\/div>\n\t\t\t\t\t<\/div>\n\t\t<\/section>\n\t\t\t\t<section class=\"elementor-section elementor-top-section elementor-element elementor-element-790d686 elementor-section-boxed elementor-section-height-default elementor-section-height-default\" data-id=\"790d686\" data-element_type=\"section\" data-e-type=\"section\">\n\t\t\t\t\t\t<div class=\"elementor-container elementor-column-gap-default\">\n\t\t\t\t\t<div class=\"elementor-column elementor-col-100 elementor-top-column elementor-element elementor-element-22603d3\" data-id=\"22603d3\" data-element_type=\"column\" data-e-type=\"column\">\n\t\t\t<div class=\"elementor-widget-wrap elementor-element-populated\">\n\t\t\t\t\t\t<section class=\"elementor-section elementor-inner-section elementor-element elementor-element-a74b87f elementor-section-boxed elementor-section-height-default elementor-section-height-default\" data-id=\"a74b87f\" data-element_type=\"section\" data-e-type=\"section\">\n\t\t\t\t\t\t\t<div class=\"elementor-background-overlay\"><\/div>\n\t\t\t\t\t\t\t<div class=\"elementor-container elementor-column-gap-default\">\n\t\t\t\t\t<div class=\"elementor-column elementor-col-50 elementor-inner-column elementor-element elementor-element-250ea34\" data-id=\"250ea34\" data-element_type=\"column\" data-e-type=\"column\">\n\t\t\t<div class=\"elementor-widget-wrap elementor-element-populated\">\n\t\t\t\t\t\t<div class=\"elementor-element elementor-element-1401b12 elementor-view-default elementor-widget elementor-widget-icon\" data-id=\"1401b12\" data-element_type=\"widget\" data-e-type=\"widget\" data-widget_type=\"icon.default\">\n\t\t\t\t<div class=\"elementor-widget-container\">\n\t\t\t\t\t\t\t<div class=\"elementor-icon-wrapper\">\n\t\t\t<div class=\"elementor-icon\">\n\t\t\t<svg aria-hidden=\"true\" class=\"e-font-icon-svg e-fas-users\" viewBox=\"0 0 640 512\" xmlns=\"http:\/\/www.w3.org\/2000\/svg\"><path d=\"M96 224c35.3 0 64-28.7 64-64s-28.7-64-64-64-64 28.7-64 64 28.7 64 64 64zm448 0c35.3 0 64-28.7 64-64s-28.7-64-64-64-64 28.7-64 64 28.7 64 64 64zm32 32h-64c-17.6 0-33.5 7.1-45.1 18.6 40.3 22.1 68.9 62 75.1 109.4h66c17.7 0 32-14.3 32-32v-32c0-35.3-28.7-64-64-64zm-256 0c61.9 0 112-50.1 112-112S381.9 32 320 32 208 82.1 208 144s50.1 112 112 112zm76.8 32h-8.3c-20.8 10-43.9 16-68.5 16s-47.6-6-68.5-16h-8.3C179.6 288 128 339.6 128 403.2V432c0 26.5 21.5 48 48 48h288c26.5 0 48-21.5 48-48v-28.8c0-63.6-51.6-115.2-115.2-115.2zm-223.7-13.4C161.5 263.1 145.6 256 128 256H64c-35.3 0-64 28.7-64 64v32c0 17.7 14.3 32 32 32h65.9c6.3-47.4 34.9-87.3 75.2-109.4z\"><\/path><\/svg>\t\t\t<\/div>\n\t\t<\/div>\n\t\t\t\t\t\t<\/div>\n\t\t\t\t<\/div>\n\t\t\t\t\t<\/div>\n\t\t<\/div>\n\t\t\t\t<div class=\"elementor-column elementor-col-50 elementor-inner-column elementor-element elementor-element-5cf008d\" data-id=\"5cf008d\" data-element_type=\"column\" data-e-type=\"column\">\n\t\t\t<div class=\"elementor-widget-wrap elementor-element-populated\">\n\t\t\t\t\t\t<div class=\"elementor-element elementor-element-5cc36c2 elementor-widget elementor-widget-heading\" data-id=\"5cc36c2\" data-element_type=\"widget\" data-e-type=\"widget\" data-widget_type=\"heading.default\">\n\t\t\t\t<div class=\"elementor-widget-container\">\n\t\t\t\t\t<h3 class=\"elementor-heading-title elementor-size-default\">CONFRONTI<\/h3>\t\t\t\t<\/div>\n\t\t\t\t<\/div>\n\t\t\t\t<div class=\"elementor-element elementor-element-ddbd85b elementor-widget elementor-widget-text-editor\" data-id=\"ddbd85b\" data-element_type=\"widget\" data-e-type=\"widget\" data-widget_type=\"text-editor.default\">\n\t\t\t\t<div class=\"elementor-widget-container\">\n\t\t\t\t\t\t\t\t\t<table style=\"border-color: #bdbdbd;width: 101.326%;height: 97px\"><tbody><tr style=\"height: 75px\"><td style=\"width: 11.6086%;height: 40px\" data-celllook=\"69905\"><span style=\"font-size: 8pt\"><strong><span style=\"color: #000000\">18.05.2022<\/span><br \/><\/strong><\/span><\/td><td style=\"width: 15.2571%;height: 40px\"><span style=\"font-size: 8pt;color: #000000\">15.00- 17.30<\/span><\/td><td style=\"width: 21.3016%;height: 40px\"><p><span style=\"color: #800000;font-size: 8pt\"><strong>Berardino Palumbo<br \/><\/strong><strong>Barbara Pinelli<br \/><\/strong><strong>Alessandra Brivio<br \/>Francesco Bellina<\/strong><\/span><\/p><\/td><td style=\"width: 84.3673%;height: 40px\" data-celllook=\"69905\"><span style=\"color: #800000\">Tavola rotonda<\/span><br \/><strong><span style=\"color: #800000\">Iconografie della migrazione. Vittime perfette e corpi politici<\/span>.<\/strong><\/td><\/tr><tr style=\"height: 57px\"><td style=\"width: 11.6086%;height: 57px\" data-celllook=\"69905\"><span style=\"font-size: 8pt;color: #000000\"><strong>16.06.2022<\/strong><\/span><\/td><td style=\"width: 15.2571%;height: 57px\"><span style=\"font-size: 8pt;color: #000000\">15.30- 17.30<\/span><\/td><td style=\"width: 21.3016%;height: 57px\"><span style=\"color: #800000;font-size: 8pt\"><strong>Francesca Piazza<\/strong><\/span><br \/><span style=\"color: #800000;font-size: 8pt\"><strong>Pietro Perconti<\/strong><\/span><br \/><span style=\"color: #800000;font-size: 8pt\"><strong>Edoardo Lombardi Vallauri<\/strong><\/span><\/td><td style=\"width: 84.3673%;height: 57px\" data-celllook=\"69905\"><span style=\"color: #800000\">Tavola rotonda<\/span><br \/><span style=\"color: #800000\"><strong>La sopravvalutazione del linguaggio negli studi di genere<\/strong><\/span><\/td><\/tr><\/tbody><\/table>\t\t\t\t\t\t\t\t<\/div>\n\t\t\t\t<\/div>\n\t\t\t\t\t<\/div>\n\t\t<\/div>\n\t\t\t\t\t<\/div>\n\t\t<\/section>\n\t\t\t\t\t<\/div>\n\t\t<\/div>\n\t\t\t\t\t<\/div>\n\t\t<\/section>\n\t\t\t\t<section class=\"elementor-section elementor-top-section elementor-element elementor-element-82f1e6b elementor-section-boxed elementor-section-height-default elementor-section-height-default\" data-id=\"82f1e6b\" data-element_type=\"section\" data-e-type=\"section\">\n\t\t\t\t\t\t<div class=\"elementor-container elementor-column-gap-default\">\n\t\t\t\t\t<div class=\"elementor-column elementor-col-100 elementor-top-column elementor-element elementor-element-6561702\" data-id=\"6561702\" data-element_type=\"column\" data-e-type=\"column\">\n\t\t\t<div class=\"elementor-widget-wrap elementor-element-populated\">\n\t\t\t\t\t\t<div class=\"elementor-element elementor-element-d08059a elementor-widget elementor-widget-heading\" data-id=\"d08059a\" data-element_type=\"widget\" data-e-type=\"widget\" data-widget_type=\"heading.default\">\n\t\t\t\t<div class=\"elementor-widget-container\">\n\t\t\t\t\t<h2 class=\"elementor-heading-title elementor-size-default\">LOCANDINE DEGLI INCONTRI<\/h2>\t\t\t\t<\/div>\n\t\t\t\t<\/div>\n\t\t\t\t<div class=\"elementor-element elementor-element-5bd257e elementor-widget elementor-widget-heading\" data-id=\"5bd257e\" data-element_type=\"widget\" data-e-type=\"widget\" data-widget_type=\"heading.default\">\n\t\t\t\t<div class=\"elementor-widget-container\">\n\t\t\t\t\t<h3 class=\"elementor-heading-title elementor-size-default\">GALLERY<\/h3>\t\t\t\t<\/div>\n\t\t\t\t<\/div>\n\t\t\t\t\t<\/div>\n\t\t<\/div>\n\t\t\t\t\t<\/div>\n\t\t<\/section>\n\t\t\t\t<section class=\"elementor-section elementor-top-section elementor-element elementor-element-cdf2672 elementor-section-boxed elementor-section-height-default elementor-section-height-default\" data-id=\"cdf2672\" data-element_type=\"section\" data-e-type=\"section\">\n\t\t\t\t\t\t<div class=\"elementor-container elementor-column-gap-default\">\n\t\t\t\t\t<div class=\"elementor-column elementor-col-100 elementor-top-column elementor-element elementor-element-3221e0d\" data-id=\"3221e0d\" data-element_type=\"column\" data-e-type=\"column\">\n\t\t\t<div class=\"elementor-widget-wrap elementor-element-populated\">\n\t\t\t\t\t\t<div class=\"elementor-element elementor-element-bdf9b52 elementor-widget elementor-widget-ucaddon_uc_tiles_grid_image\" data-id=\"bdf9b52\" data-element_type=\"widget\" data-e-type=\"widget\" data-widget_type=\"ucaddon_uc_tiles_grid_image.default\">\n\t\t\t\t<div class=\"elementor-widget-container\">\n\t\t\t\t\t<!-- start Tile Gallery -->\n\t\t<link id='unitegallery-css' href='https:\/\/portale2.unime.it\/pluralismi\/wp-content\/plugins\/unlimited-elements-for-elementor-premium\/assets_libraries\/unitegallery\/css\/unite-gallery.css' type='text\/css' rel='stylesheet' >\n\n\n\t\t\t<div id=\"uc_uc_tiles_grid_image_elementor_bdf9b52\" style=\"display:none;\" class=\"uc-items-wrapper\" data-custom-sethtml=\"true\" >\n\n\n<img decoding=\"async\" alt=\"1.Pluralismi.II.25.03\"\n   src=\"https:\/\/portale2.unime.it\/pluralismi\/wp-content\/uploads\/sites\/18\/2022\/03\/1.Pluralismi.II_.25.03.2022-3-scaled-1.jpg\"\n    data-image=\"https:\/\/portale2.unime.it\/pluralismi\/wp-content\/uploads\/sites\/18\/2022\/03\/1.Pluralismi.II_.25.03.2022-3-scaled-1.jpg\"\n    data-title=\"1.Pluralismi.II.25.03\">\n\n<img decoding=\"async\" alt=\"2.Pluralismi.II.01.04\"\n   src=\"https:\/\/portale2.unime.it\/pluralismi\/wp-content\/uploads\/sites\/18\/2022\/03\/2.Pluralismi.II_.01.04.2022-4-scaled-1.jpg\"\n    data-image=\"https:\/\/portale2.unime.it\/pluralismi\/wp-content\/uploads\/sites\/18\/2022\/03\/2.Pluralismi.II_.01.04.2022-4-scaled-1.jpg\"\n    data-title=\"2.Pluralismi.II.01.04\">\n\n<img decoding=\"async\" alt=\"4.Pluralismi.II.20.05\"\n   src=\"https:\/\/portale2.unime.it\/pluralismi\/wp-content\/uploads\/sites\/18\/2022\/04\/4.Pluralismi.II_.20.05.2022-scaled-1.jpg\"\n    data-image=\"https:\/\/portale2.unime.it\/pluralismi\/wp-content\/uploads\/sites\/18\/2022\/04\/4.Pluralismi.II_.20.05.2022-scaled-1.jpg\"\n    data-title=\"4.Pluralismi.II.20.05\">\n\n<img decoding=\"async\" alt=\"5.Dialoghi.Pluralismi.II.26.05\"\n   src=\"https:\/\/portale2.unime.it\/pluralismi\/wp-content\/uploads\/sites\/18\/2022\/04\/5.Dialoghi.Pluralismi.II_.26.05.2022-scaled-1.jpg\"\n    data-image=\"https:\/\/portale2.unime.it\/pluralismi\/wp-content\/uploads\/sites\/18\/2022\/04\/5.Dialoghi.Pluralismi.II_.26.05.2022-scaled-1.jpg\"\n    data-title=\"5.Dialoghi.Pluralismi.II.26.05\">\n\n<img decoding=\"async\" alt=\"7.Confronti.Pluralismi.II.16.06\"\n   src=\"https:\/\/portale2.unime.it\/pluralismi\/wp-content\/uploads\/sites\/18\/2022\/04\/7.Confronti.Pluralismi.II_.16.06.2022-scaled-1.jpg\"\n    data-image=\"https:\/\/portale2.unime.it\/pluralismi\/wp-content\/uploads\/sites\/18\/2022\/04\/7.Confronti.Pluralismi.II_.16.06.2022-scaled-1.jpg\"\n    data-title=\"7.Confronti.Pluralismi.II.16.06\">\n\n<img decoding=\"async\" alt=\"8.Confronti.Pluralismi.II.18.05\"\n   src=\"https:\/\/portale2.unime.it\/pluralismi\/wp-content\/uploads\/sites\/18\/2022\/04\/8.Confronti.Pluralismi.II_.18.05.2022-scaled-1.jpg\"\n    data-image=\"https:\/\/portale2.unime.it\/pluralismi\/wp-content\/uploads\/sites\/18\/2022\/04\/8.Confronti.Pluralismi.II_.18.05.2022-scaled-1.jpg\"\n    data-title=\"8.Confronti.Pluralismi.II.18.05\">\n\n<img decoding=\"async\" alt=\"3.Pluralismi.II.06.05.2022\"\n   src=\"https:\/\/portale2.unime.it\/pluralismi\/wp-content\/uploads\/sites\/18\/2022\/04\/3.Pluralismi.II_.06.05.2022.-scaled-1.jpg\"\n    data-image=\"https:\/\/portale2.unime.it\/pluralismi\/wp-content\/uploads\/sites\/18\/2022\/04\/3.Pluralismi.II_.06.05.2022.-scaled-1.jpg\"\n    data-title=\"3.Pluralismi.II.06.05.2022\">\n\n<img decoding=\"async\" alt=\"28.04\"\n   src=\"https:\/\/portale2.unime.it\/pluralismi\/wp-content\/uploads\/sites\/18\/2022\/04\/6.Dialoghi.Pluralismi.II_.28.04.2022-scaled-1.jpg\"\n    data-image=\"https:\/\/portale2.unime.it\/pluralismi\/wp-content\/uploads\/sites\/18\/2022\/04\/6.Dialoghi.Pluralismi.II_.28.04.2022-scaled-1.jpg\"\n    data-title=\"28.04\">\n\n  \n<\/div>\n\t\t\t<!-- end Tile Gallery -->\t\t\t\t<\/div>\n\t\t\t\t<\/div>\n\t\t\t\t\t<\/div>\n\t\t<\/div>\n\t\t\t\t\t<\/div>\n\t\t<\/section>\n\t\t\t\t<section class=\"elementor-section elementor-top-section elementor-element elementor-element-8477fe5 elementor-section-boxed elementor-section-height-default elementor-section-height-default\" data-id=\"8477fe5\" data-element_type=\"section\" data-e-type=\"section\">\n\t\t\t\t\t\t<div class=\"elementor-container elementor-column-gap-default\">\n\t\t\t\t\t<div class=\"elementor-column elementor-col-100 elementor-top-column elementor-element elementor-element-86a48be\" data-id=\"86a48be\" data-element_type=\"column\" data-e-type=\"column\">\n\t\t\t<div class=\"elementor-widget-wrap elementor-element-populated\">\n\t\t\t\t\t\t<div class=\"elementor-element elementor-element-087bec2 elementor-widget elementor-widget-spacer\" data-id=\"087bec2\" data-element_type=\"widget\" data-e-type=\"widget\" data-widget_type=\"spacer.default\">\n\t\t\t\t<div class=\"elementor-widget-container\">\n\t\t\t\t\t\t\t<div class=\"elementor-spacer\">\n\t\t\t<div class=\"elementor-spacer-inner\"><\/div>\n\t\t<\/div>\n\t\t\t\t\t\t<\/div>\n\t\t\t\t<\/div>\n\t\t\t\t\t<\/div>\n\t\t<\/div>\n\t\t\t\t\t<\/div>\n\t\t<\/section>\n\t\t\t\t<section class=\"elementor-section elementor-top-section elementor-element elementor-element-6df6a158 elementor-section-boxed elementor-section-height-default elementor-section-height-default\" data-id=\"6df6a158\" data-element_type=\"section\" data-e-type=\"section\" data-settings=\"{&quot;background_background&quot;:&quot;classic&quot;}\">\n\t\t\t\t\t\t\t<div class=\"elementor-background-overlay\"><\/div>\n\t\t\t\t\t\t\t<div class=\"elementor-container elementor-column-gap-default\">\n\t\t\t\t\t<div class=\"elementor-column elementor-col-100 elementor-top-column elementor-element elementor-element-2ffa08ec\" data-id=\"2ffa08ec\" data-element_type=\"column\" data-e-type=\"column\">\n\t\t\t<div class=\"elementor-widget-wrap elementor-element-populated\">\n\t\t\t\t\t\t<div class=\"elementor-element elementor-element-4ab952db elementor-invisible elementor-widget elementor-widget-heading\" data-id=\"4ab952db\" data-element_type=\"widget\" data-e-type=\"widget\" data-settings=\"{&quot;_animation&quot;:&quot;fadeInDown&quot;}\" data-widget_type=\"heading.default\">\n\t\t\t\t<div class=\"elementor-widget-container\">\n\t\t\t\t\t<h2 class=\"elementor-heading-title elementor-size-default\"><br><br>   RELATRICI E RELATORI<br><br><br><\/h2>\t\t\t\t<\/div>\n\t\t\t\t<\/div>\n\t\t\t\t\t<\/div>\n\t\t<\/div>\n\t\t\t\t\t<\/div>\n\t\t<\/section>\n\t\t\t\t<section class=\"elementor-section elementor-top-section elementor-element elementor-element-290b9ad1 elementor-section-boxed elementor-section-height-default elementor-section-height-default\" data-id=\"290b9ad1\" data-element_type=\"section\" data-e-type=\"section\">\n\t\t\t\t\t\t<div class=\"elementor-container elementor-column-gap-default\">\n\t\t\t\t\t<div class=\"elementor-column elementor-col-100 elementor-top-column elementor-element elementor-element-4de73d1c\" data-id=\"4de73d1c\" data-element_type=\"column\" data-e-type=\"column\">\n\t\t\t<div class=\"elementor-widget-wrap elementor-element-populated\">\n\t\t\t\t\t\t<section class=\"elementor-section elementor-inner-section elementor-element elementor-element-7f3175eb elementor-section-boxed elementor-section-height-default elementor-section-height-default\" data-id=\"7f3175eb\" data-element_type=\"section\" data-e-type=\"section\">\n\t\t\t\t\t\t\t<div class=\"elementor-background-overlay\"><\/div>\n\t\t\t\t\t\t\t<div class=\"elementor-container elementor-column-gap-default\">\n\t\t\t\t\t<div class=\"elementor-column elementor-col-50 elementor-inner-column elementor-element elementor-element-7495adc1\" data-id=\"7495adc1\" data-element_type=\"column\" data-e-type=\"column\">\n\t\t\t<div class=\"elementor-widget-wrap elementor-element-populated\">\n\t\t\t\t\t\t<div class=\"elementor-element elementor-element-7efbf560 elementor-widget elementor-widget-image\" data-id=\"7efbf560\" data-element_type=\"widget\" data-e-type=\"widget\" data-widget_type=\"image.default\">\n\t\t\t\t<div class=\"elementor-widget-container\">\n\t\t\t\t\t\t\t\t\t\t\t\t\t\t\t<img decoding=\"async\" width=\"673\" height=\"1024\" src=\"https:\/\/portale2.unime.it\/pluralismi\/wp-content\/uploads\/sites\/18\/2022\/03\/MILLY-BUONANNO-2-673x1024.jpg\" class=\"attachment-large size-large wp-image-1992\" alt=\"\" srcset=\"https:\/\/portale2.unime.it\/pluralismi\/wp-content\/uploads\/sites\/18\/2022\/03\/MILLY-BUONANNO-2-673x1024.jpg 673w, https:\/\/portale2.unime.it\/pluralismi\/wp-content\/uploads\/sites\/18\/2022\/03\/MILLY-BUONANNO-2-197x300.jpg 197w, https:\/\/portale2.unime.it\/pluralismi\/wp-content\/uploads\/sites\/18\/2022\/03\/MILLY-BUONANNO-2-768x1169.jpg 768w, https:\/\/portale2.unime.it\/pluralismi\/wp-content\/uploads\/sites\/18\/2022\/03\/MILLY-BUONANNO-2-1009x1536.jpg 1009w, https:\/\/portale2.unime.it\/pluralismi\/wp-content\/uploads\/sites\/18\/2022\/03\/MILLY-BUONANNO-2-1346x2048.jpg 1346w, https:\/\/portale2.unime.it\/pluralismi\/wp-content\/uploads\/sites\/18\/2022\/03\/MILLY-BUONANNO-2.jpg 1485w\" sizes=\"(max-width: 673px) 100vw, 673px\" style=\"width:100%;height:152.19%;max-width:1485px\" \/>\t\t\t\t\t\t\t\t\t\t\t\t\t\t\t<\/div>\n\t\t\t\t<\/div>\n\t\t\t\t\t<\/div>\n\t\t<\/div>\n\t\t\t\t<div class=\"elementor-column elementor-col-50 elementor-inner-column elementor-element elementor-element-3ff2fc0\" data-id=\"3ff2fc0\" data-element_type=\"column\" data-e-type=\"column\">\n\t\t\t<div class=\"elementor-widget-wrap elementor-element-populated\">\n\t\t\t\t\t\t<div class=\"elementor-element elementor-element-7a9d4784 elementor-widget elementor-widget-text-editor\" data-id=\"7a9d4784\" data-element_type=\"widget\" data-e-type=\"widget\" data-widget_type=\"text-editor.default\">\n\t\t\t\t<div class=\"elementor-widget-container\">\n\t\t\t\t\t\t\t\t\t<p><span style=\"font-family: 'Open Sans', Helvetica, Arial, sans-serif;color: #7a0a0a;font-size: 12pt\"><strong>Milly Buonanno\u00a0<\/strong><\/span><span style=\"color: #000000;font-size: 12pt\"><span style=\"font-family: 'Open Sans', Helvetica, Arial, sans-serif\">\u00e8 stata Professoressa ordinaria di Sociologia dei processi culturali e comunicativi nella Sapienza Universit\u00e0 di Roma e ha insegnato in precedenza nelle Universit\u00e0 di Salerno e di Firenze. E\u2019 co-responsabile scientifico dell\u2019Unit\u00e0 di ricerca Ge.M.Ma.-Gender and Media Matters (2010-) istituita nel Dipartimento CORIS della Sapienza; ha fondato e dirige l\u2019Osservatorio della Fiction Italiana (OFI, 1988-); \u00e8\u00a0<\/span><em style=\"font-family: 'Open Sans', Helvetica, Arial, sans-serif\">associate editor<\/em><span style=\"font-family: 'Open Sans', Helvetica, Arial, sans-serif\">\u00a0del\u00a0<\/span><em style=\"font-family: 'Open Sans', Helvetica, Arial, sans-serif\">Journal of Italian Cinema &amp; Media Studies<\/em><span style=\"font-family: 'Open Sans', Helvetica, Arial, sans-serif\">, e fa parte del comitato editoriale di numerose riviste internazionali. Ha svolto ricerche e scritto su teoria e storia della televisione, fiction televisiva, giornalismo, ed \u00e8 stata la pioniera dei\u00a0<\/span><em style=\"font-family: 'Open Sans', Helvetica, Arial, sans-serif\">feminist media studies<\/em><span style=\"font-family: 'Open Sans', Helvetica, Arial, sans-serif\">\u00a0in Italia (1975-). Le sue principali pubblicazioni degli anni 2000 includono:\u00a0<\/span><em style=\"font-family: 'Open Sans', Helvetica, Arial, sans-serif\">The Age of Television\u00a0<\/em><span style=\"font-family: 'Open Sans', Helvetica, Arial, sans-serif\">(Intellect, 2008);\u00a0<\/span><em style=\"font-family: 'Open Sans', Helvetica, Arial, sans-serif\">Italian TV Drama and Beyond<\/em><span style=\"font-family: 'Open Sans', Helvetica, Arial, sans-serif\">\u00a0(Intellect, 2012);\u00a0<\/span><em style=\"font-family: 'Open Sans', Helvetica, Arial, sans-serif\">The Sage Handbook of Television Studies\u00a0<\/em><span style=\"font-family: 'Open Sans', Helvetica, Arial, sans-serif\">(Sage, 2014, co-edito con Manuel Alvarado, Herman Gray e Toby Miller); le collection\u00a0<\/span><em style=\"font-family: 'Open Sans', Helvetica, Arial, sans-serif\">Il prisma dei generi<\/em><span style=\"font-family: 'Open Sans', Helvetica, Arial, sans-serif\">\u00a0(FrancoAngeli, 2014),\u00a0<\/span><em style=\"font-family: 'Open Sans', Helvetica, Arial, sans-serif\">Television Antiheroines<\/em><span style=\"font-family: 'Open Sans', Helvetica, Arial, sans-serif\">\u00a0(Intellect, 2017),\u00a0<\/span><em style=\"font-family: 'Open Sans', Helvetica, Arial, sans-serif\">Genere e media: non solo immagini<\/em><span style=\"font-family: 'Open Sans', Helvetica, Arial, sans-serif\">\u00a0(FrancoAngeli, 2020, co-edito con Franca Faccioli). E\u2019 co-editor con Franca Faccioli del numero speciale del\u00a0<\/span><em style=\"font-family: 'Open Sans', Helvetica, Arial, sans-serif\">Journal of Italian Cinema &amp; Media Studies\u00a0<\/em><span style=\"font-family: 'Open Sans', Helvetica, Arial, sans-serif\">di prossima pubblicazione nel 2022, che presenta le ultime ricerche su genere e media effettuate nell\u2019ambito del gruppo Ge.M.Ma.<\/span><\/span><\/p>\t\t\t\t\t\t\t\t<\/div>\n\t\t\t\t<\/div>\n\t\t\t\t\t<\/div>\n\t\t<\/div>\n\t\t\t\t\t<\/div>\n\t\t<\/section>\n\t\t\t\t\t<\/div>\n\t\t<\/div>\n\t\t\t\t\t<\/div>\n\t\t<\/section>\n\t\t\t\t<section class=\"elementor-section elementor-top-section elementor-element elementor-element-59ba3fa4 elementor-section-boxed elementor-section-height-default elementor-section-height-default\" data-id=\"59ba3fa4\" data-element_type=\"section\" data-e-type=\"section\">\n\t\t\t\t\t\t<div class=\"elementor-container elementor-column-gap-default\">\n\t\t\t\t\t<div class=\"elementor-column elementor-col-100 elementor-top-column elementor-element elementor-element-3c85e97e\" data-id=\"3c85e97e\" data-element_type=\"column\" data-e-type=\"column\">\n\t\t\t<div class=\"elementor-widget-wrap elementor-element-populated\">\n\t\t\t\t\t\t<section class=\"elementor-section elementor-inner-section elementor-element elementor-element-58e7ee79 elementor-section-boxed elementor-section-height-default elementor-section-height-default\" data-id=\"58e7ee79\" data-element_type=\"section\" data-e-type=\"section\">\n\t\t\t\t\t\t\t<div class=\"elementor-background-overlay\"><\/div>\n\t\t\t\t\t\t\t<div class=\"elementor-container elementor-column-gap-default\">\n\t\t\t\t\t<div class=\"elementor-column elementor-col-50 elementor-inner-column elementor-element elementor-element-721ef9e7\" data-id=\"721ef9e7\" data-element_type=\"column\" data-e-type=\"column\">\n\t\t\t<div class=\"elementor-widget-wrap elementor-element-populated\">\n\t\t\t\t\t\t<div class=\"elementor-element elementor-element-491d2f42 elementor-widget elementor-widget-image\" data-id=\"491d2f42\" data-element_type=\"widget\" data-e-type=\"widget\" data-widget_type=\"image.default\">\n\t\t\t\t<div class=\"elementor-widget-container\">\n\t\t\t\t\t\t\t\t\t\t\t\t\t\t\t<img decoding=\"async\" width=\"600\" height=\"648\" src=\"https:\/\/portale2.unime.it\/pluralismi\/wp-content\/uploads\/sites\/18\/2022\/04\/IMG_356F0D80A253-1.jpeg\" class=\"attachment-large size-large wp-image-2065\" alt=\"\" srcset=\"https:\/\/portale2.unime.it\/pluralismi\/wp-content\/uploads\/sites\/18\/2022\/04\/IMG_356F0D80A253-1.jpeg 600w, https:\/\/portale2.unime.it\/pluralismi\/wp-content\/uploads\/sites\/18\/2022\/04\/IMG_356F0D80A253-1-278x300.jpeg 278w\" sizes=\"(max-width: 600px) 100vw, 600px\" style=\"width:100%;height:108%;max-width:600px\" \/>\t\t\t\t\t\t\t\t\t\t\t\t\t\t\t<\/div>\n\t\t\t\t<\/div>\n\t\t\t\t\t<\/div>\n\t\t<\/div>\n\t\t\t\t<div class=\"elementor-column elementor-col-50 elementor-inner-column elementor-element elementor-element-2fba0793\" data-id=\"2fba0793\" data-element_type=\"column\" data-e-type=\"column\">\n\t\t\t<div class=\"elementor-widget-wrap elementor-element-populated\">\n\t\t\t\t\t\t<div class=\"elementor-element elementor-element-55c9610c elementor-widget elementor-widget-text-editor\" data-id=\"55c9610c\" data-element_type=\"widget\" data-e-type=\"widget\" data-widget_type=\"text-editor.default\">\n\t\t\t\t<div class=\"elementor-widget-container\">\n\t\t\t\t\t\t\t\t\t<p><span style=\"font-family: 'Open Sans', Helvetica, Arial, sans-serif;color: #7a0a0a;font-size: 12pt\"><strong>Alessandra Brivio <\/strong><\/span><span style=\"color: #000000;font-size: 12pt\"><span style=\"font-family: 'Open Sans', Helvetica, Arial, sans-serif\">\u00e8 professoressa associata all\u2019Universit\u00e0 di Milano Bicocca dove insegna Antropologia culturale e Antropologia delle religioni. Da diversi anni svolge attivit\u00e0 di ricerca in Togo, Benin e Ghana, concentrandosi in particolare sulle religioni locali, la memoria e la storia della schiavit\u00f9. Ha pubblicato saggi in Italia e all\u2019estero e i volumi Il vodu in Africa. Metamorfosi di un culto, Roma, Viella, 2012; Italiani in Ghana. Storia e antropologia di una migrazione 1900-1946, Roma, Viella, 2013; Donne, emancipazione e marginalit\u00e0. Antropologia della schiavit\u00f9 e della dipendenza in Ghana, Milano, Meltemi, 2019.<\/span><\/span><\/p>\t\t\t\t\t\t\t\t<\/div>\n\t\t\t\t<\/div>\n\t\t\t\t\t<\/div>\n\t\t<\/div>\n\t\t\t\t\t<\/div>\n\t\t<\/section>\n\t\t\t\t\t<\/div>\n\t\t<\/div>\n\t\t\t\t\t<\/div>\n\t\t<\/section>\n\t\t\t\t<section class=\"elementor-section elementor-top-section elementor-element elementor-element-24404ac elementor-section-boxed elementor-section-height-default elementor-section-height-default\" data-id=\"24404ac\" data-element_type=\"section\" data-e-type=\"section\">\n\t\t\t\t\t\t<div class=\"elementor-container elementor-column-gap-default\">\n\t\t\t\t\t<div class=\"elementor-column elementor-col-100 elementor-top-column elementor-element elementor-element-1afec4a6\" data-id=\"1afec4a6\" data-element_type=\"column\" data-e-type=\"column\">\n\t\t\t<div class=\"elementor-widget-wrap elementor-element-populated\">\n\t\t\t\t\t\t<section class=\"elementor-section elementor-inner-section elementor-element elementor-element-62172bf elementor-section-boxed elementor-section-height-default elementor-section-height-default\" data-id=\"62172bf\" data-element_type=\"section\" data-e-type=\"section\">\n\t\t\t\t\t\t\t<div class=\"elementor-background-overlay\"><\/div>\n\t\t\t\t\t\t\t<div class=\"elementor-container elementor-column-gap-default\">\n\t\t\t\t\t<div class=\"elementor-column elementor-col-50 elementor-inner-column elementor-element elementor-element-7878666e\" data-id=\"7878666e\" data-element_type=\"column\" data-e-type=\"column\">\n\t\t\t<div class=\"elementor-widget-wrap elementor-element-populated\">\n\t\t\t\t\t\t<div class=\"elementor-element elementor-element-4eb5a28f elementor-widget elementor-widget-image\" data-id=\"4eb5a28f\" data-element_type=\"widget\" data-e-type=\"widget\" data-widget_type=\"image.default\">\n\t\t\t\t<div class=\"elementor-widget-container\">\n\t\t\t\t\t\t\t\t\t\t\t\t\t\t\t<img loading=\"lazy\" decoding=\"async\" width=\"300\" height=\"300\" src=\"https:\/\/portale2.unime.it\/pluralismi\/wp-content\/uploads\/sites\/18\/2022\/03\/2.CICCONE.jpg\" class=\"attachment-large size-large wp-image-1994\" alt=\"\" srcset=\"https:\/\/portale2.unime.it\/pluralismi\/wp-content\/uploads\/sites\/18\/2022\/03\/2.CICCONE.jpg 300w, https:\/\/portale2.unime.it\/pluralismi\/wp-content\/uploads\/sites\/18\/2022\/03\/2.CICCONE-150x150.jpg 150w, https:\/\/portale2.unime.it\/pluralismi\/wp-content\/uploads\/sites\/18\/2022\/03\/elementor\/thumbs\/2.CICCONE-q44uidoc1bl7gcsg0f2umduygwv7la5m8dk72upkgg.jpg 200w\" sizes=\"(max-width: 300px) 100vw, 300px\" style=\"width:100%;height:100%;max-width:300px\" \/>\t\t\t\t\t\t\t\t\t\t\t\t\t\t\t<\/div>\n\t\t\t\t<\/div>\n\t\t\t\t\t<\/div>\n\t\t<\/div>\n\t\t\t\t<div class=\"elementor-column elementor-col-50 elementor-inner-column elementor-element elementor-element-271bb5ef\" data-id=\"271bb5ef\" data-element_type=\"column\" data-e-type=\"column\">\n\t\t\t<div class=\"elementor-widget-wrap elementor-element-populated\">\n\t\t\t\t\t\t<div class=\"elementor-element elementor-element-74a85531 elementor-widget elementor-widget-text-editor\" data-id=\"74a85531\" data-element_type=\"widget\" data-e-type=\"widget\" data-widget_type=\"text-editor.default\">\n\t\t\t\t<div class=\"elementor-widget-container\">\n\t\t\t\t\t\t\t\t\t<p><span style=\"font-family: 'Open Sans', Helvetica, Arial, sans-serif;color: #7a0a0a;font-size: 12pt\"><strong>Stefano Ciccone <\/strong><\/span><span style=\"color: #000000;font-size: 12pt\"><span style=\"font-family: 'Open Sans', Helvetica, Arial, sans-serif\">partecipa a Maschile Plurale, rete di gruppi di riflessione critica sul maschile e di iniziativa di uomini contro la violenza e gli stereotipi di genere. PhD in Sociologia presso l\u2019Universit\u00e0 di Genova con una ricerca su: Retoriche e rappresentazioni nell\u2019esperienza maschile del mutamento delle relazioni tra sessi e generi.\u00a0 Nel 2007 ha contribuito a promuovere l\u2019omonima associazione nazionale che raccoglie la rete di gruppi maschili esistenti. Partecipa a gruppi di riflessione e ricerca di donne e uomini sui ruoli e le rappresentazioni sociali di genere. Nel 2019 ha pubblicato \u201cMaschi in crisi? Una strada oltre la frustrazione e il rancore, con l\u2019editore Rosenberg &amp; Sellier. Nel 2009 ha pubblicato con l\u2019editore Rosenberg &amp; Sellier il libro \u201cEssere maschi. Tra potere e libert\u00e0\u201d,\u00a0 nel 2011 \u201cIl legame insospettabile tra amore e violenza\u201d con Lea Melandri ,C&amp;P Adver Effigi Editore. Componente del GEV ANVUR: Gruppo Esperti Valutatori per le attivit\u00e0 di Terza Missione degli Atenei ed Enti Pubblici di Ricerca italiani 2001-2014. Componente presso la Presidenza del Consiglio dei Ministri, Dipartimento Pari Opportunit\u00e0 del tavolo tecnico per la redazione del Piano Strategico Nazionale di contrasto alla violenza maschile contro le donne.<\/span><\/span><\/p>\t\t\t\t\t\t\t\t<\/div>\n\t\t\t\t<\/div>\n\t\t\t\t\t<\/div>\n\t\t<\/div>\n\t\t\t\t\t<\/div>\n\t\t<\/section>\n\t\t\t\t\t<\/div>\n\t\t<\/div>\n\t\t\t\t\t<\/div>\n\t\t<\/section>\n\t\t\t\t<section class=\"elementor-section elementor-top-section elementor-element elementor-element-3a5c6962 elementor-section-boxed elementor-section-height-default elementor-section-height-default\" data-id=\"3a5c6962\" data-element_type=\"section\" data-e-type=\"section\">\n\t\t\t\t\t\t<div class=\"elementor-container elementor-column-gap-default\">\n\t\t\t\t\t<div class=\"elementor-column elementor-col-100 elementor-top-column elementor-element elementor-element-55ab3466\" data-id=\"55ab3466\" data-element_type=\"column\" data-e-type=\"column\">\n\t\t\t<div class=\"elementor-widget-wrap elementor-element-populated\">\n\t\t\t\t\t\t<section class=\"elementor-section elementor-inner-section elementor-element elementor-element-479b8f9e elementor-section-boxed elementor-section-height-default elementor-section-height-default\" data-id=\"479b8f9e\" data-element_type=\"section\" data-e-type=\"section\">\n\t\t\t\t\t\t\t<div class=\"elementor-background-overlay\"><\/div>\n\t\t\t\t\t\t\t<div class=\"elementor-container elementor-column-gap-default\">\n\t\t\t\t\t<div class=\"elementor-column elementor-col-50 elementor-inner-column elementor-element elementor-element-e207aa9\" data-id=\"e207aa9\" data-element_type=\"column\" data-e-type=\"column\">\n\t\t\t<div class=\"elementor-widget-wrap elementor-element-populated\">\n\t\t\t\t\t\t<div class=\"elementor-element elementor-element-1116878b elementor-widget elementor-widget-image\" data-id=\"1116878b\" data-element_type=\"widget\" data-e-type=\"widget\" data-widget_type=\"image.default\">\n\t\t\t\t<div class=\"elementor-widget-container\">\n\t\t\t\t\t\t\t\t\t\t\t\t\t\t\t<img loading=\"lazy\" decoding=\"async\" width=\"300\" height=\"300\" src=\"https:\/\/portale2.unime.it\/pluralismi\/wp-content\/uploads\/sites\/18\/2022\/03\/8.DIROSA.jpg\" class=\"attachment-large size-large wp-image-2000\" alt=\"\" srcset=\"https:\/\/portale2.unime.it\/pluralismi\/wp-content\/uploads\/sites\/18\/2022\/03\/8.DIROSA.jpg 300w, https:\/\/portale2.unime.it\/pluralismi\/wp-content\/uploads\/sites\/18\/2022\/03\/8.DIROSA-150x150.jpg 150w, https:\/\/portale2.unime.it\/pluralismi\/wp-content\/uploads\/sites\/18\/2022\/03\/elementor\/thumbs\/8.DIROSA-q44uiem685mhryr2uxhh6vmf2aqksz9cki7ok4o6a8.jpg 200w\" sizes=\"(max-width: 300px) 100vw, 300px\" style=\"width:100%;height:100%;max-width:300px\" \/>\t\t\t\t\t\t\t\t\t\t\t\t\t\t\t<\/div>\n\t\t\t\t<\/div>\n\t\t\t\t\t<\/div>\n\t\t<\/div>\n\t\t\t\t<div class=\"elementor-column elementor-col-50 elementor-inner-column elementor-element elementor-element-4ffa2404\" data-id=\"4ffa2404\" data-element_type=\"column\" data-e-type=\"column\">\n\t\t\t<div class=\"elementor-widget-wrap elementor-element-populated\">\n\t\t\t\t\t\t<div class=\"elementor-element elementor-element-10e47ed9 elementor-widget elementor-widget-text-editor\" data-id=\"10e47ed9\" data-element_type=\"widget\" data-e-type=\"widget\" data-widget_type=\"text-editor.default\">\n\t\t\t\t<div class=\"elementor-widget-container\">\n\t\t\t\t\t\t\t\t\t<p><span style=\"font-family: 'Open Sans', Helvetica, Arial, sans-serif;color: #7a0a0a;font-size: 12pt\"><strong>Roberta Teresa di Rosa <\/strong><\/span><span style=\"color: #000000;font-size: 12pt\"><span style=\"font-family: 'Open Sans', Helvetica, Arial, sans-serif\"><strong>\u00a0<\/strong>\u00e8 professoressa associata di Sociologia delle migrazioni e dello sviluppo e di Servizio sociale internazionale; coordinatrice dei Cds L39 e Lm-87 in Servizio sociale, Dipartimento Culture e societ\u00e0, Universit\u00e0 di Palermo. \u00c8 membro del Consiglio dei docenti del Dottorato in Estudios Migratorios dell\u2019Instituto de Migraciones dell\u2019Universidad de Granada e del Dottorato in Dinamica dei sistemi dell\u2019Universit\u00e0 di Palermo. Per l\u2019Universit\u00e0 di Palermo ha partecipato ed \u00e8 attualmente impegnata in programmi di ricerca nazionali e internazionali sull\u2019integrazione sociale dei migranti e sulle pratiche di accoglienza. Tra le sue pubblicazioni pi\u00f9 recenti: \u201cInternational Social Work: Professional Debates about Global and Local Practices\u201d (in V. Favar\u00f2 e S. Marcen\u00f2, Rethinking Borders Decolonizing Knowledge and Categories, UnipaPress, 2021);\u201cSocial Work with Refugees and Migrants in Italy\u201d (in R. Ro\u00dfkopfe K. Heilmann, International Social Work and Forced Migration, Verlag Barbara Budrich, 2021).a Maschile P<\/span><\/span><\/p>\t\t\t\t\t\t\t\t<\/div>\n\t\t\t\t<\/div>\n\t\t\t\t\t<\/div>\n\t\t<\/div>\n\t\t\t\t\t<\/div>\n\t\t<\/section>\n\t\t\t\t\t<\/div>\n\t\t<\/div>\n\t\t\t\t\t<\/div>\n\t\t<\/section>\n\t\t\t\t<section class=\"elementor-section elementor-top-section elementor-element elementor-element-17a5259f elementor-section-boxed elementor-section-height-default elementor-section-height-default\" data-id=\"17a5259f\" data-element_type=\"section\" data-e-type=\"section\">\n\t\t\t\t\t\t<div class=\"elementor-container elementor-column-gap-default\">\n\t\t\t\t\t<div class=\"elementor-column elementor-col-100 elementor-top-column elementor-element elementor-element-346e7bc5\" data-id=\"346e7bc5\" data-element_type=\"column\" data-e-type=\"column\">\n\t\t\t<div class=\"elementor-widget-wrap elementor-element-populated\">\n\t\t\t\t\t\t<section class=\"elementor-section elementor-inner-section elementor-element elementor-element-3df0d1d8 elementor-section-boxed elementor-section-height-default elementor-section-height-default\" data-id=\"3df0d1d8\" data-element_type=\"section\" data-e-type=\"section\">\n\t\t\t\t\t\t\t<div class=\"elementor-background-overlay\"><\/div>\n\t\t\t\t\t\t\t<div class=\"elementor-container elementor-column-gap-default\">\n\t\t\t\t\t<div class=\"elementor-column elementor-col-50 elementor-inner-column elementor-element elementor-element-6c49a120\" data-id=\"6c49a120\" data-element_type=\"column\" data-e-type=\"column\">\n\t\t\t<div class=\"elementor-widget-wrap elementor-element-populated\">\n\t\t\t\t\t\t<div class=\"elementor-element elementor-element-765903c8 elementor-widget elementor-widget-image\" data-id=\"765903c8\" data-element_type=\"widget\" data-e-type=\"widget\" data-widget_type=\"image.default\">\n\t\t\t\t<div class=\"elementor-widget-container\">\n\t\t\t\t\t\t\t\t\t\t\t\t\t\t\t<img loading=\"lazy\" decoding=\"async\" width=\"300\" height=\"300\" src=\"https:\/\/portale2.unime.it\/pluralismi\/wp-content\/uploads\/sites\/18\/2022\/03\/1.FACCIOLI.jpg\" class=\"attachment-large size-large wp-image-1993\" alt=\"\" srcset=\"https:\/\/portale2.unime.it\/pluralismi\/wp-content\/uploads\/sites\/18\/2022\/03\/1.FACCIOLI.jpg 300w, https:\/\/portale2.unime.it\/pluralismi\/wp-content\/uploads\/sites\/18\/2022\/03\/1.FACCIOLI-150x150.jpg 150w, https:\/\/portale2.unime.it\/pluralismi\/wp-content\/uploads\/sites\/18\/2022\/03\/elementor\/thumbs\/1.FACCIOLI-q44uidoc1bl7gcsg0f2umduygwv7la5m8dk72upkgg.jpg 200w\" sizes=\"(max-width: 300px) 100vw, 300px\" style=\"width:100%;height:100%;max-width:300px\" \/>\t\t\t\t\t\t\t\t\t\t\t\t\t\t\t<\/div>\n\t\t\t\t<\/div>\n\t\t\t\t\t<\/div>\n\t\t<\/div>\n\t\t\t\t<div class=\"elementor-column elementor-col-50 elementor-inner-column elementor-element elementor-element-55aaabf6\" data-id=\"55aaabf6\" data-element_type=\"column\" data-e-type=\"column\">\n\t\t\t<div class=\"elementor-widget-wrap elementor-element-populated\">\n\t\t\t\t\t\t<div class=\"elementor-element elementor-element-76141262 elementor-widget elementor-widget-text-editor\" data-id=\"76141262\" data-element_type=\"widget\" data-e-type=\"widget\" data-widget_type=\"text-editor.default\">\n\t\t\t\t<div class=\"elementor-widget-container\">\n\t\t\t\t\t\t\t\t\t<p><span style=\"font-family: 'Open Sans', Helvetica, Arial, sans-serif;color: #7a0a0a;font-size: 12pt\"><strong>Franca Faccioli <\/strong><\/span><span style=\"color: #000000;font-size: 12pt\"><span style=\"font-family: 'Open Sans', Helvetica, Arial, sans-serif\">\u00a0gi\u00e0 professoressa ordinaria di Sociologia dei processi culturali e comunicativi presso il Dipartimento di Comunicazione e Ricerca Sociale di Sapienza, Universit\u00e0 di Roma. Presso questo Dipartimento ha insegnato Comunicazione Pubblica e Comunicazione sociale e istituzionale. Suoi\u00a0campi di studio<strong>\u00a0<\/strong>sono la comunicazione delle amministrazioni pubbliche, il rapporto tra comunicazione, governance, civic e public engagement, la comunicazione sociale, genere e rappresentazione sociale dei problemi pubblici.\u00a0<em>Tra le sue pubblicazioni<\/em><strong>:<\/strong>\u00a0<em>#DistantiMaUniti: la comunicazione pubblica tra innovazioni e fragilit\u00e0 alla ricerca di una ridefinizione<\/em>, in H-ermes. Journal of Communication H-ermes, J. Comm. 17 (2020), 27-72 (con Lucia D\u2019Ambrosi, Gea Ducci e Alessandro Lovari);\u00a0<em>Civic Collaboration and Urban Commons. Citizen\u2019s Voices on a Public Engagement Experience in an Italian City<\/em>, in \u201cPACO\u201d, Issue 13(2) 2020: 1132-1151 (con Roberta Bartoletti);\u00a0<em>Genere e media: non solo immagini. Soggetti, politiche, rappresentazioni<\/em>\u00a0(coedito con Milly Buonanno) (2020), Franco Angeli, Milano;\u00a0<em>Le professioni intellettuali nello spazio pubblico tra crisi, innovazione e nuove identit\u00e0<\/em>. Maggioli Editore, Santarcangelo di Romagna, (coedito con Barbara Mazza);\u00a0<em>Public Engagement, Local Policies and Citizens\u2019 Participation: An Italian Case Study of Civic Collaboration<\/em>, in \u201cSocial Media + Society\u201d July-December 2016 (con Roberta Bartoletti) pp. 1-11;\u00a0<em>Comunicazione pubblica e cultura del servizio. Modelli, attori, percorsi<\/em>, Carocci Roma (2000, 7\u00b0 ediz. 2007). E\u2019co-editor con Milly Buonanno del numero speciale del\u00a0<em>Journal of Italian Cinema &amp; Media Studies\u00a0<\/em>di prossima pubblicazione nel 2022, che presenta le ultime ricerche su genere e media effettuate nell\u2019ambito dell\u2019Unit\u00e0 di ricerca Ge.M.Ma. (Gender and Media Matters, Dipartimento di Comunicazione e ricerca sociale di Sapienza.\u00a0<\/span><\/span><\/p>\t\t\t\t\t\t\t\t<\/div>\n\t\t\t\t<\/div>\n\t\t\t\t\t<\/div>\n\t\t<\/div>\n\t\t\t\t\t<\/div>\n\t\t<\/section>\n\t\t\t\t\t<\/div>\n\t\t<\/div>\n\t\t\t\t\t<\/div>\n\t\t<\/section>\n\t\t\t\t<section class=\"elementor-section elementor-top-section elementor-element elementor-element-181973d9 elementor-section-boxed elementor-section-height-default elementor-section-height-default\" data-id=\"181973d9\" data-element_type=\"section\" data-e-type=\"section\">\n\t\t\t\t\t\t<div class=\"elementor-container elementor-column-gap-default\">\n\t\t\t\t\t<div class=\"elementor-column elementor-col-100 elementor-top-column elementor-element elementor-element-2f2402d9\" data-id=\"2f2402d9\" data-element_type=\"column\" data-e-type=\"column\">\n\t\t\t<div class=\"elementor-widget-wrap elementor-element-populated\">\n\t\t\t\t\t\t<section class=\"elementor-section elementor-inner-section elementor-element elementor-element-77d98185 elementor-section-boxed elementor-section-height-default elementor-section-height-default\" data-id=\"77d98185\" data-element_type=\"section\" data-e-type=\"section\">\n\t\t\t\t\t\t\t<div class=\"elementor-background-overlay\"><\/div>\n\t\t\t\t\t\t\t<div class=\"elementor-container elementor-column-gap-default\">\n\t\t\t\t\t<div class=\"elementor-column elementor-col-50 elementor-inner-column elementor-element elementor-element-7acdc2c0\" data-id=\"7acdc2c0\" data-element_type=\"column\" data-e-type=\"column\">\n\t\t\t<div class=\"elementor-widget-wrap elementor-element-populated\">\n\t\t\t\t\t\t<div class=\"elementor-element elementor-element-1de9baf7 elementor-widget elementor-widget-image\" data-id=\"1de9baf7\" data-element_type=\"widget\" data-e-type=\"widget\" data-widget_type=\"image.default\">\n\t\t\t\t<div class=\"elementor-widget-container\">\n\t\t\t\t\t\t\t\t\t\t\t\t\t\t\t<img loading=\"lazy\" decoding=\"async\" width=\"856\" height=\"944\" src=\"https:\/\/portale2.unime.it\/pluralismi\/wp-content\/uploads\/sites\/18\/2022\/03\/vera-gheno.png\" class=\"attachment-large size-large wp-image-2001\" alt=\"\" srcset=\"https:\/\/portale2.unime.it\/pluralismi\/wp-content\/uploads\/sites\/18\/2022\/03\/vera-gheno.png 856w, https:\/\/portale2.unime.it\/pluralismi\/wp-content\/uploads\/sites\/18\/2022\/03\/vera-gheno-272x300.png 272w, https:\/\/portale2.unime.it\/pluralismi\/wp-content\/uploads\/sites\/18\/2022\/03\/vera-gheno-768x847.png 768w\" sizes=\"(max-width: 856px) 100vw, 856px\" style=\"width:100%;height:110.28%;max-width:856px\" \/>\t\t\t\t\t\t\t\t\t\t\t\t\t\t\t<\/div>\n\t\t\t\t<\/div>\n\t\t\t\t\t<\/div>\n\t\t<\/div>\n\t\t\t\t<div class=\"elementor-column elementor-col-50 elementor-inner-column elementor-element elementor-element-2480aed\" data-id=\"2480aed\" data-element_type=\"column\" data-e-type=\"column\">\n\t\t\t<div class=\"elementor-widget-wrap elementor-element-populated\">\n\t\t\t\t\t\t<div class=\"elementor-element elementor-element-14b43c0b elementor-widget elementor-widget-text-editor\" data-id=\"14b43c0b\" data-element_type=\"widget\" data-e-type=\"widget\" data-widget_type=\"text-editor.default\">\n\t\t\t\t<div class=\"elementor-widget-container\">\n\t\t\t\t\t\t\t\t\t<p><span style=\"font-family: 'Open Sans', Helvetica, Arial, sans-serif;color: #7a0a0a;font-size: 12pt\"><strong>Vera Gheno <\/strong><\/span><span style=\"color: #000000;font-size: 12pt\"><span style=\"font-family: 'Open Sans', Helvetica, Arial, sans-serif\">sociolinguista, traduttrice dall\u2019ungherese e divulgatrice, ha collaborato per vent\u2019anni con l\u2019Accademia della Crusca e per quattro anni con la casa editrice Zanichelli. Ha insegnato come docente a contratto all\u2019Universit\u00e0 di Firenze per 18 anni; da settembre 2021 \u00e8 ricercatrice di tipo A presso la stessa istituzione. Nel 2021 ha pubblicato \u201c<em>Trovare le parole. Abbecedario per una comunicazione consapevole\u201d\u00a0<\/em>(con Federico Faloppa, Edizioni Gruppo Abele) e \u201c<em>Le ragioni del dubbio. L\u2019arte di usare le parole\u00a0<\/em>(Einaudi)\u201d<em>.\u00a0<\/em><\/span><\/span><\/p>\t\t\t\t\t\t\t\t<\/div>\n\t\t\t\t<\/div>\n\t\t\t\t\t<\/div>\n\t\t<\/div>\n\t\t\t\t\t<\/div>\n\t\t<\/section>\n\t\t\t\t\t<\/div>\n\t\t<\/div>\n\t\t\t\t\t<\/div>\n\t\t<\/section>\n\t\t\t\t<section class=\"elementor-section elementor-top-section elementor-element elementor-element-261d3bbc elementor-section-boxed elementor-section-height-default elementor-section-height-default\" data-id=\"261d3bbc\" data-element_type=\"section\" data-e-type=\"section\">\n\t\t\t\t\t\t<div class=\"elementor-container elementor-column-gap-default\">\n\t\t\t\t\t<div class=\"elementor-column elementor-col-100 elementor-top-column elementor-element elementor-element-6d7cde55\" data-id=\"6d7cde55\" data-element_type=\"column\" data-e-type=\"column\">\n\t\t\t<div class=\"elementor-widget-wrap elementor-element-populated\">\n\t\t\t\t\t\t<section class=\"elementor-section elementor-inner-section elementor-element elementor-element-5c3fad52 elementor-section-boxed elementor-section-height-default elementor-section-height-default\" data-id=\"5c3fad52\" data-element_type=\"section\" data-e-type=\"section\">\n\t\t\t\t\t\t\t<div class=\"elementor-background-overlay\"><\/div>\n\t\t\t\t\t\t\t<div class=\"elementor-container elementor-column-gap-default\">\n\t\t\t\t\t<div class=\"elementor-column elementor-col-50 elementor-inner-column elementor-element elementor-element-65a3ae23\" data-id=\"65a3ae23\" data-element_type=\"column\" data-e-type=\"column\">\n\t\t\t<div class=\"elementor-widget-wrap elementor-element-populated\">\n\t\t\t\t\t\t<div class=\"elementor-element elementor-element-5b06bbb9 elementor-widget elementor-widget-image\" data-id=\"5b06bbb9\" data-element_type=\"widget\" data-e-type=\"widget\" data-widget_type=\"image.default\">\n\t\t\t\t<div class=\"elementor-widget-container\">\n\t\t\t\t\t\t\t\t\t\t\t\t\t\t\t<img loading=\"lazy\" decoding=\"async\" width=\"182\" height=\"222\" src=\"https:\/\/portale2.unime.it\/pluralismi\/wp-content\/uploads\/sites\/18\/2022\/03\/6.GIULIANI.jpg\" class=\"attachment-large size-large wp-image-1998\" alt=\"\" style=\"width:100%;height:121.98%;max-width:182px\" \/>\t\t\t\t\t\t\t\t\t\t\t\t\t\t\t<\/div>\n\t\t\t\t<\/div>\n\t\t\t\t\t<\/div>\n\t\t<\/div>\n\t\t\t\t<div class=\"elementor-column elementor-col-50 elementor-inner-column elementor-element elementor-element-4e51df0a\" data-id=\"4e51df0a\" data-element_type=\"column\" data-e-type=\"column\">\n\t\t\t<div class=\"elementor-widget-wrap elementor-element-populated\">\n\t\t\t\t\t\t<div class=\"elementor-element elementor-element-1fc61778 elementor-widget elementor-widget-text-editor\" data-id=\"1fc61778\" data-element_type=\"widget\" data-e-type=\"widget\" data-widget_type=\"text-editor.default\">\n\t\t\t\t<div class=\"elementor-widget-container\">\n\t\t\t\t\t\t\t\t\t<p><span style=\"font-family: 'Open Sans', Helvetica, Arial, sans-serif;color: #7a0a0a;font-size: 12pt\"><strong>Fabrizia Giuliani <\/strong><\/span><span style=\"color: #000000;font-size: 12pt\"><span style=\"font-family: 'Open Sans', Helvetica, Arial, sans-serif\">insegna filosofia del linguaggio e studi di genere presso La Sapienza Universit\u00e0 di Roma. Si occupa principalmente di filosofia del linguaggio \u2013 rapporti tra il linguaggio, l\u2019etica e la politica \u2013 comunicazione, studi delle donne e di genere. Ha insegnato Linguistica, Semiotica e Filosofia del Linguaggio in diverse Universit\u00e0 italiane \u2013 Ferrara, Siena Stranieri, Cosenza -, ha pubblicato saggi in diverse lingue pubblicati per Carocci, Einaudi, Mondadori, Enciclopedia Italiana Treccani, Mardaga, Il Mulino, Collabora con riviste italiane e internazionali \u2013 Ethics and Politics, Die Philosphin, Nuovi Argomenti, Reset, Italiani Europei, DWF. Gi\u00e0 Visiting Scholar e Fulbright Fellow a Harvard, \u00e8 stata Parlamentare nella scorsa legislatura presso la Commissione giustizia dove ha seguito, anche come relatrice e delegata presso il Parlamento europeo, i principali provvedimenti relativi al varo della Convenzione del Consiglio d\u2019Europa sulla prevenzione e la lotta contro la violenza nei confronti delle donne e la violenza domestica (cd. Convenzione d\u2019Istanbul). Tra le sue pubblicazioni:\u00a0<em>Espressione ed ethos, il linguaggio nella filosofia di Benedetto Croce<\/em>\u00a0(2002),\u00a0<em>Il logos nella polis<\/em>\u00a0(2008)\u00a0<em>Mit worten\u00a0<\/em>(2004),\u00a0<em>Qualcosa \u00e8 cambiato<\/em>\u00a0(2006),\u00a0<em>Il tempo \u2013 e l\u2019uso \u2013 della memoria<\/em>\u00a0(2007),\u00a0<em>Il peso delle parole<\/em>\u00a0(2007),\u00a0<em>The weight of words<\/em>\u00a0(2008),\u00a0<em>Linguaggi di genere<\/em>\u00a0(2009),\u00a0<em>Le parole, i concetti, l\u2019esperienza. Studio sulla semantica di \u2018vita\u2019\u00a0<\/em>(2010),\u00a0<em>La forza del linguaggio<\/em>\u00a0(2012),\u00a0<em>Croce e i paradossi della comunicazione\u00a0<\/em>(2013),\u00a0<em>La lingua di Gentile\u00a0<\/em>(2016),\u00a0<em>Il dovere di farsi capire\u00a0<\/em>(2018),\u00a0<em>Strategia per il contrasto alla violenza<\/em>\u00a0(2019),\u00a0<em>Le parole per dirlo. Il racconto della violenza nella lingua del giudice\u00a0<\/em>(2021).<\/span><\/span><\/p>\t\t\t\t\t\t\t\t<\/div>\n\t\t\t\t<\/div>\n\t\t\t\t\t<\/div>\n\t\t<\/div>\n\t\t\t\t\t<\/div>\n\t\t<\/section>\n\t\t\t\t\t<\/div>\n\t\t<\/div>\n\t\t\t\t\t<\/div>\n\t\t<\/section>\n\t\t\t\t<section class=\"elementor-section elementor-top-section elementor-element elementor-element-4e7113fe elementor-section-boxed elementor-section-height-default elementor-section-height-default\" data-id=\"4e7113fe\" data-element_type=\"section\" data-e-type=\"section\">\n\t\t\t\t\t\t<div class=\"elementor-container elementor-column-gap-default\">\n\t\t\t\t\t<div class=\"elementor-column elementor-col-100 elementor-top-column elementor-element elementor-element-e880975\" data-id=\"e880975\" data-element_type=\"column\" data-e-type=\"column\">\n\t\t\t<div class=\"elementor-widget-wrap elementor-element-populated\">\n\t\t\t\t\t\t<section class=\"elementor-section elementor-inner-section elementor-element elementor-element-52b6bcb3 elementor-section-boxed elementor-section-height-default elementor-section-height-default\" data-id=\"52b6bcb3\" data-element_type=\"section\" data-e-type=\"section\">\n\t\t\t\t\t\t\t<div class=\"elementor-background-overlay\"><\/div>\n\t\t\t\t\t\t\t<div class=\"elementor-container elementor-column-gap-default\">\n\t\t\t\t\t<div class=\"elementor-column elementor-col-50 elementor-inner-column elementor-element elementor-element-3b11c916\" data-id=\"3b11c916\" data-element_type=\"column\" data-e-type=\"column\">\n\t\t\t<div class=\"elementor-widget-wrap elementor-element-populated\">\n\t\t\t\t\t\t<div class=\"elementor-element elementor-element-1d243ce8 elementor-widget elementor-widget-image\" data-id=\"1d243ce8\" data-element_type=\"widget\" data-e-type=\"widget\" data-widget_type=\"image.default\">\n\t\t\t\t<div class=\"elementor-widget-container\">\n\t\t\t\t\t\t\t\t\t\t\t\t\t\t\t<img loading=\"lazy\" decoding=\"async\" width=\"300\" height=\"300\" src=\"https:\/\/portale2.unime.it\/pluralismi\/wp-content\/uploads\/sites\/18\/2022\/03\/4.GUI_.jpg\" class=\"attachment-large size-large wp-image-1996\" alt=\"\" srcset=\"https:\/\/portale2.unime.it\/pluralismi\/wp-content\/uploads\/sites\/18\/2022\/03\/4.GUI_.jpg 300w, https:\/\/portale2.unime.it\/pluralismi\/wp-content\/uploads\/sites\/18\/2022\/03\/4.GUI_-150x150.jpg 150w, https:\/\/portale2.unime.it\/pluralismi\/wp-content\/uploads\/sites\/18\/2022\/03\/elementor\/thumbs\/4.GUI_-q44uidoc1bl7gcsg0f2umduygwv7la5m8dk72upkgg.jpg 200w\" sizes=\"(max-width: 300px) 100vw, 300px\" style=\"width:100%;height:100%;max-width:300px\" \/>\t\t\t\t\t\t\t\t\t\t\t\t\t\t\t<\/div>\n\t\t\t\t<\/div>\n\t\t\t\t\t<\/div>\n\t\t<\/div>\n\t\t\t\t<div class=\"elementor-column elementor-col-50 elementor-inner-column elementor-element elementor-element-67424d8d\" data-id=\"67424d8d\" data-element_type=\"column\" data-e-type=\"column\">\n\t\t\t<div class=\"elementor-widget-wrap elementor-element-populated\">\n\t\t\t\t\t\t<div class=\"elementor-element elementor-element-25a6115e elementor-widget elementor-widget-text-editor\" data-id=\"25a6115e\" data-element_type=\"widget\" data-e-type=\"widget\" data-widget_type=\"text-editor.default\">\n\t\t\t\t<div class=\"elementor-widget-container\">\n\t\t\t\t\t\t\t\t\t<p><span style=\"font-family: 'Open Sans', Helvetica, Arial, sans-serif;color: #7a0a0a;font-size: 12pt\"><strong>Luigi Gui <\/strong><\/span><span style=\"color: #000000;font-size: 12pt\"><span style=\"font-family: 'Open Sans', Helvetica, Arial, sans-serif\">\u00a0\u00e8 professore associato di Sociologia generale nel Dipartimento di Studi Umanistici dell\u2019Universit\u00e0 degli studi di Trieste. Phd in Sociologia, teoria e metodologia del servizio sociale. Abilitato professore universitario di I fascia. Insegna\u00a0<em>Metodi e tecniche del servizio sociale<\/em>, nel corso di laurea L39 in Scienze del servizio sociale e\u00a0<em>Teorie del servizio sociale e politiche sociali<\/em>, nel Corso di laurea magistrale LM87 in Servizio sociale, politiche sociali, programmazione e gestione dei servizi, dell\u2019universit\u00e0 degli studi di Trieste. Membro del collegio docenti del dottorato di ricerca in\u00a0<em>Social work and personal social services<\/em> all\u2019Universit\u00e0 Cattolica del Sacro Cuore di Milano. Membro del consiglio scientifico della sezione Politica Sociale dell\u2019Associazione Italiana di Sociologia \u2013 AIS. Tra i principali interessi scientifici: gli attuali sviluppi di politica sociale; pratiche e processi d\u2019aiuto con particolare riferimento alle condizioni di grave emarginazione, teoria ed epistemologia del servizio sociale, processi di costruzione del sapere teorico-pratico nelle professioni d\u2019aiuto.\u00a0<\/span><\/span><\/p>\t\t\t\t\t\t\t\t<\/div>\n\t\t\t\t<\/div>\n\t\t\t\t\t<\/div>\n\t\t<\/div>\n\t\t\t\t\t<\/div>\n\t\t<\/section>\n\t\t\t\t\t<\/div>\n\t\t<\/div>\n\t\t\t\t\t<\/div>\n\t\t<\/section>\n\t\t\t\t<section class=\"elementor-section elementor-top-section elementor-element elementor-element-2456c692 elementor-section-boxed elementor-section-height-default elementor-section-height-default\" data-id=\"2456c692\" data-element_type=\"section\" data-e-type=\"section\">\n\t\t\t\t\t\t<div class=\"elementor-container elementor-column-gap-default\">\n\t\t\t\t\t<div class=\"elementor-column elementor-col-100 elementor-top-column elementor-element elementor-element-614a45ae\" data-id=\"614a45ae\" data-element_type=\"column\" data-e-type=\"column\">\n\t\t\t<div class=\"elementor-widget-wrap elementor-element-populated\">\n\t\t\t\t\t\t<section class=\"elementor-section elementor-inner-section elementor-element elementor-element-67af0b73 elementor-section-boxed elementor-section-height-default elementor-section-height-default\" data-id=\"67af0b73\" data-element_type=\"section\" data-e-type=\"section\">\n\t\t\t\t\t\t\t<div class=\"elementor-background-overlay\"><\/div>\n\t\t\t\t\t\t\t<div class=\"elementor-container elementor-column-gap-default\">\n\t\t\t\t\t<div class=\"elementor-column elementor-col-50 elementor-inner-column elementor-element elementor-element-4813bd8e\" data-id=\"4813bd8e\" data-element_type=\"column\" data-e-type=\"column\">\n\t\t\t<div class=\"elementor-widget-wrap elementor-element-populated\">\n\t\t\t\t\t\t<div class=\"elementor-element elementor-element-5a6a6f52 elementor-widget elementor-widget-image\" data-id=\"5a6a6f52\" data-element_type=\"widget\" data-e-type=\"widget\" data-widget_type=\"image.default\">\n\t\t\t\t<div class=\"elementor-widget-container\">\n\t\t\t\t\t\t\t\t\t\t\t\t\t\t\t<img loading=\"lazy\" decoding=\"async\" width=\"720\" height=\"720\" src=\"https:\/\/portale2.unime.it\/pluralismi\/wp-content\/uploads\/sites\/18\/2021\/03\/PHOTO-2021-03-31-11-53-56.jpg\" class=\"attachment-large size-large wp-image-1846\" alt=\"\" srcset=\"https:\/\/portale2.unime.it\/pluralismi\/wp-content\/uploads\/sites\/18\/2021\/03\/PHOTO-2021-03-31-11-53-56.jpg 720w, https:\/\/portale2.unime.it\/pluralismi\/wp-content\/uploads\/sites\/18\/2021\/03\/PHOTO-2021-03-31-11-53-56-300x300.jpg 300w, https:\/\/portale2.unime.it\/pluralismi\/wp-content\/uploads\/sites\/18\/2021\/03\/PHOTO-2021-03-31-11-53-56-150x150.jpg 150w, https:\/\/portale2.unime.it\/pluralismi\/wp-content\/uploads\/sites\/18\/2021\/03\/elementor\/thumbs\/PHOTO-2021-03-31-11-53-56-q44uhlh6cails1xel2w1jkz4ncq76d1o4hzmojvdn4.jpg 200w\" sizes=\"(max-width: 720px) 100vw, 720px\" style=\"width:100%;height:100%;max-width:720px\" \/>\t\t\t\t\t\t\t\t\t\t\t\t\t\t\t<\/div>\n\t\t\t\t<\/div>\n\t\t\t\t\t<\/div>\n\t\t<\/div>\n\t\t\t\t<div class=\"elementor-column elementor-col-50 elementor-inner-column elementor-element elementor-element-6de5c441\" data-id=\"6de5c441\" data-element_type=\"column\" data-e-type=\"column\">\n\t\t\t<div class=\"elementor-widget-wrap elementor-element-populated\">\n\t\t\t\t\t\t<div class=\"elementor-element elementor-element-71689575 elementor-widget elementor-widget-text-editor\" data-id=\"71689575\" data-element_type=\"widget\" data-e-type=\"widget\" data-widget_type=\"text-editor.default\">\n\t\t\t\t<div class=\"elementor-widget-container\">\n\t\t\t\t\t\t\t\t\t<p><span style=\"font-family: 'Open Sans', Helvetica, Arial, sans-serif;color: #7a0a0a;font-size: 12pt\"><strong>Edoardo Lombardi Vallauri <\/strong><\/span><span style=\"color: #000000;font-size: 12pt\"><span style=\"font-family: 'Open Sans', Helvetica, Arial, sans-serif\">\u00a0\u00e8 professore Ordinario di Linguistica Generale all\u2019universit\u00e0 Roma Tre. Si \u00e8 occupato soprattutto di linguistica generale, linguistica giapponese, linguistica italiana, comunicazione persuasiva, linguaggio e cervello. Fra i suoi lavori scientifici, La sintassi dell\u2019informazione (Bulzoni), Grammatica funzionale delle avverbiali italiane (Carocci), La struttura informativa dell\u2019enunciato (La Nuova Italia), La struttura informativa. Forma e funzione negli enunciati linguistici (Carocci). Non sono rivolti ai soli addetti ai lavori Parlare l\u2019italiano (Il Mulino), La linguistica in pratica (Il Mulino), Capire la mente cattolica (Le Lettere), Semplificare. Micro-filosofie del quotidiano (Eri-Rai &amp; AUP), Parole di giornata (con Giorgio Moretti, Il Mulino), Onomatopea e fonosimbolismo (con Luca Nobile, Carocci), La lingua disonesta (Il Mulino), Ancora bigotti (Einaudi). Collabora con Il Mulino e con Micromega. \u00c8 stato ideatore e conduttore della trasmissione Castelli in Aria (Rai Radio Tre). \u00c8 ideatore e direttore del sito web rightpronunciation.com per la pronuncia dei nomi propri internazionali, del sito oppp.it (Osservatorio Permanente sulla Pubblicit\u00e0 e la Propaganda), e Principal Investigator del progetto IMPAQTS: Implicit Manipulation in Politics \u2013 Quantitatively Assessing the Tendentiousness of Speeches \u2013 PRIN 2017, n. 2017STJCE9 (https:\/\/impaqts.it\/).<\/span><\/span><\/p>\t\t\t\t\t\t\t\t<\/div>\n\t\t\t\t<\/div>\n\t\t\t\t\t<\/div>\n\t\t<\/div>\n\t\t\t\t\t<\/div>\n\t\t<\/section>\n\t\t\t\t\t<\/div>\n\t\t<\/div>\n\t\t\t\t\t<\/div>\n\t\t<\/section>\n\t\t\t\t<section class=\"elementor-section elementor-top-section elementor-element elementor-element-62d4efb8 elementor-section-boxed elementor-section-height-default elementor-section-height-default\" data-id=\"62d4efb8\" data-element_type=\"section\" data-e-type=\"section\">\n\t\t\t\t\t\t<div class=\"elementor-container elementor-column-gap-default\">\n\t\t\t\t\t<div class=\"elementor-column elementor-col-100 elementor-top-column elementor-element elementor-element-351759da\" data-id=\"351759da\" data-element_type=\"column\" data-e-type=\"column\">\n\t\t\t<div class=\"elementor-widget-wrap elementor-element-populated\">\n\t\t\t\t\t\t<section class=\"elementor-section elementor-inner-section elementor-element elementor-element-3f956270 elementor-section-boxed elementor-section-height-default elementor-section-height-default\" data-id=\"3f956270\" data-element_type=\"section\" data-e-type=\"section\">\n\t\t\t\t\t\t\t<div class=\"elementor-background-overlay\"><\/div>\n\t\t\t\t\t\t\t<div class=\"elementor-container elementor-column-gap-default\">\n\t\t\t\t\t<div class=\"elementor-column elementor-col-50 elementor-inner-column elementor-element elementor-element-141c2b42\" data-id=\"141c2b42\" data-element_type=\"column\" data-e-type=\"column\">\n\t\t\t<div class=\"elementor-widget-wrap elementor-element-populated\">\n\t\t\t\t\t\t<div class=\"elementor-element elementor-element-6eaf738 elementor-widget elementor-widget-image\" data-id=\"6eaf738\" data-element_type=\"widget\" data-e-type=\"widget\" data-widget_type=\"image.default\">\n\t\t\t\t<div class=\"elementor-widget-container\">\n\t\t\t\t\t\t\t\t\t\t\t\t\t\t\t<img loading=\"lazy\" decoding=\"async\" width=\"300\" height=\"300\" src=\"https:\/\/portale2.unime.it\/pluralismi\/wp-content\/uploads\/sites\/18\/2022\/03\/7.MELANDRI.jpg\" class=\"attachment-large size-large wp-image-1999\" alt=\"\" srcset=\"https:\/\/portale2.unime.it\/pluralismi\/wp-content\/uploads\/sites\/18\/2022\/03\/7.MELANDRI.jpg 300w, https:\/\/portale2.unime.it\/pluralismi\/wp-content\/uploads\/sites\/18\/2022\/03\/7.MELANDRI-150x150.jpg 150w, https:\/\/portale2.unime.it\/pluralismi\/wp-content\/uploads\/sites\/18\/2022\/03\/elementor\/thumbs\/7.MELANDRI-q44uiem685mhryr2uxhh6vmf2aqksz9cki7ok4o6a8.jpg 200w\" sizes=\"(max-width: 300px) 100vw, 300px\" style=\"width:100%;height:100%;max-width:300px\" \/>\t\t\t\t\t\t\t\t\t\t\t\t\t\t\t<\/div>\n\t\t\t\t<\/div>\n\t\t\t\t\t<\/div>\n\t\t<\/div>\n\t\t\t\t<div class=\"elementor-column elementor-col-50 elementor-inner-column elementor-element elementor-element-62e75443\" data-id=\"62e75443\" data-element_type=\"column\" data-e-type=\"column\">\n\t\t\t<div class=\"elementor-widget-wrap elementor-element-populated\">\n\t\t\t\t\t\t<div class=\"elementor-element elementor-element-609881f7 elementor-widget elementor-widget-text-editor\" data-id=\"609881f7\" data-element_type=\"widget\" data-e-type=\"widget\" data-widget_type=\"text-editor.default\">\n\t\t\t\t<div class=\"elementor-widget-container\">\n\t\t\t\t\t\t\t\t\t<p><span style=\"font-family: 'Open Sans', Helvetica, Arial, sans-serif;color: #7a0a0a;font-size: 12pt\"><strong>Lea Melandri <\/strong><\/span><span style=\"color: #000000;font-size: 12pt\"><span style=\"font-family: 'Open Sans', Helvetica, Arial, sans-serif\">\u00e8 giornalista, attivista, saggista e insegnante. Dagli anni settanta \u00e8 stata un\u2019attivista del movimento delle donne. Ha scritto diversi libri, tra i quali\u00a0<em>L\u2019infamia originaria<\/em><em>, edizioni L\u2019erba voglio 1977 (Manifestolibri 1997); Come nasce il sogno d\u2019amore, Rizzoli 1988 (ristampato da Bollati Boringhieri, 2002); Lo strabismo della memoria, La Tartaruga edizioni 1991; La mappa del cuore, Rubbettino 1992; Migliaia di foglietti, Moby Dick 1996; Una visceralit\u00e0 indicibile. La pratica dell\u2019inconscio nel movimento delle donne degli anni Settanta, Fondazione Badaracco, Franco Angeli editore 2000; Le passioni del corpo. La vicenda dei sessi tra origine e storia, Bollati Boringhieri 2001; Preistorie. Di cronaca e d\u2019altro, Filema 2004; cura e posfazione di: Manuela Fraire e Rossana Rossanda, La perdita, Bollati Boringhieri 2008. Amore e violenza.\u00a0Il fattore molesto della civilt\u00e0, Bollati Boringhieri, 2011.\u00a0<\/em>Ha tenuto rubriche di posta su diversi giornali: \u201cRagazza In\u201d, \u201cNoi donne\u201d, \u201cExtra Manifesto\u201d, \u201cL\u2019Unit\u00e0\u201d. Collaboratrice della rivista \u201cCarnet\u201d e di altre testate, ha diretto, dal 1987 al 1997, la rivista \u201cLapis. Percorsi della riflessione femminile\u201d, di cui ha curato, insieme ad altre, l\u2019antologia Lapis. Sezione aurea di una rivista, Manifestolibri 1998<em>.\u00a0<\/em>Dal 2011 \u00e8 presidente della Libera Universit\u00e0 delle Donne di Milano, di cui \u00e8 stata promotrice fin dal 1987.\u00a0<\/span><\/span><\/p>\t\t\t\t\t\t\t\t<\/div>\n\t\t\t\t<\/div>\n\t\t\t\t\t<\/div>\n\t\t<\/div>\n\t\t\t\t\t<\/div>\n\t\t<\/section>\n\t\t\t\t\t<\/div>\n\t\t<\/div>\n\t\t\t\t\t<\/div>\n\t\t<\/section>\n\t\t\t\t<section class=\"elementor-section elementor-top-section elementor-element elementor-element-1476d1a4 elementor-section-boxed elementor-section-height-default elementor-section-height-default\" data-id=\"1476d1a4\" data-element_type=\"section\" data-e-type=\"section\">\n\t\t\t\t\t\t<div class=\"elementor-container elementor-column-gap-default\">\n\t\t\t\t\t<div class=\"elementor-column elementor-col-100 elementor-top-column elementor-element elementor-element-21731525\" data-id=\"21731525\" data-element_type=\"column\" data-e-type=\"column\">\n\t\t\t<div class=\"elementor-widget-wrap elementor-element-populated\">\n\t\t\t\t\t\t<section class=\"elementor-section elementor-inner-section elementor-element elementor-element-528dcdf5 elementor-section-boxed elementor-section-height-default elementor-section-height-default\" data-id=\"528dcdf5\" data-element_type=\"section\" data-e-type=\"section\">\n\t\t\t\t\t\t\t<div class=\"elementor-background-overlay\"><\/div>\n\t\t\t\t\t\t\t<div class=\"elementor-container elementor-column-gap-default\">\n\t\t\t\t\t<div class=\"elementor-column elementor-col-50 elementor-inner-column elementor-element elementor-element-23bc432e\" data-id=\"23bc432e\" data-element_type=\"column\" data-e-type=\"column\">\n\t\t\t<div class=\"elementor-widget-wrap elementor-element-populated\">\n\t\t\t\t\t\t<div class=\"elementor-element elementor-element-33f72eac elementor-widget elementor-widget-image\" data-id=\"33f72eac\" data-element_type=\"widget\" data-e-type=\"widget\" data-widget_type=\"image.default\">\n\t\t\t\t<div class=\"elementor-widget-container\">\n\t\t\t\t\t\t\t\t\t\t\t\t\t\t\t<img loading=\"lazy\" decoding=\"async\" width=\"924\" height=\"844\" src=\"https:\/\/portale2.unime.it\/pluralismi\/wp-content\/uploads\/sites\/18\/2022\/03\/Schermata-2022-03-18-alle-12.55.33.png\" class=\"attachment-large size-large wp-image-2051\" alt=\"\" srcset=\"https:\/\/portale2.unime.it\/pluralismi\/wp-content\/uploads\/sites\/18\/2022\/03\/Schermata-2022-03-18-alle-12.55.33.png 924w, https:\/\/portale2.unime.it\/pluralismi\/wp-content\/uploads\/sites\/18\/2022\/03\/Schermata-2022-03-18-alle-12.55.33-300x274.png 300w, https:\/\/portale2.unime.it\/pluralismi\/wp-content\/uploads\/sites\/18\/2022\/03\/Schermata-2022-03-18-alle-12.55.33-768x702.png 768w\" sizes=\"(max-width: 924px) 100vw, 924px\" style=\"width:100%;height:91.34%;max-width:924px\" \/>\t\t\t\t\t\t\t\t\t\t\t\t\t\t\t<\/div>\n\t\t\t\t<\/div>\n\t\t\t\t\t<\/div>\n\t\t<\/div>\n\t\t\t\t<div class=\"elementor-column elementor-col-50 elementor-inner-column elementor-element elementor-element-57532768\" data-id=\"57532768\" data-element_type=\"column\" data-e-type=\"column\">\n\t\t\t<div class=\"elementor-widget-wrap elementor-element-populated\">\n\t\t\t\t\t\t<div class=\"elementor-element elementor-element-3bf4a293 elementor-widget elementor-widget-text-editor\" data-id=\"3bf4a293\" data-element_type=\"widget\" data-e-type=\"widget\" data-widget_type=\"text-editor.default\">\n\t\t\t\t<div class=\"elementor-widget-container\">\n\t\t\t\t\t\t\t\t\t<p><span style=\"font-family: 'Open Sans', Helvetica, Arial, sans-serif;color: #7a0a0a;font-size: 12pt\"><strong>Berardino Palumbo<\/strong><\/span><span style=\"color: #000000;font-size: 12pt\"><span style=\"font-family: 'Open Sans', Helvetica, Arial, sans-serif\">, di origini pugliesi, \u00e8 vissuto e ha studiato tra Frosinone (Liceo) e Roma (Universit\u00e0 La Sapienza) dove si \u00e8 laureato in etnologia nel 1984 ed ha conseguito il Dottorato in Etnoantropologia nel 1992. Dal 1994 insegna presso l\u2019Universit\u00e0 di Messina dove, dal 2004, \u00e8 Professore ordinario di Antropologia Sociale. Ha collaborato con l\u2019Istituto per l\u2019Enciclopedia Italiana E. Treccani e ha svolto attivit\u00e0 di valutazione per l\u2019ANVUR (membro esperto valutatore per la VQR 2010-2012). Ha svolto ricerche etnografiche in Ghana (<em>Western R<\/em>egion), in Nord America (USA e Canada) e in Italia (Campania, Sicilia e, attualmente, Puglia). Tra i suoi interessi pi\u00f9 recenti l\u2019analisi dei processi di patrimonializzazione, delle politiche di oggettivazione culturale, dei rapporti tra patrimonializzazione e\u00a0<em>governance<\/em>\u00a0neoliberista, lo studio dei rapporti tra mafia e rituali festivi, l\u2019antropologia delle istituzioni e dello Stato nazione, l\u2019analisi dei nessi tra religione e politica. Oltre a sette monografie (<em>Madre-Madrina<\/em>, Angeli 1991,\u00a0<em>Identit\u00e0 nel tempo<\/em>, Argo 1997,\u00a0<em>L\u2019UNESCO e il Campanile,<\/em>\u00a0Meltemi 2003,\u00a0<em>Politiche dell\u2019inquietudine<\/em>, Le Lettere 2009,\u00a0<em>Lo strabismo della DEA<\/em>.\u00a0<em>Antropologia, accademia e societ\u00e0 in Italia<\/em>, Museo Pasqualino, Palermo 2018;\u00a0<em>Piegare i santi. Inchini rituali e pratiche mafiose<\/em>, Marietti 2020),\u00a0<em>Lo sguardo inquieto. Etnografia tra scienza e narrazione<\/em>, Bologna, Marietti 2020) ha pubblicato su riviste internazionali (<em>Comparative Studies in Society and History<\/em>,\u00a0<em>Journal of Modern Italian Studies<\/em>,\u00a0<em>Ethnology<\/em>,\u00a0<em>Terrain<\/em>,\u00a0<em>Anthropological Quarterly, History and Anthropology<\/em>) e sulle principali riviste nazionali.\u00a0<\/span><\/span><\/p>\t\t\t\t\t\t\t\t<\/div>\n\t\t\t\t<\/div>\n\t\t\t\t\t<\/div>\n\t\t<\/div>\n\t\t\t\t\t<\/div>\n\t\t<\/section>\n\t\t\t\t\t<\/div>\n\t\t<\/div>\n\t\t\t\t\t<\/div>\n\t\t<\/section>\n\t\t\t\t<section class=\"elementor-section elementor-top-section elementor-element elementor-element-373806ee elementor-section-boxed elementor-section-height-default elementor-section-height-default\" data-id=\"373806ee\" data-element_type=\"section\" data-e-type=\"section\">\n\t\t\t\t\t\t<div class=\"elementor-container elementor-column-gap-default\">\n\t\t\t\t\t<div class=\"elementor-column elementor-col-100 elementor-top-column elementor-element elementor-element-5bbcaa94\" data-id=\"5bbcaa94\" data-element_type=\"column\" data-e-type=\"column\">\n\t\t\t<div class=\"elementor-widget-wrap elementor-element-populated\">\n\t\t\t\t\t\t<section class=\"elementor-section elementor-inner-section elementor-element elementor-element-ff546ed elementor-section-boxed elementor-section-height-default elementor-section-height-default\" data-id=\"ff546ed\" data-element_type=\"section\" data-e-type=\"section\">\n\t\t\t\t\t\t\t<div class=\"elementor-background-overlay\"><\/div>\n\t\t\t\t\t\t\t<div class=\"elementor-container elementor-column-gap-default\">\n\t\t\t\t\t<div class=\"elementor-column elementor-col-50 elementor-inner-column elementor-element elementor-element-e2c815d\" data-id=\"e2c815d\" data-element_type=\"column\" data-e-type=\"column\">\n\t\t\t<div class=\"elementor-widget-wrap elementor-element-populated\">\n\t\t\t\t\t\t<div class=\"elementor-element elementor-element-19be1e1b elementor-widget elementor-widget-image\" data-id=\"19be1e1b\" data-element_type=\"widget\" data-e-type=\"widget\" data-widget_type=\"image.default\">\n\t\t\t\t<div class=\"elementor-widget-container\">\n\t\t\t\t\t\t\t\t\t\t\t\t\t\t\t<img loading=\"lazy\" decoding=\"async\" width=\"830\" height=\"866\" src=\"https:\/\/portale2.unime.it\/pluralismi\/wp-content\/uploads\/sites\/18\/2022\/04\/Schermata-2022-04-03-alle-20.30.51.png\" class=\"attachment-large size-large wp-image-2062\" alt=\"\" srcset=\"https:\/\/portale2.unime.it\/pluralismi\/wp-content\/uploads\/sites\/18\/2022\/04\/Schermata-2022-04-03-alle-20.30.51.png 830w, https:\/\/portale2.unime.it\/pluralismi\/wp-content\/uploads\/sites\/18\/2022\/04\/Schermata-2022-04-03-alle-20.30.51-288x300.png 288w, https:\/\/portale2.unime.it\/pluralismi\/wp-content\/uploads\/sites\/18\/2022\/04\/Schermata-2022-04-03-alle-20.30.51-768x801.png 768w\" sizes=\"(max-width: 830px) 100vw, 830px\" style=\"width:100%;height:104.34%;max-width:830px\" \/>\t\t\t\t\t\t\t\t\t\t\t\t\t\t\t<\/div>\n\t\t\t\t<\/div>\n\t\t\t\t\t<\/div>\n\t\t<\/div>\n\t\t\t\t<div class=\"elementor-column elementor-col-50 elementor-inner-column elementor-element elementor-element-5a4a9dfb\" data-id=\"5a4a9dfb\" data-element_type=\"column\" data-e-type=\"column\">\n\t\t\t<div class=\"elementor-widget-wrap elementor-element-populated\">\n\t\t\t\t\t\t<div class=\"elementor-element elementor-element-6a6a868c elementor-widget elementor-widget-text-editor\" data-id=\"6a6a868c\" data-element_type=\"widget\" data-e-type=\"widget\" data-widget_type=\"text-editor.default\">\n\t\t\t\t<div class=\"elementor-widget-container\">\n\t\t\t\t\t\t\t\t\t<p><span style=\"font-family: 'Open Sans', Helvetica, Arial, sans-serif;color: #7a0a0a;font-size: 12pt\"><strong>Pietro Perconti <\/strong><\/span><span style=\"color: #000000;font-size: 12pt\"><span style=\"font-family: 'Open Sans', Helvetica, Arial, sans-serif\">\u00e8 professore ordinario di Filosofia del linguaggio all\u2019Universit\u00e0 dgli Studi di Messina, dove \u00e8 anche Direttore del Dipartimento di Scienze Cognitive. Ha studiato filosofia presso le Universit\u00e0 di Palermo e Berlino (Freie Universit\u00e4t) e ha conseguito il dottorato di ricerca in Filosofia del linguaggio presso l\u2019Universit\u00e0 di Palermo nel 1996. Il suo primo libro \u00e8 dedicato alla storia delle idee (Kantian Linguistics, 1999). I suoi principali campi di ricerca sono la cognizione sociale, la coscienza e il ruolo sociale della scienza cognitiva. Tra le sue pubblicazioni: L\u2019autocoscienza (Laterza, 2008); Coscienza (Il Mulino, 2011); La prova del budino (Mondadori, 2015); Filosofia della mente (Il Mulino, 2017) \u00a0 e \u2013 con Alessio Plebe \u2013 The Future of the Artificial Mind (Routledge, 2022).<\/span><\/span><\/p>\t\t\t\t\t\t\t\t<\/div>\n\t\t\t\t<\/div>\n\t\t\t\t\t<\/div>\n\t\t<\/div>\n\t\t\t\t\t<\/div>\n\t\t<\/section>\n\t\t\t\t\t<\/div>\n\t\t<\/div>\n\t\t\t\t\t<\/div>\n\t\t<\/section>\n\t\t\t\t<section class=\"elementor-section elementor-top-section elementor-element elementor-element-4997615b elementor-section-boxed elementor-section-height-default elementor-section-height-default\" data-id=\"4997615b\" data-element_type=\"section\" data-e-type=\"section\">\n\t\t\t\t\t\t<div class=\"elementor-container elementor-column-gap-default\">\n\t\t\t\t\t<div class=\"elementor-column elementor-col-100 elementor-top-column elementor-element elementor-element-5a496b3a\" data-id=\"5a496b3a\" data-element_type=\"column\" data-e-type=\"column\">\n\t\t\t<div class=\"elementor-widget-wrap elementor-element-populated\">\n\t\t\t\t\t\t<section class=\"elementor-section elementor-inner-section elementor-element elementor-element-48310850 elementor-section-boxed elementor-section-height-default elementor-section-height-default\" data-id=\"48310850\" data-element_type=\"section\" data-e-type=\"section\">\n\t\t\t\t\t\t\t<div class=\"elementor-background-overlay\"><\/div>\n\t\t\t\t\t\t\t<div class=\"elementor-container elementor-column-gap-default\">\n\t\t\t\t\t<div class=\"elementor-column elementor-col-50 elementor-inner-column elementor-element elementor-element-6b50a9ac\" data-id=\"6b50a9ac\" data-element_type=\"column\" data-e-type=\"column\">\n\t\t\t<div class=\"elementor-widget-wrap elementor-element-populated\">\n\t\t\t\t\t\t<div class=\"elementor-element elementor-element-13c9d62f elementor-widget elementor-widget-image\" data-id=\"13c9d62f\" data-element_type=\"widget\" data-e-type=\"widget\" data-widget_type=\"image.default\">\n\t\t\t\t<div class=\"elementor-widget-container\">\n\t\t\t\t\t\t\t\t\t\t\t\t\t\t\t<img loading=\"lazy\" decoding=\"async\" width=\"880\" height=\"810\" src=\"https:\/\/portale2.unime.it\/pluralismi\/wp-content\/uploads\/sites\/18\/2022\/03\/Schermata-2022-03-14-alle-12.03.07.png\" class=\"attachment-large size-large wp-image-2017\" alt=\"\" srcset=\"https:\/\/portale2.unime.it\/pluralismi\/wp-content\/uploads\/sites\/18\/2022\/03\/Schermata-2022-03-14-alle-12.03.07.png 880w, https:\/\/portale2.unime.it\/pluralismi\/wp-content\/uploads\/sites\/18\/2022\/03\/Schermata-2022-03-14-alle-12.03.07-300x276.png 300w, https:\/\/portale2.unime.it\/pluralismi\/wp-content\/uploads\/sites\/18\/2022\/03\/Schermata-2022-03-14-alle-12.03.07-768x707.png 768w\" sizes=\"(max-width: 880px) 100vw, 880px\" style=\"width:100%;height:92.05%;max-width:880px\" \/>\t\t\t\t\t\t\t\t\t\t\t\t\t\t\t<\/div>\n\t\t\t\t<\/div>\n\t\t\t\t\t<\/div>\n\t\t<\/div>\n\t\t\t\t<div class=\"elementor-column elementor-col-50 elementor-inner-column elementor-element elementor-element-1fe5ba7d\" data-id=\"1fe5ba7d\" data-element_type=\"column\" data-e-type=\"column\">\n\t\t\t<div class=\"elementor-widget-wrap elementor-element-populated\">\n\t\t\t\t\t\t<div class=\"elementor-element elementor-element-23adaf1b elementor-widget elementor-widget-text-editor\" data-id=\"23adaf1b\" data-element_type=\"widget\" data-e-type=\"widget\" data-widget_type=\"text-editor.default\">\n\t\t\t\t<div class=\"elementor-widget-container\">\n\t\t\t\t\t\t\t\t\t<p><span style=\"font-family: 'Open Sans', Helvetica, Arial, sans-serif;color: #7a0a0a;font-size: 12pt\"><strong>Francesca Piazza <\/strong><\/span><span style=\"color: #000000;font-size: 12pt\"><span style=\"font-family: 'Open Sans', Helvetica, Arial, sans-serif\">\u00e8 professoressa ordinaria di Filosofia e Teoria dei linguaggi presso il Dipartimento di Scienze Umanistiche dell\u2019Universit\u00e0 di Palermo di cui, attualmente, \u00e8 Direttrice. Dal 2016 \u00e8 Presidente della Societ\u00e0 di Filosofia del linguaggio. La sua ricerca riguarda principalmente la retorica e la pragmatica linguistica, con particolare attenzione alla cultura greca antica e alla filosofia aristotelica. Su questi temi ha pubblicato tre monografie: Il corpo della persuasione. L\u2019entimema nella retorica greca (Ed. Novecento, 2000); Linguaggio persuasione, verit\u00e0. La retorica nel novecento (Carocci, 2004); La Retorica di Aristotele. Introduzione alla lettura (Carocci, 2008). Al momento, il suo interesse \u00e8 focalizzato soprattutto sul rapporto tra linguaggio e violenza, tema su cui ha pubblicato un volume dal titolo La parola e la Spada. Linguaggio e violenza attraverso l\u2019Iliade (Il Mulino, 2019).\u00a0<\/span><\/span><\/p>\t\t\t\t\t\t\t\t<\/div>\n\t\t\t\t<\/div>\n\t\t\t\t\t<\/div>\n\t\t<\/div>\n\t\t\t\t\t<\/div>\n\t\t<\/section>\n\t\t\t\t\t<\/div>\n\t\t<\/div>\n\t\t\t\t\t<\/div>\n\t\t<\/section>\n\t\t\t\t<section class=\"elementor-section elementor-top-section elementor-element elementor-element-2374b964 elementor-section-boxed elementor-section-height-default elementor-section-height-default\" data-id=\"2374b964\" data-element_type=\"section\" data-e-type=\"section\">\n\t\t\t\t\t\t<div class=\"elementor-container elementor-column-gap-default\">\n\t\t\t\t\t<div class=\"elementor-column elementor-col-100 elementor-top-column elementor-element elementor-element-4ff10cd\" data-id=\"4ff10cd\" data-element_type=\"column\" data-e-type=\"column\">\n\t\t\t<div class=\"elementor-widget-wrap elementor-element-populated\">\n\t\t\t\t\t\t<section class=\"elementor-section elementor-inner-section elementor-element elementor-element-5eb437fc elementor-section-boxed elementor-section-height-default elementor-section-height-default\" data-id=\"5eb437fc\" data-element_type=\"section\" data-e-type=\"section\">\n\t\t\t\t\t\t\t<div class=\"elementor-background-overlay\"><\/div>\n\t\t\t\t\t\t\t<div class=\"elementor-container elementor-column-gap-default\">\n\t\t\t\t\t<div class=\"elementor-column elementor-col-50 elementor-inner-column elementor-element elementor-element-68dbfd25\" data-id=\"68dbfd25\" data-element_type=\"column\" data-e-type=\"column\">\n\t\t\t<div class=\"elementor-widget-wrap elementor-element-populated\">\n\t\t\t\t\t\t<div class=\"elementor-element elementor-element-3d07139c elementor-widget elementor-widget-image\" data-id=\"3d07139c\" data-element_type=\"widget\" data-e-type=\"widget\" data-widget_type=\"image.default\">\n\t\t\t\t<div class=\"elementor-widget-container\">\n\t\t\t\t\t\t\t\t\t\t\t\t\t\t\t<img loading=\"lazy\" decoding=\"async\" width=\"528\" height=\"526\" src=\"https:\/\/portale2.unime.it\/pluralismi\/wp-content\/uploads\/sites\/18\/2022\/03\/Schermata-2022-03-11-alle-21.35.20.png\" class=\"attachment-large size-large wp-image-2005\" alt=\"\" srcset=\"https:\/\/portale2.unime.it\/pluralismi\/wp-content\/uploads\/sites\/18\/2022\/03\/Schermata-2022-03-11-alle-21.35.20.png 528w, https:\/\/portale2.unime.it\/pluralismi\/wp-content\/uploads\/sites\/18\/2022\/03\/Schermata-2022-03-11-alle-21.35.20-300x300.png 300w, https:\/\/portale2.unime.it\/pluralismi\/wp-content\/uploads\/sites\/18\/2022\/03\/Schermata-2022-03-11-alle-21.35.20-150x150.png 150w, https:\/\/portale2.unime.it\/pluralismi\/wp-content\/uploads\/sites\/18\/2022\/03\/elementor\/thumbs\/Schermata-2022-03-11-alle-21.35.20-q44uifk0ezns3kpppfw3rddvnoly0od2wmv61ems40.png 200w\" sizes=\"(max-width: 528px) 100vw, 528px\" style=\"width:100%;height:99.62%;max-width:528px\" \/>\t\t\t\t\t\t\t\t\t\t\t\t\t\t\t<\/div>\n\t\t\t\t<\/div>\n\t\t\t\t\t<\/div>\n\t\t<\/div>\n\t\t\t\t<div class=\"elementor-column elementor-col-50 elementor-inner-column elementor-element elementor-element-610611e\" data-id=\"610611e\" data-element_type=\"column\" data-e-type=\"column\">\n\t\t\t<div class=\"elementor-widget-wrap elementor-element-populated\">\n\t\t\t\t\t\t<div class=\"elementor-element elementor-element-12ec9374 elementor-widget elementor-widget-text-editor\" data-id=\"12ec9374\" data-element_type=\"widget\" data-e-type=\"widget\" data-widget_type=\"text-editor.default\">\n\t\t\t\t<div class=\"elementor-widget-container\">\n\t\t\t\t\t\t\t\t\t<p><span style=\"font-family: 'Open Sans', Helvetica, Arial, sans-serif;color: #7a0a0a;font-size: 12pt\"><strong>Barbara Pinelli <\/strong><\/span><span style=\"color: #000000;font-size: 12pt\"><span style=\"font-family: 'Open Sans', Helvetica, Arial, sans-serif\">\u00e8 ricercatrice in Antropologia presso l\u2019Universit\u00e0 Roma Tre e co-fondatrice del Centro di Ricerca\u00a0<i>Escapes. Laboratorio di Studi Critici sulle Migrazioni Forzate<\/i>. Si occupa di migrazioni forzate intersecate a prospettive di genere e femministe, con uno sguardo specifico rivolto alle politiche di confine e ai regimi umanitari agiti nel Sud Europa. I suoi principali temi di ricerca riguardano forme di controllo fisico e morale dei rifugiati; violenza politica e di genere connesse alla memoria, in particolare nella loro perpetuazione lungo le traiettorie di mobilit\u00e0 e nei luoghi di arrivo; tipologie di campo e dei luoghi di confinamento come dispositivi di trattenimento dei rifugiati; relazione fra vulnerabilit\u00e0 politica e agency trasformativa. Ha pubblicato saggi in Italia e all\u2019estero, fra gli ultimi\u00a0<i>Migranti e Rifugiate.\u00a0<\/i><i><span lang=\"EN-US\">Antropologia, genere, politica<\/span><\/i><span lang=\"EN-US\">\u00a0(Raffaello Cortina, 2019),\u00a0<\/span><i><span lang=\"EN-US\">Death and salvation of refugee women on European borders: Race, gender and class of bodies and power<\/span><\/i><span lang=\"EN-US\">\u00a0(Anthropology Today, 2021),\u00a0<\/span><i><span lang=\"EN-US\">Teleologie di emancipazione, senso del s\u00e9, trasgressioni.\u00a0<\/span><\/i><i>Fratture nella lettura delle biografie violate e dell\u2019azione nelle istanze di protezione\u00a0<\/i>(Antropologia, 2021).<\/span><\/span><\/p>\t\t\t\t\t\t\t\t<\/div>\n\t\t\t\t<\/div>\n\t\t\t\t\t<\/div>\n\t\t<\/div>\n\t\t\t\t\t<\/div>\n\t\t<\/section>\n\t\t\t\t\t<\/div>\n\t\t<\/div>\n\t\t\t\t\t<\/div>\n\t\t<\/section>\n\t\t\t\t<\/div>\n\t\t","protected":false},"excerpt":{"rendered":"<p>PLURALISMI EDIZIONE 2022 PRESENTAZIONE L\u2019iniziativa nasce all\u2019interno della mission del Dipartimento di Scienze Cognitive, Psicologiche, Pedagogiche e Studi Culturali dell\u2019 Universit\u00e0 degli Studi di \u00a0Messina che gi\u00e0 dall\u2019anno accademico 2019\/20 offre la possibilit\u00e0 di proporre idee su approfondimenti di carattere scientifico, culturale e sociale su tematiche di interesse e rilevanza attuale. Questa cornice, in linea&hellip; <a class=\"more-link\" href=\"https:\/\/portale2.unime.it\/pluralismi\/edizione-2022\/\">Continua a leggere <span class=\"screen-reader-text\">EDIZIONE 2022<\/span><\/a><\/p>\n","protected":false},"author":1,"featured_media":0,"parent":0,"menu_order":0,"comment_status":"closed","ping_status":"closed","template":"elementor_header_footer","meta":{"footnotes":""},"class_list":["post-2362","page","type-page","status-publish","hentry","entry"],"yoast_head":"<!-- This site is optimized with the Yoast SEO plugin v27.4 - https:\/\/yoast.com\/product\/yoast-seo-wordpress\/ -->\n<title>EDIZIONE 2022 - Pluralismi<\/title>\n<meta name=\"robots\" content=\"index, follow, max-snippet:-1, max-image-preview:large, max-video-preview:-1\" \/>\n<link rel=\"canonical\" href=\"https:\/\/portale2.unime.it\/pluralismi\/edizione-2022\/\" \/>\n<meta property=\"og:locale\" content=\"it_IT\" \/>\n<meta property=\"og:type\" content=\"article\" \/>\n<meta property=\"og:title\" content=\"EDIZIONE 2022 - Pluralismi\" \/>\n<meta property=\"og:description\" content=\"PLURALISMI EDIZIONE 2022 PRESENTAZIONE L\u2019iniziativa nasce all\u2019interno della mission del Dipartimento di Scienze Cognitive, Psicologiche, Pedagogiche e Studi Culturali dell\u2019 Universit\u00e0 degli Studi di \u00a0Messina che gi\u00e0 dall\u2019anno accademico 2019\/20 offre la possibilit\u00e0 di proporre idee su approfondimenti di carattere scientifico, culturale e sociale su tematiche di interesse e rilevanza attuale. Questa cornice, in linea&hellip; Continua a leggere EDIZIONE 2022\" \/>\n<meta property=\"og:url\" content=\"https:\/\/portale2.unime.it\/pluralismi\/edizione-2022\/\" \/>\n<meta property=\"og:site_name\" content=\"Pluralismi\" \/>\n<meta property=\"article:modified_time\" content=\"2023-03-30T17:20:10+00:00\" \/>\n<meta property=\"og:image\" content=\"https:\/\/portale2.unime.it\/pluralismi\/wp-content\/uploads\/sites\/18\/2023\/03\/Programma-Pluralismi-II-ed-1-724x1024.jpg\" \/>\n<meta name=\"twitter:card\" content=\"summary_large_image\" \/>\n<meta name=\"twitter:label1\" content=\"Tempo di lettura stimato\" \/>\n\t<meta name=\"twitter:data1\" content=\"21 minuti\" \/>\n<script type=\"application\/ld+json\" class=\"yoast-schema-graph\">{\"@context\":\"https:\\\/\\\/schema.org\",\"@graph\":[{\"@type\":\"WebPage\",\"@id\":\"https:\\\/\\\/portale2.unime.it\\\/pluralismi\\\/edizione-2022\\\/\",\"url\":\"https:\\\/\\\/portale2.unime.it\\\/pluralismi\\\/edizione-2022\\\/\",\"name\":\"EDIZIONE 2022 - Pluralismi\",\"isPartOf\":{\"@id\":\"https:\\\/\\\/pluralismi.unime.it\\\/#website\"},\"primaryImageOfPage\":{\"@id\":\"https:\\\/\\\/portale2.unime.it\\\/pluralismi\\\/edizione-2022\\\/#primaryimage\"},\"image\":{\"@id\":\"https:\\\/\\\/portale2.unime.it\\\/pluralismi\\\/edizione-2022\\\/#primaryimage\"},\"thumbnailUrl\":\"https:\\\/\\\/portale2.unime.it\\\/pluralismi\\\/wp-content\\\/uploads\\\/sites\\\/18\\\/2023\\\/03\\\/Programma-Pluralismi-II-ed-1-724x1024.jpg\",\"datePublished\":\"2023-03-28T09:38:36+00:00\",\"dateModified\":\"2023-03-30T17:20:10+00:00\",\"breadcrumb\":{\"@id\":\"https:\\\/\\\/portale2.unime.it\\\/pluralismi\\\/edizione-2022\\\/#breadcrumb\"},\"inLanguage\":\"it-IT\",\"potentialAction\":[{\"@type\":\"ReadAction\",\"target\":[\"https:\\\/\\\/portale2.unime.it\\\/pluralismi\\\/edizione-2022\\\/\"]}]},{\"@type\":\"ImageObject\",\"inLanguage\":\"it-IT\",\"@id\":\"https:\\\/\\\/portale2.unime.it\\\/pluralismi\\\/edizione-2022\\\/#primaryimage\",\"url\":\"https:\\\/\\\/portale2.unime.it\\\/pluralismi\\\/wp-content\\\/uploads\\\/sites\\\/18\\\/2023\\\/03\\\/Programma-Pluralismi-II-ed-1-scaled.jpg\",\"contentUrl\":\"https:\\\/\\\/portale2.unime.it\\\/pluralismi\\\/wp-content\\\/uploads\\\/sites\\\/18\\\/2023\\\/03\\\/Programma-Pluralismi-II-ed-1-scaled.jpg\",\"width\":1810,\"height\":2560},{\"@type\":\"BreadcrumbList\",\"@id\":\"https:\\\/\\\/portale2.unime.it\\\/pluralismi\\\/edizione-2022\\\/#breadcrumb\",\"itemListElement\":[{\"@type\":\"ListItem\",\"position\":1,\"name\":\"Home\",\"item\":\"https:\\\/\\\/portale2.unime.it\\\/pluralismi\\\/\"},{\"@type\":\"ListItem\",\"position\":2,\"name\":\"EDIZIONE 2022\"}]},{\"@type\":\"WebSite\",\"@id\":\"https:\\\/\\\/pluralismi.unime.it\\\/#website\",\"url\":\"https:\\\/\\\/pluralismi.unime.it\\\/\",\"name\":\"Pluralismi\",\"description\":\"\",\"publisher\":{\"@id\":\"https:\\\/\\\/pluralismi.unime.it\\\/#organization\"},\"potentialAction\":[{\"@type\":\"SearchAction\",\"target\":{\"@type\":\"EntryPoint\",\"urlTemplate\":\"https:\\\/\\\/pluralismi.unime.it\\\/?s={search_term_string}\"},\"query-input\":{\"@type\":\"PropertyValueSpecification\",\"valueRequired\":true,\"valueName\":\"search_term_string\"}}],\"inLanguage\":\"it-IT\"},{\"@type\":\"Organization\",\"@id\":\"https:\\\/\\\/pluralismi.unime.it\\\/#organization\",\"name\":\"Pluralismi\",\"url\":\"https:\\\/\\\/pluralismi.unime.it\\\/\",\"logo\":{\"@type\":\"ImageObject\",\"inLanguage\":\"it-IT\",\"@id\":\"https:\\\/\\\/pluralismi.unime.it\\\/#\\\/schema\\\/logo\\\/image\\\/\",\"url\":\"https:\\\/\\\/portale2.unime.it\\\/pluralismi\\\/wp-content\\\/uploads\\\/sites\\\/18\\\/2023\\\/04\\\/logo-pluralismi.png\",\"contentUrl\":\"https:\\\/\\\/portale2.unime.it\\\/pluralismi\\\/wp-content\\\/uploads\\\/sites\\\/18\\\/2023\\\/04\\\/logo-pluralismi.png\",\"width\":386,\"height\":124,\"caption\":\"Pluralismi\"},\"image\":{\"@id\":\"https:\\\/\\\/pluralismi.unime.it\\\/#\\\/schema\\\/logo\\\/image\\\/\"}}]}<\/script>\n<!-- \/ Yoast SEO plugin. -->","yoast_head_json":{"title":"EDIZIONE 2022 - Pluralismi","robots":{"index":"index","follow":"follow","max-snippet":"max-snippet:-1","max-image-preview":"max-image-preview:large","max-video-preview":"max-video-preview:-1"},"canonical":"https:\/\/portale2.unime.it\/pluralismi\/edizione-2022\/","og_locale":"it_IT","og_type":"article","og_title":"EDIZIONE 2022 - Pluralismi","og_description":"PLURALISMI EDIZIONE 2022 PRESENTAZIONE L\u2019iniziativa nasce all\u2019interno della mission del Dipartimento di Scienze Cognitive, Psicologiche, Pedagogiche e Studi Culturali dell\u2019 Universit\u00e0 degli Studi di \u00a0Messina che gi\u00e0 dall\u2019anno accademico 2019\/20 offre la possibilit\u00e0 di proporre idee su approfondimenti di carattere scientifico, culturale e sociale su tematiche di interesse e rilevanza attuale. Questa cornice, in linea&hellip; Continua a leggere EDIZIONE 2022","og_url":"https:\/\/portale2.unime.it\/pluralismi\/edizione-2022\/","og_site_name":"Pluralismi","article_modified_time":"2023-03-30T17:20:10+00:00","og_image":[{"url":"https:\/\/portale2.unime.it\/pluralismi\/wp-content\/uploads\/sites\/18\/2023\/03\/Programma-Pluralismi-II-ed-1-724x1024.jpg","type":"","width":"","height":""}],"twitter_card":"summary_large_image","twitter_misc":{"Tempo di lettura stimato":"21 minuti"},"schema":{"@context":"https:\/\/schema.org","@graph":[{"@type":"WebPage","@id":"https:\/\/portale2.unime.it\/pluralismi\/edizione-2022\/","url":"https:\/\/portale2.unime.it\/pluralismi\/edizione-2022\/","name":"EDIZIONE 2022 - Pluralismi","isPartOf":{"@id":"https:\/\/pluralismi.unime.it\/#website"},"primaryImageOfPage":{"@id":"https:\/\/portale2.unime.it\/pluralismi\/edizione-2022\/#primaryimage"},"image":{"@id":"https:\/\/portale2.unime.it\/pluralismi\/edizione-2022\/#primaryimage"},"thumbnailUrl":"https:\/\/portale2.unime.it\/pluralismi\/wp-content\/uploads\/sites\/18\/2023\/03\/Programma-Pluralismi-II-ed-1-724x1024.jpg","datePublished":"2023-03-28T09:38:36+00:00","dateModified":"2023-03-30T17:20:10+00:00","breadcrumb":{"@id":"https:\/\/portale2.unime.it\/pluralismi\/edizione-2022\/#breadcrumb"},"inLanguage":"it-IT","potentialAction":[{"@type":"ReadAction","target":["https:\/\/portale2.unime.it\/pluralismi\/edizione-2022\/"]}]},{"@type":"ImageObject","inLanguage":"it-IT","@id":"https:\/\/portale2.unime.it\/pluralismi\/edizione-2022\/#primaryimage","url":"https:\/\/portale2.unime.it\/pluralismi\/wp-content\/uploads\/sites\/18\/2023\/03\/Programma-Pluralismi-II-ed-1-scaled.jpg","contentUrl":"https:\/\/portale2.unime.it\/pluralismi\/wp-content\/uploads\/sites\/18\/2023\/03\/Programma-Pluralismi-II-ed-1-scaled.jpg","width":1810,"height":2560},{"@type":"BreadcrumbList","@id":"https:\/\/portale2.unime.it\/pluralismi\/edizione-2022\/#breadcrumb","itemListElement":[{"@type":"ListItem","position":1,"name":"Home","item":"https:\/\/portale2.unime.it\/pluralismi\/"},{"@type":"ListItem","position":2,"name":"EDIZIONE 2022"}]},{"@type":"WebSite","@id":"https:\/\/pluralismi.unime.it\/#website","url":"https:\/\/pluralismi.unime.it\/","name":"Pluralismi","description":"","publisher":{"@id":"https:\/\/pluralismi.unime.it\/#organization"},"potentialAction":[{"@type":"SearchAction","target":{"@type":"EntryPoint","urlTemplate":"https:\/\/pluralismi.unime.it\/?s={search_term_string}"},"query-input":{"@type":"PropertyValueSpecification","valueRequired":true,"valueName":"search_term_string"}}],"inLanguage":"it-IT"},{"@type":"Organization","@id":"https:\/\/pluralismi.unime.it\/#organization","name":"Pluralismi","url":"https:\/\/pluralismi.unime.it\/","logo":{"@type":"ImageObject","inLanguage":"it-IT","@id":"https:\/\/pluralismi.unime.it\/#\/schema\/logo\/image\/","url":"https:\/\/portale2.unime.it\/pluralismi\/wp-content\/uploads\/sites\/18\/2023\/04\/logo-pluralismi.png","contentUrl":"https:\/\/portale2.unime.it\/pluralismi\/wp-content\/uploads\/sites\/18\/2023\/04\/logo-pluralismi.png","width":386,"height":124,"caption":"Pluralismi"},"image":{"@id":"https:\/\/pluralismi.unime.it\/#\/schema\/logo\/image\/"}}]}},"_links":{"self":[{"href":"https:\/\/portale2.unime.it\/pluralismi\/wp-json\/wp\/v2\/pages\/2362","targetHints":{"allow":["GET"]}}],"collection":[{"href":"https:\/\/portale2.unime.it\/pluralismi\/wp-json\/wp\/v2\/pages"}],"about":[{"href":"https:\/\/portale2.unime.it\/pluralismi\/wp-json\/wp\/v2\/types\/page"}],"author":[{"embeddable":true,"href":"https:\/\/portale2.unime.it\/pluralismi\/wp-json\/wp\/v2\/users\/1"}],"replies":[{"embeddable":true,"href":"https:\/\/portale2.unime.it\/pluralismi\/wp-json\/wp\/v2\/comments?post=2362"}],"version-history":[{"count":28,"href":"https:\/\/portale2.unime.it\/pluralismi\/wp-json\/wp\/v2\/pages\/2362\/revisions"}],"predecessor-version":[{"id":2526,"href":"https:\/\/portale2.unime.it\/pluralismi\/wp-json\/wp\/v2\/pages\/2362\/revisions\/2526"}],"wp:attachment":[{"href":"https:\/\/portale2.unime.it\/pluralismi\/wp-json\/wp\/v2\/media?parent=2362"}],"curies":[{"name":"wp","href":"https:\/\/api.w.org\/{rel}","templated":true}]}}