{"id":44,"date":"2021-05-04T08:16:53","date_gmt":"2021-05-04T06:16:53","guid":{"rendered":"https:\/\/portale.unime.it\/modellopersona\/?page_id=44"},"modified":"2026-04-23T12:53:52","modified_gmt":"2026-04-23T10:53:52","slug":"relatrici-e-relatori","status":"publish","type":"page","link":"https:\/\/portale2.unime.it\/pluralismi\/relatrici-e-relatori\/","title":{"rendered":"RELATRICI E RELATORI"},"content":{"rendered":"\t\t<div data-elementor-type=\"wp-page\" data-elementor-id=\"44\" class=\"elementor elementor-44\">\n\t\t\t\t\t\t<section class=\"elementor-section elementor-top-section elementor-element elementor-element-dca925a elementor-section-boxed elementor-section-height-default elementor-section-height-default\" data-id=\"dca925a\" data-element_type=\"section\" data-e-type=\"section\" data-settings=\"{&quot;background_background&quot;:&quot;classic&quot;}\">\n\t\t\t\t\t\t\t<div class=\"elementor-background-overlay\"><\/div>\n\t\t\t\t\t\t\t<div class=\"elementor-container elementor-column-gap-default\">\n\t\t\t\t\t<div class=\"elementor-column elementor-col-100 elementor-top-column elementor-element elementor-element-067f09a\" data-id=\"067f09a\" data-element_type=\"column\" data-e-type=\"column\">\n\t\t\t<div class=\"elementor-widget-wrap elementor-element-populated\">\n\t\t\t\t\t\t<div class=\"elementor-element elementor-element-fab3ce4 elementor-invisible elementor-widget elementor-widget-heading\" data-id=\"fab3ce4\" data-element_type=\"widget\" data-e-type=\"widget\" data-settings=\"{&quot;_animation&quot;:&quot;fadeInDown&quot;}\" data-widget_type=\"heading.default\">\n\t\t\t\t<div class=\"elementor-widget-container\">\n\t\t\t\t\t<h2 class=\"elementor-heading-title elementor-size-default\"><br><br>   RELATRICI E RELATORI<br><br><br><\/h2>\t\t\t\t<\/div>\n\t\t\t\t<\/div>\n\t\t\t\t<section class=\"elementor-section elementor-inner-section elementor-element elementor-element-445a51b elementor-section-boxed elementor-section-height-default elementor-section-height-default\" data-id=\"445a51b\" data-element_type=\"section\" data-e-type=\"section\">\n\t\t\t\t\t\t<div class=\"elementor-container elementor-column-gap-no\">\n\t\t\t\t\t<div class=\"elementor-column elementor-col-100 elementor-inner-column elementor-element elementor-element-3a0a8f7\" data-id=\"3a0a8f7\" data-element_type=\"column\" data-e-type=\"column\">\n\t\t\t<div class=\"elementor-widget-wrap elementor-element-populated\">\n\t\t\t\t\t\t<div class=\"elementor-element elementor-element-a699c69 elementor-widget elementor-widget-text-editor\" data-id=\"a699c69\" data-element_type=\"widget\" data-e-type=\"widget\" data-widget_type=\"text-editor.default\">\n\t\t\t\t<div class=\"elementor-widget-container\">\n\t\t\t\t\t\t\t\t\t<p style=\"text-align: left\"><span style=\"color: #ffffff\"><span style=\"font-size: 18pt\">I \u00a0&#8211; II &#8211; III &#8211; IV &#8211; V &#8211; VI Edizioni di Pluralismi<\/span><\/span><\/p>\t\t\t\t\t\t\t\t<\/div>\n\t\t\t\t<\/div>\n\t\t\t\t\t<\/div>\n\t\t<\/div>\n\t\t\t\t\t<\/div>\n\t\t<\/section>\n\t\t\t\t\t<\/div>\n\t\t<\/div>\n\t\t\t\t\t<\/div>\n\t\t<\/section>\n\t\t\t\t<section class=\"elementor-section elementor-top-section elementor-element elementor-element-3b64921 elementor-section-boxed elementor-section-height-default elementor-section-height-default\" data-id=\"3b64921\" data-element_type=\"section\" data-e-type=\"section\">\n\t\t\t\t\t\t<div class=\"elementor-container elementor-column-gap-default\">\n\t\t\t\t\t<div class=\"elementor-column elementor-col-100 elementor-top-column elementor-element elementor-element-a4a44d9\" data-id=\"a4a44d9\" data-element_type=\"column\" data-e-type=\"column\">\n\t\t\t<div class=\"elementor-widget-wrap\">\n\t\t\t\t\t\t\t<\/div>\n\t\t<\/div>\n\t\t\t\t\t<\/div>\n\t\t<\/section>\n\t\t\t\t<section class=\"elementor-section elementor-top-section elementor-element elementor-element-e9913d elementor-section-boxed elementor-section-height-default elementor-section-height-default\" data-id=\"e9913d\" data-element_type=\"section\" data-e-type=\"section\">\n\t\t\t\t\t\t<div class=\"elementor-container elementor-column-gap-default\">\n\t\t\t\t\t<div class=\"elementor-column elementor-col-100 elementor-top-column elementor-element elementor-element-6cde2bec\" data-id=\"6cde2bec\" data-element_type=\"column\" data-e-type=\"column\">\n\t\t\t<div class=\"elementor-widget-wrap elementor-element-populated\">\n\t\t\t\t\t\t<section class=\"elementor-section elementor-inner-section elementor-element elementor-element-73cc1c6b elementor-section-boxed elementor-section-height-default elementor-section-height-default\" data-id=\"73cc1c6b\" data-element_type=\"section\" data-e-type=\"section\">\n\t\t\t\t\t\t\t<div class=\"elementor-background-overlay\"><\/div>\n\t\t\t\t\t\t\t<div class=\"elementor-container elementor-column-gap-default\">\n\t\t\t\t\t<div class=\"elementor-column elementor-col-50 elementor-inner-column elementor-element elementor-element-35a76531\" data-id=\"35a76531\" data-element_type=\"column\" data-e-type=\"column\">\n\t\t\t<div class=\"elementor-widget-wrap elementor-element-populated\">\n\t\t\t\t\t\t<div class=\"elementor-element elementor-element-3e9bd887 elementor-widget elementor-widget-image\" data-id=\"3e9bd887\" data-element_type=\"widget\" data-e-type=\"widget\" data-widget_type=\"image.default\">\n\t\t\t\t<div class=\"elementor-widget-container\">\n\t\t\t\t\t\t\t\t\t\t\t\t\t\t\t<img decoding=\"async\" src=\"https:\/\/portale2.unime.it\/pluralismi\/wp-content\/uploads\/sites\/18\/elementor\/thumbs\/barazzetti-q44ugpinvxautb7trp2q6t1gg93pwniso3t4d56rio.jpg\" title=\"barazzetti\" alt=\"barazzetti\" loading=\"lazy\" \/>\t\t\t\t\t\t\t\t\t\t\t\t\t\t\t<\/div>\n\t\t\t\t<\/div>\n\t\t\t\t\t<\/div>\n\t\t<\/div>\n\t\t\t\t<div class=\"elementor-column elementor-col-50 elementor-inner-column elementor-element elementor-element-26e17744\" data-id=\"26e17744\" data-element_type=\"column\" data-e-type=\"column\">\n\t\t\t<div class=\"elementor-widget-wrap elementor-element-populated\">\n\t\t\t\t\t\t<div class=\"elementor-element elementor-element-460d73bf elementor-widget elementor-widget-text-editor\" data-id=\"460d73bf\" data-element_type=\"widget\" data-e-type=\"widget\" data-widget_type=\"text-editor.default\">\n\t\t\t\t<div class=\"elementor-widget-container\">\n\t\t\t\t\t\t\t\t\t<p><span style=\"font-family: 'Open Sans', Helvetica, Arial, sans-serif;color: #7a0a0a;font-size: 12pt\"><strong>Donatella Barazzetti <\/strong><\/span><span style=\"color: #000000;font-size: 12pt\"><span style=\"font-family: 'Open Sans', Helvetica, Arial, sans-serif\">\u00e8 Sociologa, gi\u00e0 professoressa Associata di Sociologia generale presso l\u2019Universit\u00e0 della Calabria dove ha insegnato Politiche per le Pari Opportunit\u00e0 e Studi sulla costruzione sociale del genere. Le sue ricerche riguardano la costruzione sociale delle differenze di genere con particolare riferimento ai mutamenti dei ruoli sessuali, alla trasmissione generazionale, alle rappresentazioni soprattutto tra le giovani generazioni; i processi di costruzione dei Women\u2019s Studies in Italia e in Europa, e le implicazioni del rapporto tra Women\u2019s studies, tramissione generazionale e didattica. Tra le sue pubblicazioni su questi temi: \u201cA confronto con il \u2018genere\u2019\u201d, in Carmen Leccardi (a cura di), Tra i generi. Rileggendo le differenze di genere, di generazione, di orientamento sessuale, Guerini, Milano, 2002; \u201cDonne sull\u2019orlo del lavoro di cura\u201d, in Elisabetta Ruspini (a cura di). Donne e uomini che cambiano, Guerini, Milano, 2005 (con Giovanna Vingelli); C\u2019\u00e8 posto per me? Lavoro e cura nella societ\u00e0 del non lavoro, Guerini, Milano, 2007.<\/span><\/span><\/p>\t\t\t\t\t\t\t\t<\/div>\n\t\t\t\t<\/div>\n\t\t\t\t\t<\/div>\n\t\t<\/div>\n\t\t\t\t\t<\/div>\n\t\t<\/section>\n\t\t\t\t\t<\/div>\n\t\t<\/div>\n\t\t\t\t\t<\/div>\n\t\t<\/section>\n\t\t\t\t<section class=\"elementor-section elementor-top-section elementor-element elementor-element-68e1d09 elementor-section-boxed elementor-section-height-default elementor-section-height-default\" data-id=\"68e1d09\" data-element_type=\"section\" data-e-type=\"section\">\n\t\t\t\t\t\t<div class=\"elementor-container elementor-column-gap-default\">\n\t\t\t\t\t<div class=\"elementor-column elementor-col-100 elementor-top-column elementor-element elementor-element-688667f\" data-id=\"688667f\" data-element_type=\"column\" data-e-type=\"column\">\n\t\t\t<div class=\"elementor-widget-wrap elementor-element-populated\">\n\t\t\t\t\t\t<section class=\"elementor-section elementor-inner-section elementor-element elementor-element-8039f55 elementor-section-boxed elementor-section-height-default elementor-section-height-default\" data-id=\"8039f55\" data-element_type=\"section\" data-e-type=\"section\">\n\t\t\t\t\t\t\t<div class=\"elementor-background-overlay\"><\/div>\n\t\t\t\t\t\t\t<div class=\"elementor-container elementor-column-gap-default\">\n\t\t\t\t\t<div class=\"elementor-column elementor-col-50 elementor-inner-column elementor-element elementor-element-4b97607\" data-id=\"4b97607\" data-element_type=\"column\" data-e-type=\"column\">\n\t\t\t<div class=\"elementor-widget-wrap elementor-element-populated\">\n\t\t\t\t\t\t<div class=\"elementor-element elementor-element-e18b140 elementor-widget elementor-widget-image\" data-id=\"e18b140\" data-element_type=\"widget\" data-e-type=\"widget\" data-widget_type=\"image.default\">\n\t\t\t\t<div class=\"elementor-widget-container\">\n\t\t\t\t\t\t\t\t\t\t\t\t\t\t\t<img decoding=\"async\" src=\"https:\/\/portale2.unime.it\/pluralismi\/wp-content\/uploads\/sites\/18\/elementor\/thumbs\/thumbnail_Image-qmhyoygryn78etfjdrxhg89kzaaz1kvkv712sz221c.jpg\" title=\"Clelia Bartoli\" alt=\"Clelia Bartoli\" loading=\"lazy\" \/>\t\t\t\t\t\t\t\t\t\t\t\t\t\t\t<\/div>\n\t\t\t\t<\/div>\n\t\t\t\t\t<\/div>\n\t\t<\/div>\n\t\t\t\t<div class=\"elementor-column elementor-col-50 elementor-inner-column elementor-element elementor-element-cebda5e\" data-id=\"cebda5e\" data-element_type=\"column\" data-e-type=\"column\">\n\t\t\t<div class=\"elementor-widget-wrap elementor-element-populated\">\n\t\t\t\t\t\t<div class=\"elementor-element elementor-element-ea839ff elementor-widget elementor-widget-text-editor\" data-id=\"ea839ff\" data-element_type=\"widget\" data-e-type=\"widget\" data-widget_type=\"text-editor.default\">\n\t\t\t\t<div class=\"elementor-widget-container\">\n\t\t\t\t\t\t\t\t\t<p><span style=\"font-family: 'Open Sans', Helvetica, Arial, sans-serif;color: #7a0a0a;font-size: 12pt\"><strong>Clelia Bartoli <\/strong><\/span><span style=\"color: #000000;font-size: 12pt;font-family: arial, helvetica, sans-serif\">\u00e8 <\/span><span style=\"font-size: 12pt;font-family: arial, helvetica, sans-serif\">professoressa associata presso il Dipartimento di Giurisprudenza dell&#8217; Universit\u00e0 di Palermo e Coordinatrice del corso di Laurea in \u201cMigrazioni, Diritti e Integrazione\u201d. I suoi studi riguardano principalmente la violenza epistemica, il razzismo istituzionale, e la produzione della marginalit\u00e0, informalit\u00e0 e diritto, apprendimento cooperativo, teoria critica dello Stato e immaginazione giuridico-politica. Ha condotto diverse ricerche-azione che combinano etnografia, filosofia e diritto, mirate a ribaltare le relazioni di potere e abilitare i saperi marginali. Tra i suoi libri:<span class=\"x_Apple-converted-space\">\u00a0<\/span><i>Teoria della subalternit\u00e0 e il caso dei dalit in India (2008); Razzisti per legge. L\u2019Italia che discrimina (2012); Legal clinics in Europe. For a commitment of higher education in social justice (2016); Inchiesta a Ballar\u00f2. Il diritto visto dal margine (2019); Chile Revolts: from the Uprisings Toward the Constitutional Process (2022).<\/i><\/span><\/p>\t\t\t\t\t\t\t\t<\/div>\n\t\t\t\t<\/div>\n\t\t\t\t\t<\/div>\n\t\t<\/div>\n\t\t\t\t\t<\/div>\n\t\t<\/section>\n\t\t\t\t\t<\/div>\n\t\t<\/div>\n\t\t\t\t\t<\/div>\n\t\t<\/section>\n\t\t\t\t<section class=\"elementor-section elementor-top-section elementor-element elementor-element-7f075d63 elementor-section-boxed elementor-section-height-default elementor-section-height-default\" data-id=\"7f075d63\" data-element_type=\"section\" data-e-type=\"section\">\n\t\t\t\t\t\t<div class=\"elementor-container elementor-column-gap-default\">\n\t\t\t\t\t<div class=\"elementor-column elementor-col-100 elementor-top-column elementor-element elementor-element-2e11f878\" data-id=\"2e11f878\" data-element_type=\"column\" data-e-type=\"column\">\n\t\t\t<div class=\"elementor-widget-wrap elementor-element-populated\">\n\t\t\t\t\t\t<section class=\"elementor-section elementor-inner-section elementor-element elementor-element-2a29863a elementor-section-boxed elementor-section-height-default elementor-section-height-default\" data-id=\"2a29863a\" data-element_type=\"section\" data-e-type=\"section\">\n\t\t\t\t\t\t\t<div class=\"elementor-background-overlay\"><\/div>\n\t\t\t\t\t\t\t<div class=\"elementor-container elementor-column-gap-default\">\n\t\t\t\t\t<div class=\"elementor-column elementor-col-50 elementor-inner-column elementor-element elementor-element-76f3c519\" data-id=\"76f3c519\" data-element_type=\"column\" data-e-type=\"column\">\n\t\t\t<div class=\"elementor-widget-wrap elementor-element-populated\">\n\t\t\t\t\t\t<div class=\"elementor-element elementor-element-103c2c6 elementor-widget elementor-widget-image\" data-id=\"103c2c6\" data-element_type=\"widget\" data-e-type=\"widget\" data-widget_type=\"image.default\">\n\t\t\t\t<div class=\"elementor-widget-container\">\n\t\t\t\t\t\t\t\t\t\t\t\t\t\t\t<img decoding=\"async\" src=\"https:\/\/portale2.unime.it\/pluralismi\/wp-content\/uploads\/sites\/18\/elementor\/thumbs\/Bianchi_FestivalScienza7-q4zrem0df4i25x9b1eiqzbd6nhdarcdlvwt6rj2oy8.jpg\" title=\"Bianchi_FestivalScienza7\" alt=\"Bianchi_FestivalScienza7\" loading=\"lazy\" \/>\t\t\t\t\t\t\t\t\t\t\t\t\t\t\t<\/div>\n\t\t\t\t<\/div>\n\t\t\t\t\t<\/div>\n\t\t<\/div>\n\t\t\t\t<div class=\"elementor-column elementor-col-50 elementor-inner-column elementor-element elementor-element-3c2bb589\" data-id=\"3c2bb589\" data-element_type=\"column\" data-e-type=\"column\">\n\t\t\t<div class=\"elementor-widget-wrap elementor-element-populated\">\n\t\t\t\t\t\t<div class=\"elementor-element elementor-element-7d604487 elementor-widget elementor-widget-text-editor\" data-id=\"7d604487\" data-element_type=\"widget\" data-e-type=\"widget\" data-widget_type=\"text-editor.default\">\n\t\t\t\t<div class=\"elementor-widget-container\">\n\t\t\t\t\t\t\t\t\t<p><span style=\"font-family: 'Open Sans', Helvetica, Arial, sans-serif;color: #7a0a0a;font-size: 12pt\"><strong>Claudia Bianchi <\/strong><\/span><span style=\"font-family: 'Open Sans', sans-serif;font-size: 11pt;text-align: justify;background-color: var(--global--color-background)\">\u00a0<span style=\"font-size: 12pt\">\u00e8 professoressa Ordinaria di Filosofia del Linguaggio presso la Facolt\u00e0 di Filosofia dell\u2019Universit\u00e0 Vita-Salute San Raffaele di Milano. \u00c8 coordinatrice del Dottorato in Filosofia dell\u2019Universit\u00e0 San Raffaele di Milano; dirige inoltre il<\/span><\/span><span style=\"font-size: 12pt\"><span style=\"font-family: 'Open Sans', sans-serif;text-align: justify;background-color: var(--global--color-background)\">\u00a0<\/span><i style=\"font-family: 'Open Sans', sans-serif;text-align: justify\">Master in Comunicazione della Scienza e della Salute<\/i><span style=\"font-family: 'Open Sans', sans-serif;text-align: justify;background-color: var(--global--color-background)\">\u00a0<\/span><span style=\"font-family: 'Open Sans', sans-serif;text-align: justify;background-color: var(--global--color-background)\">e il Centro di ricerca interfacolt\u00e0 di studi di genere<\/span><span style=\"font-family: 'Open Sans', sans-serif;text-align: justify;background-color: var(--global--color-background)\">\u00a0<\/span><i style=\"font-family: 'Open Sans', sans-serif;text-align: justify\">Gender.<\/i><span style=\"font-family: 'Open Sans', sans-serif;text-align: justify;background-color: var(--global--color-background)\">\u00a0I suoi interessi vertono su questioni teoriche negli ambiti della filosofia del linguaggio, della pragmatica e della filosofia del linguaggio femminista. \u00c8 autrice di<\/span><span style=\"font-family: 'Open Sans', sans-serif;text-align: justify;background-color: var(--global--color-background)\">\u00a0<\/span><i style=\"font-family: 'Open Sans', sans-serif;text-align: justify\">Pragmatica del linguaggio<\/i><span style=\"font-family: 'Open Sans', sans-serif;text-align: justify;background-color: var(--global--color-background)\">\u00a0<\/span><span style=\"font-family: 'Open Sans', sans-serif;text-align: justify;background-color: var(--global--color-background)\">(Laterza, Roma-Bari, 2003, 14a ed. 2022) e<\/span><span style=\"font-family: 'Open Sans', sans-serif;text-align: justify;background-color: var(--global--color-background)\">\u00a0<\/span><i style=\"font-family: 'Open Sans', sans-serif;text-align: justify\">Pragmatica cognitiva. I meccanismi della comunicazione<\/i><span style=\"font-family: 'Open Sans', sans-serif;text-align: justify;background-color: var(--global--color-background)\">\u00a0<\/span><span style=\"font-family: 'Open Sans', sans-serif;text-align: justify;background-color: var(--global--color-background)\">(Laterza, Roma-Bari, 2009, 5a ed. 2023). Il suo ultimo volume \u00e8<\/span><span style=\"font-family: 'Open Sans', sans-serif;text-align: justify;background-color: var(--global--color-background)\">\u00a0<\/span><i style=\"font-family: 'Open Sans', sans-serif;text-align: justify\">Hate speech. Il lato oscuro del linguaggio<\/i><span style=\"font-family: 'Open Sans', sans-serif;text-align: justify;background-color: var(--global--color-background)\">, Roma-Bari, Laterza (2021, 2a ed. 2022). Per maggiori informazioni:<\/span><span style=\"font-family: 'Open Sans', sans-serif;text-align: justify;background-color: var(--global--color-background)\">\u00a0<\/span><a style=\"font-family: 'Open Sans', sans-serif;text-align: justify;color: #954f72;text-decoration: underline\" href=\"https:\/\/www.unisr.it\/docenti\/b\/bianchi-claudia-giovanna-daniela\">https:\/\/www.unisr.it\/docenti\/b\/bianchi-claudia-giovanna-daniela<\/a><\/span><\/p>\t\t\t\t\t\t\t\t<\/div>\n\t\t\t\t<\/div>\n\t\t\t\t\t<\/div>\n\t\t<\/div>\n\t\t\t\t\t<\/div>\n\t\t<\/section>\n\t\t\t\t\t<\/div>\n\t\t<\/div>\n\t\t\t\t\t<\/div>\n\t\t<\/section>\n\t\t\t\t<section class=\"elementor-section elementor-top-section elementor-element elementor-element-7a95b0b elementor-section-boxed elementor-section-height-default elementor-section-height-default\" data-id=\"7a95b0b\" data-element_type=\"section\" data-e-type=\"section\">\n\t\t\t\t\t\t<div class=\"elementor-container elementor-column-gap-default\">\n\t\t\t\t\t<div class=\"elementor-column elementor-col-100 elementor-top-column elementor-element elementor-element-3082651\" data-id=\"3082651\" data-element_type=\"column\" data-e-type=\"column\">\n\t\t\t<div class=\"elementor-widget-wrap elementor-element-populated\">\n\t\t\t\t\t\t<section class=\"elementor-section elementor-inner-section elementor-element elementor-element-f8b4aaa elementor-section-boxed elementor-section-height-default elementor-section-height-default\" data-id=\"f8b4aaa\" data-element_type=\"section\" data-e-type=\"section\">\n\t\t\t\t\t\t\t<div class=\"elementor-background-overlay\"><\/div>\n\t\t\t\t\t\t\t<div class=\"elementor-container elementor-column-gap-default\">\n\t\t\t\t\t<div class=\"elementor-column elementor-col-50 elementor-inner-column elementor-element elementor-element-f52170b\" data-id=\"f52170b\" data-element_type=\"column\" data-e-type=\"column\">\n\t\t\t<div class=\"elementor-widget-wrap elementor-element-populated\">\n\t\t\t\t\t\t<div class=\"elementor-element elementor-element-57f43c6 elementor-widget elementor-widget-image\" data-id=\"57f43c6\" data-element_type=\"widget\" data-e-type=\"widget\" data-widget_type=\"image.default\">\n\t\t\t\t<div class=\"elementor-widget-container\">\n\t\t\t\t\t\t\t\t\t\t\t\t\t\t\t<img decoding=\"async\" src=\"https:\/\/portale2.unime.it\/pluralismi\/wp-content\/uploads\/sites\/18\/elementor\/thumbs\/bimbi-1-q44ugnmzi98a63ak2o9h1tij9hczh9bbzui5el9jv4.jpg\" title=\"bimbi\" alt=\"bimbi\" loading=\"lazy\" \/>\t\t\t\t\t\t\t\t\t\t\t\t\t\t\t<\/div>\n\t\t\t\t<\/div>\n\t\t\t\t\t<\/div>\n\t\t<\/div>\n\t\t\t\t<div class=\"elementor-column elementor-col-50 elementor-inner-column elementor-element elementor-element-d12752e\" data-id=\"d12752e\" data-element_type=\"column\" data-e-type=\"column\">\n\t\t\t<div class=\"elementor-widget-wrap elementor-element-populated\">\n\t\t\t\t\t\t<div class=\"elementor-element elementor-element-ed20be3 elementor-widget elementor-widget-text-editor\" data-id=\"ed20be3\" data-element_type=\"widget\" data-e-type=\"widget\" data-widget_type=\"text-editor.default\">\n\t\t\t\t<div class=\"elementor-widget-container\">\n\t\t\t\t\t\t\t\t\t<p><span style=\"font-family: 'Open Sans', Helvetica, Arial, sans-serif;color: #7a0a0a;font-size: 12pt\"><strong>Franca Bimbi <\/strong><\/span><span style=\"color: #000000;font-size: 12pt\"><span style=\"font-family: 'Open Sans', Helvetica, Arial, sans-serif\">\u00a0\u00e8 Sociologa, gi\u00e0 professoressa Ordinaria di Sociologia presso l\u2019Universit\u00e0 di Padova. \u00c8 specialista di Sociologia della famiglia e Studi di genere. \u00c8 stata coordinatrice del Dottorato in Scienze sociali e dei Gruppi di ricerca \u201cGenere, cittadinanza e migrazioni\u201d, \u201cCibo, Culture, Societ\u00e0\u201d, \u201cViolenza di Genere\u201d. Tra il 1994 e il 2006, come assessora al Comune di Venezia, durante le sindacature di Massimo Cacciari, ha diretto il Centro Donna, il Centro Antiviolenza e l\u2019Osservatorio Lgbt. \u00c8 stata eletta alla Camera dei Deputati nella XIV e XV Legislatura. \u00c8 stata presidente della Commissione politiche dell\u2019Unione europea della Camera.<\/span><\/span><\/p>\t\t\t\t\t\t\t\t<\/div>\n\t\t\t\t<\/div>\n\t\t\t\t\t<\/div>\n\t\t<\/div>\n\t\t\t\t\t<\/div>\n\t\t<\/section>\n\t\t\t\t\t<\/div>\n\t\t<\/div>\n\t\t\t\t\t<\/div>\n\t\t<\/section>\n\t\t\t\t<section class=\"elementor-section elementor-top-section elementor-element elementor-element-63a0c55 elementor-section-boxed elementor-section-height-default elementor-section-height-default\" data-id=\"63a0c55\" data-element_type=\"section\" data-e-type=\"section\">\n\t\t\t\t\t\t<div class=\"elementor-container elementor-column-gap-default\">\n\t\t\t\t\t<div class=\"elementor-column elementor-col-100 elementor-top-column elementor-element elementor-element-10d1985\" data-id=\"10d1985\" data-element_type=\"column\" data-e-type=\"column\">\n\t\t\t<div class=\"elementor-widget-wrap elementor-element-populated\">\n\t\t\t\t\t\t<section class=\"elementor-section elementor-inner-section elementor-element elementor-element-60052a2 elementor-section-boxed elementor-section-height-default elementor-section-height-default\" data-id=\"60052a2\" data-element_type=\"section\" data-e-type=\"section\">\n\t\t\t\t\t\t\t<div class=\"elementor-background-overlay\"><\/div>\n\t\t\t\t\t\t\t<div class=\"elementor-container elementor-column-gap-default\">\n\t\t\t\t\t<div class=\"elementor-column elementor-col-50 elementor-inner-column elementor-element elementor-element-c6c9c16\" data-id=\"c6c9c16\" data-element_type=\"column\" data-e-type=\"column\">\n\t\t\t<div class=\"elementor-widget-wrap elementor-element-populated\">\n\t\t\t\t\t\t<div class=\"elementor-element elementor-element-e6ba428 elementor-widget elementor-widget-image\" data-id=\"e6ba428\" data-element_type=\"widget\" data-e-type=\"widget\" data-widget_type=\"image.default\">\n\t\t\t\t<div class=\"elementor-widget-container\">\n\t\t\t\t\t\t\t\t\t\t\t\t\t\t\t<img decoding=\"async\" src=\"https:\/\/portale2.unime.it\/pluralismi\/wp-content\/uploads\/sites\/18\/elementor\/thumbs\/IMG_356F0D80A253-1-q44uitnl9i72xq58f3ziartskgog84x1ykng8k1vio.jpeg\" title=\"IMG_356F0D80A253-1\" alt=\"IMG_356F0D80A253-1\" loading=\"lazy\" \/>\t\t\t\t\t\t\t\t\t\t\t\t\t\t\t<\/div>\n\t\t\t\t<\/div>\n\t\t\t\t\t<\/div>\n\t\t<\/div>\n\t\t\t\t<div class=\"elementor-column elementor-col-50 elementor-inner-column elementor-element elementor-element-9549916\" data-id=\"9549916\" data-element_type=\"column\" data-e-type=\"column\">\n\t\t\t<div class=\"elementor-widget-wrap elementor-element-populated\">\n\t\t\t\t\t\t<div class=\"elementor-element elementor-element-b410ed8 elementor-widget elementor-widget-text-editor\" data-id=\"b410ed8\" data-element_type=\"widget\" data-e-type=\"widget\" data-widget_type=\"text-editor.default\">\n\t\t\t\t<div class=\"elementor-widget-container\">\n\t\t\t\t\t\t\t\t\t<p><span style=\"font-family: 'Open Sans', Helvetica, Arial, sans-serif;color: #7a0a0a;font-size: 12pt\"><strong>Alessandra Brivio <\/strong><\/span><span style=\"color: #000000;font-size: 12pt\"><span style=\"font-family: 'Open Sans', Helvetica, Arial, sans-serif\">\u00e8 professoressa Associata all\u2019Universit\u00e0 di Milano Bicocca dove insegna Antropologia culturale e Antropologia delle religioni. Da diversi anni svolge attivit\u00e0 di ricerca in Togo, Benin e Ghana, concentrandosi in particolare sulle religioni locali, la memoria e la storia della schiavit\u00f9. Ha pubblicato saggi in Italia e all\u2019estero e i volumi Il vodu in Africa. Metamorfosi di un culto, Roma, Viella, 2012; Italiani in Ghana. Storia e antropologia di una migrazione 1900-1946, Roma, Viella, 2013; Donne, emancipazione e marginalit\u00e0. Antropologia della schiavit\u00f9 e della dipendenza in Ghana, Milano, Meltemi, 2019.<\/span><\/span><\/p>\t\t\t\t\t\t\t\t<\/div>\n\t\t\t\t<\/div>\n\t\t\t\t\t<\/div>\n\t\t<\/div>\n\t\t\t\t\t<\/div>\n\t\t<\/section>\n\t\t\t\t<section class=\"elementor-section elementor-inner-section elementor-element elementor-element-04bc493 elementor-section-boxed elementor-section-height-default elementor-section-height-default\" data-id=\"04bc493\" data-element_type=\"section\" data-e-type=\"section\">\n\t\t\t\t\t\t\t<div class=\"elementor-background-overlay\"><\/div>\n\t\t\t\t\t\t\t<div class=\"elementor-container elementor-column-gap-default\">\n\t\t\t\t\t<div class=\"elementor-column elementor-col-50 elementor-inner-column elementor-element elementor-element-cd41bcd\" data-id=\"cd41bcd\" data-element_type=\"column\" data-e-type=\"column\">\n\t\t\t<div class=\"elementor-widget-wrap elementor-element-populated\">\n\t\t\t\t\t\t<div class=\"elementor-element elementor-element-66ee7fe elementor-widget elementor-widget-image\" data-id=\"66ee7fe\" data-element_type=\"widget\" data-e-type=\"widget\" data-widget_type=\"image.default\">\n\t\t\t\t<div class=\"elementor-widget-container\">\n\t\t\t\t\t\t\t\t\t\t\t\t\t\t\t<img decoding=\"async\" src=\"https:\/\/portale2.unime.it\/pluralismi\/wp-content\/uploads\/sites\/18\/elementor\/thumbs\/MILLY-BUONANNO-2-q44uicqhuhjx4qtt5wo81w3hvizudl1vw8wplkqymo.jpg\" title=\"MILLY BUONANNO\" alt=\"MILLY BUONANNO\" loading=\"lazy\" \/>\t\t\t\t\t\t\t\t\t\t\t\t\t\t\t<\/div>\n\t\t\t\t<\/div>\n\t\t\t\t\t<\/div>\n\t\t<\/div>\n\t\t\t\t<div class=\"elementor-column elementor-col-50 elementor-inner-column elementor-element elementor-element-5972917\" data-id=\"5972917\" data-element_type=\"column\" data-e-type=\"column\">\n\t\t\t<div class=\"elementor-widget-wrap elementor-element-populated\">\n\t\t\t\t\t\t<div class=\"elementor-element elementor-element-1f422cb elementor-widget elementor-widget-text-editor\" data-id=\"1f422cb\" data-element_type=\"widget\" data-e-type=\"widget\" data-widget_type=\"text-editor.default\">\n\t\t\t\t<div class=\"elementor-widget-container\">\n\t\t\t\t\t\t\t\t\t<p><span style=\"font-family: 'Open Sans', Helvetica, Arial, sans-serif;color: #7a0a0a;font-size: 12pt\"><strong>Milly Buonanno\u00a0<\/strong><\/span><span style=\"color: #000000;font-size: 12pt\"><span style=\"font-family: 'Open Sans', Helvetica, Arial, sans-serif\">\u00e8 stata professoressa Ordinaria di Sociologia dei processi culturali e comunicativi nella Sapienza Universit\u00e0 di Roma e ha insegnato in precedenza nelle Universit\u00e0 di Salerno e di Firenze. E\u2019 co-responsabile scientifico dell\u2019Unit\u00e0 di ricerca Ge.M.Ma.-Gender and Media Matters (2010-) istituita nel Dipartimento CORIS della Sapienza; ha fondato e dirige l\u2019Osservatorio della Fiction Italiana (OFI, 1988-); \u00e8\u00a0<\/span><em style=\"font-family: 'Open Sans', Helvetica, Arial, sans-serif\">associate editor<\/em><span style=\"font-family: 'Open Sans', Helvetica, Arial, sans-serif\">\u00a0del\u00a0<\/span><em style=\"font-family: 'Open Sans', Helvetica, Arial, sans-serif\">Journal of Italian Cinema &amp; Media Studies<\/em><span style=\"font-family: 'Open Sans', Helvetica, Arial, sans-serif\">, e fa parte del comitato editoriale di numerose riviste internazionali. Ha svolto ricerche e scritto su teoria e storia della televisione, fiction televisiva, giornalismo, ed \u00e8 stata la pioniera dei\u00a0<\/span><em style=\"font-family: 'Open Sans', Helvetica, Arial, sans-serif\">feminist media studies<\/em><span style=\"font-family: 'Open Sans', Helvetica, Arial, sans-serif\">\u00a0in Italia (1975-). Le sue principali pubblicazioni degli anni 2000 includono:\u00a0<\/span><em style=\"font-family: 'Open Sans', Helvetica, Arial, sans-serif\">The Age of Television\u00a0<\/em><span style=\"font-family: 'Open Sans', Helvetica, Arial, sans-serif\">(Intellect, 2008);\u00a0<\/span><em style=\"font-family: 'Open Sans', Helvetica, Arial, sans-serif\">Italian TV Drama and Beyond<\/em><span style=\"font-family: 'Open Sans', Helvetica, Arial, sans-serif\">\u00a0(Intellect, 2012);\u00a0<\/span><em style=\"font-family: 'Open Sans', Helvetica, Arial, sans-serif\">The Sage Handbook of Television Studies\u00a0<\/em><span style=\"font-family: 'Open Sans', Helvetica, Arial, sans-serif\">(Sage, 2014, co-edito con Manuel Alvarado, Herman Gray e Toby Miller); le collection\u00a0<\/span><em style=\"font-family: 'Open Sans', Helvetica, Arial, sans-serif\">Il prisma dei generi<\/em><span style=\"font-family: 'Open Sans', Helvetica, Arial, sans-serif\">\u00a0(FrancoAngeli, 2014),\u00a0<\/span><em style=\"font-family: 'Open Sans', Helvetica, Arial, sans-serif\">Television Antiheroines<\/em><span style=\"font-family: 'Open Sans', Helvetica, Arial, sans-serif\">\u00a0(Intellect, 2017),\u00a0<\/span><em style=\"font-family: 'Open Sans', Helvetica, Arial, sans-serif\">Genere e media: non solo immagini<\/em><span style=\"font-family: 'Open Sans', Helvetica, Arial, sans-serif\">\u00a0(FrancoAngeli, 2020, co-edito con Franca Faccioli). E\u2019 co-editor con Franca Faccioli del numero speciale del\u00a0<\/span><em style=\"font-family: 'Open Sans', Helvetica, Arial, sans-serif\">Journal of Italian Cinema &amp; Media Studies\u00a0<\/em><span style=\"font-family: 'Open Sans', Helvetica, Arial, sans-serif\">di prossima pubblicazione nel 2022, che presenta le ultime ricerche su genere e media effettuate nell\u2019ambito del gruppo Ge.M.Ma.<\/span><\/span><\/p>\t\t\t\t\t\t\t\t<\/div>\n\t\t\t\t<\/div>\n\t\t\t\t\t<\/div>\n\t\t<\/div>\n\t\t\t\t\t<\/div>\n\t\t<\/section>\n\t\t\t\t\t<\/div>\n\t\t<\/div>\n\t\t\t\t\t<\/div>\n\t\t<\/section>\n\t\t\t\t<section class=\"elementor-section elementor-top-section elementor-element elementor-element-5758e863 elementor-section-boxed elementor-section-height-default elementor-section-height-default\" data-id=\"5758e863\" data-element_type=\"section\" data-e-type=\"section\">\n\t\t\t\t\t\t<div class=\"elementor-container elementor-column-gap-default\">\n\t\t\t\t\t<div class=\"elementor-column elementor-col-100 elementor-top-column elementor-element elementor-element-2a326c52\" data-id=\"2a326c52\" data-element_type=\"column\" data-e-type=\"column\">\n\t\t\t<div class=\"elementor-widget-wrap elementor-element-populated\">\n\t\t\t\t\t\t<section class=\"elementor-section elementor-inner-section elementor-element elementor-element-4f1e6ecf elementor-section-boxed elementor-section-height-default elementor-section-height-default\" data-id=\"4f1e6ecf\" data-element_type=\"section\" data-e-type=\"section\">\n\t\t\t\t\t\t\t<div class=\"elementor-background-overlay\"><\/div>\n\t\t\t\t\t\t\t<div class=\"elementor-container elementor-column-gap-default\">\n\t\t\t\t\t<div class=\"elementor-column elementor-col-50 elementor-inner-column elementor-element elementor-element-5d099846\" data-id=\"5d099846\" data-element_type=\"column\" data-e-type=\"column\">\n\t\t\t<div class=\"elementor-widget-wrap elementor-element-populated\">\n\t\t\t\t\t\t<div class=\"elementor-element elementor-element-74619bcd elementor-widget elementor-widget-image\" data-id=\"74619bcd\" data-element_type=\"widget\" data-e-type=\"widget\" data-widget_type=\"image.default\">\n\t\t\t\t<div class=\"elementor-widget-container\">\n\t\t\t\t\t\t\t\t\t\t\t\t\t\t\t<img decoding=\"async\" src=\"https:\/\/portale2.unime.it\/pluralismi\/wp-content\/uploads\/sites\/18\/elementor\/thumbs\/Screenshot-2024-03-27-alle-08.01.05-qltlcnxx0soosxdmgsi23wyu6v9ex8fc3gnjbveh8w.png\" title=\"Lucia Cardone\" alt=\"Lucia Cardone\" loading=\"lazy\" \/>\t\t\t\t\t\t\t\t\t\t\t\t\t\t\t<\/div>\n\t\t\t\t<\/div>\n\t\t\t\t\t<\/div>\n\t\t<\/div>\n\t\t\t\t<div class=\"elementor-column elementor-col-50 elementor-inner-column elementor-element elementor-element-6c14c687\" data-id=\"6c14c687\" data-element_type=\"column\" data-e-type=\"column\">\n\t\t\t<div class=\"elementor-widget-wrap elementor-element-populated\">\n\t\t\t\t\t\t<div class=\"elementor-element elementor-element-3764494d elementor-widget elementor-widget-text-editor\" data-id=\"3764494d\" data-element_type=\"widget\" data-e-type=\"widget\" data-widget_type=\"text-editor.default\">\n\t\t\t\t<div class=\"elementor-widget-container\">\n\t\t\t\t\t\t\t\t\t<p><span style=\"font-family: 'Open Sans', Helvetica, Arial, sans-serif;color: #7a0a0a;font-size: 12pt\"><strong>Lucia Cardone\u00a0<\/strong><\/span><span style=\"color: #000000;font-size: 12pt\"><span style=\"font-family: 'Open Sans', Helvetica, Arial, sans-serif\">\u00a0<\/span><\/span><span style=\"font-size: 12pt\"><span style=\"color: #242424;font-family: Aptos, sans-serif\">insegna Storia e critica del cinema e Paesaggi audiovisivi al Dipartimento di Scienze Umanistiche e Sociali dell\u2019Universit\u00e0 degli Studi di Sassari, di cui \u00e8 Direttrice. Si occupa di cinema italiano, delle sue intersezioni con le altre arti, con la letteratura e il giornalismo e con la cultura e l\u2019immaginario popolare, soprattutto nella prospettiva dei\u00a0<\/span><i style=\"color: #242424;font-family: Aptos, sans-serif\">Women\u2019s Studies<\/i><span style=\"color: #242424;font-family: Aptos, sans-serif\">. Nel 2014 ha ideato il Forum Annuale delle Studiose di Cinema e Audiovisivi ed ha fondato, con Mariagrazia Fanchi, la collana FAScinA, presso le Edizioni ETS di Pisa, dedicata ai\u00a0<\/span><i style=\"color: #242424;font-family: Aptos, sans-serif\">Women\u2019s Studies<\/i><span style=\"color: #242424;font-family: Aptos, sans-serif\">\u00a0di ambito cinematografico. Dal 2015 fa parte del Direttivo, con il ruolo di coordinatrice, di \u00abL\u2019avventura. International Journal of Italian Film and Media Landscapes\u00bb. Fra le sue pubblicazioni:\u00a0<\/span><i style=\"color: #242424;font-family: Aptos, sans-serif\">\u00abNoi donne\u00bb e il cinema. Dalle illusioni a Zavattini<\/i><span style=\"color: #242424;font-family: Aptos, sans-serif\">\u00a0(Edizioni ETS, 2009) e\u00a0<\/span><i style=\"color: #242424;font-family: Aptos, sans-serif\">Melodramma<\/i><span style=\"color: #242424;font-family: Aptos, sans-serif\">\u00a0(Il Castoro, 2012). Ha curato con Cristina Jandelli e Chiara Tognolotti\u00a0<\/span><i style=\"color: #242424;font-family: Aptos, sans-serif\">Storie in divenire: le donne nel cinema italiano<\/i><span style=\"color: #242424;font-family: Aptos, sans-serif\">, numero monografico di \u00abI Quaderni del CSCI\u00bb (11, 2015), e con Anna Masecchia e Maria Rizzarelli\u00a0<\/span><i style=\"color: #242424;font-family: Aptos, sans-serif\">Divagrafie, ovvero delle attrici che scrivono<\/i><span style=\"color: #242424;font-family: Aptos, sans-serif\">\u00a0(2019).<\/span><\/span><\/p>\t\t\t\t\t\t\t\t<\/div>\n\t\t\t\t<\/div>\n\t\t\t\t\t<\/div>\n\t\t<\/div>\n\t\t\t\t\t<\/div>\n\t\t<\/section>\n\t\t\t\t\t<\/div>\n\t\t<\/div>\n\t\t\t\t\t<\/div>\n\t\t<\/section>\n\t\t\t\t<section class=\"elementor-section elementor-top-section elementor-element elementor-element-2bd0373 elementor-section-boxed elementor-section-height-default elementor-section-height-default\" data-id=\"2bd0373\" data-element_type=\"section\" data-e-type=\"section\">\n\t\t\t\t\t\t<div class=\"elementor-container elementor-column-gap-default\">\n\t\t\t\t\t<div class=\"elementor-column elementor-col-100 elementor-top-column elementor-element elementor-element-eae82d4\" data-id=\"eae82d4\" data-element_type=\"column\" data-e-type=\"column\">\n\t\t\t<div class=\"elementor-widget-wrap elementor-element-populated\">\n\t\t\t\t\t\t<section class=\"elementor-section elementor-inner-section elementor-element elementor-element-67d7dcb elementor-section-boxed elementor-section-height-default elementor-section-height-default\" data-id=\"67d7dcb\" data-element_type=\"section\" data-e-type=\"section\">\n\t\t\t\t\t\t\t<div class=\"elementor-background-overlay\"><\/div>\n\t\t\t\t\t\t\t<div class=\"elementor-container elementor-column-gap-default\">\n\t\t\t\t\t<div class=\"elementor-column elementor-col-50 elementor-inner-column elementor-element elementor-element-13395cc\" data-id=\"13395cc\" data-element_type=\"column\" data-e-type=\"column\">\n\t\t\t<div class=\"elementor-widget-wrap elementor-element-populated\">\n\t\t\t\t\t\t<div class=\"elementor-element elementor-element-bfffa1c elementor-widget elementor-widget-image\" data-id=\"bfffa1c\" data-element_type=\"widget\" data-e-type=\"widget\" data-widget_type=\"image.default\">\n\t\t\t\t<div class=\"elementor-widget-container\">\n\t\t\t\t\t\t\t\t\t\t\t\t\t\t\t<img decoding=\"async\" src=\"https:\/\/portale2.unime.it\/pluralismi\/wp-content\/uploads\/sites\/18\/elementor\/thumbs\/Schermata-2021-03-30-alle-11.29.49-q44uhlh6cails1xel2w1jkz4ncq76d1o4hzmojvdn4.png\" title=\"Senza titolo\" alt=\"\" loading=\"lazy\" \/>\t\t\t\t\t\t\t\t\t\t\t\t\t\t\t<\/div>\n\t\t\t\t<\/div>\n\t\t\t\t\t<\/div>\n\t\t<\/div>\n\t\t\t\t<div class=\"elementor-column elementor-col-50 elementor-inner-column elementor-element elementor-element-16f932f\" data-id=\"16f932f\" data-element_type=\"column\" data-e-type=\"column\">\n\t\t\t<div class=\"elementor-widget-wrap elementor-element-populated\">\n\t\t\t\t\t\t<div class=\"elementor-element elementor-element-45533a1 elementor-widget elementor-widget-text-editor\" data-id=\"45533a1\" data-element_type=\"widget\" data-e-type=\"widget\" data-widget_type=\"text-editor.default\">\n\t\t\t\t<div class=\"elementor-widget-container\">\n\t\t\t\t\t\t\t\t\t<p><span style=\"font-family: 'Open Sans', Helvetica, Arial, sans-serif;color: #7a0a0a;font-size: 12pt\"><strong>Giuseppina Cersosimo <\/strong><\/span><span style=\"color: #000000;font-size: 12pt\"><span style=\"font-family: 'Open Sans', Helvetica, Arial, sans-serif\">\u00a0\u00e8 professoressa Ordinaria di Sociologia Generale presso il Dipartimento di Studi Politici e Sociali, Universit\u00e0 degli Studi di Salerno. Dal 2012 \u2013 al gennaio 2019 \u00e8 stata segretaria dell\u2019OGEPO \u2013 Osservatorio interdipartimentale per la diffusione degli Studi di Genere e la cultura delle Pari Opportunit\u00e0. Tra i suoi principali interessi di ricerca: la teoria sociologica, con particolare attenzione all\u2019Interazionismo Simbolico; la ricerca qualitativa; la sociologia della salute e della medicina; genere e identit\u00e0. Tra le sue pubblicazioni: In the Time of COVID-19: Love and Transformations in the Family Italian Sociological Review (2020). Women and Health Promotion: Implications for Obesity Prevention in the Family and Beyond, Italian Journal of Sociology of Education (2020); Narrated Communication, Research Methods Foundations, Sage, London (2020); Le donne nella sociologia di William I. Thomas. Testi Scelti. Napoli Liguori (2019); Double-Edged Intimate Relationships. When Violence has a Complicity between Victim and Executioner BUT. Series VII Social Sciences. Law. (2019); Society and violentization: some general remarks, Sociologia.Vol. 3. (2018).<\/span><\/span><\/p>\t\t\t\t\t\t\t\t<\/div>\n\t\t\t\t<\/div>\n\t\t\t\t\t<\/div>\n\t\t<\/div>\n\t\t\t\t\t<\/div>\n\t\t<\/section>\n\t\t\t\t\t<\/div>\n\t\t<\/div>\n\t\t\t\t\t<\/div>\n\t\t<\/section>\n\t\t\t\t<section class=\"elementor-section elementor-top-section elementor-element elementor-element-a40c7c8 elementor-section-boxed elementor-section-height-default elementor-section-height-default\" data-id=\"a40c7c8\" data-element_type=\"section\" data-e-type=\"section\">\n\t\t\t\t\t\t<div class=\"elementor-container elementor-column-gap-default\">\n\t\t\t\t\t<div class=\"elementor-column elementor-col-100 elementor-top-column elementor-element elementor-element-70f37b6\" data-id=\"70f37b6\" data-element_type=\"column\" data-e-type=\"column\">\n\t\t\t<div class=\"elementor-widget-wrap elementor-element-populated\">\n\t\t\t\t\t\t<section class=\"elementor-section elementor-inner-section elementor-element elementor-element-3b6406c elementor-section-boxed elementor-section-height-default elementor-section-height-default\" data-id=\"3b6406c\" data-element_type=\"section\" data-e-type=\"section\">\n\t\t\t\t\t\t\t<div class=\"elementor-background-overlay\"><\/div>\n\t\t\t\t\t\t\t<div class=\"elementor-container elementor-column-gap-default\">\n\t\t\t\t\t<div class=\"elementor-column elementor-col-50 elementor-inner-column elementor-element elementor-element-23814d6\" data-id=\"23814d6\" data-element_type=\"column\" data-e-type=\"column\">\n\t\t\t<div class=\"elementor-widget-wrap elementor-element-populated\">\n\t\t\t\t\t\t<div class=\"elementor-element elementor-element-4efa36b elementor-widget elementor-widget-image\" data-id=\"4efa36b\" data-element_type=\"widget\" data-e-type=\"widget\" data-widget_type=\"image.default\">\n\t\t\t\t<div class=\"elementor-widget-container\">\n\t\t\t\t\t\t\t\t\t\t\t\t\t\t\t<img decoding=\"async\" src=\"https:\/\/portale2.unime.it\/pluralismi\/wp-content\/uploads\/sites\/18\/elementor\/thumbs\/Screenshot-2026-02-11-alle-19.10.06-rj0bw9oizzmufdm33e6ryps1xpa1oa4giybyjdj1zk.png\" title=\"Alessia Cervini\" alt=\"Alessia Cervini\" loading=\"lazy\" \/>\t\t\t\t\t\t\t\t\t\t\t\t\t\t\t<\/div>\n\t\t\t\t<\/div>\n\t\t\t\t\t<\/div>\n\t\t<\/div>\n\t\t\t\t<div class=\"elementor-column elementor-col-50 elementor-inner-column elementor-element elementor-element-83c2a57\" data-id=\"83c2a57\" data-element_type=\"column\" data-e-type=\"column\">\n\t\t\t<div class=\"elementor-widget-wrap elementor-element-populated\">\n\t\t\t\t\t\t<div class=\"elementor-element elementor-element-9397e38 elementor-widget elementor-widget-text-editor\" data-id=\"9397e38\" data-element_type=\"widget\" data-e-type=\"widget\" data-widget_type=\"text-editor.default\">\n\t\t\t\t<div class=\"elementor-widget-container\">\n\t\t\t\t\t\t\t\t\t<p><strong><span style=\"color: #7a0a0a;font-family: Open Sans, Helvetica, Arial, sans-serif;font-size: medium\">Alessia <span>Cervini <\/span><\/span><\/strong><span style=\"font-size: 12pt\"><span style=\"color: #000000\"><span style=\"font-family: 'Open Sans', Helvetica, Arial, sans-serif\">\u00e8 professoressa Ordinaria di di Cinema all\u2019Universit\u00e0 degli Studi di Palermo. Fra le sue ultime pubblicazioni: <\/span><\/span><i>La rabbia. Un film di Pier Paolo Pasolini <\/i><span style=\"color: #000000\"><span style=\"font-family: 'Open Sans', Helvetica, Arial, sans-serif\">(Cronopio, 2025), <\/span><\/span><i>L\u2019invenzione del cinema. Rappresentazione e grande guerra <\/i><span style=\"color: #000000\"><span style=\"font-family: 'Open Sans', Helvetica, Arial, sans-serif\">(Marsilio 2024), oltre alla cura di <\/span><\/span><i>Il cinema del nuovo millennio. Geografie, forme, autori <\/i><span style=\"color: #000000\"><span style=\"font-family: 'Open Sans', Helvetica, Arial, sans-serif\">(Carocci, 2020) e de <\/span><\/span><i>Il metodo <\/i><span style=\"color: #000000\"><span style=\"font-family: 'Open Sans', Helvetica, Arial, sans-serif\">(vol. I) di S.M. Ejzenstejn (Marsilio 2020). Fa parte del comitato scientifico della rivista <\/span><\/span><i>K. Revue trans-europ\u00e9enne de philosophie et arts<\/i><span style=\"color: #000000\"><span style=\"font-family: 'Open Sans', Helvetica, Arial, sans-serif\">, oltre che del comitato direttivo della rivista \u201cFata Morgana\u201d. Insieme D. Dottorini e A. Canad\u00e8, dirige la collana \u201cFrontiere\u201d per l\u2019editore Pellegrini, insieme a G. Manzoli e C. Uva, dirige la serie \u201cI film\u201d della collana \u201cLe bussole\u201d per l\u2019editore Carocci.<\/span><\/span><\/span><\/p>\t\t\t\t\t\t\t\t<\/div>\n\t\t\t\t<\/div>\n\t\t\t\t\t<\/div>\n\t\t<\/div>\n\t\t\t\t\t<\/div>\n\t\t<\/section>\n\t\t\t\t\t<\/div>\n\t\t<\/div>\n\t\t\t\t\t<\/div>\n\t\t<\/section>\n\t\t\t\t<section class=\"elementor-section elementor-top-section elementor-element elementor-element-ab12a33 elementor-section-boxed elementor-section-height-default elementor-section-height-default\" data-id=\"ab12a33\" data-element_type=\"section\" data-e-type=\"section\">\n\t\t\t\t\t\t<div class=\"elementor-container elementor-column-gap-default\">\n\t\t\t\t\t<div class=\"elementor-column elementor-col-100 elementor-top-column elementor-element elementor-element-5ca5f93\" data-id=\"5ca5f93\" data-element_type=\"column\" data-e-type=\"column\">\n\t\t\t<div class=\"elementor-widget-wrap elementor-element-populated\">\n\t\t\t\t\t\t<section class=\"elementor-section elementor-inner-section elementor-element elementor-element-157c85c elementor-section-boxed elementor-section-height-default elementor-section-height-default\" data-id=\"157c85c\" data-element_type=\"section\" data-e-type=\"section\">\n\t\t\t\t\t\t\t<div class=\"elementor-background-overlay\"><\/div>\n\t\t\t\t\t\t\t<div class=\"elementor-container elementor-column-gap-default\">\n\t\t\t\t\t<div class=\"elementor-column elementor-col-50 elementor-inner-column elementor-element elementor-element-70dfc87\" data-id=\"70dfc87\" data-element_type=\"column\" data-e-type=\"column\">\n\t\t\t<div class=\"elementor-widget-wrap elementor-element-populated\">\n\t\t\t\t\t\t<div class=\"elementor-element elementor-element-2d172c9 elementor-widget elementor-widget-image\" data-id=\"2d172c9\" data-element_type=\"widget\" data-e-type=\"widget\" data-widget_type=\"image.default\">\n\t\t\t\t<div class=\"elementor-widget-container\">\n\t\t\t\t\t\t\t\t\t\t\t\t\t\t\t<img decoding=\"async\" src=\"https:\/\/portale2.unime.it\/pluralismi\/wp-content\/uploads\/sites\/18\/elementor\/thumbs\/2.CICCONE-q44uidoc1bl7gcsg0f2umduygwv7la5m8dk72upkgg.jpg\" title=\"CICCONE\" alt=\"CICCONE\" loading=\"lazy\" \/>\t\t\t\t\t\t\t\t\t\t\t\t\t\t\t<\/div>\n\t\t\t\t<\/div>\n\t\t\t\t\t<\/div>\n\t\t<\/div>\n\t\t\t\t<div class=\"elementor-column elementor-col-50 elementor-inner-column elementor-element elementor-element-dc9aaf0\" data-id=\"dc9aaf0\" data-element_type=\"column\" data-e-type=\"column\">\n\t\t\t<div class=\"elementor-widget-wrap elementor-element-populated\">\n\t\t\t\t\t\t<div class=\"elementor-element elementor-element-808f40e elementor-widget elementor-widget-text-editor\" data-id=\"808f40e\" data-element_type=\"widget\" data-e-type=\"widget\" data-widget_type=\"text-editor.default\">\n\t\t\t\t<div class=\"elementor-widget-container\">\n\t\t\t\t\t\t\t\t\t<p><span style=\"font-family: 'Open Sans', Helvetica, Arial, sans-serif;color: #7a0a0a;font-size: 12pt\"><strong>Stefano Ciccone <\/strong><\/span><span style=\"color: #000000;font-size: 12pt\"><span style=\"font-family: 'Open Sans', Helvetica, Arial, sans-serif\">partecipa a Maschile Plurale, rete di gruppi di riflessione critica sul maschile e di iniziativa di uomini contro la violenza e gli stereotipi di genere. PhD in Sociologia presso l\u2019Universit\u00e0 di Genova con una ricerca su: Retoriche e rappresentazioni nell\u2019esperienza maschile del mutamento delle relazioni tra sessi e generi.\u00a0 Nel 2007 ha contribuito a promuovere l\u2019omonima associazione nazionale che raccoglie la rete di gruppi maschili esistenti. Partecipa a gruppi di riflessione e ricerca di donne e uomini sui ruoli e le rappresentazioni sociali di genere. Nel 2019 ha pubblicato \u201cMaschi in crisi? Una strada oltre la frustrazione e il rancore, con l\u2019editore Rosenberg &amp; Sellier. Nel 2009 ha pubblicato con l\u2019editore Rosenberg &amp; Sellier il libro \u201cEssere maschi. Tra potere e libert\u00e0\u201d,\u00a0 nel 2011 \u201cIl legame insospettabile tra amore e violenza\u201d con Lea Melandri, C&amp;P Adver Effigi Editore. Componente del GEV ANVUR: Gruppo Esperti Valutatori per le attivit\u00e0 di Terza Missione degli Atenei ed Enti Pubblici di Ricerca italiani 2001-2014. Componente presso la Presidenza del Consiglio dei Ministri, Dipartimento Pari Opportunit\u00e0 del tavolo tecnico per la redazione del Piano Strategico Nazionale di contrasto alla violenza maschile contro le donne.<\/span><\/span><\/p>\t\t\t\t\t\t\t\t<\/div>\n\t\t\t\t<\/div>\n\t\t\t\t\t<\/div>\n\t\t<\/div>\n\t\t\t\t\t<\/div>\n\t\t<\/section>\n\t\t\t\t\t<\/div>\n\t\t<\/div>\n\t\t\t\t\t<\/div>\n\t\t<\/section>\n\t\t\t\t<section class=\"elementor-section elementor-top-section elementor-element elementor-element-1796c63c elementor-section-boxed elementor-section-height-default elementor-section-height-default\" data-id=\"1796c63c\" data-element_type=\"section\" data-e-type=\"section\">\n\t\t\t\t\t\t<div class=\"elementor-container elementor-column-gap-default\">\n\t\t\t\t\t<div class=\"elementor-column elementor-col-100 elementor-top-column elementor-element elementor-element-def4a19\" data-id=\"def4a19\" data-element_type=\"column\" data-e-type=\"column\">\n\t\t\t<div class=\"elementor-widget-wrap elementor-element-populated\">\n\t\t\t\t\t\t<section class=\"elementor-section elementor-inner-section elementor-element elementor-element-38f15c12 elementor-section-boxed elementor-section-height-default elementor-section-height-default\" data-id=\"38f15c12\" data-element_type=\"section\" data-e-type=\"section\">\n\t\t\t\t\t\t\t<div class=\"elementor-background-overlay\"><\/div>\n\t\t\t\t\t\t\t<div class=\"elementor-container elementor-column-gap-default\">\n\t\t\t\t\t<div class=\"elementor-column elementor-col-50 elementor-inner-column elementor-element elementor-element-41a98ca9\" data-id=\"41a98ca9\" data-element_type=\"column\" data-e-type=\"column\">\n\t\t\t<div class=\"elementor-widget-wrap elementor-element-populated\">\n\t\t\t\t\t\t<div class=\"elementor-element elementor-element-4ce643a0 elementor-widget elementor-widget-image\" data-id=\"4ce643a0\" data-element_type=\"widget\" data-e-type=\"widget\" data-widget_type=\"image.default\">\n\t\t\t\t<div class=\"elementor-widget-container\">\n\t\t\t\t\t\t\t\t\t\t\t\t\t\t\t<img decoding=\"async\" src=\"https:\/\/portale2.unime.it\/pluralismi\/wp-content\/uploads\/sites\/18\/elementor\/thumbs\/corbisiero-q44ugnmzi98a63ak2o9h1tij9hczh9bbzui5el9jv4.jpg\" title=\"corbisiero\" alt=\"corbisiero\" loading=\"lazy\" \/>\t\t\t\t\t\t\t\t\t\t\t\t\t\t\t<\/div>\n\t\t\t\t<\/div>\n\t\t\t\t\t<\/div>\n\t\t<\/div>\n\t\t\t\t<div class=\"elementor-column elementor-col-50 elementor-inner-column elementor-element elementor-element-3dcf0bbc\" data-id=\"3dcf0bbc\" data-element_type=\"column\" data-e-type=\"column\">\n\t\t\t<div class=\"elementor-widget-wrap elementor-element-populated\">\n\t\t\t\t\t\t<div class=\"elementor-element elementor-element-62dd7842 elementor-widget elementor-widget-text-editor\" data-id=\"62dd7842\" data-element_type=\"widget\" data-e-type=\"widget\" data-widget_type=\"text-editor.default\">\n\t\t\t\t<div class=\"elementor-widget-container\">\n\t\t\t\t\t\t\t\t\t<p><span style=\"font-family: 'Open Sans', Helvetica, Arial, sans-serif;color: #7a0a0a;font-size: 12pt\"><strong>Fabio Corbisiero <\/strong><\/span><span style=\"color: #000000;font-size: 12pt\"><span style=\"font-family: 'Open Sans', Helvetica, Arial, sans-serif\"><strong>\u00a0<\/strong>\u00e8 professore Associato di Sociologia dell\u2019ambiente e del territorio presso il Dipartimento di Scienze Sociali dell\u2019Universit\u00e0 degli Studi di Napoli Federico II, dove \u00e8 Coordinatore dell\u2019Osservatorio LGBT e di OUT (Osservatorio Universitario sul Turismo). Tra i suoi interessi di ricerca: genere, identit\u00e0 sessuale, comunit\u00e0 LGBT, turismo, citt\u00e0. \u00c8 componente del Consiglio scientifico di AIS Studi di Genere dal 2013. Dal 2016 dirige \u201cFuori Luogo. Rivista di Sociologia del territorio, turismo, tecnologia\u201d.<\/span><\/span><\/p>\t\t\t\t\t\t\t\t<\/div>\n\t\t\t\t<\/div>\n\t\t\t\t\t<\/div>\n\t\t<\/div>\n\t\t\t\t\t<\/div>\n\t\t<\/section>\n\t\t\t\t\t<\/div>\n\t\t<\/div>\n\t\t\t\t\t<\/div>\n\t\t<\/section>\n\t\t\t\t<section class=\"elementor-section elementor-top-section elementor-element elementor-element-3a7fe72 elementor-section-boxed elementor-section-height-default elementor-section-height-default\" data-id=\"3a7fe72\" data-element_type=\"section\" data-e-type=\"section\">\n\t\t\t\t\t\t<div class=\"elementor-container elementor-column-gap-default\">\n\t\t\t\t\t<div class=\"elementor-column elementor-col-100 elementor-top-column elementor-element elementor-element-ff06bca\" data-id=\"ff06bca\" data-element_type=\"column\" data-e-type=\"column\">\n\t\t\t<div class=\"elementor-widget-wrap elementor-element-populated\">\n\t\t\t\t\t\t<section class=\"elementor-section elementor-inner-section elementor-element elementor-element-641fd80 elementor-section-boxed elementor-section-height-default elementor-section-height-default\" data-id=\"641fd80\" data-element_type=\"section\" data-e-type=\"section\">\n\t\t\t\t\t\t\t<div class=\"elementor-background-overlay\"><\/div>\n\t\t\t\t\t\t\t<div class=\"elementor-container elementor-column-gap-default\">\n\t\t\t\t\t<div class=\"elementor-column elementor-col-50 elementor-inner-column elementor-element elementor-element-081f46e\" data-id=\"081f46e\" data-element_type=\"column\" data-e-type=\"column\">\n\t\t\t<div class=\"elementor-widget-wrap elementor-element-populated\">\n\t\t\t\t\t\t<div class=\"elementor-element elementor-element-5d3a0d9 elementor-widget elementor-widget-image\" data-id=\"5d3a0d9\" data-element_type=\"widget\" data-e-type=\"widget\" data-widget_type=\"image.default\">\n\t\t\t\t<div class=\"elementor-widget-container\">\n\t\t\t\t\t\t\t\t\t\t\t\t\t\t\t<img fetchpriority=\"high\" decoding=\"async\" width=\"512\" height=\"512\" src=\"https:\/\/portale2.unime.it\/pluralismi\/wp-content\/uploads\/sites\/18\/2023\/03\/default-user-image.png\" class=\"attachment-large size-large wp-image-2404\" alt=\"\" srcset=\"https:\/\/portale2.unime.it\/pluralismi\/wp-content\/uploads\/sites\/18\/2023\/03\/default-user-image.png 512w, https:\/\/portale2.unime.it\/pluralismi\/wp-content\/uploads\/sites\/18\/2023\/03\/default-user-image-300x300.png 300w, https:\/\/portale2.unime.it\/pluralismi\/wp-content\/uploads\/sites\/18\/2023\/03\/default-user-image-150x150.png 150w\" sizes=\"(max-width: 512px) 100vw, 512px\" style=\"width:100%;height:100%;max-width:512px\" \/>\t\t\t\t\t\t\t\t\t\t\t\t\t\t\t<\/div>\n\t\t\t\t<\/div>\n\t\t\t\t\t<\/div>\n\t\t<\/div>\n\t\t\t\t<div class=\"elementor-column elementor-col-50 elementor-inner-column elementor-element elementor-element-edfd50e\" data-id=\"edfd50e\" data-element_type=\"column\" data-e-type=\"column\">\n\t\t\t<div class=\"elementor-widget-wrap elementor-element-populated\">\n\t\t\t\t\t\t<div class=\"elementor-element elementor-element-5ff1a01 elementor-widget elementor-widget-text-editor\" data-id=\"5ff1a01\" data-element_type=\"widget\" data-e-type=\"widget\" data-widget_type=\"text-editor.default\">\n\t\t\t\t<div class=\"elementor-widget-container\">\n\t\t\t\t\t\t\t\t\t<p><span style=\"font-family: 'Open Sans', Helvetica, Arial, sans-serif;color: #7a0a0a;font-size: 12pt\"><strong>Daniela Crocetti <\/strong><span style=\"color: #333333\">studia da diversi anni l\u2019esperienza e la rivendicazione dei diritti da parte delle persone con variazione dei caratteri sessuali (VSC), collaborando sia con attivisti intersex che con associazioni di pazienti. Nel 2019 ha concluso un progetto di ricerca realizzato grazie alla borsa di studio Marie Sklodowska-Curie, intitolato Intersex, Variations of Sex Characteristics and dsd Citizenship and Democracy presso l\u2019Universit\u00e0 di Huddersfield, nel Regno Unito, che ha esaminato i diritti di cittadinanza e i diritti umani delle persone con VSC in Italia, Regno Unito e Svizzera. Con un team interdisciplinare ha co-editato il numero speciale della rivista Culture, Health and sexuality intitolato Intersex: cultural and social perspectives per Culture, Health and Sexuality<\/span><\/span><span style=\"color: #333333;font-size: 12pt\"><span style=\"font-family: 'Open Sans', Helvetica, Arial, sans-serif\">.<\/span><\/span><\/p>\t\t\t\t\t\t\t\t<\/div>\n\t\t\t\t<\/div>\n\t\t\t\t\t<\/div>\n\t\t<\/div>\n\t\t\t\t\t<\/div>\n\t\t<\/section>\n\t\t\t\t\t<\/div>\n\t\t<\/div>\n\t\t\t\t\t<\/div>\n\t\t<\/section>\n\t\t\t\t<section class=\"elementor-section elementor-top-section elementor-element elementor-element-402405a elementor-section-boxed elementor-section-height-default elementor-section-height-default\" data-id=\"402405a\" data-element_type=\"section\" data-e-type=\"section\">\n\t\t\t\t\t\t<div class=\"elementor-container elementor-column-gap-default\">\n\t\t\t\t\t<div class=\"elementor-column elementor-col-100 elementor-top-column elementor-element elementor-element-64568c8\" data-id=\"64568c8\" data-element_type=\"column\" data-e-type=\"column\">\n\t\t\t<div class=\"elementor-widget-wrap elementor-element-populated\">\n\t\t\t\t\t\t<section class=\"elementor-section elementor-inner-section elementor-element elementor-element-afa3e71 elementor-section-boxed elementor-section-height-default elementor-section-height-default\" data-id=\"afa3e71\" data-element_type=\"section\" data-e-type=\"section\">\n\t\t\t\t\t\t\t<div class=\"elementor-background-overlay\"><\/div>\n\t\t\t\t\t\t\t<div class=\"elementor-container elementor-column-gap-default\">\n\t\t\t\t\t<div class=\"elementor-column elementor-col-50 elementor-inner-column elementor-element elementor-element-220f27d\" data-id=\"220f27d\" data-element_type=\"column\" data-e-type=\"column\">\n\t\t\t<div class=\"elementor-widget-wrap elementor-element-populated\">\n\t\t\t\t\t\t<div class=\"elementor-element elementor-element-6dd471c elementor-widget elementor-widget-image\" data-id=\"6dd471c\" data-element_type=\"widget\" data-e-type=\"widget\" data-widget_type=\"image.default\">\n\t\t\t\t<div class=\"elementor-widget-container\">\n\t\t\t\t\t\t\t\t\t\t\t\t\t\t\t<img decoding=\"async\" src=\"https:\/\/portale2.unime.it\/pluralismi\/wp-content\/uploads\/sites\/18\/elementor\/thumbs\/8.DIROSA-q44uiem685mhryr2uxhh6vmf2aqksz9cki7ok4o6a8.jpg\" title=\"8.DIROSA\" alt=\"8.DIROSA\" loading=\"lazy\" \/>\t\t\t\t\t\t\t\t\t\t\t\t\t\t\t<\/div>\n\t\t\t\t<\/div>\n\t\t\t\t\t<\/div>\n\t\t<\/div>\n\t\t\t\t<div class=\"elementor-column elementor-col-50 elementor-inner-column elementor-element elementor-element-3b6fd8e\" data-id=\"3b6fd8e\" data-element_type=\"column\" data-e-type=\"column\">\n\t\t\t<div class=\"elementor-widget-wrap elementor-element-populated\">\n\t\t\t\t\t\t<div class=\"elementor-element elementor-element-de41b91 elementor-widget elementor-widget-text-editor\" data-id=\"de41b91\" data-element_type=\"widget\" data-e-type=\"widget\" data-widget_type=\"text-editor.default\">\n\t\t\t\t<div class=\"elementor-widget-container\">\n\t\t\t\t\t\t\t\t\t<p><span style=\"font-family: 'Open Sans', Helvetica, Arial, sans-serif;color: #7a0a0a;font-size: 12pt\"><strong>Roberta Teresa di Rosa <\/strong><\/span><span style=\"color: #000000;font-size: 12pt\"><span style=\"font-family: 'Open Sans', Helvetica, Arial, sans-serif\"><strong>\u00a0<\/strong>\u00e8 professoressa Associata di Sociologia delle migrazioni e dello sviluppo e di Servizio sociale internazionale; coordinatrice dei Cds L39 e Lm-87 in Servizio sociale, Dipartimento Culture e societ\u00e0, Universit\u00e0 di Palermo. \u00c8 membro del Consiglio dei docenti del Dottorato in Estudios Migratorios dell\u2019Instituto de Migraciones dell\u2019Universidad de Granada e del Dottorato in Dinamica dei sistemi dell\u2019Universit\u00e0 di Palermo. Per l\u2019Universit\u00e0 di Palermo ha partecipato ed \u00e8 attualmente impegnata in programmi di ricerca nazionali e internazionali sull\u2019integrazione sociale dei migranti e sulle pratiche di accoglienza. Tra le sue pubblicazioni pi\u00f9 recenti: \u201cInternational Social Work: Professional Debates about Global and Local Practices\u201d (in V. Favar\u00f2 e S. Marcen\u00f2, Rethinking Borders Decolonizing Knowledge and Categories, UnipaPress, 2021);\u201cSocial Work with Refugees and Migrants in Italy\u201d (in R. Ro\u00dfkopfe K. Heilmann, International Social Work and Forced Migration, Verlag Barbara Budrich, 2021).<\/span><\/span><\/p>\t\t\t\t\t\t\t\t<\/div>\n\t\t\t\t<\/div>\n\t\t\t\t\t<\/div>\n\t\t<\/div>\n\t\t\t\t\t<\/div>\n\t\t<\/section>\n\t\t\t\t\t<\/div>\n\t\t<\/div>\n\t\t\t\t\t<\/div>\n\t\t<\/section>\n\t\t\t\t<section class=\"elementor-section elementor-top-section elementor-element elementor-element-6c69601 elementor-section-boxed elementor-section-height-default elementor-section-height-default\" data-id=\"6c69601\" data-element_type=\"section\" data-e-type=\"section\">\n\t\t\t\t\t\t<div class=\"elementor-container elementor-column-gap-default\">\n\t\t\t\t\t<div class=\"elementor-column elementor-col-100 elementor-top-column elementor-element elementor-element-cf21c4a\" data-id=\"cf21c4a\" data-element_type=\"column\" data-e-type=\"column\">\n\t\t\t<div class=\"elementor-widget-wrap elementor-element-populated\">\n\t\t\t\t\t\t<section class=\"elementor-section elementor-inner-section elementor-element elementor-element-0d44415 elementor-section-boxed elementor-section-height-default elementor-section-height-default\" data-id=\"0d44415\" data-element_type=\"section\" data-e-type=\"section\">\n\t\t\t\t\t\t\t<div class=\"elementor-background-overlay\"><\/div>\n\t\t\t\t\t\t\t<div class=\"elementor-container elementor-column-gap-default\">\n\t\t\t\t\t<div class=\"elementor-column elementor-col-50 elementor-inner-column elementor-element elementor-element-6017294\" data-id=\"6017294\" data-element_type=\"column\" data-e-type=\"column\">\n\t\t\t<div class=\"elementor-widget-wrap elementor-element-populated\">\n\t\t\t\t\t\t<div class=\"elementor-element elementor-element-78a9e82 elementor-widget elementor-widget-image\" data-id=\"78a9e82\" data-element_type=\"widget\" data-e-type=\"widget\" data-widget_type=\"image.default\">\n\t\t\t\t<div class=\"elementor-widget-container\">\n\t\t\t\t\t\t\t\t\t\t\t\t\t\t\t<img decoding=\"async\" src=\"https:\/\/portale2.unime.it\/pluralismi\/wp-content\/uploads\/sites\/18\/elementor\/thumbs\/1.FACCIOLI-q44uidoc1bl7gcsg0f2umduygwv7la5m8dk72upkgg.jpg\" title=\"1.FACCIOLI\" alt=\"1.FACCIOLI\" loading=\"lazy\" \/>\t\t\t\t\t\t\t\t\t\t\t\t\t\t\t<\/div>\n\t\t\t\t<\/div>\n\t\t\t\t\t<\/div>\n\t\t<\/div>\n\t\t\t\t<div class=\"elementor-column elementor-col-50 elementor-inner-column elementor-element elementor-element-462380b\" data-id=\"462380b\" data-element_type=\"column\" data-e-type=\"column\">\n\t\t\t<div class=\"elementor-widget-wrap elementor-element-populated\">\n\t\t\t\t\t\t<div class=\"elementor-element elementor-element-131b8c5 elementor-widget elementor-widget-text-editor\" data-id=\"131b8c5\" data-element_type=\"widget\" data-e-type=\"widget\" data-widget_type=\"text-editor.default\">\n\t\t\t\t<div class=\"elementor-widget-container\">\n\t\t\t\t\t\t\t\t\t<p><span style=\"font-family: 'Open Sans', Helvetica, Arial, sans-serif;color: #7a0a0a;font-size: 12pt\"><strong>Franca Faccioli <\/strong><\/span><span style=\"color: #000000;font-size: 12pt\"><span style=\"font-family: 'Open Sans', Helvetica, Arial, sans-serif\">\u00a0gi\u00e0 professoressa Ordinaria di Sociologia dei processi culturali e comunicativi presso il Dipartimento di Comunicazione e Ricerca Sociale di Sapienza, Universit\u00e0 di Roma. Presso questo Dipartimento ha insegnato Comunicazione Pubblica e Comunicazione sociale e istituzionale. Suoi\u00a0campi di studio<strong>\u00a0<\/strong>sono la comunicazione delle amministrazioni pubbliche, il rapporto tra comunicazione, governance, civic e public engagement, la comunicazione sociale, genere e rappresentazione sociale dei problemi pubblici.\u00a0<em>Tra le sue pubblicazioni<\/em><strong>:<\/strong>\u00a0<em>#DistantiMaUniti: la comunicazione pubblica tra innovazioni e fragilit\u00e0 alla ricerca di una ridefinizione<\/em>, in H-ermes. Journal of Communication H-ermes, J. Comm. 17 (2020), 27-72 (con Lucia D\u2019Ambrosi, Gea Ducci e Alessandro Lovari);\u00a0<em>Civic Collaboration and Urban Commons. Citizen\u2019s Voices on a Public Engagement Experience in an Italian City<\/em>, in \u201cPACO\u201d, Issue 13(2) 2020: 1132-1151 (con Roberta Bartoletti);\u00a0<em>Genere e media: non solo immagini. Soggetti, politiche, rappresentazioni<\/em>\u00a0(coedito con Milly Buonanno) (2020), Franco Angeli, Milano;\u00a0<em>Le professioni intellettuali nello spazio pubblico tra crisi, innovazione e nuove identit\u00e0<\/em>. Maggioli Editore, Santarcangelo di Romagna, (coedito con Barbara Mazza);\u00a0<em>Public Engagement, Local Policies and Citizens\u2019 Participation: An Italian Case Study of Civic Collaboration<\/em>, in \u201cSocial Media + Society\u201d July-December 2016 (con Roberta Bartoletti) pp. 1-11;\u00a0<em>Comunicazione pubblica e cultura del servizio. Modelli, attori, percorsi<\/em>, Carocci Roma (2000, 7\u00b0 ediz. 2007). E\u2019co-editor con Milly Buonanno del numero speciale del\u00a0<em>Journal of Italian Cinema &amp; Media Studies\u00a0<\/em>di prossima pubblicazione nel 2022, che presenta le ultime ricerche su genere e media effettuate nell\u2019ambito dell\u2019Unit\u00e0 di ricerca Ge.M.Ma. (Gender and Media Matters, Dipartimento di Comunicazione e ricerca sociale di Sapienza.\u00a0<\/span><\/span><\/p>\t\t\t\t\t\t\t\t<\/div>\n\t\t\t\t<\/div>\n\t\t\t\t\t<\/div>\n\t\t<\/div>\n\t\t\t\t\t<\/div>\n\t\t<\/section>\n\t\t\t\t\t<\/div>\n\t\t<\/div>\n\t\t\t\t\t<\/div>\n\t\t<\/section>\n\t\t\t\t<section class=\"elementor-section elementor-top-section elementor-element elementor-element-2f101af elementor-section-boxed elementor-section-height-default elementor-section-height-default\" data-id=\"2f101af\" data-element_type=\"section\" data-e-type=\"section\">\n\t\t\t\t\t\t<div class=\"elementor-container elementor-column-gap-default\">\n\t\t\t\t\t<div class=\"elementor-column elementor-col-100 elementor-top-column elementor-element elementor-element-5cb2f4b\" data-id=\"5cb2f4b\" data-element_type=\"column\" data-e-type=\"column\">\n\t\t\t<div class=\"elementor-widget-wrap elementor-element-populated\">\n\t\t\t\t\t\t<section class=\"elementor-section elementor-inner-section elementor-element elementor-element-5484e59 elementor-section-boxed elementor-section-height-default elementor-section-height-default\" data-id=\"5484e59\" data-element_type=\"section\" data-e-type=\"section\">\n\t\t\t\t\t\t\t<div class=\"elementor-background-overlay\"><\/div>\n\t\t\t\t\t\t\t<div class=\"elementor-container elementor-column-gap-default\">\n\t\t\t\t\t<div class=\"elementor-column elementor-col-50 elementor-inner-column elementor-element elementor-element-4f29a07\" data-id=\"4f29a07\" data-element_type=\"column\" data-e-type=\"column\">\n\t\t\t<div class=\"elementor-widget-wrap elementor-element-populated\">\n\t\t\t\t\t\t<div class=\"elementor-element elementor-element-d236674 elementor-widget elementor-widget-image\" data-id=\"d236674\" data-element_type=\"widget\" data-e-type=\"widget\" data-widget_type=\"image.default\">\n\t\t\t\t<div class=\"elementor-widget-container\">\n\t\t\t\t\t\t\t\t\t\t\t\t\t\t\t<img decoding=\"async\" src=\"https:\/\/portale2.unime.it\/pluralismi\/wp-content\/uploads\/sites\/18\/elementor\/thumbs\/Immagine-Right-rlex8fw95e2ealqoqwrk5c4shem748b5x1b0clmocw.jpg\" title=\"manolo farci\" alt=\"manolo farci\" loading=\"lazy\" \/>\t\t\t\t\t\t\t\t\t\t\t\t\t\t\t<\/div>\n\t\t\t\t<\/div>\n\t\t\t\t\t<\/div>\n\t\t<\/div>\n\t\t\t\t<div class=\"elementor-column elementor-col-50 elementor-inner-column elementor-element elementor-element-bfa1db8\" data-id=\"bfa1db8\" data-element_type=\"column\" data-e-type=\"column\">\n\t\t\t<div class=\"elementor-widget-wrap elementor-element-populated\">\n\t\t\t\t\t\t<div class=\"elementor-element elementor-element-caf5280 elementor-widget elementor-widget-text-editor\" data-id=\"caf5280\" data-element_type=\"widget\" data-e-type=\"widget\" data-widget_type=\"text-editor.default\">\n\t\t\t\t<div class=\"elementor-widget-container\">\n\t\t\t\t\t\t\t\t\t<p><strong><span style=\"color: #7a0a0a;font-family: Open Sans, Helvetica, Arial, sans-serif;font-size: medium\"><span>Manolo<\/span> Farci <\/span><\/strong><span style=\"color: #000000;font-size: 12pt\"><span style=\"font-family: 'Open Sans', Helvetica, Arial, sans-serif\"> \u00e8 Professore Associato presso il Dipartimento di Scienze della Comunicazione, Studi Umanistici e Internazionali (DISCUI) dell\u2019Universit\u00e0 degli studi di Urbino Carlo Bo. \u00c8 Journal Manager della rivista Mediascapes Journal. I suoi principali interessi di ricerca sono nel campo dei media e Internet studies, con un focus sulla maschilit\u00e0 e i gruppi antifemministi. Le sue pi\u00f9 recenti pubblicazioni: <em>Media digitali, genere e sessualit\u00e0<\/em> (Mondadori Universit\u00e0, 2023) con Cosimo Marco Scarcelli, <em>Fenomenologia dei social network<\/em> (Guerini e Associati, 2017) con Giovanni Boccia Artieri, Laura Gemini, Francesca Pasquali, Simone Carlo, Marco Pedroni e ha curato <em>Dizionario mediologico della guerra in Ucraina<\/em> (Guerini e Associati, 2023) con Davide Bennato e Giovanni Fiorentino e <em>Shockdown. Media, cultura, comunicazione e ricerca nel Covid- 19<\/em> (Meltemi, 2021) con Giovanni Boccia Artieri.<\/span><\/span><\/p>\t\t\t\t\t\t\t\t<\/div>\n\t\t\t\t<\/div>\n\t\t\t\t\t<\/div>\n\t\t<\/div>\n\t\t\t\t\t<\/div>\n\t\t<\/section>\n\t\t\t\t\t<\/div>\n\t\t<\/div>\n\t\t\t\t\t<\/div>\n\t\t<\/section>\n\t\t\t\t<section class=\"elementor-section elementor-top-section elementor-element elementor-element-f02b780 elementor-section-boxed elementor-section-height-default elementor-section-height-default\" data-id=\"f02b780\" data-element_type=\"section\" data-e-type=\"section\">\n\t\t\t\t\t\t<div class=\"elementor-container elementor-column-gap-default\">\n\t\t\t\t\t<div class=\"elementor-column elementor-col-100 elementor-top-column elementor-element elementor-element-726ca24c\" data-id=\"726ca24c\" data-element_type=\"column\" data-e-type=\"column\">\n\t\t\t<div class=\"elementor-widget-wrap elementor-element-populated\">\n\t\t\t\t\t\t<section class=\"elementor-section elementor-inner-section elementor-element elementor-element-555083cd elementor-section-boxed elementor-section-height-default elementor-section-height-default\" data-id=\"555083cd\" data-element_type=\"section\" data-e-type=\"section\">\n\t\t\t\t\t\t\t<div class=\"elementor-background-overlay\"><\/div>\n\t\t\t\t\t\t\t<div class=\"elementor-container elementor-column-gap-default\">\n\t\t\t\t\t<div class=\"elementor-column elementor-col-50 elementor-inner-column elementor-element elementor-element-3b08954\" data-id=\"3b08954\" data-element_type=\"column\" data-e-type=\"column\">\n\t\t\t<div class=\"elementor-widget-wrap elementor-element-populated\">\n\t\t\t\t\t\t<div class=\"elementor-element elementor-element-404801a8 elementor-widget elementor-widget-image\" data-id=\"404801a8\" data-element_type=\"widget\" data-e-type=\"widget\" data-widget_type=\"image.default\">\n\t\t\t\t<div class=\"elementor-widget-container\">\n\t\t\t\t\t\t\t\t\t\t\t\t\t\t\t<img decoding=\"async\" src=\"https:\/\/portale2.unime.it\/pluralismi\/wp-content\/uploads\/sites\/18\/elementor\/thumbs\/galdi-q44ugoktp39khp96x6o3mb9zuv8coyf2bz5mvv85ow.jpg\" title=\"galdi\" alt=\"galdi\" loading=\"lazy\" \/>\t\t\t\t\t\t\t\t\t\t\t\t\t\t\t<\/div>\n\t\t\t\t<\/div>\n\t\t\t\t\t<\/div>\n\t\t<\/div>\n\t\t\t\t<div class=\"elementor-column elementor-col-50 elementor-inner-column elementor-element elementor-element-51c90db0\" data-id=\"51c90db0\" data-element_type=\"column\" data-e-type=\"column\">\n\t\t\t<div class=\"elementor-widget-wrap elementor-element-populated\">\n\t\t\t\t\t\t<div class=\"elementor-element elementor-element-6145208 elementor-widget elementor-widget-text-editor\" data-id=\"6145208\" data-element_type=\"widget\" data-e-type=\"widget\" data-widget_type=\"text-editor.default\">\n\t\t\t\t<div class=\"elementor-widget-container\">\n\t\t\t\t\t\t\t\t\t<p><span style=\"font-family: 'Open Sans', Helvetica, Arial, sans-serif;color: #7a0a0a;font-size: 12pt\"><strong>Silvia Galdi <\/strong><\/span><span style=\"color: #000000;font-size: 12pt\"><span style=\"font-family: 'Open Sans', Helvetica, Arial, sans-serif\">\u00a0\u00e8 professoressa Associata di Psicologia sociale presso Universit\u00e0 degli studi della Campania Luigi Vanvitelli. Svolge attivit\u00e0 ricerca nelle aree degli atteggiamenti e della cognizione sociale. Si occupa di stereotipi di genere, a livello implicito ed esplicito, nei bambini, e le componenti implicite dei processi di identificazione con l\u2019ingroup e di autostereotipizzazione nei membri dei gruppi di minoranza. Fa parte inoltre di un gruppo di ricerca che si occupa di molestie sessuali.<\/span><\/span><\/p>\t\t\t\t\t\t\t\t<\/div>\n\t\t\t\t<\/div>\n\t\t\t\t\t<\/div>\n\t\t<\/div>\n\t\t\t\t\t<\/div>\n\t\t<\/section>\n\t\t\t\t\t<\/div>\n\t\t<\/div>\n\t\t\t\t\t<\/div>\n\t\t<\/section>\n\t\t\t\t<section class=\"elementor-section elementor-top-section elementor-element elementor-element-83379c1 elementor-section-boxed elementor-section-height-default elementor-section-height-default\" data-id=\"83379c1\" data-element_type=\"section\" data-e-type=\"section\">\n\t\t\t\t\t\t<div class=\"elementor-container elementor-column-gap-default\">\n\t\t\t\t\t<div class=\"elementor-column elementor-col-100 elementor-top-column elementor-element elementor-element-4234e31\" data-id=\"4234e31\" data-element_type=\"column\" data-e-type=\"column\">\n\t\t\t<div class=\"elementor-widget-wrap elementor-element-populated\">\n\t\t\t\t\t\t<section class=\"elementor-section elementor-inner-section elementor-element elementor-element-53498b4 elementor-section-boxed elementor-section-height-default elementor-section-height-default\" data-id=\"53498b4\" data-element_type=\"section\" data-e-type=\"section\">\n\t\t\t\t\t\t\t<div class=\"elementor-background-overlay\"><\/div>\n\t\t\t\t\t\t\t<div class=\"elementor-container elementor-column-gap-default\">\n\t\t\t\t\t<div class=\"elementor-column elementor-col-50 elementor-inner-column elementor-element elementor-element-7a6fdde\" data-id=\"7a6fdde\" data-element_type=\"column\" data-e-type=\"column\">\n\t\t\t<div class=\"elementor-widget-wrap elementor-element-populated\">\n\t\t\t\t\t\t<div class=\"elementor-element elementor-element-8f31b07 elementor-widget elementor-widget-image\" data-id=\"8f31b07\" data-element_type=\"widget\" data-e-type=\"widget\" data-widget_type=\"image.default\">\n\t\t\t\t<div class=\"elementor-widget-container\">\n\t\t\t\t\t\t\t\t\t\t\t\t\t\t\t<img decoding=\"async\" src=\"https:\/\/portale2.unime.it\/pluralismi\/wp-content\/uploads\/sites\/18\/elementor\/thumbs\/Silvia-Garambois-qkgrp1zqz759niqcl27g0smxnmor97n3i9t68gs24w.png\" title=\"Silvia Garambois\" alt=\"Silvia Garambois\" loading=\"lazy\" \/>\t\t\t\t\t\t\t\t\t\t\t\t\t\t\t<\/div>\n\t\t\t\t<\/div>\n\t\t\t\t\t<\/div>\n\t\t<\/div>\n\t\t\t\t<div class=\"elementor-column elementor-col-50 elementor-inner-column elementor-element elementor-element-f1a8c62\" data-id=\"f1a8c62\" data-element_type=\"column\" data-e-type=\"column\">\n\t\t\t<div class=\"elementor-widget-wrap elementor-element-populated\">\n\t\t\t\t\t\t<div class=\"elementor-element elementor-element-cf49630 elementor-widget elementor-widget-text-editor\" data-id=\"cf49630\" data-element_type=\"widget\" data-e-type=\"widget\" data-widget_type=\"text-editor.default\">\n\t\t\t\t<div class=\"elementor-widget-container\">\n\t\t\t\t\t\t\t\t\t<p><span style=\"font-family: 'Open Sans', Helvetica, Arial, sans-serif;color: #7a0a0a;font-size: 12pt\"><strong>Silvia Garambois<\/strong><\/span><span style=\"color: #000000;font-size: 12pt\"><span style=\"font-family: 'Open Sans', Helvetica, Arial, sans-serif\">\u00a0<\/span><\/span><span style=\"font-size: 12pt;font-family: helvetica, arial, sans-serif\"> giornalista. Esperta di questioni dell&#8217;informazione e di genere. Gi\u00e0 presidente dell&#8217;Associazione GiULiA giornaliste, di cui \u00e8 tra le fondatrici.\u00a0 Fa parte della Commissione Pari Opportunit\u00e0 della Federazione della Stampa dalla costituzione (1992). Caporedattrice al quotidiano l&#8217;Unit\u00e0 (1975-2000). Ha collaborato con quotidiani e periodici. Docente per corsi di formazione professionale per giornalisti, in particolare su linguaggio sessuato e su narrazione della violenza.<span style=\"border: 0px;line-height: inherit;margin: 0px;padding: 0px;vertical-align: baseline\">\u00a0 Fa parte della cabina di regia dell&#8217;Osservatorio STEP- ricerca e informazione della Sapienza di Roma.\u00a0<\/span>Ha curato e\/o collaborato a diversi libri collettivi, in particolare \u00e8 coautrice di #Staizitta giornalista! (ed. All Around per Fondazione giornalismo Murialdi, 2021) e ha curato \u201cStop violenza: le parole per dirlo\u201d (I ed.2017; riedito per Fondazione giornalismo Murialdi, 2021).<\/span><\/p>\t\t\t\t\t\t\t\t<\/div>\n\t\t\t\t<\/div>\n\t\t\t\t\t<\/div>\n\t\t<\/div>\n\t\t\t\t\t<\/div>\n\t\t<\/section>\n\t\t\t\t\t<\/div>\n\t\t<\/div>\n\t\t\t\t\t<\/div>\n\t\t<\/section>\n\t\t\t\t<section class=\"elementor-section elementor-top-section elementor-element elementor-element-13337f7 elementor-section-boxed elementor-section-height-default elementor-section-height-default\" data-id=\"13337f7\" data-element_type=\"section\" data-e-type=\"section\">\n\t\t\t\t\t\t<div class=\"elementor-container elementor-column-gap-default\">\n\t\t\t\t\t<div class=\"elementor-column elementor-col-100 elementor-top-column elementor-element elementor-element-fed03da\" data-id=\"fed03da\" data-element_type=\"column\" data-e-type=\"column\">\n\t\t\t<div class=\"elementor-widget-wrap elementor-element-populated\">\n\t\t\t\t\t\t<section class=\"elementor-section elementor-inner-section elementor-element elementor-element-3469c36 elementor-section-boxed elementor-section-height-default elementor-section-height-default\" data-id=\"3469c36\" data-element_type=\"section\" data-e-type=\"section\">\n\t\t\t\t\t\t\t<div class=\"elementor-background-overlay\"><\/div>\n\t\t\t\t\t\t\t<div class=\"elementor-container elementor-column-gap-default\">\n\t\t\t\t\t<div class=\"elementor-column elementor-col-50 elementor-inner-column elementor-element elementor-element-d9752c6\" data-id=\"d9752c6\" data-element_type=\"column\" data-e-type=\"column\">\n\t\t\t<div class=\"elementor-widget-wrap elementor-element-populated\">\n\t\t\t\t\t\t<div class=\"elementor-element elementor-element-15a180e elementor-widget elementor-widget-image\" data-id=\"15a180e\" data-element_type=\"widget\" data-e-type=\"widget\" data-widget_type=\"image.default\">\n\t\t\t\t<div class=\"elementor-widget-container\">\n\t\t\t\t\t\t\t\t\t\t\t\t\t\t\t<img decoding=\"async\" src=\"https:\/\/portale2.unime.it\/pluralismi\/wp-content\/uploads\/sites\/18\/elementor\/thumbs\/Sabrina-Garofalo-qkf4vao71u3dvcw7t5c9spd3y6unyzaa0c7gcesuz4.png\" title=\"Sabrina Garofalo\" alt=\"Sabrina Garofalo\" loading=\"lazy\" \/>\t\t\t\t\t\t\t\t\t\t\t\t\t\t\t<\/div>\n\t\t\t\t<\/div>\n\t\t\t\t\t<\/div>\n\t\t<\/div>\n\t\t\t\t<div class=\"elementor-column elementor-col-50 elementor-inner-column elementor-element elementor-element-4767b6c\" data-id=\"4767b6c\" data-element_type=\"column\" data-e-type=\"column\">\n\t\t\t<div class=\"elementor-widget-wrap elementor-element-populated\">\n\t\t\t\t\t\t<div class=\"elementor-element elementor-element-2691322 elementor-widget elementor-widget-text-editor\" data-id=\"2691322\" data-element_type=\"widget\" data-e-type=\"widget\" data-widget_type=\"text-editor.default\">\n\t\t\t\t<div class=\"elementor-widget-container\">\n\t\t\t\t\t\t\t\t\t<p><span style=\"font-family: 'Open Sans', Helvetica, Arial, sans-serif;color: #7a0a0a;font-size: 12pt\"><strong>Sabrina Garofalo<\/strong><\/span><span style=\"color: #000000;font-size: 12pt\"><span style=\"font-family: 'Open Sans', Helvetica, Arial, sans-serif\"> \u00e8\u00a0<span class=\"\">dottora di ricerca in \u201cPolitica, societ\u00e0 e cultura\u201d, componente del comitato scientifico del Centro di Women\u2019s Studies Milly Villa dell\u2019Universit\u00e0 della Calabria. <\/span><span class=\"\">Tra i principali interessi di ricerca si segnalano gli studi su genere e migrazioni nel Mediterraneo e gli studi sulla criminalit\u00e0 organizzata di stampo mafioso, con particolare riferimento al tema delle donne nei contesti di \u2019ndrangheta. Consulente dell\u2019Osservatorio regionale sulle infiltrazioni mafiose e l\u2019illegalit\u00e0 della regione Umbria, si occupa di politiche di prevenzione e contrasto alle mafie. Tra le pubblicazioni <\/span><i class=\"\">Messaggi nella bottiglia. Percorsi di donne migranti nel Mediterraneo<\/i><span class=\"\"> (Aracne 2012); <\/span><i class=\"\">Onore e dignitudine. Storie di donne e uomini in terra di \u2019ndrangheta<\/i><span class=\"\"> (Falco 2015); <\/span><i class=\"\">Sulle tracce dell\u2019antindrangheta<\/i><span class=\"\"> (Le Pecore nere 2021), <\/span><i class=\"\">Donne, Violenza e \u2019ndrangheta. Metodi, approcci e politiche<\/i><span class=\"\"> (Novalogos 2023).<\/span><\/span><\/span><\/p>\t\t\t\t\t\t\t\t<\/div>\n\t\t\t\t<\/div>\n\t\t\t\t\t<\/div>\n\t\t<\/div>\n\t\t\t\t\t<\/div>\n\t\t<\/section>\n\t\t\t\t\t<\/div>\n\t\t<\/div>\n\t\t\t\t\t<\/div>\n\t\t<\/section>\n\t\t\t\t<section class=\"elementor-section elementor-top-section elementor-element elementor-element-2322f4f elementor-section-boxed elementor-section-height-default elementor-section-height-default\" data-id=\"2322f4f\" data-element_type=\"section\" data-e-type=\"section\">\n\t\t\t\t\t\t<div class=\"elementor-container elementor-column-gap-default\">\n\t\t\t\t\t<div class=\"elementor-column elementor-col-100 elementor-top-column elementor-element elementor-element-0600f29\" data-id=\"0600f29\" data-element_type=\"column\" data-e-type=\"column\">\n\t\t\t<div class=\"elementor-widget-wrap elementor-element-populated\">\n\t\t\t\t\t\t<section class=\"elementor-section elementor-inner-section elementor-element elementor-element-dfdf796 elementor-section-boxed elementor-section-height-default elementor-section-height-default\" data-id=\"dfdf796\" data-element_type=\"section\" data-e-type=\"section\">\n\t\t\t\t\t\t\t<div class=\"elementor-background-overlay\"><\/div>\n\t\t\t\t\t\t\t<div class=\"elementor-container elementor-column-gap-default\">\n\t\t\t\t\t<div class=\"elementor-column elementor-col-50 elementor-inner-column elementor-element elementor-element-cc7347a\" data-id=\"cc7347a\" data-element_type=\"column\" data-e-type=\"column\">\n\t\t\t<div class=\"elementor-widget-wrap elementor-element-populated\">\n\t\t\t\t\t\t<div class=\"elementor-element elementor-element-9233db5 elementor-widget elementor-widget-image\" data-id=\"9233db5\" data-element_type=\"widget\" data-e-type=\"widget\" data-widget_type=\"image.default\">\n\t\t\t\t<div class=\"elementor-widget-container\">\n\t\t\t\t\t\t\t\t\t\t\t\t\t\t\t<img decoding=\"async\" src=\"https:\/\/portale2.unime.it\/pluralismi\/wp-content\/uploads\/sites\/18\/elementor\/thumbs\/MG-q4a9gysj6vi6gpwge8p0n9os8f5anhghv5kqao6jtc.png\" title=\"MG\" alt=\"MG\" loading=\"lazy\" \/>\t\t\t\t\t\t\t\t\t\t\t\t\t\t\t<\/div>\n\t\t\t\t<\/div>\n\t\t\t\t\t<\/div>\n\t\t<\/div>\n\t\t\t\t<div class=\"elementor-column elementor-col-50 elementor-inner-column elementor-element elementor-element-b9df525\" data-id=\"b9df525\" data-element_type=\"column\" data-e-type=\"column\">\n\t\t\t<div class=\"elementor-widget-wrap elementor-element-populated\">\n\t\t\t\t\t\t<div class=\"elementor-element elementor-element-f914145 elementor-widget elementor-widget-text-editor\" data-id=\"f914145\" data-element_type=\"widget\" data-e-type=\"widget\" data-widget_type=\"text-editor.default\">\n\t\t\t\t<div class=\"elementor-widget-container\">\n\t\t\t\t\t\t\t\t\t<p><span style=\"font-family: 'Open Sans', Helvetica, Arial, sans-serif;color: #7a0a0a;font-size: 12pt\"><strong>Mihaela Gavrila\u00a0<\/strong><\/span><span style=\"color: #000000;font-size: 12pt\"><span style=\"font-family: 'Open Sans', Helvetica, Arial, sans-serif\">\u00a0\u00e8 professoressa Associata abilitata come professore\u00a0ordinario presso Sapienza Universit\u00e0 di Roma, dove insegna\u00a0Entertainment and Television Studies. \u00c8 Responsabile Scientifico di\u00a0MediaLab &#8211; RadioSapienza e, con Roberto Faenza, di Cinemonitor.\u00a0Osservatorio Cinema e Media Entertainment. Da dicembre 2017 \u00e8\u00a0componente in rappresentanza delle Istituzioni del Comitato Media e\u00a0Minori &#8211; MiSE. \u00c8 Direttrice del Master di II Livello in Sicurezza,\u00a0Coordinamento Interforze e Cooperazione Internazionale promosso dalla\u00a0Sapienza con il Dipartimento della Pubblica Sicurezza, Scuola di\u00a0Perfezionamento per le Forze di Polizia.\u00a0Dal 2010 fa parte dell\u2019unit\u00e0 di Ricerca GEMMA-Gender and Media Matters.<\/span><\/span><\/p>\t\t\t\t\t\t\t\t<\/div>\n\t\t\t\t<\/div>\n\t\t\t\t\t<\/div>\n\t\t<\/div>\n\t\t\t\t\t<\/div>\n\t\t<\/section>\n\t\t\t\t\t<\/div>\n\t\t<\/div>\n\t\t\t\t\t<\/div>\n\t\t<\/section>\n\t\t\t\t<section class=\"elementor-section elementor-top-section elementor-element elementor-element-d045567 elementor-section-boxed elementor-section-height-default elementor-section-height-default\" data-id=\"d045567\" data-element_type=\"section\" data-e-type=\"section\">\n\t\t\t\t\t\t<div class=\"elementor-container elementor-column-gap-default\">\n\t\t\t\t\t<div class=\"elementor-column elementor-col-100 elementor-top-column elementor-element elementor-element-f34eca8\" data-id=\"f34eca8\" data-element_type=\"column\" data-e-type=\"column\">\n\t\t\t<div class=\"elementor-widget-wrap elementor-element-populated\">\n\t\t\t\t\t\t<section class=\"elementor-section elementor-inner-section elementor-element elementor-element-432d24c elementor-section-boxed elementor-section-height-default elementor-section-height-default\" data-id=\"432d24c\" data-element_type=\"section\" data-e-type=\"section\">\n\t\t\t\t\t\t\t<div class=\"elementor-background-overlay\"><\/div>\n\t\t\t\t\t\t\t<div class=\"elementor-container elementor-column-gap-default\">\n\t\t\t\t\t<div class=\"elementor-column elementor-col-50 elementor-inner-column elementor-element elementor-element-877f5e6\" data-id=\"877f5e6\" data-element_type=\"column\" data-e-type=\"column\">\n\t\t\t<div class=\"elementor-widget-wrap elementor-element-populated\">\n\t\t\t\t\t\t<div class=\"elementor-element elementor-element-636a5b4 elementor-widget elementor-widget-image\" data-id=\"636a5b4\" data-element_type=\"widget\" data-e-type=\"widget\" data-widget_type=\"image.default\">\n\t\t\t\t<div class=\"elementor-widget-container\">\n\t\t\t\t\t\t\t\t\t\t\t\t\t\t\t<img decoding=\"async\" src=\"https:\/\/portale2.unime.it\/pluralismi\/wp-content\/uploads\/sites\/18\/elementor\/thumbs\/vera-gheno-q44uiem685mhryr2uxhh6vmf2aqksz9cki7ok4o6a8.png\" title=\"vera gheno\" alt=\"vera gheno\" loading=\"lazy\" \/>\t\t\t\t\t\t\t\t\t\t\t\t\t\t\t<\/div>\n\t\t\t\t<\/div>\n\t\t\t\t\t<\/div>\n\t\t<\/div>\n\t\t\t\t<div class=\"elementor-column elementor-col-50 elementor-inner-column elementor-element elementor-element-7b021b3\" data-id=\"7b021b3\" data-element_type=\"column\" data-e-type=\"column\">\n\t\t\t<div class=\"elementor-widget-wrap elementor-element-populated\">\n\t\t\t\t\t\t<div class=\"elementor-element elementor-element-23a0f67 elementor-widget elementor-widget-text-editor\" data-id=\"23a0f67\" data-element_type=\"widget\" data-e-type=\"widget\" data-widget_type=\"text-editor.default\">\n\t\t\t\t<div class=\"elementor-widget-container\">\n\t\t\t\t\t\t\t\t\t<p><span style=\"font-family: 'Open Sans', Helvetica, Arial, sans-serif;color: #7a0a0a;font-size: 12pt\"><strong>Vera Gheno <\/strong><\/span><span style=\"color: #000000;font-size: 12pt\"><span style=\"font-family: 'Open Sans', Helvetica, Arial, sans-serif\">sociolinguista, traduttrice dall\u2019ungherese e divulgatrice, ha collaborato per vent\u2019anni con l\u2019Accademia della Crusca e per quattro anni con la casa editrice Zanichelli. Ha insegnato come docente a contratto all\u2019Universit\u00e0 di Firenze per 18 anni; da settembre 2021 \u00e8 ricercatrice di tipo A presso la stessa istituzione. Nel 2021 ha pubblicato \u201c<em>Trovare le parole. Abbecedario per una comunicazione consapevole\u201d\u00a0<\/em>(con Federico Faloppa, Edizioni Gruppo Abele) e \u201c<em>Le ragioni del dubbio. L\u2019arte di usare le parole\u00a0<\/em>(Einaudi)\u201d<em>.\u00a0<\/em><\/span><\/span><\/p>\t\t\t\t\t\t\t\t<\/div>\n\t\t\t\t<\/div>\n\t\t\t\t\t<\/div>\n\t\t<\/div>\n\t\t\t\t\t<\/div>\n\t\t<\/section>\n\t\t\t\t\t<\/div>\n\t\t<\/div>\n\t\t\t\t\t<\/div>\n\t\t<\/section>\n\t\t\t\t<section class=\"elementor-section elementor-top-section elementor-element elementor-element-7bb921dc elementor-section-boxed elementor-section-height-default elementor-section-height-default\" data-id=\"7bb921dc\" data-element_type=\"section\" data-e-type=\"section\">\n\t\t\t\t\t\t<div class=\"elementor-container elementor-column-gap-default\">\n\t\t\t\t\t<div class=\"elementor-column elementor-col-100 elementor-top-column elementor-element elementor-element-3bfcef57\" data-id=\"3bfcef57\" data-element_type=\"column\" data-e-type=\"column\">\n\t\t\t<div class=\"elementor-widget-wrap elementor-element-populated\">\n\t\t\t\t\t\t<section class=\"elementor-section elementor-inner-section elementor-element elementor-element-390388dc elementor-section-boxed elementor-section-height-default elementor-section-height-default\" data-id=\"390388dc\" data-element_type=\"section\" data-e-type=\"section\">\n\t\t\t\t\t\t\t<div class=\"elementor-background-overlay\"><\/div>\n\t\t\t\t\t\t\t<div class=\"elementor-container elementor-column-gap-default\">\n\t\t\t\t\t<div class=\"elementor-column elementor-col-50 elementor-inner-column elementor-element elementor-element-53f7efcf\" data-id=\"53f7efcf\" data-element_type=\"column\" data-e-type=\"column\">\n\t\t\t<div class=\"elementor-widget-wrap elementor-element-populated\">\n\t\t\t\t\t\t<div class=\"elementor-element elementor-element-76ebbd43 elementor-widget elementor-widget-image\" data-id=\"76ebbd43\" data-element_type=\"widget\" data-e-type=\"widget\" data-widget_type=\"image.default\">\n\t\t\t\t<div class=\"elementor-widget-container\">\n\t\t\t\t\t\t\t\t\t\t\t\t\t\t\t<img decoding=\"async\" src=\"https:\/\/portale2.unime.it\/pluralismi\/wp-content\/uploads\/sites\/18\/elementor\/thumbs\/Fiorella-Giacalone-qkf4vdhpmc78u6s4cok5i6nhqcgrm2lh0q5ws8oogg.png\" title=\"Fiorella Giacalone\" alt=\"Fiorella Giacalone\" loading=\"lazy\" \/>\t\t\t\t\t\t\t\t\t\t\t\t\t\t\t<\/div>\n\t\t\t\t<\/div>\n\t\t\t\t\t<\/div>\n\t\t<\/div>\n\t\t\t\t<div class=\"elementor-column elementor-col-50 elementor-inner-column elementor-element elementor-element-27b1f6a\" data-id=\"27b1f6a\" data-element_type=\"column\" data-e-type=\"column\">\n\t\t\t<div class=\"elementor-widget-wrap elementor-element-populated\">\n\t\t\t\t\t\t<div class=\"elementor-element elementor-element-249e6a66 elementor-widget elementor-widget-text-editor\" data-id=\"249e6a66\" data-element_type=\"widget\" data-e-type=\"widget\" data-widget_type=\"text-editor.default\">\n\t\t\t\t<div class=\"elementor-widget-container\">\n\t\t\t\t\t\t\t\t\t<p><span style=\"font-family: helvetica, arial, sans-serif;font-size: 12pt\"><span style=\"color: #7a0a0a\"><strong>Fiorella Giacalone <\/strong><\/span>\u00e8 professoressa Ordinaria di Antropologia socioculturale presso il Dipartimento di Scienze Politiche dell\u2019Universit\u00e0 di Perugia, dove insegna dal 1998; \u00e8 stata fino dal 2013 al 2019 Presidente dei corsi di laurea triennale in Servizio Sociale e della magistrale di Politiche Sociali. \u00a0<\/span><\/p><p><span style=\"font-family: helvetica, arial, sans-serif;font-size: 12pt\">\u00c8 co-cordinatrice, insieme a Giusi Pacilli, del Gruppo Intersezione di genere del Dipartimento di Scienze Politiche da 10 anni.<\/span><\/p><p style=\"font-weight: 400\"><span style=\"font-family: helvetica, arial, sans-serif;font-size: 12pt\">\u00c8 socia della SIAC, della EASA (European Association Social Anthropologist), della SIEF (International Society for Ethnology and Folklore), \u00e8 \u201cantenne italienne\u201d della rete europea di antropologi FER Eurethno del Consiglio d\u2019Europa.<\/span><\/p><p style=\"font-weight: 400\"><span style=\"font-family: helvetica, arial, sans-serif;font-size: 12pt\">Ha svolto seminari nell\u2019Universit\u00e0 Sorbonne di Parigi, di Valladolid (Spagna), di Marrakech (Marocco) e di Florianopolis (Brasile). Ha partecipato a progetti europei sui linguaggi del razzismo contemporaneo (JUST-RADAR, con Belgio, Regno Unito, Polonia, Grecia), a PRIN nazionali (seconde generazioni, conflitti urbani, islam in Umbria) con colleghi di diverse universit\u00e0 italiane. Ha partecipato a Convegni Internazionali in Italia, Francia, Belgio, Spagna, Serbia, Romania, Polonia, Grecia, Finlandia. Fa parte della Redazione della Rivista \u201cVoci\u201d (Fascia A); di \u201cRivista Abruzzese\u201d; del comitato scientifico di \u201cEtnoantropologia\u201d (Fascia A).<\/span><\/p><p style=\"font-weight: 400\"><span style=\"font-family: helvetica, arial, sans-serif;font-size: 12pt\">Ha curato numeri monografici sul razzismo istituzionale e sulla corporeit\u00e0 femminile, sia nel ciclo gravidanza-parto-nascita tra donne italiane e straniere (ospedali umbri), sia sulle donne maghrebine di prima e seconda generazione.<\/span><\/p><p style=\"font-weight: 400\"><span style=\"font-family: helvetica, arial, sans-serif;font-size: 12pt\">Si interessa in particolare di simbolismi corporei femminili nel cattolicesimo (misticismo femminile e santuari terapeutici) e nell\u2019islam e sul divino concepito al femminile. Ha svolto una lunga ricerca sul culto di S.Rita in Italia e Francia, una ricerca in Marocco sulle guaritrici, su ciclo gravidanza-parto-nascita tra le donne maghrebine immigrate. Si occupa di razzismo istituzionale e islamofobia con particolare riferimento alle donne musulmane di seconda generazione.<\/span><\/p><p style=\"font-weight: 400\"><span style=\"font-family: helvetica, arial, sans-serif;font-size: 12pt\">Ha fatto parte della Commissione nazionale ASN per il settore concorsuale 11\/A5, settore s.d. MDEA\/01 per gli anni 2021-2023.<\/span><\/p>\t\t\t\t\t\t\t\t<\/div>\n\t\t\t\t<\/div>\n\t\t\t\t\t<\/div>\n\t\t<\/div>\n\t\t\t\t\t<\/div>\n\t\t<\/section>\n\t\t\t\t\t<\/div>\n\t\t<\/div>\n\t\t\t\t\t<\/div>\n\t\t<\/section>\n\t\t\t\t<section class=\"elementor-section elementor-top-section elementor-element elementor-element-4e716ce elementor-section-boxed elementor-section-height-default elementor-section-height-default\" data-id=\"4e716ce\" data-element_type=\"section\" data-e-type=\"section\">\n\t\t\t\t\t\t<div class=\"elementor-container elementor-column-gap-default\">\n\t\t\t\t\t<div class=\"elementor-column elementor-col-100 elementor-top-column elementor-element elementor-element-95d1ad9\" data-id=\"95d1ad9\" data-element_type=\"column\" data-e-type=\"column\">\n\t\t\t<div class=\"elementor-widget-wrap elementor-element-populated\">\n\t\t\t\t\t\t<section class=\"elementor-section elementor-inner-section elementor-element elementor-element-d64a679 elementor-section-boxed elementor-section-height-default elementor-section-height-default\" data-id=\"d64a679\" data-element_type=\"section\" data-e-type=\"section\">\n\t\t\t\t\t\t\t<div class=\"elementor-background-overlay\"><\/div>\n\t\t\t\t\t\t\t<div class=\"elementor-container elementor-column-gap-default\">\n\t\t\t\t\t<div class=\"elementor-column elementor-col-50 elementor-inner-column elementor-element elementor-element-675f57a\" data-id=\"675f57a\" data-element_type=\"column\" data-e-type=\"column\">\n\t\t\t<div class=\"elementor-widget-wrap elementor-element-populated\">\n\t\t\t\t\t\t<div class=\"elementor-element elementor-element-b4a583e elementor-widget elementor-widget-image\" data-id=\"b4a583e\" data-element_type=\"widget\" data-e-type=\"widget\" data-widget_type=\"image.default\">\n\t\t\t\t<div class=\"elementor-widget-container\">\n\t\t\t\t\t\t\t\t\t\t\t\t\t\t\t<img decoding=\"async\" src=\"https:\/\/portale2.unime.it\/pluralismi\/wp-content\/uploads\/sites\/18\/elementor\/thumbs\/giomi_-q44ugv5p0xikqyzmurihlrm80kbx6u56ovq18syehc.jpg\" title=\"giomi_\" alt=\"giomi_\" loading=\"lazy\" \/>\t\t\t\t\t\t\t\t\t\t\t\t\t\t\t<\/div>\n\t\t\t\t<\/div>\n\t\t\t\t\t<\/div>\n\t\t<\/div>\n\t\t\t\t<div class=\"elementor-column elementor-col-50 elementor-inner-column elementor-element elementor-element-64e92fc\" data-id=\"64e92fc\" data-element_type=\"column\" data-e-type=\"column\">\n\t\t\t<div class=\"elementor-widget-wrap elementor-element-populated\">\n\t\t\t\t\t\t<div class=\"elementor-element elementor-element-b6a70ec elementor-widget elementor-widget-text-editor\" data-id=\"b6a70ec\" data-element_type=\"widget\" data-e-type=\"widget\" data-widget_type=\"text-editor.default\">\n\t\t\t\t<div class=\"elementor-widget-container\">\n\t\t\t\t\t\t\t\t\t<p><span style=\"font-family: 'Open Sans', Helvetica, Arial, sans-serif;color: #7a0a0a;font-size: 12pt\"><strong>Elisa Giomi <\/strong><\/span><span style=\"color: #000000;font-size: 12pt\"><span style=\"font-family: 'Open Sans', Helvetica, Arial, sans-serif\">\u00a0\u00e8 professoressa Associata di Sociologia dei processi culturali e comunicativi presso l\u2019Universit\u00e0 di Roma Tre, Dipartimento di Filosofia, Comunicazione e Spettacolo. Dal 2020\u00a0 \u00e8 Commissaria all\u2019Autorit\u00e0 per le garanzie nelle comunicazioni (Agcom) e collaboratrice della Commissione parlamentare di inchiesta sul femminicidio, nonch\u00e9 su ogni forma di violenza di genere. Nello stesso anno \u00e8 stata eletta nel board della Sezione \u201cStudi di Genere\u201d dell\u2019AIS-Associazione Italiana di Sociologia. \u00c8 autrice di 50 pubblicazioniper le principali case editrici italiane (Il Mulino, Carocci, FrancoAngeli) e internazionali (Bloomsbury, Lexington Books, Intellect Books) e per riviste peer-reviewed italiane e straniere (tra cui European Journal of Cultural Studies, IRS-International Review of Sociology, Sociologica-Italian Journal of Sociology on Line, Studi Culturali, Problemi dell\u2019Informazione, AG.AboutGender-International Journal of Gender Studies on Line). Sul tema \u201cgender e media\u201d ha coordinato progetti europei e internazionali, ha co-coordinato il gruppo di ricerca incaricato dalla Rai sul Monitoraggio della figura femminile nella programmazione Rai, ha svolto attivit\u00e0 di ricerca nell\u2019ambito di network europei come il Women\u2019s studies network di Ecrea (European communication and association research). Nel comitato editoriale della rivista AG. AboutGender, rivista internazionale di studi di genere, Giomi svolge attivit\u00e0 di formazione sulla corretta narrazione della violenza di genere per operatori della comunicazione e delle industrie culturali (Ordine dei Giornalisti, Federazione Nazionale della Stampa), e su prevenzione e contrasto della violenza di genere per numerosi enti pubblici e privati.<\/span><\/span><\/p>\t\t\t\t\t\t\t\t<\/div>\n\t\t\t\t<\/div>\n\t\t\t\t\t<\/div>\n\t\t<\/div>\n\t\t\t\t\t<\/div>\n\t\t<\/section>\n\t\t\t\t\t<\/div>\n\t\t<\/div>\n\t\t\t\t\t<\/div>\n\t\t<\/section>\n\t\t\t\t<section class=\"elementor-section elementor-top-section elementor-element elementor-element-73095159 elementor-section-boxed elementor-section-height-default elementor-section-height-default\" data-id=\"73095159\" data-element_type=\"section\" data-e-type=\"section\">\n\t\t\t\t\t\t<div class=\"elementor-container elementor-column-gap-default\">\n\t\t\t\t\t<div class=\"elementor-column elementor-col-100 elementor-top-column elementor-element elementor-element-515de17d\" data-id=\"515de17d\" data-element_type=\"column\" data-e-type=\"column\">\n\t\t\t<div class=\"elementor-widget-wrap elementor-element-populated\">\n\t\t\t\t\t\t<section class=\"elementor-section elementor-inner-section elementor-element elementor-element-1be6afa3 elementor-section-boxed elementor-section-height-default elementor-section-height-default\" data-id=\"1be6afa3\" data-element_type=\"section\" data-e-type=\"section\">\n\t\t\t\t\t\t\t<div class=\"elementor-background-overlay\"><\/div>\n\t\t\t\t\t\t\t<div class=\"elementor-container elementor-column-gap-default\">\n\t\t\t\t\t<div class=\"elementor-column elementor-col-50 elementor-inner-column elementor-element elementor-element-6d060e9e\" data-id=\"6d060e9e\" data-element_type=\"column\" data-e-type=\"column\">\n\t\t\t<div class=\"elementor-widget-wrap elementor-element-populated\">\n\t\t\t\t\t\t<div class=\"elementor-element elementor-element-5b99f0d2 elementor-widget elementor-widget-image\" data-id=\"5b99f0d2\" data-element_type=\"widget\" data-e-type=\"widget\" data-widget_type=\"image.default\">\n\t\t\t\t<div class=\"elementor-widget-container\">\n\t\t\t\t\t\t\t\t\t\t\t\t\t\t\t<img decoding=\"async\" src=\"https:\/\/portale2.unime.it\/pluralismi\/wp-content\/uploads\/sites\/18\/elementor\/thumbs\/Unknown-1-q4iq8qqzfl1ftus7xcolp2v23ennaznfcenf1m7weo.jpeg\" title=\"Unknown-1\" alt=\"Unknown-1\" loading=\"lazy\" \/>\t\t\t\t\t\t\t\t\t\t\t\t\t\t\t<\/div>\n\t\t\t\t<\/div>\n\t\t\t\t\t<\/div>\n\t\t<\/div>\n\t\t\t\t<div class=\"elementor-column elementor-col-50 elementor-inner-column elementor-element elementor-element-5e3ba8e4\" data-id=\"5e3ba8e4\" data-element_type=\"column\" data-e-type=\"column\">\n\t\t\t<div class=\"elementor-widget-wrap elementor-element-populated\">\n\t\t\t\t\t\t<div class=\"elementor-element elementor-element-5cccd0a elementor-widget elementor-widget-text-editor\" data-id=\"5cccd0a\" data-element_type=\"widget\" data-e-type=\"widget\" data-widget_type=\"text-editor.default\">\n\t\t\t\t<div class=\"elementor-widget-container\">\n\t\t\t\t\t\t\t\t\t<p><span style=\"font-family: 'Open Sans', Helvetica, Arial, sans-serif;color: #7a0a0a;font-size: 12pt\"><strong>Simonetta Grilli\u00a0 <\/strong><\/span><span style=\"color: #000000;font-size: 12pt\"><span style=\"font-family: 'Open Sans', Helvetica, Arial, sans-serif\">\u00e8 professoressa Associata di Antropologia sociale e Antropologia della Famiglia presso il Dipartimento di Scienze Sociali, Politiche e Cognitive dell\u2019Universit\u00e0 degli Studi Siena. Ha condotto ricerche sul campo in Italia e nella Somalia meridionale sui temi della famiglia, della parentela e dell\u2019emigrazione. I suoi interessi pi\u00f9 recenti riguardano il corpo, l\u2019identit\u00e0 di genere e le nuove forme di famiglia nella societ\u00e0 contemporanea. Tra le sue pubblicazioni pi\u00f9 recenti Antropologia delle famiglie contemporanee (Carocci 2019);\u00a0<em>Per-formare corpi. Esperienze e rappresentazioni\u00a0<\/em>(Unicopli, 2013)\u00a0<em>Scelte di famiglia. Tendenze della parentela nella societ\u00e0 contemporanea\u00a0<\/em>(ETS, 2010 con Francesco Zanotelli).<\/span><\/span><\/p>\t\t\t\t\t\t\t\t<\/div>\n\t\t\t\t<\/div>\n\t\t\t\t\t<\/div>\n\t\t<\/div>\n\t\t\t\t\t<\/div>\n\t\t<\/section>\n\t\t\t\t\t<\/div>\n\t\t<\/div>\n\t\t\t\t\t<\/div>\n\t\t<\/section>\n\t\t\t\t<section class=\"elementor-section elementor-top-section elementor-element elementor-element-eeecdc1 elementor-section-boxed elementor-section-height-default elementor-section-height-default\" data-id=\"eeecdc1\" data-element_type=\"section\" data-e-type=\"section\">\n\t\t\t\t\t\t<div class=\"elementor-container elementor-column-gap-default\">\n\t\t\t\t\t<div class=\"elementor-column elementor-col-100 elementor-top-column elementor-element elementor-element-84dff7d\" data-id=\"84dff7d\" data-element_type=\"column\" data-e-type=\"column\">\n\t\t\t<div class=\"elementor-widget-wrap elementor-element-populated\">\n\t\t\t\t\t\t<section class=\"elementor-section elementor-inner-section elementor-element elementor-element-1e3342e elementor-section-boxed elementor-section-height-default elementor-section-height-default\" data-id=\"1e3342e\" data-element_type=\"section\" data-e-type=\"section\">\n\t\t\t\t\t\t\t<div class=\"elementor-background-overlay\"><\/div>\n\t\t\t\t\t\t\t<div class=\"elementor-container elementor-column-gap-default\">\n\t\t\t\t\t<div class=\"elementor-column elementor-col-50 elementor-inner-column elementor-element elementor-element-e318f6f\" data-id=\"e318f6f\" data-element_type=\"column\" data-e-type=\"column\">\n\t\t\t<div class=\"elementor-widget-wrap elementor-element-populated\">\n\t\t\t\t\t\t<div class=\"elementor-element elementor-element-43132b7 elementor-widget elementor-widget-image\" data-id=\"43132b7\" data-element_type=\"widget\" data-e-type=\"widget\" data-widget_type=\"image.default\">\n\t\t\t\t<div class=\"elementor-widget-container\">\n\t\t\t\t\t\t\t\t\t\t\t\t\t\t\t<img decoding=\"async\" src=\"https:\/\/portale2.unime.it\/pluralismi\/wp-content\/uploads\/sites\/18\/elementor\/thumbs\/4.GUI_-q44uidoc1bl7gcsg0f2umduygwv7la5m8dk72upkgg.jpg\" title=\"4.GUI\" alt=\"4.GUI\" loading=\"lazy\" \/>\t\t\t\t\t\t\t\t\t\t\t\t\t\t\t<\/div>\n\t\t\t\t<\/div>\n\t\t\t\t\t<\/div>\n\t\t<\/div>\n\t\t\t\t<div class=\"elementor-column elementor-col-50 elementor-inner-column elementor-element elementor-element-32ae212\" data-id=\"32ae212\" data-element_type=\"column\" data-e-type=\"column\">\n\t\t\t<div class=\"elementor-widget-wrap elementor-element-populated\">\n\t\t\t\t\t\t<div class=\"elementor-element elementor-element-fdd2191 elementor-widget elementor-widget-text-editor\" data-id=\"fdd2191\" data-element_type=\"widget\" data-e-type=\"widget\" data-widget_type=\"text-editor.default\">\n\t\t\t\t<div class=\"elementor-widget-container\">\n\t\t\t\t\t\t\t\t\t<p><span style=\"font-family: 'Open Sans', Helvetica, Arial, sans-serif;color: #7a0a0a;font-size: 12pt\"><strong>Luigi Gui <\/strong><\/span><span style=\"color: #000000;font-size: 12pt\"><span style=\"font-family: 'Open Sans', Helvetica, Arial, sans-serif\">\u00a0\u00e8 professore Associato di Sociologia generale nel Dipartimento di Studi Umanistici dell\u2019Universit\u00e0 degli studi di Trieste. Phd in Sociologia, teoria e metodologia del servizio sociale. Abilitato professore universitario di I fascia. Insegna\u00a0<em>Metodi e tecniche del servizio sociale<\/em>, nel corso di laurea L39 in Scienze del servizio sociale e\u00a0<em>Teorie del servizio sociale e politiche sociali<\/em>, nel Corso di laurea magistrale LM87 in Servizio sociale, politiche sociali, programmazione e gestione dei servizi, dell\u2019universit\u00e0 degli studi di Trieste. Membro del collegio docenti del dottorato di ricerca in\u00a0<em>Social work and personal social services<\/em> all\u2019Universit\u00e0 Cattolica del Sacro Cuore di Milano. Membro del consiglio scientifico della sezione Politica Sociale dell\u2019Associazione Italiana di Sociologia \u2013 AIS. Tra i principali interessi scientifici: gli attuali sviluppi di politica sociale; pratiche e processi d\u2019aiuto con particolare riferimento alle condizioni di grave emarginazione, teoria ed epistemologia del servizio sociale, processi di costruzione del sapere teorico-pratico nelle professioni d\u2019aiuto.\u00a0<\/span><\/span><\/p>\t\t\t\t\t\t\t\t<\/div>\n\t\t\t\t<\/div>\n\t\t\t\t\t<\/div>\n\t\t<\/div>\n\t\t\t\t\t<\/div>\n\t\t<\/section>\n\t\t\t\t\t<\/div>\n\t\t<\/div>\n\t\t\t\t\t<\/div>\n\t\t<\/section>\n\t\t\t\t<section class=\"elementor-section elementor-top-section elementor-element elementor-element-19018d7 elementor-section-boxed elementor-section-height-default elementor-section-height-default\" data-id=\"19018d7\" data-element_type=\"section\" data-e-type=\"section\">\n\t\t\t\t\t\t<div class=\"elementor-container elementor-column-gap-default\">\n\t\t\t\t\t<div class=\"elementor-column elementor-col-100 elementor-top-column elementor-element elementor-element-cd5525e\" data-id=\"cd5525e\" data-element_type=\"column\" data-e-type=\"column\">\n\t\t\t<div class=\"elementor-widget-wrap elementor-element-populated\">\n\t\t\t\t\t\t<section class=\"elementor-section elementor-inner-section elementor-element elementor-element-8b9c1eb elementor-section-boxed elementor-section-height-default elementor-section-height-default\" data-id=\"8b9c1eb\" data-element_type=\"section\" data-e-type=\"section\">\n\t\t\t\t\t\t\t<div class=\"elementor-background-overlay\"><\/div>\n\t\t\t\t\t\t\t<div class=\"elementor-container elementor-column-gap-default\">\n\t\t\t\t\t<div class=\"elementor-column elementor-col-50 elementor-inner-column elementor-element elementor-element-348edae\" data-id=\"348edae\" data-element_type=\"column\" data-e-type=\"column\">\n\t\t\t<div class=\"elementor-widget-wrap elementor-element-populated\">\n\t\t\t\t\t\t<div class=\"elementor-element elementor-element-7141299 elementor-widget elementor-widget-image\" data-id=\"7141299\" data-element_type=\"widget\" data-e-type=\"widget\" data-widget_type=\"image.default\">\n\t\t\t\t<div class=\"elementor-widget-container\">\n\t\t\t\t\t\t\t\t\t\t\t\t\t\t\t<img decoding=\"async\" src=\"https:\/\/portale2.unime.it\/pluralismi\/wp-content\/uploads\/sites\/18\/elementor\/thumbs\/6.GIULIANI-q44uiem685mhryr2uxhh6vmf2aqksz9cki7ok4o6a8.jpg\" title=\"6.GIULIANI\" alt=\"6.GIULIANI\" loading=\"lazy\" \/>\t\t\t\t\t\t\t\t\t\t\t\t\t\t\t<\/div>\n\t\t\t\t<\/div>\n\t\t\t\t\t<\/div>\n\t\t<\/div>\n\t\t\t\t<div class=\"elementor-column elementor-col-50 elementor-inner-column elementor-element elementor-element-361324e\" data-id=\"361324e\" data-element_type=\"column\" data-e-type=\"column\">\n\t\t\t<div class=\"elementor-widget-wrap elementor-element-populated\">\n\t\t\t\t\t\t<div class=\"elementor-element elementor-element-04b57a8 elementor-widget elementor-widget-text-editor\" data-id=\"04b57a8\" data-element_type=\"widget\" data-e-type=\"widget\" data-widget_type=\"text-editor.default\">\n\t\t\t\t<div class=\"elementor-widget-container\">\n\t\t\t\t\t\t\t\t\t<p><span style=\"font-family: 'Open Sans', Helvetica, Arial, sans-serif;color: #7a0a0a;font-size: 12pt\"><strong>Fabrizia Giuliani <\/strong><\/span><span style=\"color: #000000;font-size: 12pt\"><span style=\"font-family: 'Open Sans', Helvetica, Arial, sans-serif\">insegna Filosofia del linguaggio e studi di genere presso La Sapienza Universit\u00e0 di Roma. Si occupa principalmente di filosofia del linguaggio \u2013 rapporti tra il linguaggio, l\u2019etica e la politica \u2013 comunicazione, studi delle donne e di genere. Ha insegnato Linguistica, Semiotica e Filosofia del Linguaggio in diverse Universit\u00e0 italiane \u2013 Ferrara, Siena Stranieri, Cosenza -, ha pubblicato saggi in diverse lingue pubblicati per Carocci, Einaudi, Mondadori, Enciclopedia Italiana Treccani, Mardaga, Il Mulino, Collabora con riviste italiane e internazionali \u2013 Ethics and Politics, Die Philosphin, Nuovi Argomenti, Reset, Italiani Europei, DWF. Gi\u00e0 Visiting Scholar e Fulbright Fellow a Harvard, \u00e8 stata Parlamentare nella scorsa legislatura presso la Commissione giustizia dove ha seguito, anche come relatrice e delegata presso il Parlamento europeo, i principali provvedimenti relativi al varo della Convenzione del Consiglio d\u2019Europa sulla prevenzione e la lotta contro la violenza nei confronti delle donne e la violenza domestica (cd. Convenzione d\u2019Istanbul). Tra le sue pubblicazioni:&nbsp;<em>Espressione ed ethos, il linguaggio nella filosofia di Benedetto Croce<\/em>&nbsp;(2002),&nbsp;<em>Il logos nella polis<\/em>&nbsp;(2008)&nbsp;<em>Mit worten&nbsp;<\/em>(2004),&nbsp;<em>Qualcosa \u00e8 cambiato<\/em>&nbsp;(2006),&nbsp;<em>Il tempo \u2013 e l\u2019uso \u2013 della memoria<\/em>&nbsp;(2007),&nbsp;<em>Il peso delle parole<\/em>&nbsp;(2007),&nbsp;<em>The weight of words<\/em>&nbsp;(2008),&nbsp;<em>Linguaggi di genere<\/em>&nbsp;(2009),&nbsp;<em>Le parole, i concetti, l\u2019esperienza. Studio sulla semantica di \u2018vita\u2019&nbsp;<\/em>(2010),&nbsp;<em>La forza del linguaggio<\/em>&nbsp;(2012),&nbsp;<em>Croce e i paradossi della comunicazione&nbsp;<\/em>(2013),&nbsp;<em>La lingua di Gentile&nbsp;<\/em>(2016),&nbsp;<em>Il dovere di farsi capire&nbsp;<\/em>(2018),&nbsp;<em>Strategia per il contrasto alla violenza<\/em>&nbsp;(2019),&nbsp;<em>Le parole per dirlo. Il racconto della violenza nella lingua del giudice&nbsp;<\/em>(2021).<\/span><\/span><\/p>\t\t\t\t\t\t\t\t<\/div>\n\t\t\t\t<\/div>\n\t\t\t\t\t<\/div>\n\t\t<\/div>\n\t\t\t\t\t<\/div>\n\t\t<\/section>\n\t\t\t\t\t<\/div>\n\t\t<\/div>\n\t\t\t\t\t<\/div>\n\t\t<\/section>\n\t\t\t\t<section class=\"elementor-section elementor-top-section elementor-element elementor-element-fedd946 elementor-section-boxed elementor-section-height-default elementor-section-height-default\" data-id=\"fedd946\" data-element_type=\"section\" data-e-type=\"section\">\n\t\t\t\t\t\t<div class=\"elementor-container elementor-column-gap-default\">\n\t\t\t\t\t<div class=\"elementor-column elementor-col-100 elementor-top-column elementor-element elementor-element-1d658ef4\" data-id=\"1d658ef4\" data-element_type=\"column\" data-e-type=\"column\">\n\t\t\t<div class=\"elementor-widget-wrap elementor-element-populated\">\n\t\t\t\t\t\t<section class=\"elementor-section elementor-inner-section elementor-element elementor-element-6df86b70 elementor-section-boxed elementor-section-height-default elementor-section-height-default\" data-id=\"6df86b70\" data-element_type=\"section\" data-e-type=\"section\">\n\t\t\t\t\t\t\t<div class=\"elementor-background-overlay\"><\/div>\n\t\t\t\t\t\t\t<div class=\"elementor-container elementor-column-gap-default\">\n\t\t\t\t\t<div class=\"elementor-column elementor-col-50 elementor-inner-column elementor-element elementor-element-25429620\" data-id=\"25429620\" data-element_type=\"column\" data-e-type=\"column\">\n\t\t\t<div class=\"elementor-widget-wrap elementor-element-populated\">\n\t\t\t\t\t\t<div class=\"elementor-element elementor-element-693f319b elementor-widget elementor-widget-image\" data-id=\"693f319b\" data-element_type=\"widget\" data-e-type=\"widget\" data-widget_type=\"image.default\">\n\t\t\t\t<div class=\"elementor-widget-container\">\n\t\t\t\t\t\t\t\t\t\t\t\t\t\t\t<img decoding=\"async\" src=\"https:\/\/portale2.unime.it\/pluralismi\/wp-content\/uploads\/sites\/18\/elementor\/thumbs\/Schermata-2021-03-31-alle-12.47.43-q44uhmf0j4jw3nw1flao42ql8qlke25egmn45ttzgw.png\" title=\"Schermata 2021-03-31 alle 12.47.43\" alt=\"Schermata 2021-03-31 alle 12.47.43\" loading=\"lazy\" \/>\t\t\t\t\t\t\t\t\t\t\t\t\t\t\t<\/div>\n\t\t\t\t<\/div>\n\t\t\t\t\t<\/div>\n\t\t<\/div>\n\t\t\t\t<div class=\"elementor-column elementor-col-50 elementor-inner-column elementor-element elementor-element-48206c7d\" data-id=\"48206c7d\" data-element_type=\"column\" data-e-type=\"column\">\n\t\t\t<div class=\"elementor-widget-wrap elementor-element-populated\">\n\t\t\t\t\t\t<div class=\"elementor-element elementor-element-3ba75e7c elementor-widget elementor-widget-text-editor\" data-id=\"3ba75e7c\" data-element_type=\"widget\" data-e-type=\"widget\" data-widget_type=\"text-editor.default\">\n\t\t\t\t<div class=\"elementor-widget-container\">\n\t\t\t\t\t\t\t\t\t<p><span style=\"font-family: 'Open Sans', Helvetica, Arial, sans-serif;color: #7a0a0a;font-size: 12pt\"><strong>Maria Bel\u00e9n Hern\u00e1ndez Gonzalez <\/strong><\/span><span style=\"color: #000000;font-size: 12pt\"><span style=\"font-family: 'Open Sans', Helvetica, Arial, sans-serif\">\u00e8 professoressa di Filologia italiana e Direttrice del Dipartimento di Filologia francese, romanza, italiana e araba all\u2019Universit\u00e0 di Murcia (Spagna), dove insegna corsi presso il GEF e il master MUTE. Coordina il Teaching Innovation Group sulla lingua e cultura italiana, francese e araba (GID 23). I suoi principali temi di ricerca sono la saggistica italiana contemporanea, gli studi di genere e la traduzione di testi letterari. Ha pubblicato numerosi lavori sulla traduzione di dialettalismi, termini politicamente corretti e tab\u00f9, nonch\u00e9 sul multilinguismo e l\u2019interculturalit\u00e0.Tra le sue pubblicazioni: Qu\u00e9 traducir y el porqu\u00e9 de lo no traducido (2006); La traducci\u00f3n, lengua franca de la cultura (2004); Political Correctness and Racist and Sexist Language: A Spanish Perspective (2008); Los traductores de s\u00ed mismos en la representaci\u00f3n de las identidades culturales (2007). Ha co-curato i libri su donne e scrittura: La mela proibita. Saggi e pensieri di scrittrici del Novecento (2015), Mujeres de letras: pioneras en el arte, el ensayismo y la educaci\u00f3n (2016), Ausencias presentes. Autoras cr\u00edticas de la literatura italiana (2017), Mujeres con luz (2017), Mujer y transmedialidad y Palabras con rostro. Mujer y ensayo period\u00edstico (2020).<\/span><\/span><\/p>\t\t\t\t\t\t\t\t<\/div>\n\t\t\t\t<\/div>\n\t\t\t\t\t<\/div>\n\t\t<\/div>\n\t\t\t\t\t<\/div>\n\t\t<\/section>\n\t\t\t\t\t<\/div>\n\t\t<\/div>\n\t\t\t\t\t<\/div>\n\t\t<\/section>\n\t\t\t\t<section class=\"elementor-section elementor-top-section elementor-element elementor-element-c9904c3 elementor-section-boxed elementor-section-height-default elementor-section-height-default\" data-id=\"c9904c3\" data-element_type=\"section\" data-e-type=\"section\">\n\t\t\t\t\t\t<div class=\"elementor-container elementor-column-gap-default\">\n\t\t\t\t\t<div class=\"elementor-column elementor-col-100 elementor-top-column elementor-element elementor-element-200b1fa\" data-id=\"200b1fa\" data-element_type=\"column\" data-e-type=\"column\">\n\t\t\t<div class=\"elementor-widget-wrap elementor-element-populated\">\n\t\t\t\t\t\t<section class=\"elementor-section elementor-inner-section elementor-element elementor-element-d4b2132 elementor-section-boxed elementor-section-height-default elementor-section-height-default\" data-id=\"d4b2132\" data-element_type=\"section\" data-e-type=\"section\">\n\t\t\t\t\t\t\t<div class=\"elementor-background-overlay\"><\/div>\n\t\t\t\t\t\t\t<div class=\"elementor-container elementor-column-gap-default\">\n\t\t\t\t\t<div class=\"elementor-column elementor-col-50 elementor-inner-column elementor-element elementor-element-03cbb64\" data-id=\"03cbb64\" data-element_type=\"column\" data-e-type=\"column\">\n\t\t\t<div class=\"elementor-widget-wrap elementor-element-populated\">\n\t\t\t\t\t\t<div class=\"elementor-element elementor-element-be98af3 elementor-widget elementor-widget-image\" data-id=\"be98af3\" data-element_type=\"widget\" data-e-type=\"widget\" data-widget_type=\"image.default\">\n\t\t\t\t<div class=\"elementor-widget-container\">\n\t\t\t\t\t\t\t\t\t\t\t\t\t\t\t<img decoding=\"async\" src=\"https:\/\/portale2.unime.it\/pluralismi\/wp-content\/uploads\/sites\/18\/elementor\/thumbs\/Stefano-Iacone-qkf4vfde009thepe1pden66ex47i1gsxozgvqslw40.png\" title=\"Stefano Iacone\" alt=\"Stefano Iacone\" loading=\"lazy\" \/>\t\t\t\t\t\t\t\t\t\t\t\t\t\t\t<\/div>\n\t\t\t\t<\/div>\n\t\t\t\t\t<\/div>\n\t\t<\/div>\n\t\t\t\t<div class=\"elementor-column elementor-col-50 elementor-inner-column elementor-element elementor-element-b9270a9\" data-id=\"b9270a9\" data-element_type=\"column\" data-e-type=\"column\">\n\t\t\t<div class=\"elementor-widget-wrap elementor-element-populated\">\n\t\t\t\t\t\t<div class=\"elementor-element elementor-element-dc925c9 elementor-widget elementor-widget-text-editor\" data-id=\"dc925c9\" data-element_type=\"widget\" data-e-type=\"widget\" data-widget_type=\"text-editor.default\">\n\t\t\t\t<div class=\"elementor-widget-container\">\n\t\t\t\t\t\t\t\t\t<p><span style=\"font-family: helvetica, arial, sans-serif;font-size: 12pt\"><strong><span style=\"color: #7a0a0a\">Stefano <span>Iacone<\/span>\u00a0<\/span><\/strong><span style=\"color: #000000\">\u00e8 <\/span>psicologo e psicoterapeuta, lavora come psicologo dirigente presso il U.O.C Dipendenze Nord SerD 24 della Asl Napoli 1 Centro dove ricopre l\u2019incarico di alta specializzazione di referente nel Gruppo di Valutazione Procedimenti Giudiziari per i Minori. Si occupa di alcune forme emergenti di disagio psichico correlate alle condotte violente come i legame perversi di coppia, le dipendenze affettive, complottismo e istigazione all\u2019odio che ha trattato in diverse pubblicazioni: Cuori complottisti. Le motivazioni profonde del cospirazionismo Rosenberg e Sellier, Torino, 2023 (con Cristina Meini e Emiliano Loria); Infliggere dolore. Psicologia dei cattivi soggetti\u201d, Aracne, Roma, 2020; Mio servo, mio padrone. Legami perversi di coppia e psicoterapia, Mimesis, Roma, 2017.\u00a0<\/span><span style=\"font-family: helvetica, arial, sans-serif;font-size: 12pt\">Partecipa al board scientifico delle rivista Topic, attivit\u00e0 di review presso Psychological Report e Journal of Psychosocial Systems<\/span>.<\/p>\t\t\t\t\t\t\t\t<\/div>\n\t\t\t\t<\/div>\n\t\t\t\t\t<\/div>\n\t\t<\/div>\n\t\t\t\t\t<\/div>\n\t\t<\/section>\n\t\t\t\t\t<\/div>\n\t\t<\/div>\n\t\t\t\t\t<\/div>\n\t\t<\/section>\n\t\t\t\t<section class=\"elementor-section elementor-top-section elementor-element elementor-element-b37fbd1 elementor-section-boxed elementor-section-height-default elementor-section-height-default\" data-id=\"b37fbd1\" data-element_type=\"section\" data-e-type=\"section\">\n\t\t\t\t\t\t<div class=\"elementor-container elementor-column-gap-default\">\n\t\t\t\t\t<div class=\"elementor-column elementor-col-100 elementor-top-column elementor-element elementor-element-5a50868\" data-id=\"5a50868\" data-element_type=\"column\" data-e-type=\"column\">\n\t\t\t<div class=\"elementor-widget-wrap elementor-element-populated\">\n\t\t\t\t\t\t<section class=\"elementor-section elementor-inner-section elementor-element elementor-element-a212c7f elementor-section-boxed elementor-section-height-default elementor-section-height-default\" data-id=\"a212c7f\" data-element_type=\"section\" data-e-type=\"section\">\n\t\t\t\t\t\t\t<div class=\"elementor-background-overlay\"><\/div>\n\t\t\t\t\t\t\t<div class=\"elementor-container elementor-column-gap-default\">\n\t\t\t\t\t<div class=\"elementor-column elementor-col-50 elementor-inner-column elementor-element elementor-element-bf0410a\" data-id=\"bf0410a\" data-element_type=\"column\" data-e-type=\"column\">\n\t\t\t<div class=\"elementor-widget-wrap elementor-element-populated\">\n\t\t\t\t\t\t<div class=\"elementor-element elementor-element-97a3570 elementor-widget elementor-widget-image\" data-id=\"97a3570\" data-element_type=\"widget\" data-e-type=\"widget\" data-widget_type=\"image.default\">\n\t\t\t\t<div class=\"elementor-widget-container\">\n\t\t\t\t\t\t\t\t\t\t\t\t\t\t\t<img decoding=\"async\" src=\"https:\/\/portale2.unime.it\/pluralismi\/wp-content\/uploads\/sites\/18\/elementor\/thumbs\/Rita-El-Khayat-2-r214fz96vl75e6c8lb8a6irrod2s5blo7qhlz03xsg.jpg\" title=\"Rita-El-Khayat\" alt=\"Rita-El-Khayat\" loading=\"lazy\" \/>\t\t\t\t\t\t\t\t\t\t\t\t\t\t\t<\/div>\n\t\t\t\t<\/div>\n\t\t\t\t\t<\/div>\n\t\t<\/div>\n\t\t\t\t<div class=\"elementor-column elementor-col-50 elementor-inner-column elementor-element elementor-element-fde0a6d\" data-id=\"fde0a6d\" data-element_type=\"column\" data-e-type=\"column\">\n\t\t\t<div class=\"elementor-widget-wrap elementor-element-populated\">\n\t\t\t\t\t\t<div class=\"elementor-element elementor-element-e3d1de3 elementor-widget elementor-widget-text-editor\" data-id=\"e3d1de3\" data-element_type=\"widget\" data-e-type=\"widget\" data-widget_type=\"text-editor.default\">\n\t\t\t\t<div class=\"elementor-widget-container\">\n\t\t\t\t\t\t\t\t\t<p><span style=\"font-size: 10pt\"><span style=\"font-family: helvetica, arial, sans-serif\"><strong><span style=\"color: #7a0a0a\">Rita El Khayat<\/span><\/strong><\/span><span style=\"font-family: verdana, geneva, sans-serif\">\u00a0\u00e8 nata a Rabat, \u00e8 psichiatra, antropologa e scrittrice marocchina.<\/span><\/span><\/p><p><span style=\"font-size: 10pt;font-family: verdana, geneva, sans-serif\">Plurinominata a livello mondiale come candidata al \u201cPremio Nobel per la Pace 2008\u201d per il suo forte impegno per i diritti umani universali e la cultura della pace, ha ricevuto la cittadinanza onoraria italiana nel 2006.<\/span><\/p><p><span style=\"font-size: 10pt;font-family: verdana, geneva, sans-serif\">Ha studiato medicina a Rabat, psichiatria a Casablanca, e ha completato i suoi studi a Parigi.<\/span><\/p><p><span style=\"font-size: 10pt;font-family: verdana, geneva, sans-serif\">Le sue opere si concentrano in particolare sulla condizione delle donne nel Maghreb.<\/span><\/p><p><span style=\"font-size: 10pt;font-family: verdana, geneva, sans-serif\">\u00c8 membro del Consiglio di amministrazione del \u201cFestival internazionale del cinema\u201d di Marrakech (FIFM), ed \u00e8 stata membro della Giuria sin dalla sua istituzione dal 2001 fino al 2008. In seguito, \u00e8 stata Presidente della \u201cCommissione Fondi per Assistenza alla Produzione Cinematografica\u201d, fino al 2011.<\/span><\/p><p><span style=\"font-size: 10pt;font-family: verdana, geneva, sans-serif\">Ha prodotto pi\u00f9 di 350 articoli e 30 opere letterarie tra romanzi e saggi tradotti in varie lingue. Tra le pubblicazioni in italiano pi\u00f9 importanti:<\/span><\/p><p><span style=\"font-size: 10pt;font-family: verdana, geneva, sans-serif\">\u201cIl Complesso di Medea\u201d, Madri mediterranee, L\u2019Ancora del Mediterraneo, 2006.<\/span><\/p><p><span style=\"font-size: 10pt;font-family: verdana, geneva, sans-serif\">\u201cIl Legame\u201d, Baldini, Castoldi, 2007.<\/span><\/p><p><span style=\"font-size: 10pt;font-family: verdana, geneva, sans-serif\">\u201cLe figlie di Sherazade\u201d, Jaca Book, 2019.<\/span><\/p>\t\t\t\t\t\t\t\t<\/div>\n\t\t\t\t<\/div>\n\t\t\t\t\t<\/div>\n\t\t<\/div>\n\t\t\t\t\t<\/div>\n\t\t<\/section>\n\t\t\t\t\t<\/div>\n\t\t<\/div>\n\t\t\t\t\t<\/div>\n\t\t<\/section>\n\t\t\t\t<section class=\"elementor-section elementor-top-section elementor-element elementor-element-faedb6b elementor-section-boxed elementor-section-height-default elementor-section-height-default\" data-id=\"faedb6b\" data-element_type=\"section\" data-e-type=\"section\">\n\t\t\t\t\t\t<div class=\"elementor-container elementor-column-gap-default\">\n\t\t\t\t\t<div class=\"elementor-column elementor-col-100 elementor-top-column elementor-element elementor-element-2eefe6b\" data-id=\"2eefe6b\" data-element_type=\"column\" data-e-type=\"column\">\n\t\t\t<div class=\"elementor-widget-wrap elementor-element-populated\">\n\t\t\t\t\t\t<section class=\"elementor-section elementor-inner-section elementor-element elementor-element-8c969f0 elementor-section-boxed elementor-section-height-default elementor-section-height-default\" data-id=\"8c969f0\" data-element_type=\"section\" data-e-type=\"section\">\n\t\t\t\t\t\t\t<div class=\"elementor-background-overlay\"><\/div>\n\t\t\t\t\t\t\t<div class=\"elementor-container elementor-column-gap-default\">\n\t\t\t\t\t<div class=\"elementor-column elementor-col-50 elementor-inner-column elementor-element elementor-element-0567382\" data-id=\"0567382\" data-element_type=\"column\" data-e-type=\"column\">\n\t\t\t<div class=\"elementor-widget-wrap elementor-element-populated\">\n\t\t\t\t\t\t<div class=\"elementor-element elementor-element-01dd574 elementor-widget elementor-widget-image\" data-id=\"01dd574\" data-element_type=\"widget\" data-e-type=\"widget\" data-widget_type=\"image.default\">\n\t\t\t\t<div class=\"elementor-widget-container\">\n\t\t\t\t\t\t\t\t\t\t\t\t\t\t\t<img decoding=\"async\" src=\"https:\/\/portale2.unime.it\/pluralismi\/wp-content\/uploads\/sites\/18\/elementor\/thumbs\/Senza-titolo-q4zucaz1wh6rnfqdv38jcn73b8f4a3z1r1mpfmd1ao.jpg\" title=\"Senza titolo\" alt=\"Senza titolo\" loading=\"lazy\" \/>\t\t\t\t\t\t\t\t\t\t\t\t\t\t\t<\/div>\n\t\t\t\t<\/div>\n\t\t\t\t\t<\/div>\n\t\t<\/div>\n\t\t\t\t<div class=\"elementor-column elementor-col-50 elementor-inner-column elementor-element elementor-element-19320d8\" data-id=\"19320d8\" data-element_type=\"column\" data-e-type=\"column\">\n\t\t\t<div class=\"elementor-widget-wrap elementor-element-populated\">\n\t\t\t\t\t\t<div class=\"elementor-element elementor-element-878f0f3 elementor-widget elementor-widget-text-editor\" data-id=\"878f0f3\" data-element_type=\"widget\" data-e-type=\"widget\" data-widget_type=\"text-editor.default\">\n\t\t\t\t<div class=\"elementor-widget-container\">\n\t\t\t\t\t\t\t\t\t<p><span style=\"font-family: 'Open Sans', Helvetica, Arial, sans-serif;color: #7a0a0a;font-size: 12pt\"><strong>Donatella Lisciotto\u00a0<\/strong><\/span><span style=\"color: #000000;font-size: 12pt\"><span style=\"font-family: 'Open Sans', Helvetica, Arial, sans-serif\">\u00e8 Psicologa e psicoanalista della Societ\u00e0 Psicoanalitica Italiana (SPI); particolarmente interessata alla declinazione della psicoanalisi nella contemporaeit\u00e0, nel 2003 ha fondato a Messina, insieme ad un gruppo di colleghi, l\u2019Associazione Scientifica &#8220;Laboratorio Psicoanalitico Vicolo Cicala\u201d dove svolge attivit\u00e0 formativa e di divulgazione della cultura psicoanalitica. Ha lavorato presso il Servizio Territoriale di Salute Mentale Messina sud per 15 anni. Divide il suo tempo tra l\u2019attivit\u00e0 clinica e l\u2019impegno sociale a vantaggio degli adolescenti. Fondatrice con altri operatori del gruppo di Ricerca Multidisciplinare \u201cLa stanza di Ivo\u201d- Progetti per gli adolescenti e, nel 2016, dell\u2019Associazione Sostieni un Paziente a Distanza per un sostegno psicologico a chi versa in condizioni psicologiche e sociali piu\u0300 precarie. Dal 2021 fa parte del Gruppo Per (Psicoanalisti Europei per i Rifugiati) della Societa\u0300 Psicoanalitica Italiana. Tra i suoi interessi principali la ricerca sull\u2019immagine, l\u2019immaginario e il loro uso.<\/span><\/span><\/p>\t\t\t\t\t\t\t\t<\/div>\n\t\t\t\t<\/div>\n\t\t\t\t\t<\/div>\n\t\t<\/div>\n\t\t\t\t\t<\/div>\n\t\t<\/section>\n\t\t\t\t\t<\/div>\n\t\t<\/div>\n\t\t\t\t\t<\/div>\n\t\t<\/section>\n\t\t\t\t<section class=\"elementor-section elementor-top-section elementor-element elementor-element-8dd39a9 elementor-section-boxed elementor-section-height-default elementor-section-height-default\" data-id=\"8dd39a9\" data-element_type=\"section\" data-e-type=\"section\">\n\t\t\t\t\t\t<div class=\"elementor-container elementor-column-gap-default\">\n\t\t\t\t\t<div class=\"elementor-column elementor-col-100 elementor-top-column elementor-element elementor-element-81a696e\" data-id=\"81a696e\" data-element_type=\"column\" data-e-type=\"column\">\n\t\t\t<div class=\"elementor-widget-wrap elementor-element-populated\">\n\t\t\t\t\t\t<section class=\"elementor-section elementor-inner-section elementor-element elementor-element-68360cc elementor-section-boxed elementor-section-height-default elementor-section-height-default\" data-id=\"68360cc\" data-element_type=\"section\" data-e-type=\"section\">\n\t\t\t\t\t\t\t<div class=\"elementor-background-overlay\"><\/div>\n\t\t\t\t\t\t\t<div class=\"elementor-container elementor-column-gap-default\">\n\t\t\t\t\t<div class=\"elementor-column elementor-col-50 elementor-inner-column elementor-element elementor-element-57c4c77\" data-id=\"57c4c77\" data-element_type=\"column\" data-e-type=\"column\">\n\t\t\t<div class=\"elementor-widget-wrap elementor-element-populated\">\n\t\t\t\t\t\t<div class=\"elementor-element elementor-element-e26db5b elementor-widget elementor-widget-image\" data-id=\"e26db5b\" data-element_type=\"widget\" data-e-type=\"widget\" data-widget_type=\"image.default\">\n\t\t\t\t<div class=\"elementor-widget-container\">\n\t\t\t\t\t\t\t\t\t\t\t\t\t\t\t<img decoding=\"async\" src=\"https:\/\/portale2.unime.it\/pluralismi\/wp-content\/uploads\/sites\/18\/elementor\/thumbs\/PHOTO-2021-03-31-11-53-56-q44uhlh6cails1xel2w1jkz4ncq76d1o4hzmojvdn4.jpg\" title=\"vallauri\" alt=\"vallauri\" loading=\"lazy\" \/>\t\t\t\t\t\t\t\t\t\t\t\t\t\t\t<\/div>\n\t\t\t\t<\/div>\n\t\t\t\t\t<\/div>\n\t\t<\/div>\n\t\t\t\t<div class=\"elementor-column elementor-col-50 elementor-inner-column elementor-element elementor-element-bca89c1\" data-id=\"bca89c1\" data-element_type=\"column\" data-e-type=\"column\">\n\t\t\t<div class=\"elementor-widget-wrap elementor-element-populated\">\n\t\t\t\t\t\t<div class=\"elementor-element elementor-element-9238399 elementor-widget elementor-widget-text-editor\" data-id=\"9238399\" data-element_type=\"widget\" data-e-type=\"widget\" data-widget_type=\"text-editor.default\">\n\t\t\t\t<div class=\"elementor-widget-container\">\n\t\t\t\t\t\t\t\t\t<p><span style=\"font-family: 'Open Sans', Helvetica, Arial, sans-serif;color: #7a0a0a;font-size: 12pt\"><strong>Edoardo Lombardi Vallauri <\/strong><\/span><span style=\"color: #000000;font-size: 12pt\"><span style=\"font-family: 'Open Sans', Helvetica, Arial, sans-serif\">\u00a0\u00e8 professore Ordinario di Linguistica Generale all\u2019universit\u00e0 Roma Tre. Si \u00e8 occupato soprattutto di linguistica generale, linguistica giapponese, linguistica italiana, comunicazione persuasiva, linguaggio e cervello. Fra i suoi lavori scientifici, La sintassi dell\u2019informazione (Bulzoni), Grammatica funzionale delle avverbiali italiane (Carocci), La struttura informativa dell\u2019enunciato (La Nuova Italia), La struttura informativa. Forma e funzione negli enunciati linguistici (Carocci). Non sono rivolti ai soli addetti ai lavori Parlare l\u2019italiano (Il Mulino), La linguistica in pratica (Il Mulino), Capire la mente cattolica (Le Lettere), Semplificare. Micro-filosofie del quotidiano (Eri-Rai &amp; AUP), Parole di giornata (con Giorgio Moretti, Il Mulino), Onomatopea e fonosimbolismo (con Luca Nobile, Carocci), La lingua disonesta (Il Mulino), Ancora bigotti (Einaudi). Collabora con Il Mulino e con Micromega. \u00c8 stato ideatore e conduttore della trasmissione Castelli in Aria (Rai Radio Tre). \u00c8 ideatore e direttore del sito web rightpronunciation.com per la pronuncia dei nomi propri internazionali, del sito oppp.it (Osservatorio Permanente sulla Pubblicit\u00e0 e la Propaganda), e Principal Investigator del progetto IMPAQTS: Implicit Manipulation in Politics \u2013 Quantitatively Assessing the Tendentiousness of Speeches \u2013 PRIN 2017, n. 2017STJCE9 (https:\/\/impaqts.it\/).<\/span><\/span><\/p>\t\t\t\t\t\t\t\t<\/div>\n\t\t\t\t<\/div>\n\t\t\t\t\t<\/div>\n\t\t<\/div>\n\t\t\t\t\t<\/div>\n\t\t<\/section>\n\t\t\t\t\t<\/div>\n\t\t<\/div>\n\t\t\t\t\t<\/div>\n\t\t<\/section>\n\t\t\t\t<section class=\"elementor-section elementor-top-section elementor-element elementor-element-4455defd elementor-section-boxed elementor-section-height-default elementor-section-height-default\" data-id=\"4455defd\" data-element_type=\"section\" data-e-type=\"section\">\n\t\t\t\t\t\t<div class=\"elementor-container elementor-column-gap-default\">\n\t\t\t\t\t<div class=\"elementor-column elementor-col-100 elementor-top-column elementor-element elementor-element-15fcb431\" data-id=\"15fcb431\" data-element_type=\"column\" data-e-type=\"column\">\n\t\t\t<div class=\"elementor-widget-wrap elementor-element-populated\">\n\t\t\t\t\t\t<section class=\"elementor-section elementor-inner-section elementor-element elementor-element-386a515 elementor-section-boxed elementor-section-height-default elementor-section-height-default\" data-id=\"386a515\" data-element_type=\"section\" data-e-type=\"section\">\n\t\t\t\t\t\t\t<div class=\"elementor-background-overlay\"><\/div>\n\t\t\t\t\t\t\t<div class=\"elementor-container elementor-column-gap-default\">\n\t\t\t\t\t<div class=\"elementor-column elementor-col-50 elementor-inner-column elementor-element elementor-element-59317f9f\" data-id=\"59317f9f\" data-element_type=\"column\" data-e-type=\"column\">\n\t\t\t<div class=\"elementor-widget-wrap elementor-element-populated\">\n\t\t\t\t\t\t<div class=\"elementor-element elementor-element-8cccf66 elementor-widget elementor-widget-image\" data-id=\"8cccf66\" data-element_type=\"widget\" data-e-type=\"widget\" data-widget_type=\"image.default\">\n\t\t\t\t<div class=\"elementor-widget-container\">\n\t\t\t\t\t\t\t\t\t\t\t\t\t\t\t<img decoding=\"async\" src=\"https:\/\/portale2.unime.it\/pluralismi\/wp-content\/uploads\/sites\/18\/elementor\/thumbs\/5R6A4485-scaled-qkfdhheudmpt6ubwj884mfh53pz836pgnmftnmvtn4.jpg\" title=\"Ilaria Livigna\" alt=\"Ilaria Livigna\" loading=\"lazy\" \/>\t\t\t\t\t\t\t\t\t\t\t\t\t\t\t<\/div>\n\t\t\t\t<\/div>\n\t\t\t\t\t<\/div>\n\t\t<\/div>\n\t\t\t\t<div class=\"elementor-column elementor-col-50 elementor-inner-column elementor-element elementor-element-17852280\" data-id=\"17852280\" data-element_type=\"column\" data-e-type=\"column\">\n\t\t\t<div class=\"elementor-widget-wrap elementor-element-populated\">\n\t\t\t\t\t\t<div class=\"elementor-element elementor-element-3d66accc elementor-widget elementor-widget-text-editor\" data-id=\"3d66accc\" data-element_type=\"widget\" data-e-type=\"widget\" data-widget_type=\"text-editor.default\">\n\t\t\t\t<div class=\"elementor-widget-container\">\n\t\t\t\t\t\t\t\t\t<p><span style=\"font-family: helvetica, arial, sans-serif;color: #7a0a0a;font-size: 12pt\"><strong>Ilaria Li Vigni Marino <\/strong><\/span><span style=\"font-size: 12pt\"><span style=\"font-family: helvetica, arial, sans-serif\">\u00e8\u00a0<\/span><span style=\"font-family: Roboto, sans-serif\">avvocata penalista in Milano, studiosa di politiche di genere.\u00a0<\/span><span style=\"font-family: helvetica, arial, sans-serif\">Giornalista pubblicista, collabora con Italia Oggi, Diversity management, Lavoro diritti Europa. <\/span><span style=\"font-family: helvetica, arial, sans-serif\">Consulente del Consolato Americano e Canadese in Milano. <\/span><span style=\"font-family: helvetica, arial, sans-serif\">Consigliera di Fiducia presso il Politecnico di Milano. <\/span><span style=\"font-family: helvetica, arial, sans-serif\">Fondatrice Osservatorio sulle professioniste. <\/span><span style=\"font-family: helvetica, arial, sans-serif\">Tra le sue pubblicazioni: <\/span><span style=\"font-family: helvetica, arial, sans-serif\">Avvocate. Sviluppo e affermazione di una professione,\u201d Franco Angeli (2013); <\/span><span style=\"font-family: helvetica, arial, sans-serif\">Avvocate negli studi associati e Giuriste di Impresa\u201d, Franco Angeli (2015); <\/span><span style=\"font-family: helvetica, arial, sans-serif\">Penaliste nel III millennio\u201d, Franco Angeli (2016); <\/span><span style=\"font-family: helvetica, arial, sans-serif\">AA.VV. \u201cEguaglianza di genere in magistratura\u201d Franco Angeli (2017); <\/span><span style=\"font-family: helvetica, arial, sans-serif\">AA.VV. \u201cEvoluzione Donna\u201d i libri dell\u2019Ordine dei Giornalisti (2019); \u00a0<\/span><span style=\"font-family: helvetica, arial, sans-serif\">AA.VV. Professione avvocato, Giuffr\u00e8 (2018); <\/span><span style=\"font-family: helvetica, arial, sans-serif\">Donne e potere di fare. Presenza femminile oggi e domani\u201d, Franco Angeli (2019).<\/span><\/span><\/p>\t\t\t\t\t\t\t\t<\/div>\n\t\t\t\t<\/div>\n\t\t\t\t\t<\/div>\n\t\t<\/div>\n\t\t\t\t\t<\/div>\n\t\t<\/section>\n\t\t\t\t\t<\/div>\n\t\t<\/div>\n\t\t\t\t\t<\/div>\n\t\t<\/section>\n\t\t\t\t<section class=\"elementor-section elementor-top-section elementor-element elementor-element-d457ffd elementor-section-boxed elementor-section-height-default elementor-section-height-default\" data-id=\"d457ffd\" data-element_type=\"section\" data-e-type=\"section\">\n\t\t\t\t\t\t<div class=\"elementor-container elementor-column-gap-default\">\n\t\t\t\t\t<div class=\"elementor-column elementor-col-100 elementor-top-column elementor-element elementor-element-abad79e\" data-id=\"abad79e\" data-element_type=\"column\" data-e-type=\"column\">\n\t\t\t<div class=\"elementor-widget-wrap elementor-element-populated\">\n\t\t\t\t\t\t<section class=\"elementor-section elementor-inner-section elementor-element elementor-element-cc6dde2 elementor-section-boxed elementor-section-height-default elementor-section-height-default\" data-id=\"cc6dde2\" data-element_type=\"section\" data-e-type=\"section\">\n\t\t\t\t\t\t\t<div class=\"elementor-background-overlay\"><\/div>\n\t\t\t\t\t\t\t<div class=\"elementor-container elementor-column-gap-default\">\n\t\t\t\t\t<div class=\"elementor-column elementor-col-50 elementor-inner-column elementor-element elementor-element-24e7689\" data-id=\"24e7689\" data-element_type=\"column\" data-e-type=\"column\">\n\t\t\t<div class=\"elementor-widget-wrap elementor-element-populated\">\n\t\t\t\t\t\t<div class=\"elementor-element elementor-element-738edcb elementor-widget elementor-widget-image\" data-id=\"738edcb\" data-element_type=\"widget\" data-e-type=\"widget\" data-widget_type=\"image.default\">\n\t\t\t\t<div class=\"elementor-widget-container\">\n\t\t\t\t\t\t\t\t\t\t\t\t\t\t\t<img decoding=\"async\" src=\"https:\/\/portale2.unime.it\/pluralismi\/wp-content\/uploads\/sites\/18\/elementor\/thumbs\/mass-1-q44ugoktp39khp96x6o3mb9zuv8coyf2bz5mvv85ow.jpg\" title=\"mass\" alt=\"mass\" loading=\"lazy\" \/>\t\t\t\t\t\t\t\t\t\t\t\t\t\t\t<\/div>\n\t\t\t\t<\/div>\n\t\t\t\t\t<\/div>\n\t\t<\/div>\n\t\t\t\t<div class=\"elementor-column elementor-col-50 elementor-inner-column elementor-element elementor-element-9d8f56b\" data-id=\"9d8f56b\" data-element_type=\"column\" data-e-type=\"column\">\n\t\t\t<div class=\"elementor-widget-wrap elementor-element-populated\">\n\t\t\t\t\t\t<div class=\"elementor-element elementor-element-80bb35a elementor-widget elementor-widget-text-editor\" data-id=\"80bb35a\" data-element_type=\"widget\" data-e-type=\"widget\" data-widget_type=\"text-editor.default\">\n\t\t\t\t<div class=\"elementor-widget-container\">\n\t\t\t\t\t\t\t\t\t<p><span style=\"font-family: 'Open Sans', Helvetica, Arial, sans-serif;color: #7a0a0a;font-size: 12pt\"><strong>Annee Maas <\/strong><\/span><span style=\"color: #000000;font-size: 12pt\"><span style=\"font-family: 'Open Sans', Helvetica, Arial, sans-serif\">\u00e8 professoressa Ordinaria di Psicologia Sociale presso l\u2019Universit\u00e0 di Padova. \u00c8 stata visiting scholar in diverse universit\u00e0 estere tra cui Arizona State University, UC Davis e la New School a NY in USA, le Universit\u00e0 di Mannheim e di Heidelberg in Germania, e la Griffith University in Australia. Tra i suoi interessi di ricerca: intersezione tra linguaggio e cognizione sociale. Da una prospettiva sociale e psicologica, si occupa di indagare come i differenti aspetti del linguaggio (tra cui caratterizzazione di genere, direzione della scrittura o pronuncia) influenzano il modo con cui pensiamo agli individui e ai gruppi. \u00c8 inoltre interessata agli effetti della reificazione nei media delle immagini delle donne e degli effetti degli stereotipi di genere sulle performance.<\/span><\/span><\/p>\t\t\t\t\t\t\t\t<\/div>\n\t\t\t\t<\/div>\n\t\t\t\t\t<\/div>\n\t\t<\/div>\n\t\t\t\t\t<\/div>\n\t\t<\/section>\n\t\t\t\t\t<\/div>\n\t\t<\/div>\n\t\t\t\t\t<\/div>\n\t\t<\/section>\n\t\t\t\t<section class=\"elementor-section elementor-top-section elementor-element elementor-element-98f2985 elementor-section-boxed elementor-section-height-default elementor-section-height-default\" data-id=\"98f2985\" data-element_type=\"section\" data-e-type=\"section\">\n\t\t\t\t\t\t<div class=\"elementor-container elementor-column-gap-default\">\n\t\t\t\t\t<div class=\"elementor-column elementor-col-100 elementor-top-column elementor-element elementor-element-ab06b39\" data-id=\"ab06b39\" data-element_type=\"column\" data-e-type=\"column\">\n\t\t\t<div class=\"elementor-widget-wrap elementor-element-populated\">\n\t\t\t\t\t\t<section class=\"elementor-section elementor-inner-section elementor-element elementor-element-6429bea elementor-section-boxed elementor-section-height-default elementor-section-height-default\" data-id=\"6429bea\" data-element_type=\"section\" data-e-type=\"section\">\n\t\t\t\t\t\t\t<div class=\"elementor-background-overlay\"><\/div>\n\t\t\t\t\t\t\t<div class=\"elementor-container elementor-column-gap-default\">\n\t\t\t\t\t<div class=\"elementor-column elementor-col-50 elementor-inner-column elementor-element elementor-element-2c1599c\" data-id=\"2c1599c\" data-element_type=\"column\" data-e-type=\"column\">\n\t\t\t<div class=\"elementor-widget-wrap elementor-element-populated\">\n\t\t\t\t\t\t<div class=\"elementor-element elementor-element-1105d0b elementor-widget elementor-widget-image\" data-id=\"1105d0b\" data-element_type=\"widget\" data-e-type=\"widget\" data-widget_type=\"image.default\">\n\t\t\t\t<div class=\"elementor-widget-container\">\n\t\t\t\t\t\t\t\t\t\t\t\t\t\t\t<img decoding=\"async\" src=\"https:\/\/portale2.unime.it\/pluralismi\/wp-content\/uploads\/sites\/18\/elementor\/thumbs\/7.MELANDRI-q44uiem685mhryr2uxhh6vmf2aqksz9cki7ok4o6a8.jpg\" title=\"7.MELANDRI\" alt=\"7.MELANDRI\" loading=\"lazy\" \/>\t\t\t\t\t\t\t\t\t\t\t\t\t\t\t<\/div>\n\t\t\t\t<\/div>\n\t\t\t\t\t<\/div>\n\t\t<\/div>\n\t\t\t\t<div class=\"elementor-column elementor-col-50 elementor-inner-column elementor-element elementor-element-9c00334\" data-id=\"9c00334\" data-element_type=\"column\" data-e-type=\"column\">\n\t\t\t<div class=\"elementor-widget-wrap elementor-element-populated\">\n\t\t\t\t\t\t<div class=\"elementor-element elementor-element-19a4812 elementor-widget elementor-widget-text-editor\" data-id=\"19a4812\" data-element_type=\"widget\" data-e-type=\"widget\" data-widget_type=\"text-editor.default\">\n\t\t\t\t<div class=\"elementor-widget-container\">\n\t\t\t\t\t\t\t\t\t<p><span style=\"font-family: 'Open Sans', Helvetica, Arial, sans-serif;color: #7a0a0a;font-size: 12pt\"><strong>Lea Melandri <\/strong><\/span><span style=\"color: #000000;font-size: 12pt\"><span style=\"font-family: 'Open Sans', Helvetica, Arial, sans-serif\">\u00e8 giornalista, attivista, saggista e insegnante. Dagli anni settanta \u00e8 stata un\u2019attivista del movimento delle donne. Ha scritto diversi libri, tra i quali\u00a0<em>L\u2019infamia originaria<\/em><em>, edizioni L\u2019erba voglio 1977 (Manifestolibri 1997); Come nasce il sogno d\u2019amore, Rizzoli 1988 (ristampato da Bollati Boringhieri, 2002); Lo strabismo della memoria, La Tartaruga edizioni 1991; La mappa del cuore, Rubbettino 1992; Migliaia di foglietti, Moby Dick 1996; Una visceralit\u00e0 indicibile. La pratica dell\u2019inconscio nel movimento delle donne degli anni Settanta, Fondazione Badaracco, Franco Angeli editore 2000; Le passioni del corpo. La vicenda dei sessi tra origine e storia, Bollati Boringhieri 2001; Preistorie. Di cronaca e d\u2019altro, Filema 2004; cura e posfazione di: Manuela Fraire e Rossana Rossanda, La perdita, Bollati Boringhieri 2008. Amore e violenza.\u00a0Il fattore molesto della civilt\u00e0, Bollati Boringhieri, 2011.\u00a0<\/em>Ha tenuto rubriche di posta su diversi giornali: \u201cRagazza In\u201d, \u201cNoi donne\u201d, \u201cExtra Manifesto\u201d, \u201cL\u2019Unit\u00e0\u201d. Collaboratrice della rivista \u201cCarnet\u201d e di altre testate, ha diretto, dal 1987 al 1997, la rivista \u201cLapis. Percorsi della riflessione femminile\u201d, di cui ha curato, insieme ad altre, l\u2019antologia Lapis. Sezione aurea di una rivista, Manifestolibri 1998<em>.\u00a0<\/em>Dal 2011 \u00e8 presidente della Libera Universit\u00e0 delle Donne di Milano, di cui \u00e8 stata promotrice fin dal 1987.\u00a0<\/span><\/span><\/p>\t\t\t\t\t\t\t\t<\/div>\n\t\t\t\t<\/div>\n\t\t\t\t\t<\/div>\n\t\t<\/div>\n\t\t\t\t\t<\/div>\n\t\t<\/section>\n\t\t\t\t\t<\/div>\n\t\t<\/div>\n\t\t\t\t\t<\/div>\n\t\t<\/section>\n\t\t\t\t<section class=\"elementor-section elementor-top-section elementor-element elementor-element-f6ba9a1 elementor-section-boxed elementor-section-height-default elementor-section-height-default\" data-id=\"f6ba9a1\" data-element_type=\"section\" data-e-type=\"section\">\n\t\t\t\t\t\t<div class=\"elementor-container elementor-column-gap-default\">\n\t\t\t\t\t<div class=\"elementor-column elementor-col-100 elementor-top-column elementor-element elementor-element-39b09ca\" data-id=\"39b09ca\" data-element_type=\"column\" data-e-type=\"column\">\n\t\t\t<div class=\"elementor-widget-wrap elementor-element-populated\">\n\t\t\t\t\t\t<section class=\"elementor-section elementor-inner-section elementor-element elementor-element-f1bbfb5 elementor-section-boxed elementor-section-height-default elementor-section-height-default\" data-id=\"f1bbfb5\" data-element_type=\"section\" data-e-type=\"section\">\n\t\t\t\t\t\t\t<div class=\"elementor-background-overlay\"><\/div>\n\t\t\t\t\t\t\t<div class=\"elementor-container elementor-column-gap-default\">\n\t\t\t\t\t<div class=\"elementor-column elementor-col-50 elementor-inner-column elementor-element elementor-element-caba550\" data-id=\"caba550\" data-element_type=\"column\" data-e-type=\"column\">\n\t\t\t<div class=\"elementor-widget-wrap elementor-element-populated\">\n\t\t\t\t\t\t<div class=\"elementor-element elementor-element-456c223 elementor-widget elementor-widget-image\" data-id=\"456c223\" data-element_type=\"widget\" data-e-type=\"widget\" data-widget_type=\"image.default\">\n\t\t\t\t<div class=\"elementor-widget-container\">\n\t\t\t\t\t\t\t\t\t\t\t\t\t\t\t<img decoding=\"async\" src=\"https:\/\/portale2.unime.it\/pluralismi\/wp-content\/uploads\/sites\/18\/elementor\/thumbs\/s200_elena.mosconi-ql5aeukiu8jtbjpol6r05s2qulziyfa37qy5b7j00g.jpg\" title=\"Elena Mosconi\" alt=\"Elena Mosconi\" loading=\"lazy\" \/>\t\t\t\t\t\t\t\t\t\t\t\t\t\t\t<\/div>\n\t\t\t\t<\/div>\n\t\t\t\t\t<\/div>\n\t\t<\/div>\n\t\t\t\t<div class=\"elementor-column elementor-col-50 elementor-inner-column elementor-element elementor-element-fd1c661\" data-id=\"fd1c661\" data-element_type=\"column\" data-e-type=\"column\">\n\t\t\t<div class=\"elementor-widget-wrap elementor-element-populated\">\n\t\t\t\t\t\t<div class=\"elementor-element elementor-element-93e762f elementor-widget elementor-widget-text-editor\" data-id=\"93e762f\" data-element_type=\"widget\" data-e-type=\"widget\" data-widget_type=\"text-editor.default\">\n\t\t\t\t<div class=\"elementor-widget-container\">\n\t\t\t\t\t\t\t\t\t<p><strong><span style=\"color: #7a0a0a;font-family: Open Sans, Helvetica, Arial, sans-serif;font-size: medium\"><span>Elena<\/span>\u00a0Mosconi\u00a0<\/span><\/strong><span style=\"font-family: 'Open Sans', Helvetica, Arial, sans-serif;font-size: 16px\">\u00a0<\/span><span style=\"font-family: Calibri, sans-serif;font-size: 12pt\">\u00e8 professoressa Associata di Storia del cinema presso l\u2019Universit\u00e0 di Pavia, nonch\u00e9 Presidentessa dell\u2019Associazione Italiana per le Ricerche di Storia del Cinema (AIRSC). La sua indagine si incentra sulla storiografia e la storia culturale del cinema e delle immagini, analizzate come forme simboliche e culturali. Ha svolto ricerche sul cinema muto e sulla sua cultura, sulle sale e sul pubblico cinematografico, sul rapporto tra cinema e culture sonore nonch\u00e9 sui paratesti cinematografici. Di recente ha scritto<\/span><span style=\"font-family: Calibri, sans-serif;font-size: 12pt\">\u00a0<\/span><i style=\"font-family: Calibri, sans-serif;font-size: 12pt\">Un cinema \u201cdomestico\u201d. Cattolici e forme di organizzazione culturale in Italia 1945-1970<\/i><span style=\"font-family: Calibri, sans-serif;font-size: 12pt\">\u00a0<\/span><span style=\"font-family: Calibri, sans-serif;font-size: 12pt\">(EDUCatt, 2018) e ha curato<\/span><span style=\"font-family: Calibri, sans-serif;font-size: 12pt\">\u00a0<\/span><i style=\"font-family: Calibri, sans-serif;font-size: 12pt\">Storia della comunicazione e dello spettacolo in Italia. I media alla sfida della modernit\u00e0 1900-1944<\/i><span style=\"font-family: Calibri, sans-serif;font-size: 12pt\">\u00a0<\/span><span style=\"font-family: Calibri, sans-serif;font-size: 12pt\">(con C. Bernardi, Vita e Pensiero, 2018);<\/span><span style=\"font-family: Calibri, sans-serif;font-size: 12pt\">\u00a0<\/span><i style=\"font-family: Calibri, sans-serif;font-size: 12pt\">Guglielmo Giannini uomo di spettacolo<\/i><span style=\"font-family: Calibri, sans-serif;font-size: 12pt\">\u00a0<\/span><span style=\"font-family: Calibri, sans-serif;font-size: 12pt\">(con M. Cambiaghi, R. De Berti e V. Duckett, Edizioni di Pagina, 2021);<\/span><span style=\"font-family: Calibri, sans-serif;font-size: 12pt\">\u00a0<\/span><i style=\"font-family: Calibri, sans-serif;font-size: 12pt\">Divine. Nuove prospettive sul cinema muto italiano<\/i><span style=\"font-family: Calibri, sans-serif;font-size: 12pt\">\u00a0<\/span><span style=\"font-family: Calibri, sans-serif;font-size: 12pt\">(con A. Faccioli, Mimesis, 2022),<\/span><i style=\"font-family: Calibri, sans-serif;font-size: 12pt\">Polvere di stelle. Cinema e cronaca in 41 immagini del quotidiano \u00abLa Notte\u00bb<\/i><span style=\"font-family: Calibri, sans-serif;font-size: 12pt\">\u00a0<\/span><span style=\"font-family: Calibri, sans-serif;font-size: 12pt\">(con A. Chimento e C. Formenti, ETS, 2023).<\/span><span style=\"font-family: Calibri, sans-serif;font-size: 12pt\">\u00a0<\/span><\/p>\t\t\t\t\t\t\t\t<\/div>\n\t\t\t\t<\/div>\n\t\t\t\t\t<\/div>\n\t\t<\/div>\n\t\t\t\t\t<\/div>\n\t\t<\/section>\n\t\t\t\t\t<\/div>\n\t\t<\/div>\n\t\t\t\t\t<\/div>\n\t\t<\/section>\n\t\t\t\t<section class=\"elementor-section elementor-top-section elementor-element elementor-element-698bf3c5 elementor-section-boxed elementor-section-height-default elementor-section-height-default\" data-id=\"698bf3c5\" data-element_type=\"section\" data-e-type=\"section\">\n\t\t\t\t\t\t<div class=\"elementor-container elementor-column-gap-default\">\n\t\t\t\t\t<div class=\"elementor-column elementor-col-100 elementor-top-column elementor-element elementor-element-12cde46f\" data-id=\"12cde46f\" data-element_type=\"column\" data-e-type=\"column\">\n\t\t\t<div class=\"elementor-widget-wrap elementor-element-populated\">\n\t\t\t\t\t\t<section class=\"elementor-section elementor-inner-section elementor-element elementor-element-6fabf144 elementor-section-boxed elementor-section-height-default elementor-section-height-default\" data-id=\"6fabf144\" data-element_type=\"section\" data-e-type=\"section\">\n\t\t\t\t\t\t\t<div class=\"elementor-background-overlay\"><\/div>\n\t\t\t\t\t\t\t<div class=\"elementor-container elementor-column-gap-default\">\n\t\t\t\t\t<div class=\"elementor-column elementor-col-50 elementor-inner-column elementor-element elementor-element-de8f10a\" data-id=\"de8f10a\" data-element_type=\"column\" data-e-type=\"column\">\n\t\t\t<div class=\"elementor-widget-wrap elementor-element-populated\">\n\t\t\t\t\t\t<div class=\"elementor-element elementor-element-6a961120 elementor-widget elementor-widget-image\" data-id=\"6a961120\" data-element_type=\"widget\" data-e-type=\"widget\" data-widget_type=\"image.default\">\n\t\t\t\t<div class=\"elementor-widget-container\">\n\t\t\t\t\t\t\t\t\t\t\t\t\t\t\t<img decoding=\"async\" src=\"https:\/\/portale2.unime.it\/pluralismi\/wp-content\/uploads\/sites\/18\/elementor\/thumbs\/foto-Pacilli-bio-q44uhs21o4rm1bnuinqfj1bct1tro8rshek11hlmfk.png\" title=\"Pacilli\" alt=\"Pacilli\" loading=\"lazy\" \/>\t\t\t\t\t\t\t\t\t\t\t\t\t\t\t<\/div>\n\t\t\t\t<\/div>\n\t\t\t\t\t<\/div>\n\t\t<\/div>\n\t\t\t\t<div class=\"elementor-column elementor-col-50 elementor-inner-column elementor-element elementor-element-49a0b98e\" data-id=\"49a0b98e\" data-element_type=\"column\" data-e-type=\"column\">\n\t\t\t<div class=\"elementor-widget-wrap elementor-element-populated\">\n\t\t\t\t\t\t<div class=\"elementor-element elementor-element-31923065 elementor-widget elementor-widget-text-editor\" data-id=\"31923065\" data-element_type=\"widget\" data-e-type=\"widget\" data-widget_type=\"text-editor.default\">\n\t\t\t\t<div class=\"elementor-widget-container\">\n\t\t\t\t\t\t\t\t\t<p><span style=\"font-family: 'Open Sans', Helvetica, Arial, sans-serif;color: #7a0a0a;font-size: 12pt\"><strong>Maria Giuseppina Pacilli <\/strong><\/span><span style=\"color: #000000;font-size: 12pt\"><span style=\"font-family: 'Open Sans', Helvetica, Arial, sans-serif\">\u00e8 professoressa Associata di Psicologia sociale e Psicologia dei media digitali presso l\u2019Universit\u00e0 di Perugia dove \u00e8 Coordinatrice del corso di Laurea triennale in Servizio sociale e corso di laurea magistrale in Politiche e servizi sociali. \u00c8 co-coordinatrice del gruppo di ricerca Intersezioni di genere del Dipartimento di Scienze politiche e componente del comitato esecutivo della sezione di Psicologia Sociale dell\u2019Associazione Italiana di Psicologia-AIP. \u00c8 co-editor-in-chief della rivista Psicologia sociale de Il Mulino e della rivista online In-Mind Italia che promuove la diffusione del sapere scientifico psicologico. Fra i suoi volumi, sempre per Il Mulino, Quando le persone diventano cose. Corpo e genere come uniche dimensioni di umanit\u00e0.<\/span><\/span><\/p>\t\t\t\t\t\t\t\t<\/div>\n\t\t\t\t<\/div>\n\t\t\t\t\t<\/div>\n\t\t<\/div>\n\t\t\t\t\t<\/div>\n\t\t<\/section>\n\t\t\t\t\t<\/div>\n\t\t<\/div>\n\t\t\t\t\t<\/div>\n\t\t<\/section>\n\t\t\t\t<section class=\"elementor-section elementor-top-section elementor-element elementor-element-c1ab2e6 elementor-section-boxed elementor-section-height-default elementor-section-height-default\" data-id=\"c1ab2e6\" data-element_type=\"section\" data-e-type=\"section\">\n\t\t\t\t\t\t<div class=\"elementor-container elementor-column-gap-default\">\n\t\t\t\t\t<div class=\"elementor-column elementor-col-100 elementor-top-column elementor-element elementor-element-5aed08a\" data-id=\"5aed08a\" data-element_type=\"column\" data-e-type=\"column\">\n\t\t\t<div class=\"elementor-widget-wrap elementor-element-populated\">\n\t\t\t\t\t\t<section class=\"elementor-section elementor-inner-section elementor-element elementor-element-972aff5 elementor-section-boxed elementor-section-height-default elementor-section-height-default\" data-id=\"972aff5\" data-element_type=\"section\" data-e-type=\"section\">\n\t\t\t\t\t\t\t<div class=\"elementor-background-overlay\"><\/div>\n\t\t\t\t\t\t\t<div class=\"elementor-container elementor-column-gap-default\">\n\t\t\t\t\t<div class=\"elementor-column elementor-col-50 elementor-inner-column elementor-element elementor-element-1d1bd00\" data-id=\"1d1bd00\" data-element_type=\"column\" data-e-type=\"column\">\n\t\t\t<div class=\"elementor-widget-wrap elementor-element-populated\">\n\t\t\t\t\t\t<div class=\"elementor-element elementor-element-f24dade elementor-widget elementor-widget-image\" data-id=\"f24dade\" data-element_type=\"widget\" data-e-type=\"widget\" data-widget_type=\"image.default\">\n\t\t\t\t<div class=\"elementor-widget-container\">\n\t\t\t\t\t\t\t\t\t\t\t\t\t\t\t<img decoding=\"async\" src=\"https:\/\/portale2.unime.it\/pluralismi\/wp-content\/uploads\/sites\/18\/elementor\/thumbs\/Unknown-q4iq4vmvc3r03keahojtg1yu6dpbnsb5ha3k0ny5zk.jpeg\" title=\"Unknown\" alt=\"Unknown\" loading=\"lazy\" \/>\t\t\t\t\t\t\t\t\t\t\t\t\t\t\t<\/div>\n\t\t\t\t<\/div>\n\t\t\t\t\t<\/div>\n\t\t<\/div>\n\t\t\t\t<div class=\"elementor-column elementor-col-50 elementor-inner-column elementor-element elementor-element-f1a76a6\" data-id=\"f1a76a6\" data-element_type=\"column\" data-e-type=\"column\">\n\t\t\t<div class=\"elementor-widget-wrap elementor-element-populated\">\n\t\t\t\t\t\t<div class=\"elementor-element elementor-element-cbe0975 elementor-widget elementor-widget-text-editor\" data-id=\"cbe0975\" data-element_type=\"widget\" data-e-type=\"widget\" data-widget_type=\"text-editor.default\">\n\t\t\t\t<div class=\"elementor-widget-container\">\n\t\t\t\t\t\t\t\t\t<p><strong><span style=\"color: #7a0a0a;font-family: Open Sans, Helvetica, Arial, sans-serif;font-size: medium\">Stefano\u00a0<span>Pagliaro<\/span>\u00a0<\/span><\/strong><span style=\"font-size: 12pt;color: var(--global--color-primary);font-family: var(--global--font-secondary);background-color: var(--global--color-background)\">\u00a0ha ottenuto un dottorato in Psicologia presso l\u2019Universita\u0300 degli Studi di Chieti-Pescara nel 2008. Successivamente ha lavorato come ricercatore alla Seconda Universita\u0300 degli Studi di Napoli. Dal 2015, e\u0300 Professore associato in Psicologia Sociale presso l\u2019Universita\u0300 degli Studi di Chieti-Pescara, dove insegna\u00a0<\/span><span style=\"font-size: 12pt;color: var(--global--color-primary);font-family: var(--global--font-secondary);background-color: var(--global--color-background)\">Psicologia Sociale (laurea triennale) e Dinamiche di gruppo nelle organizzazioni (laurea magistrale). Ha conseguito l\u2019abilitazione nazionale a professore di Prima fascia per il S.C. 11-E3 (Psicologia Sociale, del Lavoro e delle Organizzazioni). E\u2019 inoltre membro del collegio di dottorato in Business and Behavioral Science.\u00a0<\/span><span style=\"font-size: 12pt;color: var(--global--color-primary);font-family: var(--global--font-secondary);background-color: var(--global--color-background)\">Dirige il GPM-Lab (Group Processes and Morality Lab). La sua attivita\u0300 di ricerca si articola attorno a temi classici della psicologia sociale di base e applicata ai contesti organizzativi, quali ad esempio la percezione sociale (formazione delle impressioni); i processi di regolazione intragruppo (influenza sociale, leadership, norme, clima etico organizzativo); i processi di regolazione intergruppi (pregiudizio); la violenza di genere (nella forma della violenza domestica). Tali attivita\u0300 sono caratterizzate in larga misura da due nuclei teorici: la lettura dei fenomeni indagati alla luce dell\u2019approccio dell\u2019identita\u0300 sociale e la considerazione delle funzioni sociali regolatrici della moralita\u0300. Su questi temi, Stefano Pagliaro ha pubblicato oltre 80 articoli di ricerca e tre monografie. E&#8217; co-editor del &#8220;Routledge international handbook of the psychology of morality&#8221;.\u00a0<\/span><span style=\"font-size: 12pt;color: var(--global--color-primary);font-family: var(--global--font-secondary);background-color: var(--global--color-background)\">E\u2019 membro dell\u2019Editorial Board di importanti riviste scientifiche di settore (Journal of Personality and Social Psychology; Personality and Social Psychology Bulletin; European Journal of Social Psychology; Social Issues and Policy Review). Inoltre, e\u0300 stato membro del Comitato Esecutivo (due mandati) e tesoriere dell\u2019Associazione Italiana di Psicologia \u2013 sezione di Psicologia Sociale.<\/span><\/p>\t\t\t\t\t\t\t\t<\/div>\n\t\t\t\t<\/div>\n\t\t\t\t\t<\/div>\n\t\t<\/div>\n\t\t\t\t\t<\/div>\n\t\t<\/section>\n\t\t\t\t\t<\/div>\n\t\t<\/div>\n\t\t\t\t\t<\/div>\n\t\t<\/section>\n\t\t\t\t<section class=\"elementor-section elementor-top-section elementor-element elementor-element-55e7227 elementor-section-boxed elementor-section-height-default elementor-section-height-default\" data-id=\"55e7227\" data-element_type=\"section\" data-e-type=\"section\">\n\t\t\t\t\t\t<div class=\"elementor-container elementor-column-gap-default\">\n\t\t\t\t\t<div class=\"elementor-column elementor-col-100 elementor-top-column elementor-element elementor-element-327b128\" data-id=\"327b128\" data-element_type=\"column\" data-e-type=\"column\">\n\t\t\t<div class=\"elementor-widget-wrap elementor-element-populated\">\n\t\t\t\t\t\t<section class=\"elementor-section elementor-inner-section elementor-element elementor-element-8441a5c elementor-section-boxed elementor-section-height-default elementor-section-height-default\" data-id=\"8441a5c\" data-element_type=\"section\" data-e-type=\"section\">\n\t\t\t\t\t\t\t<div class=\"elementor-background-overlay\"><\/div>\n\t\t\t\t\t\t\t<div class=\"elementor-container elementor-column-gap-default\">\n\t\t\t\t\t<div class=\"elementor-column elementor-col-50 elementor-inner-column elementor-element elementor-element-b399440\" data-id=\"b399440\" data-element_type=\"column\" data-e-type=\"column\">\n\t\t\t<div class=\"elementor-widget-wrap elementor-element-populated\">\n\t\t\t\t\t\t<div class=\"elementor-element elementor-element-ba209f1 elementor-widget elementor-widget-image\" data-id=\"ba209f1\" data-element_type=\"widget\" data-e-type=\"widget\" data-widget_type=\"image.default\">\n\t\t\t\t<div class=\"elementor-widget-container\">\n\t\t\t\t\t\t\t\t\t\t\t\t\t\t\t<img decoding=\"async\" src=\"https:\/\/portale2.unime.it\/pluralismi\/wp-content\/uploads\/sites\/18\/elementor\/thumbs\/Schermata-2022-03-18-alle-12.55.33-q44uil71jzvi18hisibv6byn7zu5auzgxes2x2ef2o.png\" title=\"Schermata 2022-03-18 alle 12.55.33\" alt=\"Schermata 2022-03-18 alle 12.55.33\" loading=\"lazy\" \/>\t\t\t\t\t\t\t\t\t\t\t\t\t\t\t<\/div>\n\t\t\t\t<\/div>\n\t\t\t\t\t<\/div>\n\t\t<\/div>\n\t\t\t\t<div class=\"elementor-column elementor-col-50 elementor-inner-column elementor-element elementor-element-e1ba39d\" data-id=\"e1ba39d\" data-element_type=\"column\" data-e-type=\"column\">\n\t\t\t<div class=\"elementor-widget-wrap elementor-element-populated\">\n\t\t\t\t\t\t<div class=\"elementor-element elementor-element-10d6009 elementor-widget elementor-widget-text-editor\" data-id=\"10d6009\" data-element_type=\"widget\" data-e-type=\"widget\" data-widget_type=\"text-editor.default\">\n\t\t\t\t<div class=\"elementor-widget-container\">\n\t\t\t\t\t\t\t\t\t<p><span style=\"font-family: 'Open Sans', Helvetica, Arial, sans-serif;color: #7a0a0a;font-size: 12pt\"><strong>Berardino Palumbo<\/strong><\/span><span style=\"color: #000000;font-size: 12pt\"><span style=\"font-family: 'Open Sans', Helvetica, Arial, sans-serif\">, di origini pugliesi, \u00e8 vissuto e ha studiato tra Frosinone (Liceo) e Roma (Universit\u00e0 La Sapienza) dove si \u00e8 laureato in etnologia nel 1984 ed ha conseguito il Dottorato in Etnoantropologia nel 1992. Dal 1994 insegna presso l\u2019Universit\u00e0 di Messina dove, dal 2004, \u00e8 Professore ordinario di Antropologia Sociale. Ha collaborato con l\u2019Istituto per l\u2019Enciclopedia Italiana E. Treccani e ha svolto attivit\u00e0 di valutazione per l\u2019ANVUR (membro esperto valutatore per la VQR 2010-2012). Ha svolto ricerche etnografiche in Ghana (<em>Western R<\/em>egion), in Nord America (USA e Canada) e in Italia (Campania, Sicilia e, attualmente, Puglia). Tra i suoi interessi pi\u00f9 recenti l\u2019analisi dei processi di patrimonializzazione, delle politiche di oggettivazione culturale, dei rapporti tra patrimonializzazione e\u00a0<em>governance<\/em>\u00a0neoliberista, lo studio dei rapporti tra mafia e rituali festivi, l\u2019antropologia delle istituzioni e dello Stato nazione, l\u2019analisi dei nessi tra religione e politica. Oltre a sette monografie (<em>Madre-Madrina<\/em>, Angeli 1991,\u00a0<em>Identit\u00e0 nel tempo<\/em>, Argo 1997,\u00a0<em>L\u2019UNESCO e il Campanile,<\/em>\u00a0Meltemi 2003,\u00a0<em>Politiche dell\u2019inquietudine<\/em>, Le Lettere 2009,\u00a0<em>Lo strabismo della DEA<\/em>.\u00a0<em>Antropologia, accademia e societ\u00e0 in Italia<\/em>, Museo Pasqualino, Palermo 2018;\u00a0<em>Piegare i santi. Inchini rituali e pratiche mafiose<\/em>, Marietti 2020),\u00a0<em>Lo sguardo inquieto. Etnografia tra scienza e narrazione<\/em>, Bologna, Marietti 2020) ha pubblicato su riviste internazionali (<em>Comparative Studies in Society and History<\/em>,\u00a0<em>Journal of Modern Italian Studies<\/em>,\u00a0<em>Ethnology<\/em>,\u00a0<em>Terrain<\/em>,\u00a0<em>Anthropological Quarterly, History and Anthropology<\/em>) e sulle principali riviste nazionali.\u00a0<\/span><\/span><\/p>\t\t\t\t\t\t\t\t<\/div>\n\t\t\t\t<\/div>\n\t\t\t\t\t<\/div>\n\t\t<\/div>\n\t\t\t\t\t<\/div>\n\t\t<\/section>\n\t\t\t\t\t<\/div>\n\t\t<\/div>\n\t\t\t\t\t<\/div>\n\t\t<\/section>\n\t\t\t\t<section class=\"elementor-section elementor-top-section elementor-element elementor-element-75dd615 elementor-section-boxed elementor-section-height-default elementor-section-height-default\" data-id=\"75dd615\" data-element_type=\"section\" data-e-type=\"section\">\n\t\t\t\t\t\t<div class=\"elementor-container elementor-column-gap-default\">\n\t\t\t\t\t<div class=\"elementor-column elementor-col-100 elementor-top-column elementor-element elementor-element-ad14bdc\" data-id=\"ad14bdc\" data-element_type=\"column\" data-e-type=\"column\">\n\t\t\t<div class=\"elementor-widget-wrap elementor-element-populated\">\n\t\t\t\t\t\t<section class=\"elementor-section elementor-inner-section elementor-element elementor-element-1b1d309 elementor-section-boxed elementor-section-height-default elementor-section-height-default\" data-id=\"1b1d309\" data-element_type=\"section\" data-e-type=\"section\">\n\t\t\t\t\t\t\t<div class=\"elementor-background-overlay\"><\/div>\n\t\t\t\t\t\t\t<div class=\"elementor-container elementor-column-gap-default\">\n\t\t\t\t\t<div class=\"elementor-column elementor-col-50 elementor-inner-column elementor-element elementor-element-899e4cd\" data-id=\"899e4cd\" data-element_type=\"column\" data-e-type=\"column\">\n\t\t\t<div class=\"elementor-widget-wrap elementor-element-populated\">\n\t\t\t\t\t\t<div class=\"elementor-element elementor-element-4aa7bbe elementor-widget elementor-widget-image\" data-id=\"4aa7bbe\" data-element_type=\"widget\" data-e-type=\"widget\" data-widget_type=\"image.default\">\n\t\t\t\t<div class=\"elementor-widget-container\">\n\t\t\t\t\t\t\t\t\t\t\t\t\t\t\t<img decoding=\"async\" src=\"https:\/\/portale2.unime.it\/pluralismi\/wp-content\/uploads\/sites\/18\/elementor\/thumbs\/Ninni-Panzera-r2b8gcfivk35pzimaqv4sohonnbpj50ykbpt764vdc.jpg\" title=\"Ninni-Panzera\" alt=\"Ninni-Panzera\" loading=\"lazy\" \/>\t\t\t\t\t\t\t\t\t\t\t\t\t\t\t<\/div>\n\t\t\t\t<\/div>\n\t\t\t\t\t<\/div>\n\t\t<\/div>\n\t\t\t\t<div class=\"elementor-column elementor-col-50 elementor-inner-column elementor-element elementor-element-c708dbc\" data-id=\"c708dbc\" data-element_type=\"column\" data-e-type=\"column\">\n\t\t\t<div class=\"elementor-widget-wrap elementor-element-populated\">\n\t\t\t\t\t\t<div class=\"elementor-element elementor-element-e13f4e9 elementor-widget elementor-widget-text-editor\" data-id=\"e13f4e9\" data-element_type=\"widget\" data-e-type=\"widget\" data-widget_type=\"text-editor.default\">\n\t\t\t\t<div class=\"elementor-widget-container\">\n\t\t\t\t\t\t\t\t\t<p><span style=\"font-family: 'Open Sans', Helvetica, Arial, sans-serif;color: #7a0a0a;font-size: 12pt\"><strong>Ninni\u00a0<\/strong><\/span><span style=\"color: #7a0a0a;font-family: Open Sans, Helvetica, Arial, sans-serif;font-size: medium\"><span><b>Panzera<\/b><\/span><\/span><span style=\"color: #000000;font-family: verdana, geneva, sans-serif;font-size: 10pt\">, <\/span><span style=\"font-family: verdana, geneva, sans-serif;font-size: 10pt\">Appassionato di cinema. Segretario Generale di Taormina Arte e del Festival del Cinema di Taormina dal 1987 al 2021. Per oltre vent\u2019anni Presidente del <em>Cineclub Milani<\/em> di Messina e curatore della programmazione della omonima Saletta. Docente a contratto di <em>Storia del cinema italiano<\/em> dal 2006 al 2010 presso l\u2019Universit\u00e0 degli Studi di Messina. Ha pubblicato per Silvana Editoriale nel 2007 <em>Giuseppe Tornatore. Uno sguardo dal set<\/em> e nel 2010 <em>L\u2019isola di Tornatore<\/em>. Ha inoltre curato i cataloghi <em>Brian De Palma, il fantasma della cineteca<\/em> (1986) e <em>Peter Weir. Un cinema vissuto pericolosamente<\/em> (1987) per il Festival del cinema di Taormina. Per l\u2019Associazione La Zattera dell\u2019Arte ha curato i volumi <em>Il cinema sopra Taormina <\/em>(2012) e la sua versione internazionale <em>The Stars of Taormina<\/em> e <em>Bellini al cinema<\/em>(2022)- Curatore di numerose rassegne e retrospettive cinematografiche tra cui quelle dedicate a Giuseppe Tornatore a Valencia per la <em>XXX Mostra de Valencia-Cinema del Mediterraneo <\/em>(2009), a Tirana per l\u2019Ambasciata Italiana (2010) e a Bari per il <em>Bif&amp;st<\/em> (2011).<\/span><\/p><p style=\"font-weight: 400;text-align: left\"><span style=\"font-family: verdana, geneva, sans-serif;font-size: 10pt\">Curatore della mostra su <em>Nuovo Cinema Paradiso<\/em> a Los Angeles nel 2014 e a Seul nel 2024. Su <em>Bellini al cinema<\/em> a Taormina, Catania e Messina. Autore di numerosi articoli e saggi di cinema su riviste specializzate e quotidiani. Ideatore del <em>Messina Film Festival<\/em> e dei suoi progetti speciali <em>Cinema&amp;Musica<\/em> con Philippe Glass, Michael Nyman, Zbignew Preisner, Ennio Morricone e Franco Battiato. Dal 2023 Direttore Artistico del <em>Messina Opera Film Festival<\/em>. Da luglio 2024 Presidente Regionale di CNA Cinema &amp; Audiovisivo Sicilia e dalla stessa data Vice Presidente del Coordinamento dei Festival di Cinema di Sicilia.<\/span><\/p>\t\t\t\t\t\t\t\t<\/div>\n\t\t\t\t<\/div>\n\t\t\t\t\t<\/div>\n\t\t<\/div>\n\t\t\t\t\t<\/div>\n\t\t<\/section>\n\t\t\t\t\t<\/div>\n\t\t<\/div>\n\t\t\t\t\t<\/div>\n\t\t<\/section>\n\t\t\t\t<section class=\"elementor-section elementor-top-section elementor-element elementor-element-93abb31 elementor-section-boxed elementor-section-height-default elementor-section-height-default\" data-id=\"93abb31\" data-element_type=\"section\" data-e-type=\"section\">\n\t\t\t\t\t\t<div class=\"elementor-container elementor-column-gap-default\">\n\t\t\t\t\t<div class=\"elementor-column elementor-col-100 elementor-top-column elementor-element elementor-element-029697b\" data-id=\"029697b\" data-element_type=\"column\" data-e-type=\"column\">\n\t\t\t<div class=\"elementor-widget-wrap elementor-element-populated\">\n\t\t\t\t\t\t<section class=\"elementor-section elementor-inner-section elementor-element elementor-element-1025c30 elementor-section-boxed elementor-section-height-default elementor-section-height-default\" data-id=\"1025c30\" data-element_type=\"section\" data-e-type=\"section\">\n\t\t\t\t\t\t\t<div class=\"elementor-background-overlay\"><\/div>\n\t\t\t\t\t\t\t<div class=\"elementor-container elementor-column-gap-default\">\n\t\t\t\t\t<div class=\"elementor-column elementor-col-50 elementor-inner-column elementor-element elementor-element-5ef7e89\" data-id=\"5ef7e89\" data-element_type=\"column\" data-e-type=\"column\">\n\t\t\t<div class=\"elementor-widget-wrap elementor-element-populated\">\n\t\t\t\t\t\t<div class=\"elementor-element elementor-element-7bf5576 elementor-widget elementor-widget-image\" data-id=\"7bf5576\" data-element_type=\"widget\" data-e-type=\"widget\" data-widget_type=\"image.default\">\n\t\t\t\t<div class=\"elementor-widget-container\">\n\t\t\t\t\t\t\t\t\t\t\t\t\t\t\t<img decoding=\"async\" src=\"https:\/\/portale2.unime.it\/pluralismi\/wp-content\/uploads\/sites\/18\/elementor\/thumbs\/patera-q7jcuj69zqp2x3do5jzsfs9qpx4vhilhdkipclnn4g.jpg\" title=\"valeria patera\" alt=\"valeria patera\" loading=\"lazy\" \/>\t\t\t\t\t\t\t\t\t\t\t\t\t\t\t<\/div>\n\t\t\t\t<\/div>\n\t\t\t\t\t<\/div>\n\t\t<\/div>\n\t\t\t\t<div class=\"elementor-column elementor-col-50 elementor-inner-column elementor-element elementor-element-482beed\" data-id=\"482beed\" data-element_type=\"column\" data-e-type=\"column\">\n\t\t\t<div class=\"elementor-widget-wrap elementor-element-populated\">\n\t\t\t\t\t\t<div class=\"elementor-element elementor-element-a95b853 elementor-widget elementor-widget-text-editor\" data-id=\"a95b853\" data-element_type=\"widget\" data-e-type=\"widget\" data-widget_type=\"text-editor.default\">\n\t\t\t\t<div class=\"elementor-widget-container\">\n\t\t\t\t\t\t\t\t\t<p><span style=\"font-family: 'Open Sans', Helvetica, Arial, sans-serif;color: #7a0a0a;font-size: 12pt\"><strong>Valeria Patera\u00a0<\/strong><\/span><span style=\"color: #000000;font-size: 12pt\"><span style=\"font-family: 'Open Sans', Helvetica, Arial, sans-serif\">\u00e8<span style=\"font-size: 12pt;font-family: arial, helvetica, sans-serif\">\u00a0<span class=\"x_gmail_attr\" dir=\"ltr\"><span class=\"x_ContentPasted0\">drammaturga-scrittrice-regista e studiosa di filosofia della scienza.<\/span><\/span><\/span><\/span><\/span><\/p><div dir=\"ltr\"><div dir=\"ltr\"><div class=\"x_gmail_quote\"><div dir=\"ltr\"><div><span class=\"x_ContentPasted0\" style=\"font-size: 12pt;font-family: arial, helvetica, sans-serif\">Laureata alla Statale di Milano\u00a0 con Carlo Sini, allieva di Giulio Giorello e\u00a0 laureata alla Scuola del Piccolo Teatro di Milano, nel suo percorso artistico e intellettuale ha abitato, intrecciandoli, diversi linguaggi , scritture e campi del sapere\u00a0 \u00a0(poesia-teatro-video- scrittura narrativa-filosofia-scienza)\u00a0\u00a0ed \u00e8 stata pioniera in Italia del Teatro-Scienza\u00a0 che ha portato al grande pubblico nazionale\u00a0 ed europeo le storie\u00a0 di Alan Turing, Max Perutz, Charles Darwin, Rita Levi-Montalcini, Ada Byron Lovelace, Elena Cattaneo e le cellule staminali, lavorando\u00a0 in collaborazione con\u00a0 le ambasciate e gli Istituti Italiani di Cultura all&#8217;estero, l&#8217;Universit\u00e0 di Sheffield, di Leeds, La Sapienza, Roma 3, le grandi fondazioni europee come la Gulbenkian e la Sigma-ta. Ha prodotto speciali radiofonici dedicati a grandi figure della scienza collaborando con Radio3Scienza e Il Teatro alla radio.<\/span><\/div><div><span class=\"x_ContentPasted0\" style=\"font-size: 12pt;font-family: arial, helvetica, sans-serif\">Ha diretto alcuni tra i maggiori interpreti italiani in prestigiosi teatri nazionali quali il\u00a0 Piccolo Teatro di Milano, Teatro Argentina di Roma, il Biondo di Palermo, l&#8217; Auditorium Parco della Musica di Roma, il teatro della Gulbenkian Foundation di Lisbona etc.\u00a0<\/span><span class=\"x_ContentPasted0\" style=\"font-size: xx-small\"><span style=\"font-size: 12pt;font-family: arial, helvetica, sans-serif\">La visione di un sapere e agire artistico interdisciplinare che procede per contagio, sono i pilastri di un incessante laboratorio che dal 2002 ad oggi ha prodotto anche pubblicazioni, convegni, conferenze, podcast e progetti istituzionali per Roma Capitale e il Comune di Palermo. Dopo aver abitato a Milano, Londra, Roma attualmente vive a Palermo dove collabora con le maggiori istituzioni culturali, la rivista Gattopardo e con diversi dipartimenti di Unipa. <\/span><\/span><span class=\"x_ContentPasted0\" style=\"font-size: 12pt\"><a class=\"x_ContentPasted0\" title=\"URL originale: http:\/\/www.valeriapatera.com\/. Fare clic o toccare se si considera attendibile questo collegamento.\" href=\"https:\/\/eur01.safelinks.protection.outlook.com\/?url=http%3A%2F%2Fwww.valeriapatera.com%2F&amp;data=05%7C01%7Cassunta.penna%40unime.it%7C049185aa111e4ef264a308db64d36a55%7C84679d4583464e238c84a7304edba77f%7C0%7C0%7C638214631405083087%7CUnknown%7CTWFpbGZsb3d8eyJWIjoiMC4wLjAwMDAiLCJQIjoiV2luMzIiLCJBTiI6Ik1haWwiLCJXVCI6Mn0%3D%7C3000%7C%7C%7C&amp;sdata=nyq3j%2BxNaE15Sj8GBU18AbD4K9D6s4FbPHZ1p8Gi%2BbU%3D&amp;reserved=0\" target=\"_blank\" rel=\"noopener noreferrer\" data-auth=\"Verified\" data-loopstyle=\"linkonly\" data-linkindex=\"0\">www.valeriapatera.com<\/a>\u00a0&#8211; facebook e Istagram<\/span><\/div><\/div><\/div><\/div><\/div>\t\t\t\t\t\t\t\t<\/div>\n\t\t\t\t<\/div>\n\t\t\t\t\t<\/div>\n\t\t<\/div>\n\t\t\t\t\t<\/div>\n\t\t<\/section>\n\t\t\t\t\t<\/div>\n\t\t<\/div>\n\t\t\t\t\t<\/div>\n\t\t<\/section>\n\t\t\t\t<section class=\"elementor-section elementor-top-section elementor-element elementor-element-7ad62e2 elementor-section-boxed elementor-section-height-default elementor-section-height-default\" data-id=\"7ad62e2\" data-element_type=\"section\" data-e-type=\"section\">\n\t\t\t\t\t\t<div class=\"elementor-container elementor-column-gap-default\">\n\t\t\t\t\t<div class=\"elementor-column elementor-col-100 elementor-top-column elementor-element elementor-element-7ea0e0a\" data-id=\"7ea0e0a\" data-element_type=\"column\" data-e-type=\"column\">\n\t\t\t<div class=\"elementor-widget-wrap elementor-element-populated\">\n\t\t\t\t\t\t<section class=\"elementor-section elementor-inner-section elementor-element elementor-element-ec8894f elementor-section-boxed elementor-section-height-default elementor-section-height-default\" data-id=\"ec8894f\" data-element_type=\"section\" data-e-type=\"section\">\n\t\t\t\t\t\t\t<div class=\"elementor-background-overlay\"><\/div>\n\t\t\t\t\t\t\t<div class=\"elementor-container elementor-column-gap-default\">\n\t\t\t\t\t<div class=\"elementor-column elementor-col-50 elementor-inner-column elementor-element elementor-element-5d27412\" data-id=\"5d27412\" data-element_type=\"column\" data-e-type=\"column\">\n\t\t\t<div class=\"elementor-widget-wrap elementor-element-populated\">\n\t\t\t\t\t\t<div class=\"elementor-element elementor-element-f08ec1c elementor-widget elementor-widget-image\" data-id=\"f08ec1c\" data-element_type=\"widget\" data-e-type=\"widget\" data-widget_type=\"image.default\">\n\t\t\t\t<div class=\"elementor-widget-container\">\n\t\t\t\t\t\t\t\t\t\t\t\t\t\t\t<img decoding=\"async\" src=\"https:\/\/portale2.unime.it\/pluralismi\/wp-content\/uploads\/sites\/18\/elementor\/thumbs\/Schermata-2022-04-03-alle-20.30.51-q44uitnl9i72xq58f3ziartskgog84x1ykng8k1vio.png\" title=\"Schermata 2022-04-03 alle 20.30.51\" alt=\"Schermata 2022-04-03 alle 20.30.51\" loading=\"lazy\" \/>\t\t\t\t\t\t\t\t\t\t\t\t\t\t\t<\/div>\n\t\t\t\t<\/div>\n\t\t\t\t\t<\/div>\n\t\t<\/div>\n\t\t\t\t<div class=\"elementor-column elementor-col-50 elementor-inner-column elementor-element elementor-element-46b80b2\" data-id=\"46b80b2\" data-element_type=\"column\" data-e-type=\"column\">\n\t\t\t<div class=\"elementor-widget-wrap elementor-element-populated\">\n\t\t\t\t\t\t<div class=\"elementor-element elementor-element-7c0e6d1 elementor-widget elementor-widget-text-editor\" data-id=\"7c0e6d1\" data-element_type=\"widget\" data-e-type=\"widget\" data-widget_type=\"text-editor.default\">\n\t\t\t\t<div class=\"elementor-widget-container\">\n\t\t\t\t\t\t\t\t\t<p><span style=\"font-family: 'Open Sans', Helvetica, Arial, sans-serif;color: #7a0a0a;font-size: 12pt\"><strong>Pietro Perconti <\/strong><\/span><span style=\"color: #000000;font-size: 12pt\"><span style=\"font-family: 'Open Sans', Helvetica, Arial, sans-serif\">\u00e8 professore Ordinario di Filosofia del linguaggio all\u2019Universit\u00e0 degli Studi di Messina. \u00a0Ha studiato filosofia presso le Universit\u00e0 di Palermo e Berlino (Freie Universit\u00e4t) e ha conseguito il dottorato di ricerca in Filosofia del linguaggio presso l\u2019Universit\u00e0 di Palermo nel 1996. Il suo primo libro \u00e8 dedicato alla storia delle idee (Kantian Linguistics, 1999). I suoi principali campi di ricerca sono la cognizione sociale, la coscienza e il ruolo sociale della scienza cognitiva. Tra le sue pubblicazioni: L\u2019autocoscienza (Laterza, 2008); Coscienza (Il Mulino, 2011); La prova del budino (Mondadori, 2015); Filosofia della mente (Il Mulino, 2017) \u00a0 e \u2013 con Alessio Plebe \u2013 The Future of the Artificial Mind (Routledge, 2022).<\/span><\/span><\/p>\t\t\t\t\t\t\t\t<\/div>\n\t\t\t\t<\/div>\n\t\t\t\t\t<\/div>\n\t\t<\/div>\n\t\t\t\t\t<\/div>\n\t\t<\/section>\n\t\t\t\t\t<\/div>\n\t\t<\/div>\n\t\t\t\t\t<\/div>\n\t\t<\/section>\n\t\t\t\t<section class=\"elementor-section elementor-top-section elementor-element elementor-element-97cb011 elementor-section-boxed elementor-section-height-default elementor-section-height-default\" data-id=\"97cb011\" data-element_type=\"section\" data-e-type=\"section\">\n\t\t\t\t\t\t<div class=\"elementor-container elementor-column-gap-default\">\n\t\t\t\t\t<div class=\"elementor-column elementor-col-100 elementor-top-column elementor-element elementor-element-bfa0879\" data-id=\"bfa0879\" data-element_type=\"column\" data-e-type=\"column\">\n\t\t\t<div class=\"elementor-widget-wrap elementor-element-populated\">\n\t\t\t\t\t\t<section class=\"elementor-section elementor-inner-section elementor-element elementor-element-b44c219 elementor-section-boxed elementor-section-height-default elementor-section-height-default\" data-id=\"b44c219\" data-element_type=\"section\" data-e-type=\"section\">\n\t\t\t\t\t\t\t<div class=\"elementor-background-overlay\"><\/div>\n\t\t\t\t\t\t\t<div class=\"elementor-container elementor-column-gap-default\">\n\t\t\t\t\t<div class=\"elementor-column elementor-col-50 elementor-inner-column elementor-element elementor-element-e95a09b\" data-id=\"e95a09b\" data-element_type=\"column\" data-e-type=\"column\">\n\t\t\t<div class=\"elementor-widget-wrap elementor-element-populated\">\n\t\t\t\t\t\t<div class=\"elementor-element elementor-element-7c11fae elementor-widget elementor-widget-image\" data-id=\"7c11fae\" data-element_type=\"widget\" data-e-type=\"widget\" data-widget_type=\"image.default\">\n\t\t\t\t<div class=\"elementor-widget-container\">\n\t\t\t\t\t\t\t\t\t\t\t\t\t\t\t<img decoding=\"async\" src=\"https:\/\/portale2.unime.it\/pluralismi\/wp-content\/uploads\/sites\/18\/elementor\/thumbs\/3010_QDiCR-qlhjpi0sg06ff3grpa2v9u70cypcf26o3devks8btc.jpg\" title=\"Oriana Persico\" alt=\"Oriana Persico\" loading=\"lazy\" \/>\t\t\t\t\t\t\t\t\t\t\t\t\t\t\t<\/div>\n\t\t\t\t<\/div>\n\t\t\t\t\t<\/div>\n\t\t<\/div>\n\t\t\t\t<div class=\"elementor-column elementor-col-50 elementor-inner-column elementor-element elementor-element-68ffd86\" data-id=\"68ffd86\" data-element_type=\"column\" data-e-type=\"column\">\n\t\t\t<div class=\"elementor-widget-wrap elementor-element-populated\">\n\t\t\t\t\t\t<div class=\"elementor-element elementor-element-12ca0a2 elementor-widget elementor-widget-text-editor\" data-id=\"12ca0a2\" data-element_type=\"widget\" data-e-type=\"widget\" data-widget_type=\"text-editor.default\">\n\t\t\t\t<div class=\"elementor-widget-container\">\n\t\t\t\t\t\t\t\t\t<p><span><strong><span style=\"color: #7a0a0a;font-family: Open Sans, Helvetica, Arial, sans-serif;font-size: medium\"><span>Oriana<\/span> Persico <\/span><\/strong><\/span><span style=\"color: #000000;font-size: 12pt\"><span style=\"font-family: 'Open Sans', Helvetica, Arial, sans-serif\">\u00e8 <\/span><\/span><span style=\"font-family: arial, helvetica, sans-serif;font-size: 12pt\">Cyberecologista e artista, dalla fine del 2006 si unisce a Salvatore Iaconesi, artista, compagno e simbionte della sua vita scomparso il 18 luglio 2022, formando il duo internazionale AOS &#8211; Art is Open Source. Insieme realizzano opere e performance che esplorano la relazione fra esseri umani, tecnologia e dati esposte in tutto il mondo, contribuendo regolarmente alla comunit\u00e0 scientifica con l&#8217;insegnamento, la pubblicazione di articoli, la partecipazione a convegni e conferenze. Nel 2013 fondano il centro di ricerca HER, sperimentando format di collaborazione arte\/scienza in cui i dati e la computazione sono fenomeni culturali, psicologici, sociali ed esistenziali che ci rendono sensibili alla complessit\u00e0. Nel 2019 con le opere IAQOS e OBIETTIVO nascono rispettivamente i concetti di Intelligenza Artificiale di Comunit\u00e0 e di Datapoiesi, che aprono la stagione del Nuovo Abitare: un movimento della pratica, del pensiero e dell&#8217;immaginazione in cui imparare a riunirsi intorno ai dati disegnando nuovi ruoli sociali e nuovi rituali che coinvolgono gli attori umani e non umani dei nostri ecosistemi.&nbsp;<\/span><span style=\"color: #000000;font-size: 12pt;font-family: arial, helvetica, sans-serif\">Insieme hanno scritto: Incuria (Luca Sossella Editore, 2021), Digital Urban Acupuncture (Springer, 2016), La Cura (Codice Editore, 2016), Read\/Write Reality (FakePress Publishing, 2011), Romaeuropa FakeFactory (DeriveApprodi, 2010) e Angel_F: diario di vita di un\u2019intelligenza artificiale (Castelvecchi, 2009).<\/span><\/p>\n<div><span style=\"font-family: arial, helvetica, sans-serif;font-size: 12pt\">Link:<\/span><\/div>\n<div><span style=\"font-family: arial, helvetica, sans-serif;font-size: 12pt\">AOS, la produzione artistica dal 2006:&nbsp;<a title=\"URL originale: http:\/\/www.artisopensource.net\/. Fare clic o toccare se si considera attendibile questo collegamento.\" href=\"https:\/\/eur01.safelinks.protection.outlook.com\/?url=http%3A%2F%2Fwww.artisopensource.net%2F&amp;data=05%7C02%7Capenna%40unime.it%7Cfd60fcb82e73420eb37008dc4790c27b%7C84679d4583464e238c84a7304edba77f%7C0%7C0%7C638463934260199211%7CUnknown%7CTWFpbGZsb3d8eyJWIjoiMC4wLjAwMDAiLCJQIjoiV2luMzIiLCJBTiI6Ik1haWwiLCJXVCI6Mn0%3D%7C0%7C%7C%7C&amp;sdata=UaqhqvEN2m31zmahrq%2BL%2BFzOm7SCdKZdOD7CVBj88Lk%3D&amp;reserved=0\" target=\"_blank\" rel=\"noopener noreferrer\" data-auth=\"Verified\" data-linkindex=\"0\">www.artisopensource.net<\/a><\/span><\/div>\n<div><span style=\"font-family: arial, helvetica, sans-serif;font-size: 12pt\">HER: she Loves Data, il centro di ricerca dal 2013:&nbsp;<a title=\"URL originale: http:\/\/www.he-r.it\/. Fare clic o toccare se si considera attendibile questo collegamento.\" href=\"https:\/\/eur01.safelinks.protection.outlook.com\/?url=http%3A%2F%2Fwww.he-r.it%2F&amp;data=05%7C02%7Capenna%40unime.it%7Cfd60fcb82e73420eb37008dc4790c27b%7C84679d4583464e238c84a7304edba77f%7C0%7C0%7C638463934260208641%7CUnknown%7CTWFpbGZsb3d8eyJWIjoiMC4wLjAwMDAiLCJQIjoiV2luMzIiLCJBTiI6Ik1haWwiLCJXVCI6Mn0%3D%7C0%7C%7C%7C&amp;sdata=QeDKgNmeLtxjJBYIiL6zuw0T6SBuHBoIEb5SCVMCO9w%3D&amp;reserved=0\" target=\"_blank\" rel=\"noopener noreferrer\" data-auth=\"Verified\" data-linkindex=\"1\">www.he-r.it<\/a><\/span><\/div>\n<div><span style=\"font-family: arial, helvetica, sans-serif;font-size: 12pt\">Angel_f:&nbsp;<a title=\"URL originale: https:\/\/www.artisopensource.net\/projects\/angel-f\/. Fare clic o toccare se si considera attendibile questo collegamento.\" href=\"https:\/\/eur01.safelinks.protection.outlook.com\/?url=https%3A%2F%2Fwww.artisopensource.net%2Fprojects%2Fangel-f%2F&amp;data=05%7C02%7Capenna%40unime.it%7Cfd60fcb82e73420eb37008dc4790c27b%7C84679d4583464e238c84a7304edba77f%7C0%7C0%7C638463934260215958%7CUnknown%7CTWFpbGZsb3d8eyJWIjoiMC4wLjAwMDAiLCJQIjoiV2luMzIiLCJBTiI6Ik1haWwiLCJXVCI6Mn0%3D%7C0%7C%7C%7C&amp;sdata=VZFU%2Fybe8XsOU%2B1RbgYkalvEpgn4Yag6mENey%2BQNvag%3D&amp;reserved=0\" target=\"_blank\" rel=\"noopener noreferrer\" data-auth=\"Verified\" data-linkindex=\"2\">https:\/\/www.artisopensource.net\/projects\/angel-f\/<\/a><\/span><\/div>\n<div><span style=\"font-family: arial, helvetica, sans-serif;font-size: 12pt\">IAQOS:&nbsp;<a title=\"URL originale: https:\/\/www.artisopensource.net\/iaqos-intelligenza-artificiale-di-quartiere-open-source\/. Fare clic o toccare se si considera attendibile questo collegamento.\" href=\"https:\/\/eur01.safelinks.protection.outlook.com\/?url=https%3A%2F%2Fwww.artisopensource.net%2Fiaqos-intelligenza-artificiale-di-quartiere-open-source%2F&amp;data=05%7C02%7Capenna%40unime.it%7Cfd60fcb82e73420eb37008dc4790c27b%7C84679d4583464e238c84a7304edba77f%7C0%7C0%7C638463934260223483%7CUnknown%7CTWFpbGZsb3d8eyJWIjoiMC4wLjAwMDAiLCJQIjoiV2luMzIiLCJBTiI6Ik1haWwiLCJXVCI6Mn0%3D%7C0%7C%7C%7C&amp;sdata=ACsncT6aEpB3nRq42LaGaEtdNzh48Tg%2F3Q%2BCRrn0a40%3D&amp;reserved=0\" target=\"_blank\" rel=\"noopener noreferrer\" data-auth=\"Verified\" data-linkindex=\"3\">https:\/\/www.artisopensource.net\/iaqos-intelligenza-artificiale-di-quartiere-open-source\/<\/a><\/span><\/div>\n<div><span style=\"font-family: arial, helvetica, sans-serif;font-size: 12pt\">I Principi del Nuovo Abitare:&nbsp;<a title=\"URL originale: https:\/\/xdxd-vs-xdxd.medium.com\/the-illustrated-principles-of-nuovo-abitare-5f2e63bbb9fc. Fare clic o toccare se si considera attendibile questo collegamento.\" href=\"https:\/\/eur01.safelinks.protection.outlook.com\/?url=https%3A%2F%2Fxdxd-vs-xdxd.medium.com%2Fthe-illustrated-principles-of-nuovo-abitare-5f2e63bbb9fc&amp;data=05%7C02%7Capenna%40unime.it%7Cfd60fcb82e73420eb37008dc4790c27b%7C84679d4583464e238c84a7304edba77f%7C0%7C0%7C638463934260230158%7CUnknown%7CTWFpbGZsb3d8eyJWIjoiMC4wLjAwMDAiLCJQIjoiV2luMzIiLCJBTiI6Ik1haWwiLCJXVCI6Mn0%3D%7C0%7C%7C%7C&amp;sdata=8m0FTK34pwJwSvoJW4HV00iTVsCBkQyaWReaPgFH808%3D&amp;reserved=0\" target=\"_blank\" rel=\"noopener noreferrer\" data-auth=\"Verified\" data-linkindex=\"4\">https:\/\/xdxd-vs-xdxd.medium.com\/the-illustrated-principles-of-nuovo-abitare-5f2e63bbb9fc<\/a><\/span><\/div>\t\t\t\t\t\t\t\t<\/div>\n\t\t\t\t<\/div>\n\t\t\t\t\t<\/div>\n\t\t<\/div>\n\t\t\t\t\t<\/div>\n\t\t<\/section>\n\t\t\t\t\t<\/div>\n\t\t<\/div>\n\t\t\t\t\t<\/div>\n\t\t<\/section>\n\t\t\t\t<section class=\"elementor-section elementor-top-section elementor-element elementor-element-3621c41 elementor-section-boxed elementor-section-height-default elementor-section-height-default\" data-id=\"3621c41\" data-element_type=\"section\" data-e-type=\"section\">\n\t\t\t\t\t\t<div class=\"elementor-container elementor-column-gap-default\">\n\t\t\t\t\t<div class=\"elementor-column elementor-col-100 elementor-top-column elementor-element elementor-element-4e3b580\" data-id=\"4e3b580\" data-element_type=\"column\" data-e-type=\"column\">\n\t\t\t<div class=\"elementor-widget-wrap elementor-element-populated\">\n\t\t\t\t\t\t<section class=\"elementor-section elementor-inner-section elementor-element elementor-element-3b33888 elementor-section-boxed elementor-section-height-default elementor-section-height-default\" data-id=\"3b33888\" data-element_type=\"section\" data-e-type=\"section\">\n\t\t\t\t\t\t\t<div class=\"elementor-background-overlay\"><\/div>\n\t\t\t\t\t\t\t<div class=\"elementor-container elementor-column-gap-default\">\n\t\t\t\t\t<div class=\"elementor-column elementor-col-50 elementor-inner-column elementor-element elementor-element-955413c\" data-id=\"955413c\" data-element_type=\"column\" data-e-type=\"column\">\n\t\t\t<div class=\"elementor-widget-wrap elementor-element-populated\">\n\t\t\t\t\t\t<div class=\"elementor-element elementor-element-10b10b7 elementor-widget elementor-widget-image\" data-id=\"10b10b7\" data-element_type=\"widget\" data-e-type=\"widget\" data-widget_type=\"image.default\">\n\t\t\t\t<div class=\"elementor-widget-container\">\n\t\t\t\t\t\t\t\t\t\t\t\t\t\t\t<img decoding=\"async\" src=\"https:\/\/portale2.unime.it\/pluralismi\/wp-content\/uploads\/sites\/18\/elementor\/thumbs\/Schermata-2022-03-14-alle-12.03.07-q44uifk0ezns3kpppfw3rddvnoly0od2wmv61ems40.png\" title=\"Piazza\" alt=\"Piazza\" loading=\"lazy\" \/>\t\t\t\t\t\t\t\t\t\t\t\t\t\t\t<\/div>\n\t\t\t\t<\/div>\n\t\t\t\t\t<\/div>\n\t\t<\/div>\n\t\t\t\t<div class=\"elementor-column elementor-col-50 elementor-inner-column elementor-element elementor-element-1056572\" data-id=\"1056572\" data-element_type=\"column\" data-e-type=\"column\">\n\t\t\t<div class=\"elementor-widget-wrap elementor-element-populated\">\n\t\t\t\t\t\t<div class=\"elementor-element elementor-element-6a6814d elementor-widget elementor-widget-text-editor\" data-id=\"6a6814d\" data-element_type=\"widget\" data-e-type=\"widget\" data-widget_type=\"text-editor.default\">\n\t\t\t\t<div class=\"elementor-widget-container\">\n\t\t\t\t\t\t\t\t\t<p><span style=\"font-family: 'Open Sans', Helvetica, Arial, sans-serif;color: #7a0a0a;font-size: 12pt\"><strong>Francesca Piazza <\/strong><\/span><span style=\"color: #000000;font-size: 12pt\"><span style=\"font-family: 'Open Sans', Helvetica, Arial, sans-serif\">\u00e8 professoressa Ordinaria di Filosofia e Teoria dei linguaggi presso il Dipartimento di Scienze Umanistiche dell\u2019Universit\u00e0 di Palermo di cui, attualmente, \u00e8 Direttrice. Dal 2016 \u00e8 Presidente della Societ\u00e0 di Filosofia del linguaggio. La sua ricerca riguarda principalmente la retorica e la pragmatica linguistica, con particolare attenzione alla cultura greca antica e alla filosofia aristotelica. Su questi temi ha pubblicato tre monografie: Il corpo della persuasione. L\u2019entimema nella retorica greca (Ed. Novecento, 2000); Linguaggio persuasione, verit\u00e0. La retorica nel novecento (Carocci, 2004); La Retorica di Aristotele. Introduzione alla lettura (Carocci, 2008). Al momento, il suo interesse \u00e8 focalizzato soprattutto sul rapporto tra linguaggio e violenza, tema su cui ha pubblicato un volume dal titolo La parola e la Spada. Linguaggio e violenza attraverso l\u2019Iliade (Il Mulino, 2019).\u00a0<\/span><\/span><\/p>\t\t\t\t\t\t\t\t<\/div>\n\t\t\t\t<\/div>\n\t\t\t\t\t<\/div>\n\t\t<\/div>\n\t\t\t\t\t<\/div>\n\t\t<\/section>\n\t\t\t\t\t<\/div>\n\t\t<\/div>\n\t\t\t\t\t<\/div>\n\t\t<\/section>\n\t\t\t\t<section class=\"elementor-section elementor-top-section elementor-element elementor-element-6eef74a0 elementor-section-boxed elementor-section-height-default elementor-section-height-default\" data-id=\"6eef74a0\" data-element_type=\"section\" data-e-type=\"section\">\n\t\t\t\t\t\t<div class=\"elementor-container elementor-column-gap-default\">\n\t\t\t\t\t<div class=\"elementor-column elementor-col-100 elementor-top-column elementor-element elementor-element-524ab849\" data-id=\"524ab849\" data-element_type=\"column\" data-e-type=\"column\">\n\t\t\t<div class=\"elementor-widget-wrap elementor-element-populated\">\n\t\t\t\t\t\t<section class=\"elementor-section elementor-inner-section elementor-element elementor-element-3fe75758 elementor-section-boxed elementor-section-height-default elementor-section-height-default\" data-id=\"3fe75758\" data-element_type=\"section\" data-e-type=\"section\">\n\t\t\t\t\t\t\t<div class=\"elementor-background-overlay\"><\/div>\n\t\t\t\t\t\t\t<div class=\"elementor-container elementor-column-gap-default\">\n\t\t\t\t\t<div class=\"elementor-column elementor-col-50 elementor-inner-column elementor-element elementor-element-56cb6b84\" data-id=\"56cb6b84\" data-element_type=\"column\" data-e-type=\"column\">\n\t\t\t<div class=\"elementor-widget-wrap elementor-element-populated\">\n\t\t\t\t\t\t<div class=\"elementor-element elementor-element-76052a02 elementor-widget elementor-widget-image\" data-id=\"76052a02\" data-element_type=\"widget\" data-e-type=\"widget\" data-widget_type=\"image.default\">\n\t\t\t\t<div class=\"elementor-widget-container\">\n\t\t\t\t\t\t\t\t\t\t\t\t\t\t\t<img decoding=\"async\" src=\"https:\/\/portale2.unime.it\/pluralismi\/wp-content\/uploads\/sites\/18\/elementor\/thumbs\/pievani-q44ugpinvxautb7trp2q6t1gg93pwniso3t4d56rio.jpg\" title=\"pievani\" alt=\"pievani\" loading=\"lazy\" \/>\t\t\t\t\t\t\t\t\t\t\t\t\t\t\t<\/div>\n\t\t\t\t<\/div>\n\t\t\t\t\t<\/div>\n\t\t<\/div>\n\t\t\t\t<div class=\"elementor-column elementor-col-50 elementor-inner-column elementor-element elementor-element-3dd47ef9\" data-id=\"3dd47ef9\" data-element_type=\"column\" data-e-type=\"column\">\n\t\t\t<div class=\"elementor-widget-wrap elementor-element-populated\">\n\t\t\t\t\t\t<div class=\"elementor-element elementor-element-252fbb73 elementor-widget elementor-widget-text-editor\" data-id=\"252fbb73\" data-element_type=\"widget\" data-e-type=\"widget\" data-widget_type=\"text-editor.default\">\n\t\t\t\t<div class=\"elementor-widget-container\">\n\t\t\t\t\t\t\t\t\t<p><span style=\"font-family: 'Open Sans', Helvetica, Arial, sans-serif;color: #7a0a0a;font-size: 12pt\"><strong>Telmo Pievani<\/strong><\/span><span style=\"color: #000000;font-size: 12pt\"><span style=\"font-family: 'Open Sans', Helvetica, Arial, sans-serif\"><strong>\u00a0<\/strong>\u00e8 professore Ordinario di Filosofia della scienza, ricopre la prima cattedra italiana di Filosofia delle scienze biologiche presso il Dipartimento di Biologia dell\u2019Universit\u00e0 di Padova. Presso lo stesso Dipartimento \u00e8 anche titolare degli insegnamenti di Bioetica e di Divulgazione naturalistica. Dal 2016 \u00e8 Delegato del Rettore per la Comunicazione Istituzionale dell\u2019Universit\u00e0 degli studi di Padova. Dal 2017 \u00e8 Presidente della Societ\u00e0 Italiana di Biologia Evoluzionistica. Fa parte del Comitato Etico e del Comitato Scientifico della Fondazione Umberto Veronesi. Membro del Direttivo dell\u2019Istituto Italiano di Antropologia. \u00c8 direttore di Pikaia, il portale italiano dell\u2019evoluzione, collabora con Il Corriere della Sera e con le riviste Le Scienze, Micromega e L\u2019Indice dei Libri. Tra le sue pubblicazioni: Finitudine. Un romanzo filosofico su fragilit\u00e0 e libert\u00e0 (2020); Imperfezione (2019); Homo Sapiens e altre catastrofi (2018);\u00a0 La vita inaspettata (2011). Collabora con \u201cIl Corriere della Sera\u201d, \u201cLe Scienze\u201d e \u201cMicromega\u201d.<\/span><\/span><\/p>\t\t\t\t\t\t\t\t<\/div>\n\t\t\t\t<\/div>\n\t\t\t\t\t<\/div>\n\t\t<\/div>\n\t\t\t\t\t<\/div>\n\t\t<\/section>\n\t\t\t\t\t<\/div>\n\t\t<\/div>\n\t\t\t\t\t<\/div>\n\t\t<\/section>\n\t\t\t\t<section class=\"elementor-section elementor-top-section elementor-element elementor-element-b6b23f1 elementor-section-boxed elementor-section-height-default elementor-section-height-default\" data-id=\"b6b23f1\" data-element_type=\"section\" data-e-type=\"section\">\n\t\t\t\t\t\t<div class=\"elementor-container elementor-column-gap-default\">\n\t\t\t\t\t<div class=\"elementor-column elementor-col-100 elementor-top-column elementor-element elementor-element-cf1ef10\" data-id=\"cf1ef10\" data-element_type=\"column\" data-e-type=\"column\">\n\t\t\t<div class=\"elementor-widget-wrap elementor-element-populated\">\n\t\t\t\t\t\t<section class=\"elementor-section elementor-inner-section elementor-element elementor-element-21f446b elementor-section-boxed elementor-section-height-default elementor-section-height-default\" data-id=\"21f446b\" data-element_type=\"section\" data-e-type=\"section\">\n\t\t\t\t\t\t\t<div class=\"elementor-background-overlay\"><\/div>\n\t\t\t\t\t\t\t<div class=\"elementor-container elementor-column-gap-default\">\n\t\t\t\t\t<div class=\"elementor-column elementor-col-50 elementor-inner-column elementor-element elementor-element-0e6e0fc\" data-id=\"0e6e0fc\" data-element_type=\"column\" data-e-type=\"column\">\n\t\t\t<div class=\"elementor-widget-wrap elementor-element-populated\">\n\t\t\t\t\t\t<div class=\"elementor-element elementor-element-c8694bc elementor-widget elementor-widget-image\" data-id=\"c8694bc\" data-element_type=\"widget\" data-e-type=\"widget\" data-widget_type=\"image.default\">\n\t\t\t\t<div class=\"elementor-widget-container\">\n\t\t\t\t\t\t\t\t\t\t\t\t\t\t\t<img decoding=\"async\" src=\"https:\/\/portale2.unime.it\/pluralismi\/wp-content\/uploads\/sites\/18\/elementor\/thumbs\/Schermata-2022-03-11-alle-21.35.20-q44uifk0ezns3kpppfw3rddvnoly0od2wmv61ems40.png\" title=\"Pinelli\" alt=\"Pinelli\" loading=\"lazy\" \/>\t\t\t\t\t\t\t\t\t\t\t\t\t\t\t<\/div>\n\t\t\t\t<\/div>\n\t\t\t\t\t<\/div>\n\t\t<\/div>\n\t\t\t\t<div class=\"elementor-column elementor-col-50 elementor-inner-column elementor-element elementor-element-340f1be\" data-id=\"340f1be\" data-element_type=\"column\" data-e-type=\"column\">\n\t\t\t<div class=\"elementor-widget-wrap elementor-element-populated\">\n\t\t\t\t\t\t<div class=\"elementor-element elementor-element-214ba1b elementor-widget elementor-widget-text-editor\" data-id=\"214ba1b\" data-element_type=\"widget\" data-e-type=\"widget\" data-widget_type=\"text-editor.default\">\n\t\t\t\t<div class=\"elementor-widget-container\">\n\t\t\t\t\t\t\t\t\t<p><span style=\"font-family: 'Open Sans', Helvetica, Arial, sans-serif;color: #7a0a0a;font-size: 12pt\"><strong>Barbara Pinelli <\/strong><\/span><span style=\"color: #000000;font-size: 12pt\"><span style=\"font-family: 'Open Sans', Helvetica, Arial, sans-serif\">\u00e8 Ricercatrice in Antropologia presso l\u2019Universit\u00e0 Roma Tre e co-fondatrice del Centro di Ricerca\u00a0<i>Escapes. Laboratorio di Studi Critici sulle Migrazioni Forzate<\/i>. Si occupa di migrazioni forzate intersecate a prospettive di genere e femministe, con uno sguardo specifico rivolto alle politiche di confine e ai regimi umanitari agiti nel Sud Europa. I suoi principali temi di ricerca riguardano forme di controllo fisico e morale dei rifugiati; violenza politica e di genere connesse alla memoria, in particolare nella loro perpetuazione lungo le traiettorie di mobilit\u00e0 e nei luoghi di arrivo; tipologie di campo e dei luoghi di confinamento come dispositivi di trattenimento dei rifugiati; relazione fra vulnerabilit\u00e0 politica e agency trasformativa. Ha pubblicato saggi in Italia e all\u2019estero, fra gli ultimi\u00a0<i>Migranti e Rifugiate.\u00a0<\/i><i><span lang=\"EN-US\">Antropologia, genere, politica<\/span><\/i><span lang=\"EN-US\">\u00a0(Raffaello Cortina, 2019),\u00a0<\/span><i><span lang=\"EN-US\">Death and salvation of refugee women on European borders: Race, gender and class of bodies and power<\/span><\/i><span lang=\"EN-US\">\u00a0(Anthropology Today, 2021),\u00a0<\/span><i><span lang=\"EN-US\">Teleologie di emancipazione, senso del s\u00e9, trasgressioni.\u00a0<\/span><\/i><i>Fratture nella lettura delle biografie violate e dell\u2019azione nelle istanze di protezione\u00a0<\/i>(Antropologia, 2021).<\/span><\/span><\/p>\t\t\t\t\t\t\t\t<\/div>\n\t\t\t\t<\/div>\n\t\t\t\t\t<\/div>\n\t\t<\/div>\n\t\t\t\t\t<\/div>\n\t\t<\/section>\n\t\t\t\t\t<\/div>\n\t\t<\/div>\n\t\t\t\t\t<\/div>\n\t\t<\/section>\n\t\t\t\t<section class=\"elementor-section elementor-top-section elementor-element elementor-element-ce2170f elementor-section-boxed elementor-section-height-default elementor-section-height-default\" data-id=\"ce2170f\" data-element_type=\"section\" data-e-type=\"section\">\n\t\t\t\t\t\t<div class=\"elementor-container elementor-column-gap-default\">\n\t\t\t\t\t<div class=\"elementor-column elementor-col-100 elementor-top-column elementor-element elementor-element-dd01dee\" data-id=\"dd01dee\" data-element_type=\"column\" data-e-type=\"column\">\n\t\t\t<div class=\"elementor-widget-wrap elementor-element-populated\">\n\t\t\t\t\t\t<section class=\"elementor-section elementor-inner-section elementor-element elementor-element-2950f4c elementor-section-boxed elementor-section-height-default elementor-section-height-default\" data-id=\"2950f4c\" data-element_type=\"section\" data-e-type=\"section\">\n\t\t\t\t\t\t\t<div class=\"elementor-background-overlay\"><\/div>\n\t\t\t\t\t\t\t<div class=\"elementor-container elementor-column-gap-default\">\n\t\t\t\t\t<div class=\"elementor-column elementor-col-50 elementor-inner-column elementor-element elementor-element-b7fd025\" data-id=\"b7fd025\" data-element_type=\"column\" data-e-type=\"column\">\n\t\t\t<div class=\"elementor-widget-wrap elementor-element-populated\">\n\t\t\t\t\t\t<div class=\"elementor-element elementor-element-eb27e41 elementor-widget elementor-widget-image\" data-id=\"eb27e41\" data-element_type=\"widget\" data-e-type=\"widget\" data-widget_type=\"image.default\">\n\t\t\t\t<div class=\"elementor-widget-container\">\n\t\t\t\t\t\t\t\t\t\t\t\t\t\t\t<img decoding=\"async\" src=\"https:\/\/portale2.unime.it\/pluralismi\/wp-content\/uploads\/sites\/18\/elementor\/thumbs\/Alessandra-Pioggia-q4a8xdtkt4p4l6cgqrytp7l2pfo0ahpt68akd57tg0.jpg\" title=\"Alessandra Pioggia\" alt=\"Alessandra Pioggia\" loading=\"lazy\" \/>\t\t\t\t\t\t\t\t\t\t\t\t\t\t\t<\/div>\n\t\t\t\t<\/div>\n\t\t\t\t\t<\/div>\n\t\t<\/div>\n\t\t\t\t<div class=\"elementor-column elementor-col-50 elementor-inner-column elementor-element elementor-element-bad58ca\" data-id=\"bad58ca\" data-element_type=\"column\" data-e-type=\"column\">\n\t\t\t<div class=\"elementor-widget-wrap elementor-element-populated\">\n\t\t\t\t\t\t<div class=\"elementor-element elementor-element-c18e605 elementor-widget elementor-widget-text-editor\" data-id=\"c18e605\" data-element_type=\"widget\" data-e-type=\"widget\" data-widget_type=\"text-editor.default\">\n\t\t\t\t<div class=\"elementor-widget-container\">\n\t\t\t\t\t\t\t\t\t<p><span style=\"font-family: 'Open Sans', Helvetica, Arial, sans-serif;color: #7a0a0a;font-size: 12pt\"><strong>Alessandra Pioggia<\/strong><\/span><span style=\"color: #000000;font-size: 12pt\"><span style=\"font-family: 'Open Sans', Helvetica, Arial, sans-serif\"><span class=\"TextRun Highlight SCXW76568512 BCX9\" lang=\"IT-IT\" xml:lang=\"IT-IT\" data-contrast=\"none\"><span class=\"NormalTextRun SCXW76568512 BCX9\">\u00a0\u00e8 professoressa Ordinaria di diritto amministrativo nell\u2019Universit\u00e0 degli Studi di Perugia, \u00e8 responsabile del Progetto di eccellenza del Dipartimento sui temi della Legalit\u00e0 e della Partecipazione ed \u00e8 stata direttrice del Centro Studi che ne ha curato le attivit\u00e0 di ricerca. Si occupa di organizzazione dell\u2019amministrazione e dirigenza, di effettivit\u00e0 dei diritti sociali, di diritto alla salute e di organizzazione sanitaria e di servizi pubblici. <\/span><span class=\"NormalTextRun ContextualSpellingAndGrammarErrorV2Themed SCXW76568512 BCX9\">E\u2019<\/span><span class=\"NormalTextRun SCXW76568512 BCX9\"> autrice di oltre 150 contributi e di alcune monografie su questi temi. <\/span><span class=\"NormalTextRun ContextualSpellingAndGrammarErrorV2Themed SCXW76568512 BCX9\">E\u2019<\/span><span class=\"NormalTextRun SCXW76568512 BCX9\"> codirettrice della collana Orizzonti del Diritto Pubblico e dell\u2019Osservatorio di Diritto sanitario della rivista Federalismi, \u00e8 membro del direttivo della rivista Diritto pubblico e di diversi altri comitati scientifici di riviste di area giuridica.<\/span><\/span><span class=\"EOP SCXW76568512 BCX9\" data-ccp-props=\"{}\">\u00a0<\/span><\/span><\/span><\/p>\t\t\t\t\t\t\t\t<\/div>\n\t\t\t\t<\/div>\n\t\t\t\t\t<\/div>\n\t\t<\/div>\n\t\t\t\t\t<\/div>\n\t\t<\/section>\n\t\t\t\t\t<\/div>\n\t\t<\/div>\n\t\t\t\t\t<\/div>\n\t\t<\/section>\n\t\t\t\t<section class=\"elementor-section elementor-top-section elementor-element elementor-element-55b35db7 elementor-section-boxed elementor-section-height-default elementor-section-height-default\" data-id=\"55b35db7\" data-element_type=\"section\" data-e-type=\"section\">\n\t\t\t\t\t\t<div class=\"elementor-container elementor-column-gap-default\">\n\t\t\t\t\t<div class=\"elementor-column elementor-col-100 elementor-top-column elementor-element elementor-element-3e1d0b4f\" data-id=\"3e1d0b4f\" data-element_type=\"column\" data-e-type=\"column\">\n\t\t\t<div class=\"elementor-widget-wrap elementor-element-populated\">\n\t\t\t\t\t\t<section class=\"elementor-section elementor-inner-section elementor-element elementor-element-4ea94092 elementor-section-boxed elementor-section-height-default elementor-section-height-default\" data-id=\"4ea94092\" data-element_type=\"section\" data-e-type=\"section\">\n\t\t\t\t\t\t\t<div class=\"elementor-background-overlay\"><\/div>\n\t\t\t\t\t\t\t<div class=\"elementor-container elementor-column-gap-default\">\n\t\t\t\t\t<div class=\"elementor-column elementor-col-50 elementor-inner-column elementor-element elementor-element-420b2f56\" data-id=\"420b2f56\" data-element_type=\"column\" data-e-type=\"column\">\n\t\t\t<div class=\"elementor-widget-wrap elementor-element-populated\">\n\t\t\t\t\t\t<div class=\"elementor-element elementor-element-1592b21b elementor-widget elementor-widget-image\" data-id=\"1592b21b\" data-element_type=\"widget\" data-e-type=\"widget\" data-widget_type=\"image.default\">\n\t\t\t\t<div class=\"elementor-widget-container\">\n\t\t\t\t\t\t\t\t\t\t\t\t\t\t\t<img decoding=\"async\" src=\"https:\/\/portale2.unime.it\/pluralismi\/wp-content\/uploads\/sites\/18\/elementor\/thumbs\/1.priulla-q44ugnmzi98a63ak2o9h1tij9hczh9bbzui5el9jv4.jpg\" title=\"1.priulla\" alt=\"1.priulla\" loading=\"lazy\" \/>\t\t\t\t\t\t\t\t\t\t\t\t\t\t\t<\/div>\n\t\t\t\t<\/div>\n\t\t\t\t\t<\/div>\n\t\t<\/div>\n\t\t\t\t<div class=\"elementor-column elementor-col-50 elementor-inner-column elementor-element elementor-element-edab630\" data-id=\"edab630\" data-element_type=\"column\" data-e-type=\"column\">\n\t\t\t<div class=\"elementor-widget-wrap elementor-element-populated\">\n\t\t\t\t\t\t<div class=\"elementor-element elementor-element-3be955ed elementor-widget elementor-widget-text-editor\" data-id=\"3be955ed\" data-element_type=\"widget\" data-e-type=\"widget\" data-widget_type=\"text-editor.default\">\n\t\t\t\t<div class=\"elementor-widget-container\">\n\t\t\t\t\t\t\t\t\t<p><span style=\"font-family: 'Open Sans', Helvetica, Arial, sans-serif;color: #7a0a0a;font-size: 12pt\"><strong>Graziella Priulla <\/strong><\/span><span style=\"color: #000000;font-size: 12pt\"><span style=\"font-family: 'Open Sans', Helvetica, Arial, sans-serif\">\u00e8 Sociologa, saggista e scrittrice, gi\u00e0 professoressa Ordinaria di Sociologia dei processi culturali e comunicativi all\u2019Universit\u00e0 di Catania nel Dipartimento di Scienze Politiche e Sociali. I suoi studi riguardano i mezzi di informazione, la sociologia dei consumi culturali, i linguaggi comunicativi della pubblicit\u00e0 e della politica, esperta di linguaggio e di stereotipi di genere e di violenza.<br \/>Tra le sue pubblicazioni sul tema studi di genere: Violate. Sessismo e cultura dello stupro. Villaggio Maori (2019); Parole Tossiche. Cronaca di ordinario sessismo ( 2014); C\u2019\u00e8 differenza. Identit\u00e0 di genere e linguaggi: storie, corpi, immagini e parole (2015); I caratteri elementari della comunicazione. Laterza. (2009); L\u2019Italia dell\u2019ignoranza (2011).<\/span><\/span><\/p>\t\t\t\t\t\t\t\t<\/div>\n\t\t\t\t<\/div>\n\t\t\t\t\t<\/div>\n\t\t<\/div>\n\t\t\t\t\t<\/div>\n\t\t<\/section>\n\t\t\t\t\t<\/div>\n\t\t<\/div>\n\t\t\t\t\t<\/div>\n\t\t<\/section>\n\t\t\t\t<section class=\"elementor-section elementor-top-section elementor-element elementor-element-529fb28 elementor-section-boxed elementor-section-height-default elementor-section-height-default\" data-id=\"529fb28\" data-element_type=\"section\" data-e-type=\"section\">\n\t\t\t\t\t\t<div class=\"elementor-container elementor-column-gap-default\">\n\t\t\t\t\t<div class=\"elementor-column elementor-col-100 elementor-top-column elementor-element elementor-element-8218bce\" data-id=\"8218bce\" data-element_type=\"column\" data-e-type=\"column\">\n\t\t\t<div class=\"elementor-widget-wrap elementor-element-populated\">\n\t\t\t\t\t\t<section class=\"elementor-section elementor-inner-section elementor-element elementor-element-516660b elementor-section-boxed elementor-section-height-default elementor-section-height-default\" data-id=\"516660b\" data-element_type=\"section\" data-e-type=\"section\">\n\t\t\t\t\t\t\t<div class=\"elementor-background-overlay\"><\/div>\n\t\t\t\t\t\t\t<div class=\"elementor-container elementor-column-gap-default\">\n\t\t\t\t\t<div class=\"elementor-column elementor-col-50 elementor-inner-column elementor-element elementor-element-41c74f0\" data-id=\"41c74f0\" data-element_type=\"column\" data-e-type=\"column\">\n\t\t\t<div class=\"elementor-widget-wrap elementor-element-populated\">\n\t\t\t\t\t\t<div class=\"elementor-element elementor-element-8fd820a elementor-widget elementor-widget-image\" data-id=\"8fd820a\" data-element_type=\"widget\" data-e-type=\"widget\" data-widget_type=\"image.default\">\n\t\t\t\t<div class=\"elementor-widget-container\">\n\t\t\t\t\t\t\t\t\t\t\t\t\t\t\t<img decoding=\"async\" src=\"https:\/\/portale2.unime.it\/pluralismi\/wp-content\/uploads\/sites\/18\/elementor\/thumbs\/thumbnail_image001-r3c3vwdlg7na2zffjogi45o48qjxtvaxqr9wb51w40.jpg\" title=\"thumbnail_image001\" alt=\"thumbnail_image001\" loading=\"lazy\" \/>\t\t\t\t\t\t\t\t\t\t\t\t\t\t\t<\/div>\n\t\t\t\t<\/div>\n\t\t\t\t\t<\/div>\n\t\t<\/div>\n\t\t\t\t<div class=\"elementor-column elementor-col-50 elementor-inner-column elementor-element elementor-element-c794f74\" data-id=\"c794f74\" data-element_type=\"column\" data-e-type=\"column\">\n\t\t\t<div class=\"elementor-widget-wrap elementor-element-populated\">\n\t\t\t\t\t\t<div class=\"elementor-element elementor-element-64edd74 elementor-widget elementor-widget-text-editor\" data-id=\"64edd74\" data-element_type=\"widget\" data-e-type=\"widget\" data-widget_type=\"text-editor.default\">\n\t\t\t\t<div class=\"elementor-widget-container\">\n\t\t\t\t\t\t\t\t\t<p><span style=\"font-family: 'Open Sans', Helvetica, Arial, sans-serif;color: #7a0a0a;font-size: 12pt\"><strong>Cirus Rinaldi <\/strong><\/span><span style=\"color: #000000;font-size: 12pt\"><span style=\"font-family: 'Open Sans', Helvetica, Arial, sans-serif\">\u00a0\u00e8 professore Ordinario di Sociologia della devianza. Insegna Generi, sessualit\u00e0 e violenza e Masculinities, crime and criminal justice presso il Dipartimento Culture e Societ\u00e0 dell\u2019Universit\u00e0 degli studi di Palermo, dove dirige il Laboratorio di Ricerca Interdisciplinare su Corpi, Diritti, Conflitti. Tra i suoi temi di ricerca, le teorie della devianza e del crimine con particolare riferimento agli approcci interazionisti e costruzionisti, l\u2019analisi del rapporto tra maschilit\u00e0 e<span class=\"x_apple-converted-space\">\u00a0<\/span><br \/>violenza, gli studi LGBTQIA+. Tra le sue pubblicazioni pi\u00f9 recenti Maschilit\u00e0, devianze, crimine (Meltemi, 2018), Uomini che si fanno pagare (DeriveApprodi, 2020) e ha inoltre curato con S. Grassi il volume di John. H. Gagnon e W. Simon, Outsiders sessuali. Le forme collettive della devianza sessuale (Novalogos, 2019).<span class=\"x_apple-converted-space\">\u00a0<\/span><\/span><\/span><\/p>\t\t\t\t\t\t\t\t<\/div>\n\t\t\t\t<\/div>\n\t\t\t\t\t<\/div>\n\t\t<\/div>\n\t\t\t\t\t<\/div>\n\t\t<\/section>\n\t\t\t\t\t<\/div>\n\t\t<\/div>\n\t\t\t\t\t<\/div>\n\t\t<\/section>\n\t\t\t\t<section class=\"elementor-section elementor-top-section elementor-element elementor-element-e0ed5e3 elementor-section-boxed elementor-section-height-default elementor-section-height-default\" data-id=\"e0ed5e3\" data-element_type=\"section\" data-e-type=\"section\">\n\t\t\t\t\t\t<div class=\"elementor-container elementor-column-gap-default\">\n\t\t\t\t\t<div class=\"elementor-column elementor-col-100 elementor-top-column elementor-element elementor-element-bc134ff\" data-id=\"bc134ff\" data-element_type=\"column\" data-e-type=\"column\">\n\t\t\t<div class=\"elementor-widget-wrap elementor-element-populated\">\n\t\t\t\t\t\t<section class=\"elementor-section elementor-inner-section elementor-element elementor-element-f3596ca elementor-section-boxed elementor-section-height-default elementor-section-height-default\" data-id=\"f3596ca\" data-element_type=\"section\" data-e-type=\"section\">\n\t\t\t\t\t\t\t<div class=\"elementor-background-overlay\"><\/div>\n\t\t\t\t\t\t\t<div class=\"elementor-container elementor-column-gap-default\">\n\t\t\t\t\t<div class=\"elementor-column elementor-col-50 elementor-inner-column elementor-element elementor-element-7705e10\" data-id=\"7705e10\" data-element_type=\"column\" data-e-type=\"column\">\n\t\t\t<div class=\"elementor-widget-wrap elementor-element-populated\">\n\t\t\t\t\t\t<div class=\"elementor-element elementor-element-4eaf46b elementor-widget elementor-widget-image\" data-id=\"4eaf46b\" data-element_type=\"widget\" data-e-type=\"widget\" data-widget_type=\"image.default\">\n\t\t\t\t<div class=\"elementor-widget-container\">\n\t\t\t\t\t\t\t\t\t\t\t\t\t\t\t<img decoding=\"async\" src=\"https:\/\/portale2.unime.it\/pluralismi\/wp-content\/uploads\/sites\/18\/elementor\/thumbs\/foto.png-r2140vyh5cjezk9epsdx5bvcbngmk9oth1eyl2hhow.jpeg\" title=\"foto.png\" alt=\"Cecilia Robustelli\" loading=\"lazy\" \/>\t\t\t\t\t\t\t\t\t\t\t\t\t\t\t<\/div>\n\t\t\t\t<\/div>\n\t\t\t\t\t<\/div>\n\t\t<\/div>\n\t\t\t\t<div class=\"elementor-column elementor-col-50 elementor-inner-column elementor-element elementor-element-551a0d6\" data-id=\"551a0d6\" data-element_type=\"column\" data-e-type=\"column\">\n\t\t\t<div class=\"elementor-widget-wrap elementor-element-populated\">\n\t\t\t\t\t\t<div class=\"elementor-element elementor-element-dc9cfb8 elementor-widget elementor-widget-text-editor\" data-id=\"dc9cfb8\" data-element_type=\"widget\" data-e-type=\"widget\" data-widget_type=\"text-editor.default\">\n\t\t\t\t<div class=\"elementor-widget-container\">\n\t\t\t\t\t\t\t\t\t<p><span style=\"font-family: 'Open Sans', Helvetica, Arial, sans-serif;color: #7a0a0a;font-size: 12pt\"><strong>Cecilia Robustelli <\/strong><\/span><span style=\"color: #000000;font-size: 12pt\"><span style=\"font-family: 'Open Sans', Helvetica, Arial, sans-serif\">\u00e8 <span class=\"\" data-olk-copy-source=\"MessageBody\">professoressa Ordinaria di Linguistica italiana presso l\u2019Universit\u00e0 degli Studi di Modena e Reggio Emilia, ha studiato e tenuto corsi in Gran Bretagna e negli Stati Uniti. Collabora con l\u2019Accademia della Crusca, \u00e8 tra le ventisette fondatrici della REI-Rete di Eccellenza dell\u2019Italiano Istituzionale. Vice-presidente della European Federation of National Institutions for Language (EFNIL), ha coordinato il gruppo di lavoro sulle Linee Guida sull\u2019uso del genere nel linguaggio amministrativo del Miur (2017-2018) e ha fatto parte del gruppo \u201cEsperti del linguaggio di genere\u201d del CPO della Presidenza del Consiglio dei ministri. \u00c8 autrice di numerose pubblicazioni sulla sintassi storica, la grammatica italiana e il linguaggio di genere e ha scritto voci e capitoli per le enciclopedie redatte dall\u2019Istituto dell\u2019Enciclopedia Italiana e dall\u2019Accademia della Crusca. Nel 2020 ha fondato il Laboratorio Genere, Lingua, Comunicazione (GLiC) presso Unimore, sul rapporto fra uso della lingua e rappresentazione della donna nella comunicazione digitale. Tra le sue pubblicazioni: <\/span><em class=\"\">Sindaco e sindaca. Il linguaggio di genere. Postfazione del presidente dell\u2019Accademia della Crusca Claudio Marazzini<\/em><span class=\"\">\u00a0(Firenze-Roma 2016);\u00a0<\/span><em class=\"\">Lingua italiana e questioni di genere. Riflessi linguistici di un mutamento socioculturale\u00a0<\/em><span class=\"\">(Roma 2018).<\/span><\/span><\/span><\/p>\t\t\t\t\t\t\t\t<\/div>\n\t\t\t\t<\/div>\n\t\t\t\t\t<\/div>\n\t\t<\/div>\n\t\t\t\t\t<\/div>\n\t\t<\/section>\n\t\t\t\t\t<\/div>\n\t\t<\/div>\n\t\t\t\t\t<\/div>\n\t\t<\/section>\n\t\t\t\t<section class=\"elementor-section elementor-top-section elementor-element elementor-element-1ebca5dd elementor-section-boxed elementor-section-height-default elementor-section-height-default\" data-id=\"1ebca5dd\" data-element_type=\"section\" data-e-type=\"section\">\n\t\t\t\t\t\t<div class=\"elementor-container elementor-column-gap-default\">\n\t\t\t\t\t<div class=\"elementor-column elementor-col-100 elementor-top-column elementor-element elementor-element-350edfa0\" data-id=\"350edfa0\" data-element_type=\"column\" data-e-type=\"column\">\n\t\t\t<div class=\"elementor-widget-wrap elementor-element-populated\">\n\t\t\t\t\t\t<section class=\"elementor-section elementor-inner-section elementor-element elementor-element-171215ab elementor-section-boxed elementor-section-height-default elementor-section-height-default\" data-id=\"171215ab\" data-element_type=\"section\" data-e-type=\"section\">\n\t\t\t\t\t\t\t<div class=\"elementor-background-overlay\"><\/div>\n\t\t\t\t\t\t\t<div class=\"elementor-container elementor-column-gap-default\">\n\t\t\t\t\t<div class=\"elementor-column elementor-col-50 elementor-inner-column elementor-element elementor-element-5b6cc5d6\" data-id=\"5b6cc5d6\" data-element_type=\"column\" data-e-type=\"column\">\n\t\t\t<div class=\"elementor-widget-wrap elementor-element-populated\">\n\t\t\t\t\t\t<div class=\"elementor-element elementor-element-69ef51e1 elementor-widget elementor-widget-image\" data-id=\"69ef51e1\" data-element_type=\"widget\" data-e-type=\"widget\" data-widget_type=\"image.default\">\n\t\t\t\t<div class=\"elementor-widget-container\">\n\t\t\t\t\t\t\t\t\t\t\t\t\t\t\t<img decoding=\"async\" src=\"https:\/\/portale2.unime.it\/pluralismi\/wp-content\/uploads\/sites\/18\/elementor\/thumbs\/rumiati-q44ugoktp39khp96x6o3mb9zuv8coyf2bz5mvv85ow.jpg\" title=\"rumiati\" alt=\"rumiati\" loading=\"lazy\" \/>\t\t\t\t\t\t\t\t\t\t\t\t\t\t\t<\/div>\n\t\t\t\t<\/div>\n\t\t\t\t\t<\/div>\n\t\t<\/div>\n\t\t\t\t<div class=\"elementor-column elementor-col-50 elementor-inner-column elementor-element elementor-element-68ce74a1\" data-id=\"68ce74a1\" data-element_type=\"column\" data-e-type=\"column\">\n\t\t\t<div class=\"elementor-widget-wrap elementor-element-populated\">\n\t\t\t\t\t\t<div class=\"elementor-element elementor-element-626f88d6 elementor-widget elementor-widget-text-editor\" data-id=\"626f88d6\" data-element_type=\"widget\" data-e-type=\"widget\" data-widget_type=\"text-editor.default\">\n\t\t\t\t<div class=\"elementor-widget-container\">\n\t\t\t\t\t\t\t\t\t<p><span style=\"font-family: 'Open Sans', Helvetica, Arial, sans-serif;color: #7a0a0a;font-size: 12pt\"><strong>Raffaella Rumiati <\/strong><\/span><span style=\"color: #000000;font-size: 12pt\"><span style=\"font-family: 'Open Sans', Helvetica, Arial, sans-serif\">\u00a0\u00e8 professoressa Ordinaria di Neuroscienze Cognitive e coordinatrice del Ph.D. in Neuroscienze Cognitive della SISSA di Trieste. \u00c8 autrice di un centinaio di pubblicazioni specialistiche sulle riviste scientifiche internazionali e capitoli di libri. Oltre alla ricerca scientifica svolge un\u2019intensa attivit\u00e0 di divulgazione, collaborando con alcune testate giornalistiche e riviste. Nel 2003 ha ricevuto il \u201cBessel Prize\u201d (von Humboldt-Stiftung) e nel 2006 il Women in Cognitive Science Mentorship Award per il suo sostegno alla carriera di giovani ricercatrici. Nel 2013 il Comune di Piacenza le ha conferito il \u201cPremio Pulcheria\u201d. Dopo essersi interessata per molti anni all\u2019interazione tra sistema motorio, linguaggio e cognizione, negli ultimi anni gli interessi di Raffaella Rumiati sono volti principalmente allo studio delle operazioni mentali e dei correlati cerebrali associati alla percezione, categorizzazione e scelta del cibo. \u00c8 inoltre impegnata in un programma di ricerca cha ha al suo centro lo studio di costrutti sociali come gli stereotipi e il pregiudizio. Tra le sue pubblicazioni: Donne e uomini. Si nasce o si diventa? (2010).<\/span><\/span><\/p>\t\t\t\t\t\t\t\t<\/div>\n\t\t\t\t<\/div>\n\t\t\t\t\t<\/div>\n\t\t<\/div>\n\t\t\t\t\t<\/div>\n\t\t<\/section>\n\t\t\t\t\t<\/div>\n\t\t<\/div>\n\t\t\t\t\t<\/div>\n\t\t<\/section>\n\t\t\t\t<section class=\"elementor-section elementor-top-section elementor-element elementor-element-14b25cb elementor-section-boxed elementor-section-height-default elementor-section-height-default\" data-id=\"14b25cb\" data-element_type=\"section\" data-e-type=\"section\">\n\t\t\t\t\t\t<div class=\"elementor-container elementor-column-gap-default\">\n\t\t\t\t\t<div class=\"elementor-column elementor-col-100 elementor-top-column elementor-element elementor-element-5dc5c74f\" data-id=\"5dc5c74f\" data-element_type=\"column\" data-e-type=\"column\">\n\t\t\t<div class=\"elementor-widget-wrap elementor-element-populated\">\n\t\t\t\t\t\t<section class=\"elementor-section elementor-inner-section elementor-element elementor-element-615b7ab4 elementor-section-boxed elementor-section-height-default elementor-section-height-default\" data-id=\"615b7ab4\" data-element_type=\"section\" data-e-type=\"section\">\n\t\t\t\t\t\t\t<div class=\"elementor-background-overlay\"><\/div>\n\t\t\t\t\t\t\t<div class=\"elementor-container elementor-column-gap-default\">\n\t\t\t\t\t<div class=\"elementor-column elementor-col-50 elementor-inner-column elementor-element elementor-element-7742d9c0\" data-id=\"7742d9c0\" data-element_type=\"column\" data-e-type=\"column\">\n\t\t\t<div class=\"elementor-widget-wrap elementor-element-populated\">\n\t\t\t\t\t\t<div class=\"elementor-element elementor-element-39ff8f6c elementor-widget elementor-widget-image\" data-id=\"39ff8f6c\" data-element_type=\"widget\" data-e-type=\"widget\" data-widget_type=\"image.default\">\n\t\t\t\t<div class=\"elementor-widget-container\">\n\t\t\t\t\t\t\t\t\t\t\t\t\t\t\t<img decoding=\"async\" src=\"https:\/\/portale2.unime.it\/pluralismi\/wp-content\/uploads\/sites\/18\/elementor\/thumbs\/sacca-q44ugoktp39khp96x6o3mb9zuv8coyf2bz5mvv85ow.jpg\" title=\"sacca\" alt=\"sacca\" loading=\"lazy\" \/>\t\t\t\t\t\t\t\t\t\t\t\t\t\t\t<\/div>\n\t\t\t\t<\/div>\n\t\t\t\t\t<\/div>\n\t\t<\/div>\n\t\t\t\t<div class=\"elementor-column elementor-col-50 elementor-inner-column elementor-element elementor-element-538ff48b\" data-id=\"538ff48b\" data-element_type=\"column\" data-e-type=\"column\">\n\t\t\t<div class=\"elementor-widget-wrap elementor-element-populated\">\n\t\t\t\t\t\t<div class=\"elementor-element elementor-element-3a48f99b elementor-widget elementor-widget-text-editor\" data-id=\"3a48f99b\" data-element_type=\"widget\" data-e-type=\"widget\" data-widget_type=\"text-editor.default\">\n\t\t\t\t<div class=\"elementor-widget-container\">\n\t\t\t\t\t\t\t\t\t<p><span style=\"font-family: 'Open Sans', Helvetica, Arial, sans-serif;color: #7a0a0a;font-size: 12pt\"><strong>Flaminia Sacc\u00e0\u00a0 <\/strong><\/span><span style=\"color: #000000;font-size: 12pt\"><span style=\"font-family: 'Open Sans', Helvetica, Arial, sans-serif\">\u00e8 professoressa Ordinaria di Sociologia dei Fenomeni Politici all\u2019Universit\u00e0 degli Studi della Tuscia di Viterbo. E\u2019 presidente del Corso di Laurea in Scienze Politiche e delle Relazioni Internazionali (SPRI), dell\u2019International Sociological Association (ISA) Research Committee Sociotechnics \u2013 Sociological Practices RC26. \u00c8 stata delegata del Governo italiano all\u2019Helsinki Group on Gender and Innovation della Commissione Europea (2013\/2015), Consigliera dell\u2019Associazione Italiana Donne e Scienza (2003-2008); presidente di Filas (Finanziaria della Regione Lazio per l\u2019Innovazione, la Ricerca e lo Sviluppo) (2007-2012). \u00c8 la responsabile scientifica del progetto Step-Stereotipo e Pregiudizio sostenuto dal Dipartimento Pari Opportunit\u00e0 della Presidenza del Consiglio dei Ministri. Tra le sue pubblicazioni pi\u00f9 recenti sul tema del genere: Women and Politics in Populist Times. A Case Study: the 2018 Electoral Campaign. In: (a cura di): N. Velikaya (Executive Editor), A.A. Golasaeeva, A.N. Moiseeva, Russian Revolutions and Women\u2019s Issue. Ideological Heritage, Political Transformations and New Social Practices, Mosca:Kluch-S, 2018 (con L. Massidda); Gender Discourse in a Populist Election Campaign, in F. Sacc\u00e0 (Ed.), Democracy, Power and Territories, Franco Angeli, Roma, 2018 (con L. Massidda); La rappresentazione sociale della violenza contro le donne, Sociologia, Gangemi, Roma, 1\/2021; (a cura di), Stereotipo e pregiudizio. La rappresentazione giuridica e mediatica della violenza di genere, Franco Angeli, Milano, 2021.<\/span><\/span><\/p>\t\t\t\t\t\t\t\t<\/div>\n\t\t\t\t<\/div>\n\t\t\t\t\t<\/div>\n\t\t<\/div>\n\t\t\t\t\t<\/div>\n\t\t<\/section>\n\t\t\t\t\t<\/div>\n\t\t<\/div>\n\t\t\t\t\t<\/div>\n\t\t<\/section>\n\t\t\t\t<section class=\"elementor-section elementor-top-section elementor-element elementor-element-834a8e4 elementor-section-boxed elementor-section-height-default elementor-section-height-default\" data-id=\"834a8e4\" data-element_type=\"section\" data-e-type=\"section\">\n\t\t\t\t\t\t<div class=\"elementor-container elementor-column-gap-default\">\n\t\t\t\t\t<div class=\"elementor-column elementor-col-100 elementor-top-column elementor-element elementor-element-df474e6\" data-id=\"df474e6\" data-element_type=\"column\" data-e-type=\"column\">\n\t\t\t<div class=\"elementor-widget-wrap elementor-element-populated\">\n\t\t\t\t\t\t<section class=\"elementor-section elementor-inner-section elementor-element elementor-element-78a4cb1 elementor-section-boxed elementor-section-height-default elementor-section-height-default\" data-id=\"78a4cb1\" data-element_type=\"section\" data-e-type=\"section\">\n\t\t\t\t\t\t\t<div class=\"elementor-background-overlay\"><\/div>\n\t\t\t\t\t\t\t<div class=\"elementor-container elementor-column-gap-default\">\n\t\t\t\t\t<div class=\"elementor-column elementor-col-50 elementor-inner-column elementor-element elementor-element-720bb37\" data-id=\"720bb37\" data-element_type=\"column\" data-e-type=\"column\">\n\t\t\t<div class=\"elementor-widget-wrap elementor-element-populated\">\n\t\t\t\t\t\t<div class=\"elementor-element elementor-element-84b8e98 elementor-widget elementor-widget-image\" data-id=\"84b8e98\" data-element_type=\"widget\" data-e-type=\"widget\" data-widget_type=\"image.default\">\n\t\t\t\t<div class=\"elementor-widget-container\">\n\t\t\t\t\t\t\t\t\t\t\t\t\t\t\t<img decoding=\"async\" src=\"https:\/\/portale2.unime.it\/pluralismi\/wp-content\/uploads\/sites\/18\/elementor\/thumbs\/Marica-Spalletta-1-r2148dq5msspjndjyizuixsmt8iyxefs64nbbhdi34.jpeg\" title=\"Marica Spalletta\" alt=\"Marica Spalletta\" loading=\"lazy\" \/>\t\t\t\t\t\t\t\t\t\t\t\t\t\t\t<\/div>\n\t\t\t\t<\/div>\n\t\t\t\t\t<\/div>\n\t\t<\/div>\n\t\t\t\t<div class=\"elementor-column elementor-col-50 elementor-inner-column elementor-element elementor-element-51012cd\" data-id=\"51012cd\" data-element_type=\"column\" data-e-type=\"column\">\n\t\t\t<div class=\"elementor-widget-wrap elementor-element-populated\">\n\t\t\t\t\t\t<div class=\"elementor-element elementor-element-8c1d5ab elementor-widget elementor-widget-text-editor\" data-id=\"8c1d5ab\" data-element_type=\"widget\" data-e-type=\"widget\" data-widget_type=\"text-editor.default\">\n\t\t\t\t<div class=\"elementor-widget-container\">\n\t\t\t\t\t\t\t\t\t<p><span style=\"font-family: 'Open Sans', Helvetica, Arial, sans-serif;color: #7a0a0a;font-size: 12pt\"><strong>Marica Spalletta \u00a0<\/strong><\/span><span style=\"font-family: 'Open Sans', Helvetica, Arial, sans-serif;font-size: 12pt\"><span style=\"font-size: 10pt\">(PhD)<\/span><\/span> <span style=\"font-size: 10pt;font-family: 'trebuchet ms', geneva, sans-serif\">\u00e8 professoressa associata di Sociologia dei processi culturali e comunicativi all\u2019Universit\u00e0 degli Studi LINK di Roma, dove insegna \u201cSociologia della comunicazione\u201d, \u201cMedia &amp; Politica\u201d, e \u201cComunicazione Pubblica\u201d. Direttrice di Link LAB (Laboratorio di Ricerca Sociale) e componente del Collegio dei Docenti del Dottorato di Ricerca in \u201cScienze umane per l\u2019innovazione, l\u2019inclusione e la sostenibilit\u00e0\u201d.<\/span><\/p><p style=\"font-weight: 400\"><span style=\"font-size: 10pt;font-family: 'trebuchet ms', geneva, sans-serif\">Nel 2023 ha conseguito l\u2019Abilitazione Scientifica Nazionale alle funzioni di professoressa di prima fascia.<\/span><\/p><p style=\"font-weight: 400\"><span style=\"font-size: 10pt;font-family: 'trebuchet ms', geneva, sans-serif\">Le sue ricerche si focalizzano sulla mediatizzazione dei processi culturali e i processi di agenda; la rappresentazione mediale delle social issues e la prospettiva delle audiences; la relazione tra sistema politico-istituzionale e sistema dei media; la costruzione della credibilit\u00e0.<\/span><\/p><p style=\"font-weight: 400\"><span style=\"font-size: 10pt;font-family: 'trebuchet ms', geneva, sans-serif\">Negli ultimi vent\u2019anni, ha partecipato e diretto numerose ricerche focalizzate su questi temi, finanziate o promosse da atenei, istituzioni, enti e aziende, tra cui il progetto di ricerca internazionale H2020 DETECt-<em>Detecting Transcultural Identity in European Popular Crime Narratives<\/em>. Attualmente \u00e8 principal investigator del progetto CERV GEMINI-<em>Gender Equality Through Media Investigation and New training Insights<\/em>.<\/span><\/p><p style=\"font-weight: 400\"><span style=\"font-size: 10pt;font-family: 'trebuchet ms', geneva, sans-serif\">Autrice e\/o co-autrice di pi\u00f9 di 100 pubblicazioni scientifiche, pubblicate su importanti riviste internazionali e nazionali (<em>Celebrity Studies<\/em>, <em>European Journal of Communications<\/em>, <em>Catalan Journal of Communication and Cultural Studies<\/em>, <em>Mediascapes Journal<\/em>, <em>Comunicazioni sociali<\/em>, <em>Comunicazione Politica<\/em>, <em>Problemi dell\u2019informazione<\/em>) e case editrici di grande rilevanza (Edinburgh University Press, SAGE, IGI Global, Meltemi, Mimesis, Rubbettino, FrancoAngeli). Attualmente, sta curando con Kim Toft Hansen e Valentina Re il volume collettaneo <em>Young Adults, Gender Issues and Serial Dramas: Research-Action Approaches to Consumptions, Patterns and Teaching in the European Mediascape<\/em>, che sar\u00e0 pubblicato nel 2025 da Edinburgh University Press nella collana <em>Screen Serialities<\/em>.<\/span><\/p><p style=\"font-weight: 400\"><span style=\"font-size: 10pt;font-family: 'trebuchet ms', geneva, sans-serif\">Tra le pubblicazioni pi\u00f9 recenti: \u201cOn-screen leadership models and beyond-the-screen celebrification processes in the Italian teen drama <em>Mare fuori<\/em>\u201d (<em>Celebrity Studies<\/em>, 2025); \u201cComunicazione istituzionale e prospettive di genere: Uno studio sul social posting delle Regioni italiane, fra regole e pratiche\u201d (<em>Mediascapes Journal<\/em>, 2024); \u201cUnsuitable Jobs for Women. Women\u2019s Behind-the-Scenes Employment and Female On-Screen Representation in Italian TV Crime Drama\u201d (<em>Comunicazioni sociali<\/em>, 2023); \u201cAudiences of popular European television crime drama: A nine-country study on consumption patterns, attitudes, and drivers of transcultural connection\u201d (<em>European Journal of Communication<\/em>, 2023).<\/span><\/p>\t\t\t\t\t\t\t\t<\/div>\n\t\t\t\t<\/div>\n\t\t\t\t\t<\/div>\n\t\t<\/div>\n\t\t\t\t\t<\/div>\n\t\t<\/section>\n\t\t\t\t\t<\/div>\n\t\t<\/div>\n\t\t\t\t\t<\/div>\n\t\t<\/section>\n\t\t\t\t<section class=\"elementor-section elementor-top-section elementor-element elementor-element-0a080dc elementor-section-boxed elementor-section-height-default elementor-section-height-default\" data-id=\"0a080dc\" data-element_type=\"section\" data-e-type=\"section\">\n\t\t\t\t\t\t<div class=\"elementor-container elementor-column-gap-default\">\n\t\t\t\t\t<div class=\"elementor-column elementor-col-100 elementor-top-column elementor-element elementor-element-7f4928b\" data-id=\"7f4928b\" data-element_type=\"column\" data-e-type=\"column\">\n\t\t\t<div class=\"elementor-widget-wrap elementor-element-populated\">\n\t\t\t\t\t\t<section class=\"elementor-section elementor-inner-section elementor-element elementor-element-576b3f6 elementor-section-boxed elementor-section-height-default elementor-section-height-default\" data-id=\"576b3f6\" data-element_type=\"section\" data-e-type=\"section\">\n\t\t\t\t\t\t\t<div class=\"elementor-background-overlay\"><\/div>\n\t\t\t\t\t\t\t<div class=\"elementor-container elementor-column-gap-default\">\n\t\t\t\t\t<div class=\"elementor-column elementor-col-50 elementor-inner-column elementor-element elementor-element-86a2e79\" data-id=\"86a2e79\" data-element_type=\"column\" data-e-type=\"column\">\n\t\t\t<div class=\"elementor-widget-wrap elementor-element-populated\">\n\t\t\t\t\t\t<div class=\"elementor-element elementor-element-df5c045 elementor-widget elementor-widget-image\" data-id=\"df5c045\" data-element_type=\"widget\" data-e-type=\"widget\" data-widget_type=\"image.default\">\n\t\t\t\t<div class=\"elementor-widget-container\">\n\t\t\t\t\t\t\t\t\t\t\t\t\t\t\t<img decoding=\"async\" src=\"https:\/\/portale2.unime.it\/pluralismi\/wp-content\/uploads\/sites\/18\/elementor\/thumbs\/Alessandra-Stringi-qmhyxc6ywgo9xn99fwcq6m4jnyzsof5f0ofxusmok0.jpeg\" title=\"Alessandra Stringi\" alt=\"Alessandra Stringi\" loading=\"lazy\" \/>\t\t\t\t\t\t\t\t\t\t\t\t\t\t\t<\/div>\n\t\t\t\t<\/div>\n\t\t\t\t\t<\/div>\n\t\t<\/div>\n\t\t\t\t<div class=\"elementor-column elementor-col-50 elementor-inner-column elementor-element elementor-element-d4b3b6d\" data-id=\"d4b3b6d\" data-element_type=\"column\" data-e-type=\"column\">\n\t\t\t<div class=\"elementor-widget-wrap elementor-element-populated\">\n\t\t\t\t\t\t<div class=\"elementor-element elementor-element-31ef2e7 elementor-widget elementor-widget-text-editor\" data-id=\"31ef2e7\" data-element_type=\"widget\" data-e-type=\"widget\" data-widget_type=\"text-editor.default\">\n\t\t\t\t<div class=\"elementor-widget-container\">\n\t\t\t\t\t\t\t\t\t<p><span style=\"font-family: 'Open Sans', Helvetica, Arial, sans-serif;color: #7a0a0a;font-size: 12pt\"><strong>Alessandra Stringi\u00a0<\/strong><\/span><span style=\"color: #000000;font-size: 12pt\"><span style=\"font-family: 'Open Sans', Helvetica, Arial, sans-serif\">\u00e8 <\/span><\/span><span style=\"font-size: 12pt;font-family: arial, helvetica, sans-serif\">membro ordinario dell\u2019Istituto Italiano di Psicoanalisi di Gruppo e docente della Scuola di Specializzazione in Psicoterapia dello stesso Istituto, \u00e8 Segretario Scientifico del Centro Ricerche Psicoanalitiche di Gruppo sede di Palermo.\u00a0<\/span><span style=\"font-size: 12pt;font-family: arial, helvetica, sans-serif\">Ha conseguito un dottorato in \u201cPubbliche Relazioni\u201dal Dipartimento SPPEFF &#8211; gi\u00e0 Dip. di Psicologia &#8211; Universit\u00e0 di Palermo.\u00a0<\/span><span style=\"font-size: 12pt;font-family: arial, helvetica, sans-serif\">\u00c8 dirigente psicologa e psicoterapeuta convenzionata dell\u2019Azienda Sanitaria di Palermo per il Servizio Salute Mentale e SERD presso la C.C. Pagliarelli &#8211; Palermo. Gi\u00e0 docente di \u201cPsicoterapia\u201d presso il Dipartimento COSPECS &#8211; UNIME.<\/span><\/p><div class=\"x_elementToProof\"><span style=\"font-size: 12pt;font-family: arial, helvetica, sans-serif\">Autrice di diverse pubblicazioni su riviste nazionali ed internazionali su temi di psicoterapia, psicoanalisi di gruppo, di etnopsicologia e psicopatologia criminologica. Fa parte del comitato editoriale della rivista internazionale \u201cTechnological Forecasting &amp; Social Change\u201d.<\/span><\/div>\t\t\t\t\t\t\t\t<\/div>\n\t\t\t\t<\/div>\n\t\t\t\t\t<\/div>\n\t\t<\/div>\n\t\t\t\t\t<\/div>\n\t\t<\/section>\n\t\t\t\t\t<\/div>\n\t\t<\/div>\n\t\t\t\t\t<\/div>\n\t\t<\/section>\n\t\t\t\t<section class=\"elementor-section elementor-top-section elementor-element elementor-element-bc6b4a7 elementor-section-boxed elementor-section-height-default elementor-section-height-default\" data-id=\"bc6b4a7\" data-element_type=\"section\" data-e-type=\"section\">\n\t\t\t\t\t\t<div class=\"elementor-container elementor-column-gap-default\">\n\t\t\t\t\t<div class=\"elementor-column elementor-col-100 elementor-top-column elementor-element elementor-element-57169ba\" data-id=\"57169ba\" data-element_type=\"column\" data-e-type=\"column\">\n\t\t\t<div class=\"elementor-widget-wrap elementor-element-populated\">\n\t\t\t\t\t\t<section class=\"elementor-section elementor-inner-section elementor-element elementor-element-afdd38a elementor-section-boxed elementor-section-height-default elementor-section-height-default\" data-id=\"afdd38a\" data-element_type=\"section\" data-e-type=\"section\">\n\t\t\t\t\t\t\t<div class=\"elementor-background-overlay\"><\/div>\n\t\t\t\t\t\t\t<div class=\"elementor-container elementor-column-gap-default\">\n\t\t\t\t\t<div class=\"elementor-column elementor-col-50 elementor-inner-column elementor-element elementor-element-265377e\" data-id=\"265377e\" data-element_type=\"column\" data-e-type=\"column\">\n\t\t\t<div class=\"elementor-widget-wrap elementor-element-populated\">\n\t\t\t\t\t\t<div class=\"elementor-element elementor-element-cab430d elementor-widget elementor-widget-image\" data-id=\"cab430d\" data-element_type=\"widget\" data-e-type=\"widget\" data-widget_type=\"image.default\">\n\t\t\t\t<div class=\"elementor-widget-container\">\n\t\t\t\t\t\t\t\t\t\t\t\t\t\t\t<img decoding=\"async\" src=\"https:\/\/portale2.unime.it\/pluralismi\/wp-content\/uploads\/sites\/18\/elementor\/thumbs\/Screenshot-2024-03-18-alle-10.13.17-qldwzx98uwljuwktyro0ervyi9w5joddgxh1078j4g.png\" title=\"Loredana Trovato\" alt=\"Loredana Trovato\" loading=\"lazy\" \/>\t\t\t\t\t\t\t\t\t\t\t\t\t\t\t<\/div>\n\t\t\t\t<\/div>\n\t\t\t\t\t<\/div>\n\t\t<\/div>\n\t\t\t\t<div class=\"elementor-column elementor-col-50 elementor-inner-column elementor-element elementor-element-a45b37d\" data-id=\"a45b37d\" data-element_type=\"column\" data-e-type=\"column\">\n\t\t\t<div class=\"elementor-widget-wrap elementor-element-populated\">\n\t\t\t\t\t\t<div class=\"elementor-element elementor-element-65e3778 elementor-widget elementor-widget-text-editor\" data-id=\"65e3778\" data-element_type=\"widget\" data-e-type=\"widget\" data-widget_type=\"text-editor.default\">\n\t\t\t\t<div class=\"elementor-widget-container\">\n\t\t\t\t\t\t\t\t\t<p><span style=\"font-size: 12pt\"><span style=\"font-family: 'Open Sans', Helvetica, Arial, sans-serif;color: #7a0a0a\"><strong>Loredana Trovato \u00a0<\/strong><\/span><span style=\"color: #000000\"><span style=\"font-family: 'Open Sans', Helvetica, Arial, sans-serif\">\u00e8 professoressa Ordinaria di Lingua Francese presso l\u2019Universit\u00e0 di Messina. Dottore di ricerca in francesistica con una tesi su Louis-Ferdinand C\u00e9line, dal 2005 a oggi, ha partecipato, in qualit\u00e0 di relatrice, a oltre 60 convegni in Italia e all\u2019estero, pubblicando per case editrici prestigiose e su riviste di rinomanza internazionale. Molti dei suoi lavori degli ultimi anni sono dedicati allo studio della lingua dei soldati francesi della Grande Guerra nei giornali di trincea, su cui ha pubblicato uno studio monografico, <\/span><\/span><span style=\"font-family: arial, helvetica, sans-serif\"><i>La Grande Guerre \u00e0 travers les journaux de tranch\u00e9es et le parler poilu. Analyse linguistique et textuelle<\/i><\/span><span style=\"color: #000000\"><span style=\"font-family: 'Open Sans', Helvetica, Arial, sans-serif\">, pubblicato per la casa editrice L\u2019Harmattan nel 2020. I suoi ambiti di ricerca principali sono la lingua e la cultura francese del XX secolo, con particolare riferimento alle questioni di sociolinguistica (studio della lingua delle banlieues francesi), di traduttologia (traduzione intersemiotica e TAV), di analisi del discorso istituzionale e di argomentazione retorica.<\/span><\/span><\/span><\/p>\t\t\t\t\t\t\t\t<\/div>\n\t\t\t\t<\/div>\n\t\t\t\t\t<\/div>\n\t\t<\/div>\n\t\t\t\t\t<\/div>\n\t\t<\/section>\n\t\t\t\t\t<\/div>\n\t\t<\/div>\n\t\t\t\t\t<\/div>\n\t\t<\/section>\n\t\t\t\t<section class=\"elementor-section elementor-top-section elementor-element elementor-element-7d7404e elementor-section-boxed elementor-section-height-default elementor-section-height-default\" data-id=\"7d7404e\" data-element_type=\"section\" data-e-type=\"section\">\n\t\t\t\t\t\t<div class=\"elementor-container elementor-column-gap-default\">\n\t\t\t\t\t<div class=\"elementor-column elementor-col-100 elementor-top-column elementor-element elementor-element-f4280b0\" data-id=\"f4280b0\" data-element_type=\"column\" data-e-type=\"column\">\n\t\t\t<div class=\"elementor-widget-wrap elementor-element-populated\">\n\t\t\t\t\t\t<section class=\"elementor-section elementor-inner-section elementor-element elementor-element-fea0393 elementor-section-boxed elementor-section-height-default elementor-section-height-default\" data-id=\"fea0393\" data-element_type=\"section\" data-e-type=\"section\">\n\t\t\t\t\t\t\t<div class=\"elementor-background-overlay\"><\/div>\n\t\t\t\t\t\t\t<div class=\"elementor-container elementor-column-gap-default\">\n\t\t\t\t\t<div class=\"elementor-column elementor-col-50 elementor-inner-column elementor-element elementor-element-80805dc\" data-id=\"80805dc\" data-element_type=\"column\" data-e-type=\"column\">\n\t\t\t<div class=\"elementor-widget-wrap elementor-element-populated\">\n\t\t\t\t\t\t<div class=\"elementor-element elementor-element-d13c301 elementor-widget elementor-widget-image\" data-id=\"d13c301\" data-element_type=\"widget\" data-e-type=\"widget\" data-widget_type=\"image.default\">\n\t\t\t\t<div class=\"elementor-widget-container\">\n\t\t\t\t\t\t\t\t\t\t\t\t\t\t\t<img decoding=\"async\" src=\"https:\/\/portale2.unime.it\/pluralismi\/wp-content\/uploads\/sites\/18\/elementor\/thumbs\/PHOTO-2026-04-02-14-46-15-rmfdz9mjexu3zxnreappx8j2tvvno5kmei8nbchx3k.jpg\" title=\"PHOTO-2026-04-02-14-46-15\" alt=\"PHOTO-2026-04-02-14-46-15\" loading=\"lazy\" \/>\t\t\t\t\t\t\t\t\t\t\t\t\t\t\t<\/div>\n\t\t\t\t<\/div>\n\t\t\t\t\t<\/div>\n\t\t<\/div>\n\t\t\t\t<div class=\"elementor-column elementor-col-50 elementor-inner-column elementor-element elementor-element-47ccd3d\" data-id=\"47ccd3d\" data-element_type=\"column\" data-e-type=\"column\">\n\t\t\t<div class=\"elementor-widget-wrap elementor-element-populated\">\n\t\t\t\t\t\t<div class=\"elementor-element elementor-element-0b92fe9 elementor-widget elementor-widget-text-editor\" data-id=\"0b92fe9\" data-element_type=\"widget\" data-e-type=\"widget\" data-widget_type=\"text-editor.default\">\n\t\t\t\t<div class=\"elementor-widget-container\">\n\t\t\t\t\t\t\t\t\t<p><span style=\"font-size: 12pt\"><span style=\"font-family: 'Open Sans', Helvetica, Arial, sans-serif;color: #7a0a0a\"><strong><span data-olk-copy-source=\"MessageBody\">Elisabetta Tomsi\u010d <\/span><\/strong><\/span><\/span><span style=\"font-size: 12pt\"><span style=\"color: #000000\"><span style=\"font-family: 'Open Sans', Helvetica, Arial, sans-serif\">\u00e8 <span data-olk-copy-source=\"MessageBody\">giornalista RAI, racconta da anni l\u2019Europa dei confini che si incontrano: lingue, identit\u00e0, culture. Attualmente lavora nella redazione del Friuli Venezia Giulia occupandosi di informazione e cultura in contesti bilingui e transfrontalieri. Cura contenuti tra italiano e sloveno, rendendoli rilevanti, pertinenti e significativi per pubblici diversi in Italia e Slovenia.<\/span><\/span><\/span><\/span><\/p>\t\t\t\t\t\t\t\t<\/div>\n\t\t\t\t<\/div>\n\t\t\t\t\t<\/div>\n\t\t<\/div>\n\t\t\t\t\t<\/div>\n\t\t<\/section>\n\t\t\t\t\t<\/div>\n\t\t<\/div>\n\t\t\t\t\t<\/div>\n\t\t<\/section>\n\t\t\t\t<section class=\"elementor-section elementor-top-section elementor-element elementor-element-1d55ce9 elementor-section-boxed elementor-section-height-default elementor-section-height-default\" data-id=\"1d55ce9\" data-element_type=\"section\" data-e-type=\"section\">\n\t\t\t\t\t\t<div class=\"elementor-container elementor-column-gap-default\">\n\t\t\t\t\t<div class=\"elementor-column elementor-col-100 elementor-top-column elementor-element elementor-element-0867b66\" data-id=\"0867b66\" data-element_type=\"column\" data-e-type=\"column\">\n\t\t\t<div class=\"elementor-widget-wrap elementor-element-populated\">\n\t\t\t\t\t\t<section class=\"elementor-section elementor-inner-section elementor-element elementor-element-9042726 elementor-section-boxed elementor-section-height-default elementor-section-height-default\" data-id=\"9042726\" data-element_type=\"section\" data-e-type=\"section\">\n\t\t\t\t\t\t\t<div class=\"elementor-background-overlay\"><\/div>\n\t\t\t\t\t\t\t<div class=\"elementor-container elementor-column-gap-default\">\n\t\t\t\t\t<div class=\"elementor-column elementor-col-50 elementor-inner-column elementor-element elementor-element-522e94b\" data-id=\"522e94b\" data-element_type=\"column\" data-e-type=\"column\">\n\t\t\t<div class=\"elementor-widget-wrap elementor-element-populated\">\n\t\t\t\t\t\t<div class=\"elementor-element elementor-element-b3cf275 elementor-widget elementor-widget-image\" data-id=\"b3cf275\" data-element_type=\"widget\" data-e-type=\"widget\" data-widget_type=\"image.default\">\n\t\t\t\t<div class=\"elementor-widget-container\">\n\t\t\t\t\t\t\t\t\t\t\t\t\t\t\t<img decoding=\"async\" src=\"https:\/\/portale2.unime.it\/pluralismi\/wp-content\/uploads\/sites\/18\/elementor\/thumbs\/AV-ql8zppteqdu76h38kivuzsvr70z6scgbnxtvlg755c.jpg\" title=\"AV\" alt=\"AV\" loading=\"lazy\" \/>\t\t\t\t\t\t\t\t\t\t\t\t\t\t\t<\/div>\n\t\t\t\t<\/div>\n\t\t\t\t\t<\/div>\n\t\t<\/div>\n\t\t\t\t<div class=\"elementor-column elementor-col-50 elementor-inner-column elementor-element elementor-element-f5fe785\" data-id=\"f5fe785\" data-element_type=\"column\" data-e-type=\"column\">\n\t\t\t<div class=\"elementor-widget-wrap elementor-element-populated\">\n\t\t\t\t\t\t<div class=\"elementor-element elementor-element-01c6ff8 elementor-widget elementor-widget-text-editor\" data-id=\"01c6ff8\" data-element_type=\"widget\" data-e-type=\"widget\" data-widget_type=\"text-editor.default\">\n\t\t\t\t<div class=\"elementor-widget-container\">\n\t\t\t\t\t\t\t\t\t<p><span style=\"font-family: arial, helvetica, sans-serif;color: #7a0a0a;font-size: 12pt\"><strong>Anna Vasquez &nbsp;<\/strong><\/span><span style=\"font-size: 12pt;font-family: arial, helvetica, sans-serif\">\u00e8 avvocata e giudice tributario presso le Corti di Giustizia tributaria di Enna, Palermo e Catania, gi\u00e0 docente di Discipline giuridiche ed economiche presso Istituti statali di secondo grado. <\/span><span style=\"font-size: 12pt;font-family: arial, helvetica, sans-serif\">Ha svolto attivit\u00e0 politica e sociale per i diritti delle donne facendo parte di diverse associazioni femminili. <\/span><span style=\"font-size: 12pt;font-family: arial, helvetica, sans-serif\">Ha collaborato per circa otto anni con il giornale \u201cLa Sicilia\u201d ed altre riviste. <\/span><span style=\"font-size: 12pt;font-family: arial, helvetica, sans-serif\">Attraverso il linguaggio letterario del romanzo e della poesia ha rivolto uno sguardo attento alla condizione femminile, avuto riguardo sia all\u2019evoluzione socioeconomica della donna dal dopoguerra ad oggi, sia alle problematiche attinenti alle violenze di genere. <\/span><span style=\"font-size: 12pt;font-family: arial, helvetica, sans-serif\">Le sue pubblicazioni sono: <\/span><\/p>\n<p><span style=\"font-size: 12pt;font-family: arial, helvetica, sans-serif\">Silloge \u201cFiori nel deserto\u201d &#8211; Premio Speciale della Giuria nella XIV Edizione del \u201cPremio Internazionale di Poesia e Letteratura \u201cNuove Lettere\u201d indetto dall\u2019Istituto Italiano di Cultura di Napoli, edito Bertoni 2024;&nbsp;<\/span><\/p>\n<p><span style=\"font-size: 12pt;font-family: arial, helvetica, sans-serif\">Romanzo \u201cLa Quarta finestra\u201d ed. Carthago \u2013 2014. Premio letterario \u201cUrbe Parthenicum\u201d;<\/span><\/p>\n<p style=\"font-weight: 400\"><span style=\"font-size: 12pt;font-family: arial, helvetica, sans-serif\">Racconto inedito \u201cMonaca di casa\u201d. 2015 &#8211; Premio letterario \u201cCerere Henna\u201d;<\/span><\/p>\n<p style=\"font-weight: 400\"><span style=\"font-size: 12pt;font-family: arial, helvetica, sans-serif\">Romanzo \u201cQuei Passi\u201d (2021) &#8211; Premio Clara Sereni, categoria inediti, I edizione;<\/span><\/p>\n<p style=\"font-weight: 400\"><span style=\"font-size: 12pt;font-family: arial, helvetica, sans-serif\">Romanzo \u201cMalacriata\u201d, ed. Bertoni, 2023 &#8211; Premio Letteratura per la Giustizia, II edizione, indetto da Il Dubbio e FAI (Fondazione Avvocatura Italiana).<\/span><\/p>\t\t\t\t\t\t\t\t<\/div>\n\t\t\t\t<\/div>\n\t\t\t\t\t<\/div>\n\t\t<\/div>\n\t\t\t\t\t<\/div>\n\t\t<\/section>\n\t\t\t\t\t<\/div>\n\t\t<\/div>\n\t\t\t\t\t<\/div>\n\t\t<\/section>\n\t\t\t\t<section class=\"elementor-section elementor-top-section elementor-element elementor-element-ed0fb65 elementor-section-boxed elementor-section-height-default elementor-section-height-default\" data-id=\"ed0fb65\" data-element_type=\"section\" data-e-type=\"section\">\n\t\t\t\t\t\t<div class=\"elementor-container elementor-column-gap-default\">\n\t\t\t\t\t<div class=\"elementor-column elementor-col-100 elementor-top-column elementor-element elementor-element-f5d6d7e\" data-id=\"f5d6d7e\" data-element_type=\"column\" data-e-type=\"column\">\n\t\t\t<div class=\"elementor-widget-wrap elementor-element-populated\">\n\t\t\t\t\t\t<section class=\"elementor-section elementor-inner-section elementor-element elementor-element-1f1d111 elementor-section-boxed elementor-section-height-default elementor-section-height-default\" data-id=\"1f1d111\" data-element_type=\"section\" data-e-type=\"section\">\n\t\t\t\t\t\t\t<div class=\"elementor-background-overlay\"><\/div>\n\t\t\t\t\t\t\t<div class=\"elementor-container elementor-column-gap-default\">\n\t\t\t\t\t<div class=\"elementor-column elementor-col-50 elementor-inner-column elementor-element elementor-element-16ec56c\" data-id=\"16ec56c\" data-element_type=\"column\" data-e-type=\"column\">\n\t\t\t<div class=\"elementor-widget-wrap elementor-element-populated\">\n\t\t\t\t\t\t<div class=\"elementor-element elementor-element-ca6f3f7 elementor-widget elementor-widget-image\" data-id=\"ca6f3f7\" data-element_type=\"widget\" data-e-type=\"widget\" data-widget_type=\"image.default\">\n\t\t\t\t<div class=\"elementor-widget-container\">\n\t\t\t\t\t\t\t\t\t\t\t\t\t\t\t<img fetchpriority=\"high\" decoding=\"async\" width=\"512\" height=\"512\" src=\"https:\/\/portale2.unime.it\/pluralismi\/wp-content\/uploads\/sites\/18\/2023\/03\/default-user-image.png\" class=\"attachment-large size-large wp-image-2404\" alt=\"\" srcset=\"https:\/\/portale2.unime.it\/pluralismi\/wp-content\/uploads\/sites\/18\/2023\/03\/default-user-image.png 512w, https:\/\/portale2.unime.it\/pluralismi\/wp-content\/uploads\/sites\/18\/2023\/03\/default-user-image-300x300.png 300w, https:\/\/portale2.unime.it\/pluralismi\/wp-content\/uploads\/sites\/18\/2023\/03\/default-user-image-150x150.png 150w\" sizes=\"(max-width: 512px) 100vw, 512px\" style=\"width:100%;height:100%;max-width:512px\" \/>\t\t\t\t\t\t\t\t\t\t\t\t\t\t\t<\/div>\n\t\t\t\t<\/div>\n\t\t\t\t\t<\/div>\n\t\t<\/div>\n\t\t\t\t<div class=\"elementor-column elementor-col-50 elementor-inner-column elementor-element elementor-element-47bbbb5\" data-id=\"47bbbb5\" data-element_type=\"column\" data-e-type=\"column\">\n\t\t\t<div class=\"elementor-widget-wrap elementor-element-populated\">\n\t\t\t\t\t\t<div class=\"elementor-element elementor-element-f9b66f9 elementor-widget elementor-widget-text-editor\" data-id=\"f9b66f9\" data-element_type=\"widget\" data-e-type=\"widget\" data-widget_type=\"text-editor.default\">\n\t\t\t\t<div class=\"elementor-widget-container\">\n\t\t\t\t\t\t\t\t\t<p><span style=\"font-family: 'Open Sans', Helvetica, Arial, sans-serif;color: #7a0a0a;font-size: 12pt\"><strong>Maria Carolina Vesce \u00a0<\/strong><\/span><span style=\"color: #000000;font-size: 12pt\"><span style=\"font-family: 'Open Sans', Helvetica, Arial, sans-serif\">\u00e8 dottoressa di ricerca in Antropologia e studi storico-linguistici presso l\u2019Universit\u00e0 di Messina. Ha condotto ricerche sul campo in Italia, Samoa e Nuova Zelanda. Interessata ai processi di costruzione delle esperienze di genere non etero-normative si \u00e8 occupata di transgender studies e queer indigenous studies. Pi\u00f9 di recente ha condotto una ricerca post-dottorale sulle politiche e le pratiche di presa in carico di soggettivit\u00e0 transgender richiedenti e titolari di protezione internazionale a Bologna. \u00c8 autrice del volume <em>Altri traniti. Corpi, pratiche, rappresentazioni di femminielli e transessuali<\/em> (Mimesis 2017).<\/span><\/span><\/p>\t\t\t\t\t\t\t\t<\/div>\n\t\t\t\t<\/div>\n\t\t\t\t\t<\/div>\n\t\t<\/div>\n\t\t\t\t\t<\/div>\n\t\t<\/section>\n\t\t\t\t\t<\/div>\n\t\t<\/div>\n\t\t\t\t\t<\/div>\n\t\t<\/section>\n\t\t\t\t<section class=\"elementor-section elementor-top-section elementor-element elementor-element-2b06a491 elementor-section-boxed elementor-section-height-default elementor-section-height-default\" data-id=\"2b06a491\" data-element_type=\"section\" data-e-type=\"section\">\n\t\t\t\t\t\t<div class=\"elementor-container elementor-column-gap-default\">\n\t\t\t\t\t<div class=\"elementor-column elementor-col-100 elementor-top-column elementor-element elementor-element-27d33bcf\" data-id=\"27d33bcf\" data-element_type=\"column\" data-e-type=\"column\">\n\t\t\t<div class=\"elementor-widget-wrap elementor-element-populated\">\n\t\t\t\t\t\t<section class=\"elementor-section elementor-inner-section elementor-element elementor-element-7585f9c6 elementor-section-boxed elementor-section-height-default elementor-section-height-default\" data-id=\"7585f9c6\" data-element_type=\"section\" data-e-type=\"section\">\n\t\t\t\t\t\t\t<div class=\"elementor-background-overlay\"><\/div>\n\t\t\t\t\t\t\t<div class=\"elementor-container elementor-column-gap-default\">\n\t\t\t\t\t<div class=\"elementor-column elementor-col-50 elementor-inner-column elementor-element elementor-element-32ad1167\" data-id=\"32ad1167\" data-element_type=\"column\" data-e-type=\"column\">\n\t\t\t<div class=\"elementor-widget-wrap elementor-element-populated\">\n\t\t\t\t\t\t<div class=\"elementor-element elementor-element-2ef56049 elementor-widget elementor-widget-image\" data-id=\"2ef56049\" data-element_type=\"widget\" data-e-type=\"widget\" data-widget_type=\"image.default\">\n\t\t\t\t<div class=\"elementor-widget-container\">\n\t\t\t\t\t\t\t\t\t\t\t\t\t\t\t<img decoding=\"async\" src=\"https:\/\/portale2.unime.it\/pluralismi\/wp-content\/uploads\/sites\/18\/elementor\/thumbs\/vingelli-q44ugpinvxautb7trp2q6t1gg93pwniso3t4d56rio.jpg\" title=\"vingelli\" alt=\"vingelli\" loading=\"lazy\" \/>\t\t\t\t\t\t\t\t\t\t\t\t\t\t\t<\/div>\n\t\t\t\t<\/div>\n\t\t\t\t\t<\/div>\n\t\t<\/div>\n\t\t\t\t<div class=\"elementor-column elementor-col-50 elementor-inner-column elementor-element elementor-element-3e745685\" data-id=\"3e745685\" data-element_type=\"column\" data-e-type=\"column\">\n\t\t\t<div class=\"elementor-widget-wrap elementor-element-populated\">\n\t\t\t\t\t\t<div class=\"elementor-element elementor-element-2e534705 elementor-widget elementor-widget-text-editor\" data-id=\"2e534705\" data-element_type=\"widget\" data-e-type=\"widget\" data-widget_type=\"text-editor.default\">\n\t\t\t\t<div class=\"elementor-widget-container\">\n\t\t\t\t\t\t\t\t\t<p><span style=\"font-family: 'Open Sans', Helvetica, Arial, sans-serif;color: #7a0a0a;font-size: 12pt\"><strong>Giovanna Vingelli\u00a0 <\/strong><\/span><span style=\"color: #000000;font-size: 12pt\"><span style=\"font-family: 'Open Sans', Helvetica, Arial, sans-serif\">\u00e8 Ricercatrice di Sociologia generale all\u2019Universit\u00e0 della Calabria, dove insegna \u201cGenere e sviluppo\u201d nel Corso di Laurea magistrale in Scienze sociali per lo sviluppo e la cooperazione. Dal 2011 \u00e8 Direttora del Centro Interdipartimentale di Women\u2019s Studies \u201cMilly Villa\u201d dell\u2019Universit\u00e0 della Calabria, e dal 2020 \u00e8 delegata del Rettore alle Pari opportunit\u00e0. Si \u00e8 occupata di politiche di genere, bilanci di genere e innovazione istituzionale, violenza contro le donne. Negli ultimi anni, la sua attivit\u00e0 di ricerca si \u00e8 concentrata sui movimenti femministi italiani e transnazionali, con particolare attenzione ai fenomeni di backlash, populismo e antifemminismo.<\/span><\/span><\/p>\t\t\t\t\t\t\t\t<\/div>\n\t\t\t\t<\/div>\n\t\t\t\t\t<\/div>\n\t\t<\/div>\n\t\t\t\t\t<\/div>\n\t\t<\/section>\n\t\t\t\t\t<\/div>\n\t\t<\/div>\n\t\t\t\t\t<\/div>\n\t\t<\/section>\n\t\t\t\t<section class=\"elementor-section elementor-top-section elementor-element elementor-element-84d8af9 elementor-section-boxed elementor-section-height-default elementor-section-height-default\" data-id=\"84d8af9\" data-element_type=\"section\" data-e-type=\"section\">\n\t\t\t\t\t\t<div class=\"elementor-container elementor-column-gap-default\">\n\t\t\t\t\t<div class=\"elementor-column elementor-col-100 elementor-top-column elementor-element elementor-element-fc8adcd\" data-id=\"fc8adcd\" data-element_type=\"column\" data-e-type=\"column\">\n\t\t\t<div class=\"elementor-widget-wrap elementor-element-populated\">\n\t\t\t\t\t\t<section class=\"elementor-section elementor-inner-section elementor-element elementor-element-39c57f4 elementor-section-boxed elementor-section-height-default elementor-section-height-default\" data-id=\"39c57f4\" data-element_type=\"section\" data-e-type=\"section\">\n\t\t\t\t\t\t\t<div class=\"elementor-background-overlay\"><\/div>\n\t\t\t\t\t\t\t<div class=\"elementor-container elementor-column-gap-default\">\n\t\t\t\t\t<div class=\"elementor-column elementor-col-50 elementor-inner-column elementor-element elementor-element-af3dd1b\" data-id=\"af3dd1b\" data-element_type=\"column\" data-e-type=\"column\">\n\t\t\t<div class=\"elementor-widget-wrap elementor-element-populated\">\n\t\t\t\t\t\t<div class=\"elementor-element elementor-element-1c1374e elementor-widget elementor-widget-image\" data-id=\"1c1374e\" data-element_type=\"widget\" data-e-type=\"widget\" data-widget_type=\"image.default\">\n\t\t\t\t<div class=\"elementor-widget-container\">\n\t\t\t\t\t\t\t\t\t\t\t\t\t\t\t<img decoding=\"async\" src=\"https:\/\/portale2.unime.it\/pluralismi\/wp-content\/uploads\/sites\/18\/elementor\/thumbs\/profile_photo-190-ql5abhbcclxtpult98c4q4oa7wl6dgwpr2sieiisb4.jpg\" title=\"Federico Vitella\" alt=\"Federico Vitella\" loading=\"lazy\" \/>\t\t\t\t\t\t\t\t\t\t\t\t\t\t\t<\/div>\n\t\t\t\t<\/div>\n\t\t\t\t\t<\/div>\n\t\t<\/div>\n\t\t\t\t<div class=\"elementor-column elementor-col-50 elementor-inner-column elementor-element elementor-element-c62eb8b\" data-id=\"c62eb8b\" data-element_type=\"column\" data-e-type=\"column\">\n\t\t\t<div class=\"elementor-widget-wrap elementor-element-populated\">\n\t\t\t\t\t\t<div class=\"elementor-element elementor-element-3b62d24 elementor-widget elementor-widget-text-editor\" data-id=\"3b62d24\" data-element_type=\"widget\" data-e-type=\"widget\" data-widget_type=\"text-editor.default\">\n\t\t\t\t<div class=\"elementor-widget-container\">\n\t\t\t\t\t\t\t\t\t<p><span style=\"font-family: 'Open Sans', Helvetica, Arial, sans-serif;color: #7a0a0a;font-size: 12pt\"><strong>Federico Vitella\u00a0<\/strong><\/span><span style=\"font-family: Calibri, sans-serif;font-size: 12pt\">e\u0300 professore Ordinario presso l\u2019Universita\u0300 di Messina, dove insegna Storia del cinema. Attivo in gruppi di ricerca italiani e stranieri (fra cui HOMER &#8211; History of Moviegoing, Exhibition, and Reception), coordina attualmente il PRIN \u00abIl pollo ruspante. Il cinema e la nuova cultura dei consumi in Italia\u00bb e dirige la rivista scientifica \u00abSchermi. Storie e culture del cinema e dei media in Italia\u00bb (con M. Giori e G. Maina). I suoi interessi riguardano principalmente il rapporto tra cinema e storia, con particolare attenzione per l\u2019economia dei media, le politiche culturali delle istituzioni e i fenomeni divistici degli anni centrali del Novecento. Ha scritto apprezzati volumi sull\u2019opera di Michelangelo Antonioni (<\/span><i style=\"font-family: Calibri, sans-serif;font-size: 12pt\">L\u2019avventura<\/i><span style=\"font-family: Calibri, sans-serif;font-size: 12pt\">, Lindau, 2010), sull\u2019industria cinematografica (<\/span><i style=\"font-family: Calibri, sans-serif;font-size: 12pt\">L\u2019eta\u0300 dello schermo panoramico<\/i><span style=\"font-family: Calibri, sans-serif;font-size: 12pt\">, ETS, 2019), sul rapporto tra tecnologia ed estetica (<\/span><i style=\"font-family: Calibri, sans-serif;font-size: 12pt\">Il montaggio nella storia del cinema<\/i><span style=\"font-family: Calibri, sans-serif;font-size: 12pt\">, Marsilio, 2009 e 2020).<\/span><span style=\"font-family: Calibri, sans-serif;font-size: 12pt\">\u00a0<\/span><i style=\"font-family: Calibri, sans-serif;font-size: 12pt\">Maggiorate. Divismo e celebrita\u0300 nella nuova Italia<\/i><span style=\"font-family: Calibri, sans-serif;font-size: 12pt\">, pubblicato dall\u2019editore Marsilio nella primavera del 2024, e\u0300 il suo ultimo studio monografico.<\/span><\/p>\t\t\t\t\t\t\t\t<\/div>\n\t\t\t\t<\/div>\n\t\t\t\t\t<\/div>\n\t\t<\/div>\n\t\t\t\t\t<\/div>\n\t\t<\/section>\n\t\t\t\t\t<\/div>\n\t\t<\/div>\n\t\t\t\t\t<\/div>\n\t\t<\/section>\n\t\t\t\t<\/div>\n\t\t","protected":false},"excerpt":{"rendered":"<p>RELATRICI E RELATORI I \u00a0&#8211; II &#8211; III &#8211; IV &#8211; V &#8211; VI Edizioni di Pluralismi Donatella Barazzetti \u00e8 Sociologa, gi\u00e0 professoressa Associata di Sociologia generale presso l\u2019Universit\u00e0 della Calabria dove ha insegnato Politiche per le Pari Opportunit\u00e0 e Studi sulla costruzione sociale del genere. Le sue ricerche riguardano la costruzione sociale delle differenze&hellip; <a class=\"more-link\" href=\"https:\/\/portale2.unime.it\/pluralismi\/relatrici-e-relatori\/\">Continua a leggere <span class=\"screen-reader-text\">RELATRICI E RELATORI<\/span><\/a><\/p>\n","protected":false},"author":1,"featured_media":0,"parent":0,"menu_order":0,"comment_status":"closed","ping_status":"closed","template":"elementor_header_footer","meta":{"footnotes":""},"class_list":["post-44","page","type-page","status-publish","hentry","entry"],"yoast_head":"<!-- This site is optimized with the Yoast SEO plugin v27.4 - https:\/\/yoast.com\/product\/yoast-seo-wordpress\/ -->\n<title>RELATRICI E RELATORI - Pluralismi<\/title>\n<meta name=\"robots\" content=\"index, follow, max-snippet:-1, max-image-preview:large, max-video-preview:-1\" \/>\n<link rel=\"canonical\" href=\"https:\/\/portale2.unime.it\/pluralismi\/relatrici-e-relatori\/\" \/>\n<meta property=\"og:locale\" content=\"it_IT\" \/>\n<meta property=\"og:type\" content=\"article\" \/>\n<meta property=\"og:title\" content=\"RELATRICI E RELATORI - Pluralismi\" \/>\n<meta property=\"og:description\" content=\"RELATRICI E RELATORI I \u00a0&#8211; II &#8211; III &#8211; IV &#8211; V &#8211; VI Edizioni di Pluralismi Donatella Barazzetti \u00e8 Sociologa, gi\u00e0 professoressa Associata di Sociologia generale presso l\u2019Universit\u00e0 della Calabria dove ha insegnato Politiche per le Pari Opportunit\u00e0 e Studi sulla costruzione sociale del genere. Le sue ricerche riguardano la costruzione sociale delle differenze&hellip; Continua a leggere RELATRICI E RELATORI\" \/>\n<meta property=\"og:url\" content=\"https:\/\/portale2.unime.it\/pluralismi\/relatrici-e-relatori\/\" \/>\n<meta property=\"og:site_name\" content=\"Pluralismi\" \/>\n<meta property=\"article:modified_time\" content=\"2026-04-23T10:53:52+00:00\" \/>\n<meta property=\"og:image\" content=\"https:\/\/portale2.unime.it\/pluralismi\/wp-content\/uploads\/sites\/18\/elementor\/thumbs\/barazzetti-q44ugpinvxautb7trp2q6t1gg93pwniso3t4d56rio.jpg\" \/>\n<meta name=\"twitter:card\" content=\"summary_large_image\" \/>\n<meta name=\"twitter:label1\" content=\"Tempo di lettura stimato\" \/>\n\t<meta name=\"twitter:data1\" content=\"60 minuti\" \/>\n<script type=\"application\/ld+json\" class=\"yoast-schema-graph\">{\"@context\":\"https:\\\/\\\/schema.org\",\"@graph\":[{\"@type\":\"WebPage\",\"@id\":\"https:\\\/\\\/portale2.unime.it\\\/pluralismi\\\/relatrici-e-relatori\\\/\",\"url\":\"https:\\\/\\\/portale2.unime.it\\\/pluralismi\\\/relatrici-e-relatori\\\/\",\"name\":\"RELATRICI E RELATORI - Pluralismi\",\"isPartOf\":{\"@id\":\"https:\\\/\\\/pluralismi.unime.it\\\/#website\"},\"primaryImageOfPage\":{\"@id\":\"https:\\\/\\\/portale2.unime.it\\\/pluralismi\\\/relatrici-e-relatori\\\/#primaryimage\"},\"image\":{\"@id\":\"https:\\\/\\\/portale2.unime.it\\\/pluralismi\\\/relatrici-e-relatori\\\/#primaryimage\"},\"thumbnailUrl\":\"https:\\\/\\\/portale2.unime.it\\\/pluralismi\\\/wp-content\\\/uploads\\\/sites\\\/18\\\/elementor\\\/thumbs\\\/barazzetti-q44ugpinvxautb7trp2q6t1gg93pwniso3t4d56rio.jpg\",\"datePublished\":\"2021-05-04T06:16:53+00:00\",\"dateModified\":\"2026-04-23T10:53:52+00:00\",\"breadcrumb\":{\"@id\":\"https:\\\/\\\/portale2.unime.it\\\/pluralismi\\\/relatrici-e-relatori\\\/#breadcrumb\"},\"inLanguage\":\"it-IT\",\"potentialAction\":[{\"@type\":\"ReadAction\",\"target\":[\"https:\\\/\\\/portale2.unime.it\\\/pluralismi\\\/relatrici-e-relatori\\\/\"]}]},{\"@type\":\"ImageObject\",\"inLanguage\":\"it-IT\",\"@id\":\"https:\\\/\\\/portale2.unime.it\\\/pluralismi\\\/relatrici-e-relatori\\\/#primaryimage\",\"url\":\"https:\\\/\\\/portale2.unime.it\\\/pluralismi\\\/wp-content\\\/uploads\\\/sites\\\/18\\\/elementor\\\/thumbs\\\/barazzetti-q44ugpinvxautb7trp2q6t1gg93pwniso3t4d56rio.jpg\",\"contentUrl\":\"https:\\\/\\\/portale2.unime.it\\\/pluralismi\\\/wp-content\\\/uploads\\\/sites\\\/18\\\/elementor\\\/thumbs\\\/barazzetti-q44ugpinvxautb7trp2q6t1gg93pwniso3t4d56rio.jpg\"},{\"@type\":\"BreadcrumbList\",\"@id\":\"https:\\\/\\\/portale2.unime.it\\\/pluralismi\\\/relatrici-e-relatori\\\/#breadcrumb\",\"itemListElement\":[{\"@type\":\"ListItem\",\"position\":1,\"name\":\"Home\",\"item\":\"https:\\\/\\\/portale2.unime.it\\\/pluralismi\\\/\"},{\"@type\":\"ListItem\",\"position\":2,\"name\":\"RELATRICI E RELATORI\"}]},{\"@type\":\"WebSite\",\"@id\":\"https:\\\/\\\/pluralismi.unime.it\\\/#website\",\"url\":\"https:\\\/\\\/pluralismi.unime.it\\\/\",\"name\":\"Pluralismi\",\"description\":\"\",\"publisher\":{\"@id\":\"https:\\\/\\\/pluralismi.unime.it\\\/#organization\"},\"potentialAction\":[{\"@type\":\"SearchAction\",\"target\":{\"@type\":\"EntryPoint\",\"urlTemplate\":\"https:\\\/\\\/pluralismi.unime.it\\\/?s={search_term_string}\"},\"query-input\":{\"@type\":\"PropertyValueSpecification\",\"valueRequired\":true,\"valueName\":\"search_term_string\"}}],\"inLanguage\":\"it-IT\"},{\"@type\":\"Organization\",\"@id\":\"https:\\\/\\\/pluralismi.unime.it\\\/#organization\",\"name\":\"Pluralismi\",\"url\":\"https:\\\/\\\/pluralismi.unime.it\\\/\",\"logo\":{\"@type\":\"ImageObject\",\"inLanguage\":\"it-IT\",\"@id\":\"https:\\\/\\\/pluralismi.unime.it\\\/#\\\/schema\\\/logo\\\/image\\\/\",\"url\":\"https:\\\/\\\/portale2.unime.it\\\/pluralismi\\\/wp-content\\\/uploads\\\/sites\\\/18\\\/2023\\\/04\\\/logo-pluralismi.png\",\"contentUrl\":\"https:\\\/\\\/portale2.unime.it\\\/pluralismi\\\/wp-content\\\/uploads\\\/sites\\\/18\\\/2023\\\/04\\\/logo-pluralismi.png\",\"width\":386,\"height\":124,\"caption\":\"Pluralismi\"},\"image\":{\"@id\":\"https:\\\/\\\/pluralismi.unime.it\\\/#\\\/schema\\\/logo\\\/image\\\/\"}}]}<\/script>\n<!-- \/ Yoast SEO plugin. -->","yoast_head_json":{"title":"RELATRICI E RELATORI - Pluralismi","robots":{"index":"index","follow":"follow","max-snippet":"max-snippet:-1","max-image-preview":"max-image-preview:large","max-video-preview":"max-video-preview:-1"},"canonical":"https:\/\/portale2.unime.it\/pluralismi\/relatrici-e-relatori\/","og_locale":"it_IT","og_type":"article","og_title":"RELATRICI E RELATORI - Pluralismi","og_description":"RELATRICI E RELATORI I \u00a0&#8211; II &#8211; III &#8211; IV &#8211; V &#8211; VI Edizioni di Pluralismi Donatella Barazzetti \u00e8 Sociologa, gi\u00e0 professoressa Associata di Sociologia generale presso l\u2019Universit\u00e0 della Calabria dove ha insegnato Politiche per le Pari Opportunit\u00e0 e Studi sulla costruzione sociale del genere. Le sue ricerche riguardano la costruzione sociale delle differenze&hellip; Continua a leggere RELATRICI E RELATORI","og_url":"https:\/\/portale2.unime.it\/pluralismi\/relatrici-e-relatori\/","og_site_name":"Pluralismi","article_modified_time":"2026-04-23T10:53:52+00:00","og_image":[{"url":"https:\/\/portale2.unime.it\/pluralismi\/wp-content\/uploads\/sites\/18\/elementor\/thumbs\/barazzetti-q44ugpinvxautb7trp2q6t1gg93pwniso3t4d56rio.jpg","type":"","width":"","height":""}],"twitter_card":"summary_large_image","twitter_misc":{"Tempo di lettura stimato":"60 minuti"},"schema":{"@context":"https:\/\/schema.org","@graph":[{"@type":"WebPage","@id":"https:\/\/portale2.unime.it\/pluralismi\/relatrici-e-relatori\/","url":"https:\/\/portale2.unime.it\/pluralismi\/relatrici-e-relatori\/","name":"RELATRICI E RELATORI - Pluralismi","isPartOf":{"@id":"https:\/\/pluralismi.unime.it\/#website"},"primaryImageOfPage":{"@id":"https:\/\/portale2.unime.it\/pluralismi\/relatrici-e-relatori\/#primaryimage"},"image":{"@id":"https:\/\/portale2.unime.it\/pluralismi\/relatrici-e-relatori\/#primaryimage"},"thumbnailUrl":"https:\/\/portale2.unime.it\/pluralismi\/wp-content\/uploads\/sites\/18\/elementor\/thumbs\/barazzetti-q44ugpinvxautb7trp2q6t1gg93pwniso3t4d56rio.jpg","datePublished":"2021-05-04T06:16:53+00:00","dateModified":"2026-04-23T10:53:52+00:00","breadcrumb":{"@id":"https:\/\/portale2.unime.it\/pluralismi\/relatrici-e-relatori\/#breadcrumb"},"inLanguage":"it-IT","potentialAction":[{"@type":"ReadAction","target":["https:\/\/portale2.unime.it\/pluralismi\/relatrici-e-relatori\/"]}]},{"@type":"ImageObject","inLanguage":"it-IT","@id":"https:\/\/portale2.unime.it\/pluralismi\/relatrici-e-relatori\/#primaryimage","url":"https:\/\/portale2.unime.it\/pluralismi\/wp-content\/uploads\/sites\/18\/elementor\/thumbs\/barazzetti-q44ugpinvxautb7trp2q6t1gg93pwniso3t4d56rio.jpg","contentUrl":"https:\/\/portale2.unime.it\/pluralismi\/wp-content\/uploads\/sites\/18\/elementor\/thumbs\/barazzetti-q44ugpinvxautb7trp2q6t1gg93pwniso3t4d56rio.jpg"},{"@type":"BreadcrumbList","@id":"https:\/\/portale2.unime.it\/pluralismi\/relatrici-e-relatori\/#breadcrumb","itemListElement":[{"@type":"ListItem","position":1,"name":"Home","item":"https:\/\/portale2.unime.it\/pluralismi\/"},{"@type":"ListItem","position":2,"name":"RELATRICI E RELATORI"}]},{"@type":"WebSite","@id":"https:\/\/pluralismi.unime.it\/#website","url":"https:\/\/pluralismi.unime.it\/","name":"Pluralismi","description":"","publisher":{"@id":"https:\/\/pluralismi.unime.it\/#organization"},"potentialAction":[{"@type":"SearchAction","target":{"@type":"EntryPoint","urlTemplate":"https:\/\/pluralismi.unime.it\/?s={search_term_string}"},"query-input":{"@type":"PropertyValueSpecification","valueRequired":true,"valueName":"search_term_string"}}],"inLanguage":"it-IT"},{"@type":"Organization","@id":"https:\/\/pluralismi.unime.it\/#organization","name":"Pluralismi","url":"https:\/\/pluralismi.unime.it\/","logo":{"@type":"ImageObject","inLanguage":"it-IT","@id":"https:\/\/pluralismi.unime.it\/#\/schema\/logo\/image\/","url":"https:\/\/portale2.unime.it\/pluralismi\/wp-content\/uploads\/sites\/18\/2023\/04\/logo-pluralismi.png","contentUrl":"https:\/\/portale2.unime.it\/pluralismi\/wp-content\/uploads\/sites\/18\/2023\/04\/logo-pluralismi.png","width":386,"height":124,"caption":"Pluralismi"},"image":{"@id":"https:\/\/pluralismi.unime.it\/#\/schema\/logo\/image\/"}}]}},"_links":{"self":[{"href":"https:\/\/portale2.unime.it\/pluralismi\/wp-json\/wp\/v2\/pages\/44","targetHints":{"allow":["GET"]}}],"collection":[{"href":"https:\/\/portale2.unime.it\/pluralismi\/wp-json\/wp\/v2\/pages"}],"about":[{"href":"https:\/\/portale2.unime.it\/pluralismi\/wp-json\/wp\/v2\/types\/page"}],"author":[{"embeddable":true,"href":"https:\/\/portale2.unime.it\/pluralismi\/wp-json\/wp\/v2\/users\/1"}],"replies":[{"embeddable":true,"href":"https:\/\/portale2.unime.it\/pluralismi\/wp-json\/wp\/v2\/comments?post=44"}],"version-history":[{"count":206,"href":"https:\/\/portale2.unime.it\/pluralismi\/wp-json\/wp\/v2\/pages\/44\/revisions"}],"predecessor-version":[{"id":3710,"href":"https:\/\/portale2.unime.it\/pluralismi\/wp-json\/wp\/v2\/pages\/44\/revisions\/3710"}],"wp:attachment":[{"href":"https:\/\/portale2.unime.it\/pluralismi\/wp-json\/wp\/v2\/media?parent=44"}],"curies":[{"name":"wp","href":"https:\/\/api.w.org\/{rel}","templated":true}]}}