{"id":663,"date":"2021-05-04T08:13:00","date_gmt":"2021-05-04T06:13:00","guid":{"rendered":"https:\/\/portale.unime.it\/modellopersona\/?page_id=27"},"modified":"2026-04-02T14:11:40","modified_gmt":"2026-04-02T12:11:40","slug":"presentazione-2","status":"publish","type":"page","link":"https:\/\/portale2.unime.it\/pluralismi\/presentazione-2\/","title":{"rendered":"Presentazione"},"content":{"rendered":"\t\t<div data-elementor-type=\"wp-page\" data-elementor-id=\"663\" class=\"elementor elementor-663\">\n\t\t\t\t\t\t<section class=\"elementor-section elementor-top-section elementor-element elementor-element-45bcde1 elementor-section-boxed elementor-section-height-default elementor-section-height-default\" data-id=\"45bcde1\" data-element_type=\"section\" data-e-type=\"section\">\n\t\t\t\t\t\t<div class=\"elementor-container elementor-column-gap-default\">\n\t\t\t\t\t<div class=\"elementor-column elementor-col-100 elementor-top-column elementor-element elementor-element-2bfb3f6\" data-id=\"2bfb3f6\" data-element_type=\"column\" data-e-type=\"column\">\n\t\t\t<div class=\"elementor-widget-wrap\">\n\t\t\t\t\t\t\t<\/div>\n\t\t<\/div>\n\t\t\t\t\t<\/div>\n\t\t<\/section>\n\t\t\t\t<section class=\"elementor-section elementor-top-section elementor-element elementor-element-ac14e0b elementor-section-boxed elementor-section-height-default elementor-section-height-default\" data-id=\"ac14e0b\" data-element_type=\"section\" data-e-type=\"section\">\n\t\t\t\t\t\t<div class=\"elementor-container elementor-column-gap-default\">\n\t\t\t\t\t<div class=\"elementor-column elementor-col-100 elementor-top-column elementor-element elementor-element-1c0dd24\" data-id=\"1c0dd24\" data-element_type=\"column\" data-e-type=\"column\">\n\t\t\t<div class=\"elementor-widget-wrap elementor-element-populated\">\n\t\t\t\t\t\t<div class=\"elementor-element elementor-element-c3d06ae elementor-widget elementor-widget-spacer\" data-id=\"c3d06ae\" data-element_type=\"widget\" data-e-type=\"widget\" data-widget_type=\"spacer.default\">\n\t\t\t\t<div class=\"elementor-widget-container\">\n\t\t\t\t\t\t\t<div class=\"elementor-spacer\">\n\t\t\t<div class=\"elementor-spacer-inner\"><\/div>\n\t\t<\/div>\n\t\t\t\t\t\t<\/div>\n\t\t\t\t<\/div>\n\t\t\t\t\t<\/div>\n\t\t<\/div>\n\t\t\t\t\t<\/div>\n\t\t<\/section>\n\t\t\t\t<section class=\"elementor-section elementor-top-section elementor-element elementor-element-07eee5b elementor-section-boxed elementor-section-height-default elementor-section-height-default\" data-id=\"07eee5b\" data-element_type=\"section\" data-e-type=\"section\" data-settings=\"{&quot;background_background&quot;:&quot;classic&quot;}\">\n\t\t\t\t\t\t\t<div class=\"elementor-background-overlay\"><\/div>\n\t\t\t\t\t\t\t<div class=\"elementor-container elementor-column-gap-default\">\n\t\t\t\t\t<div class=\"elementor-column elementor-col-100 elementor-top-column elementor-element elementor-element-626be93\" data-id=\"626be93\" data-element_type=\"column\" data-e-type=\"column\">\n\t\t\t<div class=\"elementor-widget-wrap elementor-element-populated\">\n\t\t\t\t\t\t<div class=\"elementor-element elementor-element-2361faa elementor-invisible elementor-widget elementor-widget-heading\" data-id=\"2361faa\" data-element_type=\"widget\" data-e-type=\"widget\" data-settings=\"{&quot;_animation&quot;:&quot;fadeInDown&quot;}\" data-widget_type=\"heading.default\">\n\t\t\t\t<div class=\"elementor-widget-container\">\n\t\t\t\t\t<h2 class=\"elementor-heading-title elementor-size-default\"><br><br>   PRESENTAZIONE<br><br><br><\/h2>\t\t\t\t<\/div>\n\t\t\t\t<\/div>\n\t\t\t\t\t<\/div>\n\t\t<\/div>\n\t\t\t\t\t<\/div>\n\t\t<\/section>\n\t\t\t\t<section class=\"elementor-section elementor-top-section elementor-element elementor-element-339a131 elementor-section-boxed elementor-section-height-default elementor-section-height-default\" data-id=\"339a131\" data-element_type=\"section\" data-e-type=\"section\">\n\t\t\t\t\t\t<div class=\"elementor-container elementor-column-gap-default\">\n\t\t\t\t\t<div class=\"elementor-column elementor-col-50 elementor-top-column elementor-element elementor-element-8307e3d\" data-id=\"8307e3d\" data-element_type=\"column\" data-e-type=\"column\">\n\t\t\t<div class=\"elementor-widget-wrap elementor-element-populated\">\n\t\t\t\t\t\t<div class=\"elementor-element elementor-element-d3c4ecc elementor-invisible elementor-widget elementor-widget-image\" data-id=\"d3c4ecc\" data-element_type=\"widget\" data-e-type=\"widget\" data-settings=\"{&quot;_animation&quot;:&quot;fadeInLeft&quot;}\" data-widget_type=\"image.default\">\n\t\t\t\t<div class=\"elementor-widget-container\">\n\t\t\t\t\t\t\t\t\t\t\t\t\t\t\t<img decoding=\"async\" width=\"150\" height=\"150\" src=\"https:\/\/portale2.unime.it\/pluralismi\/wp-content\/uploads\/sites\/18\/2024\/02\/Screenshot-2024-02-27-alle-11.37.08-150x150.png\" class=\"attachment-thumbnail size-thumbnail wp-image-3002\" alt=\"\" style=\"width:100%;height:127.76%;max-width:1578px\" \/>\t\t\t\t\t\t\t\t\t\t\t\t\t\t\t<\/div>\n\t\t\t\t<\/div>\n\t\t\t\t\t<\/div>\n\t\t<\/div>\n\t\t\t\t<div class=\"elementor-column elementor-col-50 elementor-top-column elementor-element elementor-element-91a52f8 elementor-invisible\" data-id=\"91a52f8\" data-element_type=\"column\" data-e-type=\"column\" data-settings=\"{&quot;animation&quot;:&quot;fadeInRight&quot;}\">\n\t\t\t<div class=\"elementor-widget-wrap elementor-element-populated\">\n\t\t\t\t\t\t<div class=\"elementor-element elementor-element-deb1df3 elementor-widget elementor-widget-text-editor\" data-id=\"deb1df3\" data-element_type=\"widget\" data-e-type=\"widget\" data-widget_type=\"text-editor.default\">\n\t\t\t\t<div class=\"elementor-widget-container\">\n\t\t\t\t\t\t\t\t\t<p><span style=\"font-size: 10pt\"><strong>Gr<span style=\"font-size: 10pt\">uppo di Ricerca<\/span><\/strong><\/span><\/p><p><span style=\"font-size: 10pt\"><strong>Pluralismi\u00a0<br \/><\/strong><strong>Riflessioni su corpi, politiche, rappresentazioni di genere<\/strong><\/span><br \/><span style=\"font-size: 10pt\"><strong>VI ciclo di seminari interdisciplinari\u202f<\/strong><\/span><\/p><p><span style=\"font-size: 10pt\">L\u2019iniziativa nasce all\u2019interno della\u00a0<em>mission<\/em>\u00a0del<\/span><a href=\"https:\/\/cospecs.unime.it\/it\" target=\"_blank\" rel=\"noopener\">\u00a0Dipartimento di Scienze Cognitive, Psicologiche, Pedagogiche e Studi Culturali<\/a><span style=\"font-size: 10pt\">\u00a0dell\u2019\u00a0<a href=\"https:\/\/www.unime.it\">Universit\u00e0 degli Studi di \u00a0Messina<\/a>,\u00a0in linea con la particolare attenzione dell\u2019 Ateneo alle questioni di genere, unitamente alla scelta del\u00a0<a href=\"https:\/\/www.unime.it\/cug\" target=\"_blank\" rel=\"noopener\">Comitato Unico di Garanzia\u00a0<\/a>di comporre un pi\u00f9 ampio coinvolgimento dei Dipartimenti. La prima edizione del ciclo di seminari sul tema dal titolo\u00a0<span style=\"color: #871010\">\u201cPluralismi. Riflessioni su corpi, politiche e rappresentazioni di genere\u201d <\/span>nasce<span style=\"color: #871010\">\u00a0<span style=\"color: #333333\">nell\u2019anno 2020-21.<\/span><\/span><\/span><\/p><p><span style=\"font-size: 10pt\"><span style=\"color: #871010\"><span style=\"color: #333333\">Nella sezione del sito &#8220;<\/span><\/span><span style=\"color: #333333\">edizioni&#8221; \u00e8 possibile visualizzare tutte le attivit\u00e0 gi\u00e0 svolte\u00a0<\/span><span style=\"font-family: var( --e-global-typography-text-font-family ), Sans-serif;color: #333333\">( <a href=\"https:\/\/portale2.unime.it\/pluralismi\/edizione-2021\/\">I Edizione 2021<\/a> &#8211; <a href=\"https:\/\/portale2.unime.it\/pluralismi\/edizione-2022\/\">II Edizione 2022<\/a>\u00a0&#8211;\u00a0<\/span><a style=\"font-family: var( --e-global-typography-text-font-family ), Sans-serif\" href=\"https:\/\/pluralismi.unime.it\/edizione-2023\/\">III Edizione 2023<\/a><span style=\"font-family: var( --e-global-typography-text-font-family ), Sans-serif;color: #333333\">\u00a0&#8211; <a href=\"https:\/\/pluralismi.unime.it\/2024-2\/\">IV Edizione 2024<\/a>\u00a0&#8211;\u00a0<\/span><a href=\"https:\/\/pluralismi.unime.it\/2025-2\/\" target=\"_blank\" rel=\"noopener\">V Edizione<\/a><span style=\"font-family: var( --e-global-typography-text-font-family ), Sans-serif;color: #333333\">).<\/span><\/span><\/p>\t\t\t\t\t\t\t\t<\/div>\n\t\t\t\t<\/div>\n\t\t\t\t\t<\/div>\n\t\t<\/div>\n\t\t\t\t\t<\/div>\n\t\t<\/section>\n\t\t\t\t<section class=\"elementor-section elementor-top-section elementor-element elementor-element-7c1c4f1 elementor-section-boxed elementor-section-height-default elementor-section-height-default\" data-id=\"7c1c4f1\" data-element_type=\"section\" data-e-type=\"section\">\n\t\t\t\t\t\t<div class=\"elementor-container elementor-column-gap-default\">\n\t\t\t\t\t<div class=\"elementor-column elementor-col-100 elementor-top-column elementor-element elementor-element-e91344f\" data-id=\"e91344f\" data-element_type=\"column\" data-e-type=\"column\">\n\t\t\t<div class=\"elementor-widget-wrap elementor-element-populated\">\n\t\t\t\t\t\t<div class=\"elementor-element elementor-element-0cc8f6c elementor-widget__width-initial elementor-widget elementor-widget-text-editor\" data-id=\"0cc8f6c\" data-element_type=\"widget\" data-e-type=\"widget\" data-widget_type=\"text-editor.default\">\n\t\t\t\t<div class=\"elementor-widget-container\">\n\t\t\t\t\t\t\t\t\t<p><span style=\"font-size: 10pt\">Il percorso proposto si caratterizza per la sua cifra marcatamente interdisciplinare e si propone di coniugare e favorire le integrazioni di approcci differenti, provenienti da diverse discipline scientifiche, a partire da quelle relative alle scienze cognitive e ai cultural studies che distinguono il COSPECS e le sue attivit\u00e0 di ricerca.<\/span><\/p>\n<p><span style=\"font-size: 10pt\">Le riflessioni, sono suddivise in tre aree tematiche generali che indagano tre dimensioni strettamente interconnesse: politica, comunicativa e cognitiva. L\u2019intento del ciclo di seminari \u00e8 dare voce, restituendo peso e valore, alla pluralit\u00e0 e alla complessit\u00e0 della realt\u00e0 dei generi, dei corpi e delle identit\u00e0 plurali.<\/span><\/p>\n<p><span style=\"font-size: 10pt\">A fianco del percorso cos\u00ec strutturato, sono previste altre iniziative e attivit\u00e0 scientifiche (presentazioni di libri, proiezioni, mostre, ecc.).<\/span><\/p>\n<p><span style=\"font-size: 10pt\">La partecipazione agli incontri \u00e8 aperta a tutte e tutti (previa iscrizione via mail).<\/span><\/p>\n<p><span style=\"font-size: 10pt\">I seminari si svolgono in presenza o on-line sulla piattaforma Microsoft Teams dell\u2019Universit\u00e0 degli Studi di Messina e hanno la durata di circa 2 ore.<\/span><\/p>\n<p><span style=\"font-size: 10pt;color: var( --e-global-color-text );font-family: var( --e-global-typography-text-font-family ), Sans-serif;background-color: var(--global--color-background)\">___________________________<br><strong><span style=\"color: #808080\"><em>Partner:<\/em><\/span><\/strong><\/span><\/p>\n<p><span style=\"font-size: 10pt\"><a href=\"https:\/\/scipol.unipg.it\/home\/eventi\/2610-dieci-anni-di-idg-intersezioni-di-genere-bilanci-e-prospettive-ii-sem-calendario-dei-seminari\">Gruppo di Ricerca IDG-Intersezioni di genere (Dipartimento di Scienze Politiche &#8211; Universit\u00e0 di Perugia)<\/a><\/span><\/p>\n<p><span style=\"font-size: 10pt\"><a href=\"https:\/\/sites.google.com\/view\/millyvilla\/home?authuser=0\">Centro di Ricerca Interdipartimentale Women&#8217;s Studies &#8220;Milly Villa&#8221; (Universit\u00e0 della Calabria<\/a>)<\/span><\/p>\n<p><span style=\"font-size: 10pt\"><a href=\"https:\/\/www.unipa.it\/dipartimenti\/cultureesocieta\/laboratorio-interdisciplinare-di-ricerca-su-corpi-diritti-conflitti\/\">Laboratorio Interdisciplinare di ricerca su Corpi, Diritti, Conflitti (Universit\u00e0 di Palermo)<\/a><\/span><\/p>\n<p><span style=\"font-size: 10pt\"><a href=\"https:\/\/postoccupato.org\">Posto Occupato<\/a><\/span><\/p>\n<p><span style=\"font-size: 10pt\"><em><span style=\"color: #808080\"><strong>Organizzato con:<\/strong><\/span><\/em><\/span><\/p>\n<p><span style=\"font-size: 10pt\"><a href=\"https:\/\/www.unime.it\/cug\">Comitato Unico di Garanzia UNIME<\/a><\/span><\/p>\n<p><span style=\"font-size: 10pt\"><a style=\"font-family: var( --e-global-typography-text-font-family ), Sans-serif\" href=\"https:\/\/scienze-cognitive.phd.unime.it\/it\">Dottorato di Ricerca in Scienze Cognitive (Universit\u00e0 di Messina)<\/a><\/span><\/p>\n<p><span style=\"font-size: 10pt\">___________________________<\/span><\/p>\n<p><span style=\"font-size: 10pt\">Il Ciclo di seminari \u00e8 stato organizzato nel rispetto delle&nbsp;<a href=\"http:\/\/portale.unime.it\/convegnoaispolitica2020\/files\/2020\/07\/Linee-guida.pdf\">Linee guida<\/a>&nbsp;per promuovere l\u2019equilibrio tra i generi negli eventi scientifici della&nbsp;<a href=\"http:\/\/www.cpouniversita.it\/\">Conferenza nazionale degli Organismi di Parit\u00e0 delle Universit\u00e0 italiane<\/a><\/span><\/p>\t\t\t\t\t\t\t\t<\/div>\n\t\t\t\t<\/div>\n\t\t\t\t\t<\/div>\n\t\t<\/div>\n\t\t\t\t\t<\/div>\n\t\t<\/section>\n\t\t\t\t<section class=\"elementor-section elementor-top-section elementor-element elementor-element-6adc3b6 elementor-section-boxed elementor-section-height-default elementor-section-height-default\" data-id=\"6adc3b6\" data-element_type=\"section\" data-e-type=\"section\">\n\t\t\t\t\t\t<div class=\"elementor-container elementor-column-gap-default\">\n\t\t\t\t\t<div class=\"elementor-column elementor-col-100 elementor-top-column elementor-element elementor-element-fae8528\" data-id=\"fae8528\" data-element_type=\"column\" data-e-type=\"column\">\n\t\t\t<div class=\"elementor-widget-wrap elementor-element-populated\">\n\t\t\t\t\t\t<div class=\"elementor-element elementor-element-a13d1e8 elementor-widget elementor-widget-image\" data-id=\"a13d1e8\" data-element_type=\"widget\" data-e-type=\"widget\" data-widget_type=\"image.default\">\n\t\t\t\t<div class=\"elementor-widget-container\">\n\t\t\t\t\t\t\t\t\t\t\t\t\t\t\t\t<a href=\"https:\/\/www.mimesisedizioni.it\/libro\/9788857590059\" target=\"_blank\">\n\t\t\t\t\t\t\t<img fetchpriority=\"high\" decoding=\"async\" width=\"313\" height=\"450\" src=\"https:\/\/portale2.unime.it\/pluralismi\/wp-content\/uploads\/sites\/18\/2025\/03\/shopping-1.jpeg\" class=\"attachment-large size-large wp-image-3474\" alt=\"\" srcset=\"https:\/\/portale2.unime.it\/pluralismi\/wp-content\/uploads\/sites\/18\/2025\/03\/shopping-1.jpeg 313w, https:\/\/portale2.unime.it\/pluralismi\/wp-content\/uploads\/sites\/18\/2025\/03\/shopping-1-209x300.jpeg 209w\" sizes=\"(max-width: 313px) 100vw, 313px\" style=\"width:100%;height:143.77%;max-width:313px\" \/>\t\t\t\t\t\t\t\t<\/a>\n\t\t\t\t\t\t\t\t\t\t\t\t\t\t\t<\/div>\n\t\t\t\t<\/div>\n\t\t\t\t\t<\/div>\n\t\t<\/div>\n\t\t\t\t\t<\/div>\n\t\t<\/section>\n\t\t\t\t<section class=\"elementor-section elementor-top-section elementor-element elementor-element-aa1a824 elementor-section-boxed elementor-section-height-default elementor-section-height-default\" data-id=\"aa1a824\" data-element_type=\"section\" data-e-type=\"section\">\n\t\t\t\t\t\t<div class=\"elementor-container elementor-column-gap-default\">\n\t\t\t\t\t<div class=\"elementor-column elementor-col-100 elementor-top-column elementor-element elementor-element-b519a37\" data-id=\"b519a37\" data-element_type=\"column\" data-e-type=\"column\">\n\t\t\t<div class=\"elementor-widget-wrap elementor-element-populated\">\n\t\t\t\t\t\t<div class=\"elementor-element elementor-element-d19294c elementor-widget elementor-widget-heading\" data-id=\"d19294c\" data-element_type=\"widget\" data-e-type=\"widget\" data-widget_type=\"heading.default\">\n\t\t\t\t<div class=\"elementor-widget-container\">\n\t\t\t\t\t<h3 class=\"elementor-heading-title elementor-size-default\">UN PO' DI NUMERI<\/h3>\t\t\t\t<\/div>\n\t\t\t\t<\/div>\n\t\t\t\t\t<\/div>\n\t\t<\/div>\n\t\t\t\t\t<\/div>\n\t\t<\/section>\n\t\t\t\t<section class=\"elementor-section elementor-top-section elementor-element elementor-element-637223e elementor-section-boxed elementor-section-height-default elementor-section-height-default\" data-id=\"637223e\" data-element_type=\"section\" data-e-type=\"section\">\n\t\t\t\t\t\t<div class=\"elementor-container elementor-column-gap-default\">\n\t\t\t\t\t<div class=\"elementor-column elementor-col-33 elementor-top-column elementor-element elementor-element-9a72a37\" data-id=\"9a72a37\" data-element_type=\"column\" data-e-type=\"column\">\n\t\t\t<div class=\"elementor-widget-wrap elementor-element-populated\">\n\t\t\t\t\t\t<div class=\"elementor-element elementor-element-97048ad elementor-widget elementor-widget-counter\" data-id=\"97048ad\" data-element_type=\"widget\" data-e-type=\"widget\" data-widget_type=\"counter.default\">\n\t\t\t\t<div class=\"elementor-widget-container\">\n\t\t\t\t\t\t\t<div class=\"elementor-counter\">\n\t\t\t<div class=\"elementor-counter-title\">Relatrici e relatori<\/div>\t\t\t<div class=\"elementor-counter-number-wrapper\">\n\t\t\t\t<span class=\"elementor-counter-number-prefix\"><\/span>\n\t\t\t\t<span class=\"elementor-counter-number\" data-duration=\"2000\" data-to-value=\"57\" data-from-value=\"0\" data-delimiter=\",\">0<\/span>\n\t\t\t\t<span class=\"elementor-counter-number-suffix\"><\/span>\n\t\t\t<\/div>\n\t\t<\/div>\n\t\t\t\t\t\t<\/div>\n\t\t\t\t<\/div>\n\t\t\t\t\t<\/div>\n\t\t<\/div>\n\t\t\t\t<div class=\"elementor-column elementor-col-33 elementor-top-column elementor-element elementor-element-43d49a9\" data-id=\"43d49a9\" data-element_type=\"column\" data-e-type=\"column\">\n\t\t\t<div class=\"elementor-widget-wrap elementor-element-populated\">\n\t\t\t\t\t\t<div class=\"elementor-element elementor-element-f580a44 elementor-widget elementor-widget-counter\" data-id=\"f580a44\" data-element_type=\"widget\" data-e-type=\"widget\" data-widget_type=\"counter.default\">\n\t\t\t\t<div class=\"elementor-widget-container\">\n\t\t\t\t\t\t\t<div class=\"elementor-counter\">\n\t\t\t<div class=\"elementor-counter-title\">Partecipanti<\/div>\t\t\t<div class=\"elementor-counter-number-wrapper\">\n\t\t\t\t<span class=\"elementor-counter-number-prefix\"><\/span>\n\t\t\t\t<span class=\"elementor-counter-number\" data-duration=\"2000\" data-to-value=\"883\" data-from-value=\"0\" data-delimiter=\",\">0<\/span>\n\t\t\t\t<span class=\"elementor-counter-number-suffix\"><\/span>\n\t\t\t<\/div>\n\t\t<\/div>\n\t\t\t\t\t\t<\/div>\n\t\t\t\t<\/div>\n\t\t\t\t\t<\/div>\n\t\t<\/div>\n\t\t\t\t<div class=\"elementor-column elementor-col-33 elementor-top-column elementor-element elementor-element-ef10a8b\" data-id=\"ef10a8b\" data-element_type=\"column\" data-e-type=\"column\">\n\t\t\t<div class=\"elementor-widget-wrap elementor-element-populated\">\n\t\t\t\t\t\t<div class=\"elementor-element elementor-element-ad5aa76 elementor-widget elementor-widget-counter\" data-id=\"ad5aa76\" data-element_type=\"widget\" data-e-type=\"widget\" data-widget_type=\"counter.default\">\n\t\t\t\t<div class=\"elementor-widget-container\">\n\t\t\t\t\t\t\t<div class=\"elementor-counter\">\n\t\t\t<div class=\"elementor-counter-title\">Pubblicazioni<\/div>\t\t\t<div class=\"elementor-counter-number-wrapper\">\n\t\t\t\t<span class=\"elementor-counter-number-prefix\"><\/span>\n\t\t\t\t<span class=\"elementor-counter-number\" data-duration=\"2000\" data-to-value=\"1\" data-from-value=\"0\" data-delimiter=\",\">0<\/span>\n\t\t\t\t<span class=\"elementor-counter-number-suffix\"><\/span>\n\t\t\t<\/div>\n\t\t<\/div>\n\t\t\t\t\t\t<\/div>\n\t\t\t\t<\/div>\n\t\t\t\t\t<\/div>\n\t\t<\/div>\n\t\t\t\t\t<\/div>\n\t\t<\/section>\n\t\t\t\t<\/div>\n\t\t","protected":false},"excerpt":{"rendered":"<p>PRESENTAZIONE Gruppo di Ricerca Pluralismi\u00a0Riflessioni su corpi, politiche, rappresentazioni di genereVI ciclo di seminari interdisciplinari\u202f L\u2019iniziativa nasce all\u2019interno della\u00a0mission\u00a0del\u00a0Dipartimento di Scienze Cognitive, Psicologiche, Pedagogiche e Studi Culturali\u00a0dell\u2019\u00a0Universit\u00e0 degli Studi di \u00a0Messina,\u00a0in linea con la particolare attenzione dell\u2019 Ateneo alle questioni di genere, unitamente alla scelta del\u00a0Comitato Unico di Garanzia\u00a0di comporre un pi\u00f9 ampio coinvolgimento dei&hellip; <a class=\"more-link\" href=\"https:\/\/portale2.unime.it\/pluralismi\/presentazione-2\/\">Continua a leggere <span class=\"screen-reader-text\">Presentazione<\/span><\/a><\/p>\n","protected":false},"author":1,"featured_media":0,"parent":0,"menu_order":0,"comment_status":"closed","ping_status":"closed","template":"elementor_header_footer","meta":{"footnotes":""},"class_list":["post-663","page","type-page","status-publish","hentry","entry"],"yoast_head":"<!-- This site is optimized with the Yoast SEO plugin v27.4 - https:\/\/yoast.com\/product\/yoast-seo-wordpress\/ -->\n<title>Presentazione - Pluralismi<\/title>\n<meta name=\"robots\" content=\"index, follow, max-snippet:-1, max-image-preview:large, max-video-preview:-1\" \/>\n<link rel=\"canonical\" href=\"https:\/\/portale2.unime.it\/pluralismi\/presentazione-2\/\" \/>\n<meta property=\"og:locale\" content=\"it_IT\" \/>\n<meta property=\"og:type\" content=\"article\" \/>\n<meta property=\"og:title\" content=\"Presentazione - Pluralismi\" \/>\n<meta property=\"og:description\" content=\"PRESENTAZIONE Gruppo di Ricerca Pluralismi\u00a0Riflessioni su corpi, politiche, rappresentazioni di genereVI ciclo di seminari interdisciplinari\u202f L\u2019iniziativa nasce all\u2019interno della\u00a0mission\u00a0del\u00a0Dipartimento di Scienze Cognitive, Psicologiche, Pedagogiche e Studi Culturali\u00a0dell\u2019\u00a0Universit\u00e0 degli Studi di \u00a0Messina,\u00a0in linea con la particolare attenzione dell\u2019 Ateneo alle questioni di genere, unitamente alla scelta del\u00a0Comitato Unico di Garanzia\u00a0di comporre un pi\u00f9 ampio coinvolgimento dei&hellip; Continua a leggere Presentazione\" \/>\n<meta property=\"og:url\" content=\"https:\/\/portale2.unime.it\/pluralismi\/presentazione-2\/\" \/>\n<meta property=\"og:site_name\" content=\"Pluralismi\" \/>\n<meta property=\"article:modified_time\" content=\"2026-04-02T12:11:40+00:00\" \/>\n<meta property=\"og:image\" content=\"https:\/\/portale2.unime.it\/pluralismi\/wp-content\/uploads\/sites\/18\/2024\/02\/Screenshot-2024-02-27-alle-11.37.08-802x1024.png\" \/>\n\t<meta property=\"og:image:width\" content=\"802\" \/>\n\t<meta property=\"og:image:height\" content=\"1024\" \/>\n\t<meta property=\"og:image:type\" content=\"image\/png\" \/>\n<meta name=\"twitter:card\" content=\"summary_large_image\" \/>\n<meta name=\"twitter:label1\" content=\"Tempo di lettura stimato\" \/>\n\t<meta name=\"twitter:data1\" content=\"3 minuti\" \/>\n<script type=\"application\/ld+json\" class=\"yoast-schema-graph\">{\"@context\":\"https:\\\/\\\/schema.org\",\"@graph\":[{\"@type\":\"WebPage\",\"@id\":\"https:\\\/\\\/portale2.unime.it\\\/pluralismi\\\/presentazione-2\\\/\",\"url\":\"https:\\\/\\\/portale2.unime.it\\\/pluralismi\\\/presentazione-2\\\/\",\"name\":\"Presentazione - Pluralismi\",\"isPartOf\":{\"@id\":\"https:\\\/\\\/pluralismi.unime.it\\\/#website\"},\"primaryImageOfPage\":{\"@id\":\"https:\\\/\\\/portale2.unime.it\\\/pluralismi\\\/presentazione-2\\\/#primaryimage\"},\"image\":{\"@id\":\"https:\\\/\\\/portale2.unime.it\\\/pluralismi\\\/presentazione-2\\\/#primaryimage\"},\"thumbnailUrl\":\"https:\\\/\\\/portale2.unime.it\\\/pluralismi\\\/wp-content\\\/uploads\\\/sites\\\/18\\\/2024\\\/02\\\/Screenshot-2024-02-27-alle-11.37.08-150x150.png\",\"datePublished\":\"2021-05-04T06:13:00+00:00\",\"dateModified\":\"2026-04-02T12:11:40+00:00\",\"breadcrumb\":{\"@id\":\"https:\\\/\\\/portale2.unime.it\\\/pluralismi\\\/presentazione-2\\\/#breadcrumb\"},\"inLanguage\":\"it-IT\",\"potentialAction\":[{\"@type\":\"ReadAction\",\"target\":[\"https:\\\/\\\/portale2.unime.it\\\/pluralismi\\\/presentazione-2\\\/\"]}]},{\"@type\":\"ImageObject\",\"inLanguage\":\"it-IT\",\"@id\":\"https:\\\/\\\/portale2.unime.it\\\/pluralismi\\\/presentazione-2\\\/#primaryimage\",\"url\":\"https:\\\/\\\/portale2.unime.it\\\/pluralismi\\\/wp-content\\\/uploads\\\/sites\\\/18\\\/2024\\\/02\\\/Screenshot-2024-02-27-alle-11.37.08.png\",\"contentUrl\":\"https:\\\/\\\/portale2.unime.it\\\/pluralismi\\\/wp-content\\\/uploads\\\/sites\\\/18\\\/2024\\\/02\\\/Screenshot-2024-02-27-alle-11.37.08.png\",\"width\":1578,\"height\":2016},{\"@type\":\"BreadcrumbList\",\"@id\":\"https:\\\/\\\/portale2.unime.it\\\/pluralismi\\\/presentazione-2\\\/#breadcrumb\",\"itemListElement\":[{\"@type\":\"ListItem\",\"position\":1,\"name\":\"Home\",\"item\":\"https:\\\/\\\/portale2.unime.it\\\/pluralismi\\\/\"},{\"@type\":\"ListItem\",\"position\":2,\"name\":\"Presentazione\"}]},{\"@type\":\"WebSite\",\"@id\":\"https:\\\/\\\/pluralismi.unime.it\\\/#website\",\"url\":\"https:\\\/\\\/pluralismi.unime.it\\\/\",\"name\":\"Pluralismi\",\"description\":\"\",\"publisher\":{\"@id\":\"https:\\\/\\\/pluralismi.unime.it\\\/#organization\"},\"potentialAction\":[{\"@type\":\"SearchAction\",\"target\":{\"@type\":\"EntryPoint\",\"urlTemplate\":\"https:\\\/\\\/pluralismi.unime.it\\\/?s={search_term_string}\"},\"query-input\":{\"@type\":\"PropertyValueSpecification\",\"valueRequired\":true,\"valueName\":\"search_term_string\"}}],\"inLanguage\":\"it-IT\"},{\"@type\":\"Organization\",\"@id\":\"https:\\\/\\\/pluralismi.unime.it\\\/#organization\",\"name\":\"Pluralismi\",\"url\":\"https:\\\/\\\/pluralismi.unime.it\\\/\",\"logo\":{\"@type\":\"ImageObject\",\"inLanguage\":\"it-IT\",\"@id\":\"https:\\\/\\\/pluralismi.unime.it\\\/#\\\/schema\\\/logo\\\/image\\\/\",\"url\":\"https:\\\/\\\/portale2.unime.it\\\/pluralismi\\\/wp-content\\\/uploads\\\/sites\\\/18\\\/2023\\\/04\\\/logo-pluralismi.png\",\"contentUrl\":\"https:\\\/\\\/portale2.unime.it\\\/pluralismi\\\/wp-content\\\/uploads\\\/sites\\\/18\\\/2023\\\/04\\\/logo-pluralismi.png\",\"width\":386,\"height\":124,\"caption\":\"Pluralismi\"},\"image\":{\"@id\":\"https:\\\/\\\/pluralismi.unime.it\\\/#\\\/schema\\\/logo\\\/image\\\/\"}}]}<\/script>\n<!-- \/ Yoast SEO plugin. -->","yoast_head_json":{"title":"Presentazione - Pluralismi","robots":{"index":"index","follow":"follow","max-snippet":"max-snippet:-1","max-image-preview":"max-image-preview:large","max-video-preview":"max-video-preview:-1"},"canonical":"https:\/\/portale2.unime.it\/pluralismi\/presentazione-2\/","og_locale":"it_IT","og_type":"article","og_title":"Presentazione - Pluralismi","og_description":"PRESENTAZIONE Gruppo di Ricerca Pluralismi\u00a0Riflessioni su corpi, politiche, rappresentazioni di genereVI ciclo di seminari interdisciplinari\u202f L\u2019iniziativa nasce all\u2019interno della\u00a0mission\u00a0del\u00a0Dipartimento di Scienze Cognitive, Psicologiche, Pedagogiche e Studi Culturali\u00a0dell\u2019\u00a0Universit\u00e0 degli Studi di \u00a0Messina,\u00a0in linea con la particolare attenzione dell\u2019 Ateneo alle questioni di genere, unitamente alla scelta del\u00a0Comitato Unico di Garanzia\u00a0di comporre un pi\u00f9 ampio coinvolgimento dei&hellip; Continua a leggere Presentazione","og_url":"https:\/\/portale2.unime.it\/pluralismi\/presentazione-2\/","og_site_name":"Pluralismi","article_modified_time":"2026-04-02T12:11:40+00:00","og_image":[{"width":802,"height":1024,"url":"https:\/\/portale2.unime.it\/pluralismi\/wp-content\/uploads\/sites\/18\/2024\/02\/Screenshot-2024-02-27-alle-11.37.08-802x1024.png","type":"image\/png"}],"twitter_card":"summary_large_image","twitter_misc":{"Tempo di lettura stimato":"3 minuti"},"schema":{"@context":"https:\/\/schema.org","@graph":[{"@type":"WebPage","@id":"https:\/\/portale2.unime.it\/pluralismi\/presentazione-2\/","url":"https:\/\/portale2.unime.it\/pluralismi\/presentazione-2\/","name":"Presentazione - Pluralismi","isPartOf":{"@id":"https:\/\/pluralismi.unime.it\/#website"},"primaryImageOfPage":{"@id":"https:\/\/portale2.unime.it\/pluralismi\/presentazione-2\/#primaryimage"},"image":{"@id":"https:\/\/portale2.unime.it\/pluralismi\/presentazione-2\/#primaryimage"},"thumbnailUrl":"https:\/\/portale2.unime.it\/pluralismi\/wp-content\/uploads\/sites\/18\/2024\/02\/Screenshot-2024-02-27-alle-11.37.08-150x150.png","datePublished":"2021-05-04T06:13:00+00:00","dateModified":"2026-04-02T12:11:40+00:00","breadcrumb":{"@id":"https:\/\/portale2.unime.it\/pluralismi\/presentazione-2\/#breadcrumb"},"inLanguage":"it-IT","potentialAction":[{"@type":"ReadAction","target":["https:\/\/portale2.unime.it\/pluralismi\/presentazione-2\/"]}]},{"@type":"ImageObject","inLanguage":"it-IT","@id":"https:\/\/portale2.unime.it\/pluralismi\/presentazione-2\/#primaryimage","url":"https:\/\/portale2.unime.it\/pluralismi\/wp-content\/uploads\/sites\/18\/2024\/02\/Screenshot-2024-02-27-alle-11.37.08.png","contentUrl":"https:\/\/portale2.unime.it\/pluralismi\/wp-content\/uploads\/sites\/18\/2024\/02\/Screenshot-2024-02-27-alle-11.37.08.png","width":1578,"height":2016},{"@type":"BreadcrumbList","@id":"https:\/\/portale2.unime.it\/pluralismi\/presentazione-2\/#breadcrumb","itemListElement":[{"@type":"ListItem","position":1,"name":"Home","item":"https:\/\/portale2.unime.it\/pluralismi\/"},{"@type":"ListItem","position":2,"name":"Presentazione"}]},{"@type":"WebSite","@id":"https:\/\/pluralismi.unime.it\/#website","url":"https:\/\/pluralismi.unime.it\/","name":"Pluralismi","description":"","publisher":{"@id":"https:\/\/pluralismi.unime.it\/#organization"},"potentialAction":[{"@type":"SearchAction","target":{"@type":"EntryPoint","urlTemplate":"https:\/\/pluralismi.unime.it\/?s={search_term_string}"},"query-input":{"@type":"PropertyValueSpecification","valueRequired":true,"valueName":"search_term_string"}}],"inLanguage":"it-IT"},{"@type":"Organization","@id":"https:\/\/pluralismi.unime.it\/#organization","name":"Pluralismi","url":"https:\/\/pluralismi.unime.it\/","logo":{"@type":"ImageObject","inLanguage":"it-IT","@id":"https:\/\/pluralismi.unime.it\/#\/schema\/logo\/image\/","url":"https:\/\/portale2.unime.it\/pluralismi\/wp-content\/uploads\/sites\/18\/2023\/04\/logo-pluralismi.png","contentUrl":"https:\/\/portale2.unime.it\/pluralismi\/wp-content\/uploads\/sites\/18\/2023\/04\/logo-pluralismi.png","width":386,"height":124,"caption":"Pluralismi"},"image":{"@id":"https:\/\/pluralismi.unime.it\/#\/schema\/logo\/image\/"}}]}},"_links":{"self":[{"href":"https:\/\/portale2.unime.it\/pluralismi\/wp-json\/wp\/v2\/pages\/663","targetHints":{"allow":["GET"]}}],"collection":[{"href":"https:\/\/portale2.unime.it\/pluralismi\/wp-json\/wp\/v2\/pages"}],"about":[{"href":"https:\/\/portale2.unime.it\/pluralismi\/wp-json\/wp\/v2\/types\/page"}],"author":[{"embeddable":true,"href":"https:\/\/portale2.unime.it\/pluralismi\/wp-json\/wp\/v2\/users\/1"}],"replies":[{"embeddable":true,"href":"https:\/\/portale2.unime.it\/pluralismi\/wp-json\/wp\/v2\/comments?post=663"}],"version-history":[{"count":119,"href":"https:\/\/portale2.unime.it\/pluralismi\/wp-json\/wp\/v2\/pages\/663\/revisions"}],"predecessor-version":[{"id":3672,"href":"https:\/\/portale2.unime.it\/pluralismi\/wp-json\/wp\/v2\/pages\/663\/revisions\/3672"}],"wp:attachment":[{"href":"https:\/\/portale2.unime.it\/pluralismi\/wp-json\/wp\/v2\/media?parent=663"}],"curies":[{"name":"wp","href":"https:\/\/api.w.org\/{rel}","templated":true}]}}