{"id":2013,"date":"2025-01-05T19:43:40","date_gmt":"2025-01-05T18:43:40","guid":{"rendered":"https:\/\/portale2.unime.it\/prinrimigra2017\/?post_type=lo_staff&#038;p=2013"},"modified":"2025-01-05T19:57:21","modified_gmt":"2025-01-05T18:57:21","slug":"ferdinando-mirizzi","status":"publish","type":"lo_staff","link":"https:\/\/portale2.unime.it\/prinrimigra2017\/lo_staff\/ferdinando-mirizzi\/","title":{"rendered":"Ferdinando Mirizzi"},"content":{"rendered":"\t\t<div data-elementor-type=\"wp-post\" data-elementor-id=\"2013\" class=\"elementor elementor-2013\">\n\t\t\t\t\t\t<section class=\"elementor-section elementor-top-section elementor-element elementor-element-19cd672d elementor-section-boxed elementor-section-height-default elementor-section-height-default\" data-id=\"19cd672d\" data-element_type=\"section\" data-e-type=\"section\" data-settings=\"{&quot;background_background&quot;:&quot;classic&quot;}\">\n\t\t\t\t\t\t\t<div class=\"elementor-background-overlay\"><\/div>\n\t\t\t\t\t\t\t<div class=\"elementor-container elementor-column-gap-default\">\n\t\t\t\t\t<div class=\"elementor-column elementor-col-100 elementor-top-column elementor-element elementor-element-75ba43c1\" data-id=\"75ba43c1\" data-element_type=\"column\" data-e-type=\"column\">\n\t\t\t<div class=\"elementor-widget-wrap elementor-element-populated\">\n\t\t\t\t\t\t<div class=\"elementor-element elementor-element-31d46f98 elementor-invisible elementor-widget elementor-widget-heading\" data-id=\"31d46f98\" data-element_type=\"widget\" data-e-type=\"widget\" data-settings=\"{&quot;_animation&quot;:&quot;fadeInDown&quot;}\" data-widget_type=\"heading.default\">\n\t\t\t\t<div class=\"elementor-widget-container\">\n\t\t\t\t\t<h2 class=\"elementor-heading-title elementor-size-default\"><br><br>FERDINANDO MIRIZZI<br><\/h2>\t\t\t\t<\/div>\n\t\t\t\t<\/div>\n\t\t\t\t\t<\/div>\n\t\t<\/div>\n\t\t\t\t\t<\/div>\n\t\t<\/section>\n\t\t\t\t<section class=\"elementor-section elementor-top-section elementor-element elementor-element-681c8620 elementor-section-boxed elementor-section-height-default elementor-section-height-default\" data-id=\"681c8620\" data-element_type=\"section\" data-e-type=\"section\">\n\t\t\t\t\t\t<div class=\"elementor-container elementor-column-gap-default\">\n\t\t\t\t\t<div class=\"elementor-column elementor-col-50 elementor-top-column elementor-element elementor-element-35023dae\" data-id=\"35023dae\" data-element_type=\"column\" data-e-type=\"column\">\n\t\t\t<div class=\"elementor-widget-wrap elementor-element-populated\">\n\t\t\t\t\t\t<div class=\"elementor-element elementor-element-3db976e3 elementor-widget elementor-widget-image\" data-id=\"3db976e3\" data-element_type=\"widget\" data-e-type=\"widget\" data-widget_type=\"image.default\">\n\t\t\t\t<div class=\"elementor-widget-container\">\n\t\t\t\t\t\t\t\t\t\t\t\t\t\t\t<img fetchpriority=\"high\" decoding=\"async\" width=\"477\" height=\"635\" src=\"https:\/\/portale2.unime.it\/prinrimigra2017\/wp-content\/uploads\/sites\/73\/2025\/01\/11-Mirizzi.jpg\" class=\"attachment-large size-large wp-image-2044\" alt=\"\" srcset=\"https:\/\/portale2.unime.it\/prinrimigra2017\/wp-content\/uploads\/sites\/73\/2025\/01\/11-Mirizzi.jpg 477w, https:\/\/portale2.unime.it\/prinrimigra2017\/wp-content\/uploads\/sites\/73\/2025\/01\/11-Mirizzi-225x300.jpg 225w\" sizes=\"(max-width: 477px) 100vw, 477px\" style=\"width:100%;height:133.12%;max-width:477px\" \/>\t\t\t\t\t\t\t\t\t\t\t\t\t\t\t<\/div>\n\t\t\t\t<\/div>\n\t\t\t\t<section class=\"elementor-section elementor-inner-section elementor-element elementor-element-539a2707 elementor-section-boxed elementor-section-height-default elementor-section-height-default\" data-id=\"539a2707\" data-element_type=\"section\" data-e-type=\"section\">\n\t\t\t\t\t\t<div class=\"elementor-container elementor-column-gap-default\">\n\t\t\t\t\t<div class=\"elementor-column elementor-col-50 elementor-inner-column elementor-element elementor-element-4f05d2\" data-id=\"4f05d2\" data-element_type=\"column\" data-e-type=\"column\">\n\t\t\t<div class=\"elementor-widget-wrap elementor-element-populated\">\n\t\t\t\t\t\t<div class=\"elementor-element elementor-element-7e36c0a2 elementor-view-default elementor-widget elementor-widget-icon\" data-id=\"7e36c0a2\" data-element_type=\"widget\" data-e-type=\"widget\" data-widget_type=\"icon.default\">\n\t\t\t\t<div class=\"elementor-widget-container\">\n\t\t\t\t\t\t\t<div class=\"elementor-icon-wrapper\">\n\t\t\t<div class=\"elementor-icon\">\n\t\t\t<svg aria-hidden=\"true\" class=\"e-font-icon-svg e-far-envelope\" viewBox=\"0 0 512 512\" xmlns=\"http:\/\/www.w3.org\/2000\/svg\"><path d=\"M464 64H48C21.49 64 0 85.49 0 112v288c0 26.51 21.49 48 48 48h416c26.51 0 48-21.49 48-48V112c0-26.51-21.49-48-48-48zm0 48v40.805c-22.422 18.259-58.168 46.651-134.587 106.49-16.841 13.247-50.201 45.072-73.413 44.701-23.208.375-56.579-31.459-73.413-44.701C106.18 199.465 70.425 171.067 48 152.805V112h416zM48 400V214.398c22.914 18.251 55.409 43.862 104.938 82.646 21.857 17.205 60.134 55.186 103.062 54.955 42.717.231 80.509-37.199 103.053-54.947 49.528-38.783 82.032-64.401 104.947-82.653V400H48z\"><\/path><\/svg>\t\t\t<\/div>\n\t\t<\/div>\n\t\t\t\t\t\t<\/div>\n\t\t\t\t<\/div>\n\t\t\t\t\t<\/div>\n\t\t<\/div>\n\t\t\t\t<div class=\"elementor-column elementor-col-50 elementor-inner-column elementor-element elementor-element-1f80dece\" data-id=\"1f80dece\" data-element_type=\"column\" data-e-type=\"column\">\n\t\t\t<div class=\"elementor-widget-wrap elementor-element-populated\">\n\t\t\t\t\t\t<div class=\"elementor-element elementor-element-21f0477 elementor-widget elementor-widget-heading\" data-id=\"21f0477\" data-element_type=\"widget\" data-e-type=\"widget\" data-widget_type=\"heading.default\">\n\t\t\t\t<div class=\"elementor-widget-container\">\n\t\t\t\t\t<h2 class=\"elementor-heading-title elementor-size-default\"><a href=\"mailto:ferdinando.mirizzi@unibas.it\">ferdinando.mirizzi@unibas.it<\/a><\/h2>\t\t\t\t<\/div>\n\t\t\t\t<\/div>\n\t\t\t\t\t<\/div>\n\t\t<\/div>\n\t\t\t\t\t<\/div>\n\t\t<\/section>\n\t\t\t\t\t<\/div>\n\t\t<\/div>\n\t\t\t\t<div class=\"elementor-column elementor-col-50 elementor-top-column elementor-element elementor-element-186332dd\" data-id=\"186332dd\" data-element_type=\"column\" data-e-type=\"column\">\n\t\t\t<div class=\"elementor-widget-wrap elementor-element-populated\">\n\t\t\t\t\t\t<div class=\"elementor-element elementor-element-68ad445f elementor-widget elementor-widget-text-editor\" data-id=\"68ad445f\" data-element_type=\"widget\" data-e-type=\"widget\" data-widget_type=\"text-editor.default\">\n\t\t\t\t<div class=\"elementor-widget-container\">\n\t\t\t\t\t\t\t\t\t<p><strong>Ferdinando Mirizzi<\/strong> \u00e8 professore ordinario di Discipline demoetnoantropologiche nel Dipartimento di Innovazione Umanistica, Scientifica e Sociale (DIUSS) dell\u2019Universit\u00e0 degli Studi della Basilicata, dove dal 2012 al 2020 \u00e8 stato direttore del Dipartimento delle Culture Europee e del Mediterraneo (DiCEM). \u00c8 componente dei collegi docenti del Dottorato di Ricerca \u201cCities and Landscapes: Architecture, Archeology, Cultural Heritage, History and Resources\u201d e del Dottorato Nazionale \u201cPASAP_Med &#8211; Patrimoni archeologici storici architettonici paesaggistici mediterranei\u201d. \u0116 presidente della Societ\u00e0 Italiana di Antropologia Culturale (SIAC) ed \u00e8 socio fondatore della Societ\u00e0 Italiana per la Museografia e i Beni Demoetnoantropologici (SIMBDEA) e del Centro Internazionale di Ricerca e Studi sul Carnevale, la Maschera e la Satira. \u00c8 direttore responsabile della rivista \u00abArchivio di Etnografia\u00bb e della Collana \u00abEtnografie\u00bb, pubblicate entrambe dalla Casa Editrice Edizioni di Pagina, ed \u00e8 componente dei Comitati Scientifici delle riviste \u00abAntropologia\u00bb, \u00abLares\u00bb, \u00abVisual Ethnography\u00bb, \u00abAntropologia Museale\u00bb e \u00abIl De Martino\u00bb. \u00c8 stato presidente dell\u2019Osservatorio Scientifico Regionale \u201cEdward C. Banfield\u201d per la salvaguardia del patrimonio etno-antropologico della Basilicata e attualmente presiede il Comitato Tecnico Scientifico del Museo della Cultura arb\u00ebreshe di San Paolo Albanese (Pz). Ha fatto parte del Comitato Tecnico Scientifico per la redazione delle Linee Guida finalizzate alla progettazione del Museo Demoetnoantropologico dei Sassi a Matera. I suoi interessi di ricerca sono prevalentemente incentrati su temi di Antropologia dell\u2019Italia e, in particolare, su questioni di antropologia museale e dei patrimoni culturali, di storia della cultura materiale, del territorio e degli insediamenti rurali; sui culti santuariali, i pellegrinaggi e gli ex voto; sulle feste arboree e i Carnevali in area meridionale; su aspetti e problemi relativi alla storia degli studi demoetnoantropologici, alle dinamiche culturali in area meridionale e ai rapporti tra scrittura e costruzione della tradizione; sulle relazioni tra patrimoni culturali e turismo; sulla fotografia etnografica; sulle forme di autorappresentazione e la scrittura autobiografica e popolare.<\/p>\t\t\t\t\t\t\t\t<\/div>\n\t\t\t\t<\/div>\n\t\t\t\t\t<\/div>\n\t\t<\/div>\n\t\t\t\t\t<\/div>\n\t\t<\/section>\n\t\t\t\t<\/div>\n\t\t","protected":false},"featured_media":2044,"template":"elementor_header_footer","class_list":["post-2013","lo_staff","type-lo_staff","status-publish","has-post-thumbnail","hentry","entry"],"yoast_head":"<!-- This site is optimized with the Yoast SEO plugin v27.4 - https:\/\/yoast.com\/product\/yoast-seo-wordpress\/ -->\n<title>Ferdinando Mirizzi - PRIN RIMIGRA 2017<\/title>\n<meta name=\"robots\" content=\"index, follow, max-snippet:-1, max-image-preview:large, max-video-preview:-1\" \/>\n<link rel=\"canonical\" href=\"https:\/\/portale2.unime.it\/prinrimigra2017\/lo_staff\/ferdinando-mirizzi\/\" \/>\n<meta property=\"og:locale\" content=\"it_IT\" \/>\n<meta property=\"og:type\" content=\"article\" \/>\n<meta property=\"og:title\" content=\"Ferdinando Mirizzi - PRIN RIMIGRA 2017\" \/>\n<meta property=\"og:description\" content=\"FERDINANDO MIRIZZI ferdinando.mirizzi@unibas.it Ferdinando Mirizzi \u00e8 professore ordinario di Discipline demoetnoantropologiche nel Dipartimento di Innovazione Umanistica, Scientifica e Sociale (DIUSS) dell\u2019Universit\u00e0 degli Studi della Basilicata, dove dal 2012 al 2020 \u00e8 stato direttore del Dipartimento delle Culture Europee e del Mediterraneo (DiCEM). \u00c8 componente dei collegi docenti del Dottorato di Ricerca \u201cCities and Landscapes: Architecture,&hellip; Continua a leggere Ferdinando Mirizzi\" \/>\n<meta property=\"og:url\" content=\"https:\/\/portale2.unime.it\/prinrimigra2017\/lo_staff\/ferdinando-mirizzi\/\" \/>\n<meta property=\"og:site_name\" content=\"PRIN RIMIGRA 2017\" \/>\n<meta property=\"article:modified_time\" content=\"2025-01-05T18:57:21+00:00\" \/>\n<meta property=\"og:image\" content=\"https:\/\/portale2.unime.it\/prinrimigra2017\/wp-content\/uploads\/sites\/73\/2025\/01\/11-Mirizzi.jpg\" \/>\n\t<meta property=\"og:image:width\" content=\"477\" \/>\n\t<meta property=\"og:image:height\" content=\"635\" \/>\n\t<meta property=\"og:image:type\" content=\"image\/jpeg\" \/>\n<meta name=\"twitter:card\" content=\"summary_large_image\" \/>\n<meta name=\"twitter:label1\" content=\"Tempo di lettura stimato\" \/>\n\t<meta name=\"twitter:data1\" content=\"3 minuti\" \/>\n<script type=\"application\/ld+json\" class=\"yoast-schema-graph\">{\"@context\":\"https:\\\/\\\/schema.org\",\"@graph\":[{\"@type\":\"WebPage\",\"@id\":\"https:\\\/\\\/portale2.unime.it\\\/prinrimigra2017\\\/lo_staff\\\/ferdinando-mirizzi\\\/\",\"url\":\"https:\\\/\\\/portale2.unime.it\\\/prinrimigra2017\\\/lo_staff\\\/ferdinando-mirizzi\\\/\",\"name\":\"Ferdinando Mirizzi - PRIN RIMIGRA 2017\",\"isPartOf\":{\"@id\":\"https:\\\/\\\/portale2.unime.it\\\/prinrimigra2017\\\/#website\"},\"primaryImageOfPage\":{\"@id\":\"https:\\\/\\\/portale2.unime.it\\\/prinrimigra2017\\\/lo_staff\\\/ferdinando-mirizzi\\\/#primaryimage\"},\"image\":{\"@id\":\"https:\\\/\\\/portale2.unime.it\\\/prinrimigra2017\\\/lo_staff\\\/ferdinando-mirizzi\\\/#primaryimage\"},\"thumbnailUrl\":\"https:\\\/\\\/portale2.unime.it\\\/prinrimigra2017\\\/wp-content\\\/uploads\\\/sites\\\/73\\\/2025\\\/01\\\/11-Mirizzi.jpg\",\"datePublished\":\"2025-01-05T18:43:40+00:00\",\"dateModified\":\"2025-01-05T18:57:21+00:00\",\"breadcrumb\":{\"@id\":\"https:\\\/\\\/portale2.unime.it\\\/prinrimigra2017\\\/lo_staff\\\/ferdinando-mirizzi\\\/#breadcrumb\"},\"inLanguage\":\"it-IT\",\"potentialAction\":[{\"@type\":\"ReadAction\",\"target\":[\"https:\\\/\\\/portale2.unime.it\\\/prinrimigra2017\\\/lo_staff\\\/ferdinando-mirizzi\\\/\"]}]},{\"@type\":\"ImageObject\",\"inLanguage\":\"it-IT\",\"@id\":\"https:\\\/\\\/portale2.unime.it\\\/prinrimigra2017\\\/lo_staff\\\/ferdinando-mirizzi\\\/#primaryimage\",\"url\":\"https:\\\/\\\/portale2.unime.it\\\/prinrimigra2017\\\/wp-content\\\/uploads\\\/sites\\\/73\\\/2025\\\/01\\\/11-Mirizzi.jpg\",\"contentUrl\":\"https:\\\/\\\/portale2.unime.it\\\/prinrimigra2017\\\/wp-content\\\/uploads\\\/sites\\\/73\\\/2025\\\/01\\\/11-Mirizzi.jpg\",\"width\":477,\"height\":635},{\"@type\":\"BreadcrumbList\",\"@id\":\"https:\\\/\\\/portale2.unime.it\\\/prinrimigra2017\\\/lo_staff\\\/ferdinando-mirizzi\\\/#breadcrumb\",\"itemListElement\":[{\"@type\":\"ListItem\",\"position\":1,\"name\":\"Home\",\"item\":\"https:\\\/\\\/portale2.unime.it\\\/prinrimigra2017\\\/\"},{\"@type\":\"ListItem\",\"position\":2,\"name\":\"Ferdinando Mirizzi\"}]},{\"@type\":\"WebSite\",\"@id\":\"https:\\\/\\\/portale2.unime.it\\\/prinrimigra2017\\\/#website\",\"url\":\"https:\\\/\\\/portale2.unime.it\\\/prinrimigra2017\\\/\",\"name\":\"PRIN RIMIGRA 2017\",\"description\":\"\",\"publisher\":{\"@id\":\"https:\\\/\\\/portale2.unime.it\\\/prinrimigra2017\\\/#organization\"},\"potentialAction\":[{\"@type\":\"SearchAction\",\"target\":{\"@type\":\"EntryPoint\",\"urlTemplate\":\"https:\\\/\\\/portale2.unime.it\\\/prinrimigra2017\\\/?s={search_term_string}\"},\"query-input\":{\"@type\":\"PropertyValueSpecification\",\"valueRequired\":true,\"valueName\":\"search_term_string\"}}],\"inLanguage\":\"it-IT\"},{\"@type\":\"Organization\",\"@id\":\"https:\\\/\\\/portale2.unime.it\\\/prinrimigra2017\\\/#organization\",\"name\":\"PRIN RIMIGRA 2017\",\"url\":\"https:\\\/\\\/portale2.unime.it\\\/prinrimigra2017\\\/\",\"logo\":{\"@type\":\"ImageObject\",\"inLanguage\":\"it-IT\",\"@id\":\"https:\\\/\\\/portale2.unime.it\\\/prinrimigra2017\\\/#\\\/schema\\\/logo\\\/image\\\/\",\"url\":\"https:\\\/\\\/portale2.unime.it\\\/prinrimigra2017\\\/wp-content\\\/uploads\\\/sites\\\/73\\\/2024\\\/12\\\/emigra-logo.png\",\"contentUrl\":\"https:\\\/\\\/portale2.unime.it\\\/prinrimigra2017\\\/wp-content\\\/uploads\\\/sites\\\/73\\\/2024\\\/12\\\/emigra-logo.png\",\"width\":3330,\"height\":842,\"caption\":\"PRIN RIMIGRA 2017\"},\"image\":{\"@id\":\"https:\\\/\\\/portale2.unime.it\\\/prinrimigra2017\\\/#\\\/schema\\\/logo\\\/image\\\/\"}}]}<\/script>\n<!-- \/ Yoast SEO plugin. -->","yoast_head_json":{"title":"Ferdinando Mirizzi - PRIN RIMIGRA 2017","robots":{"index":"index","follow":"follow","max-snippet":"max-snippet:-1","max-image-preview":"max-image-preview:large","max-video-preview":"max-video-preview:-1"},"canonical":"https:\/\/portale2.unime.it\/prinrimigra2017\/lo_staff\/ferdinando-mirizzi\/","og_locale":"it_IT","og_type":"article","og_title":"Ferdinando Mirizzi - PRIN RIMIGRA 2017","og_description":"FERDINANDO MIRIZZI ferdinando.mirizzi@unibas.it Ferdinando Mirizzi \u00e8 professore ordinario di Discipline demoetnoantropologiche nel Dipartimento di Innovazione Umanistica, Scientifica e Sociale (DIUSS) dell\u2019Universit\u00e0 degli Studi della Basilicata, dove dal 2012 al 2020 \u00e8 stato direttore del Dipartimento delle Culture Europee e del Mediterraneo (DiCEM). \u00c8 componente dei collegi docenti del Dottorato di Ricerca \u201cCities and Landscapes: Architecture,&hellip; Continua a leggere Ferdinando Mirizzi","og_url":"https:\/\/portale2.unime.it\/prinrimigra2017\/lo_staff\/ferdinando-mirizzi\/","og_site_name":"PRIN RIMIGRA 2017","article_modified_time":"2025-01-05T18:57:21+00:00","og_image":[{"width":477,"height":635,"url":"https:\/\/portale2.unime.it\/prinrimigra2017\/wp-content\/uploads\/sites\/73\/2025\/01\/11-Mirizzi.jpg","type":"image\/jpeg"}],"twitter_card":"summary_large_image","twitter_misc":{"Tempo di lettura stimato":"3 minuti"},"schema":{"@context":"https:\/\/schema.org","@graph":[{"@type":"WebPage","@id":"https:\/\/portale2.unime.it\/prinrimigra2017\/lo_staff\/ferdinando-mirizzi\/","url":"https:\/\/portale2.unime.it\/prinrimigra2017\/lo_staff\/ferdinando-mirizzi\/","name":"Ferdinando Mirizzi - PRIN RIMIGRA 2017","isPartOf":{"@id":"https:\/\/portale2.unime.it\/prinrimigra2017\/#website"},"primaryImageOfPage":{"@id":"https:\/\/portale2.unime.it\/prinrimigra2017\/lo_staff\/ferdinando-mirizzi\/#primaryimage"},"image":{"@id":"https:\/\/portale2.unime.it\/prinrimigra2017\/lo_staff\/ferdinando-mirizzi\/#primaryimage"},"thumbnailUrl":"https:\/\/portale2.unime.it\/prinrimigra2017\/wp-content\/uploads\/sites\/73\/2025\/01\/11-Mirizzi.jpg","datePublished":"2025-01-05T18:43:40+00:00","dateModified":"2025-01-05T18:57:21+00:00","breadcrumb":{"@id":"https:\/\/portale2.unime.it\/prinrimigra2017\/lo_staff\/ferdinando-mirizzi\/#breadcrumb"},"inLanguage":"it-IT","potentialAction":[{"@type":"ReadAction","target":["https:\/\/portale2.unime.it\/prinrimigra2017\/lo_staff\/ferdinando-mirizzi\/"]}]},{"@type":"ImageObject","inLanguage":"it-IT","@id":"https:\/\/portale2.unime.it\/prinrimigra2017\/lo_staff\/ferdinando-mirizzi\/#primaryimage","url":"https:\/\/portale2.unime.it\/prinrimigra2017\/wp-content\/uploads\/sites\/73\/2025\/01\/11-Mirizzi.jpg","contentUrl":"https:\/\/portale2.unime.it\/prinrimigra2017\/wp-content\/uploads\/sites\/73\/2025\/01\/11-Mirizzi.jpg","width":477,"height":635},{"@type":"BreadcrumbList","@id":"https:\/\/portale2.unime.it\/prinrimigra2017\/lo_staff\/ferdinando-mirizzi\/#breadcrumb","itemListElement":[{"@type":"ListItem","position":1,"name":"Home","item":"https:\/\/portale2.unime.it\/prinrimigra2017\/"},{"@type":"ListItem","position":2,"name":"Ferdinando Mirizzi"}]},{"@type":"WebSite","@id":"https:\/\/portale2.unime.it\/prinrimigra2017\/#website","url":"https:\/\/portale2.unime.it\/prinrimigra2017\/","name":"PRIN RIMIGRA 2017","description":"","publisher":{"@id":"https:\/\/portale2.unime.it\/prinrimigra2017\/#organization"},"potentialAction":[{"@type":"SearchAction","target":{"@type":"EntryPoint","urlTemplate":"https:\/\/portale2.unime.it\/prinrimigra2017\/?s={search_term_string}"},"query-input":{"@type":"PropertyValueSpecification","valueRequired":true,"valueName":"search_term_string"}}],"inLanguage":"it-IT"},{"@type":"Organization","@id":"https:\/\/portale2.unime.it\/prinrimigra2017\/#organization","name":"PRIN RIMIGRA 2017","url":"https:\/\/portale2.unime.it\/prinrimigra2017\/","logo":{"@type":"ImageObject","inLanguage":"it-IT","@id":"https:\/\/portale2.unime.it\/prinrimigra2017\/#\/schema\/logo\/image\/","url":"https:\/\/portale2.unime.it\/prinrimigra2017\/wp-content\/uploads\/sites\/73\/2024\/12\/emigra-logo.png","contentUrl":"https:\/\/portale2.unime.it\/prinrimigra2017\/wp-content\/uploads\/sites\/73\/2024\/12\/emigra-logo.png","width":3330,"height":842,"caption":"PRIN RIMIGRA 2017"},"image":{"@id":"https:\/\/portale2.unime.it\/prinrimigra2017\/#\/schema\/logo\/image\/"}}]}},"_links":{"self":[{"href":"https:\/\/portale2.unime.it\/prinrimigra2017\/wp-json\/wp\/v2\/lo_staff\/2013","targetHints":{"allow":["GET"]}}],"collection":[{"href":"https:\/\/portale2.unime.it\/prinrimigra2017\/wp-json\/wp\/v2\/lo_staff"}],"about":[{"href":"https:\/\/portale2.unime.it\/prinrimigra2017\/wp-json\/wp\/v2\/types\/lo_staff"}],"version-history":[{"count":11,"href":"https:\/\/portale2.unime.it\/prinrimigra2017\/wp-json\/wp\/v2\/lo_staff\/2013\/revisions"}],"predecessor-version":[{"id":2730,"href":"https:\/\/portale2.unime.it\/prinrimigra2017\/wp-json\/wp\/v2\/lo_staff\/2013\/revisions\/2730"}],"wp:featuredmedia":[{"embeddable":true,"href":"https:\/\/portale2.unime.it\/prinrimigra2017\/wp-json\/wp\/v2\/media\/2044"}],"wp:attachment":[{"href":"https:\/\/portale2.unime.it\/prinrimigra2017\/wp-json\/wp\/v2\/media?parent=2013"}],"curies":[{"name":"wp","href":"https:\/\/api.w.org\/{rel}","templated":true}]}}